{"id":125,"date":"2009-06-27T12:48:54","date_gmt":"2009-06-27T11:48:54","guid":{"rendered":"http:\/\/www.lindentheater-frechen.de\/?page_id=125"},"modified":"2026-04-22T04:03:37","modified_gmt":"2026-04-22T02:03:37","slug":"neu-sonderveranstaltungen","status":"publish","type":"page","link":"https:\/\/www.linden-theater-frechen.de\/?page_id=125","title":{"rendered":"Sonderveranstaltungen"},"content":{"rendered":"<table width=\"100%\">\n<tbody>\n<tr>\n<td>\n<h3>So, 26.04.2026, 16:00 Uhr:<\/h3>\n<h2 style=\"text-align: center;\">Film ab! \u2013 Wir feiern 130 Jahre bewegte Bilder mit fr\u00fchen Stummfilmen und Live-Musik<br \/>\nEin Programm von K\u00f6ln im Film e.V.<\/h2>\n<p><a href=\"https:\/\/i0.wp.com\/www.linden-theater-frechen.de\/wp-content\/uploads\/2026\/03\/csm_Abenteuer-eines-JournalistenTC00235317_8331f5dbfd.jpg?ssl=1\"><img data-recalc-dims=\"1\" loading=\"lazy\" decoding=\"async\" class=\"aligncenter size-large wp-image-16721\" src=\"https:\/\/i0.wp.com\/www.linden-theater-frechen.de\/wp-content\/uploads\/2026\/03\/csm_Abenteuer-eines-JournalistenTC00235317_8331f5dbfd.jpg?resize=640%2C360&#038;ssl=1\" alt=\"\" width=\"640\" height=\"360\" srcset=\"https:\/\/i0.wp.com\/www.linden-theater-frechen.de\/wp-content\/uploads\/2026\/03\/csm_Abenteuer-eines-JournalistenTC00235317_8331f5dbfd.jpg?resize=1024%2C576&amp;ssl=1 1024w, https:\/\/i0.wp.com\/www.linden-theater-frechen.de\/wp-content\/uploads\/2026\/03\/csm_Abenteuer-eines-JournalistenTC00235317_8331f5dbfd.jpg?resize=300%2C169&amp;ssl=1 300w, https:\/\/i0.wp.com\/www.linden-theater-frechen.de\/wp-content\/uploads\/2026\/03\/csm_Abenteuer-eines-JournalistenTC00235317_8331f5dbfd.jpg?resize=150%2C84&amp;ssl=1 150w, https:\/\/i0.wp.com\/www.linden-theater-frechen.de\/wp-content\/uploads\/2026\/03\/csm_Abenteuer-eines-JournalistenTC00235317_8331f5dbfd.jpg?resize=768%2C432&amp;ssl=1 768w, https:\/\/i0.wp.com\/www.linden-theater-frechen.de\/wp-content\/uploads\/2026\/03\/csm_Abenteuer-eines-JournalistenTC00235317_8331f5dbfd.jpg?resize=400%2C225&amp;ssl=1 400w, https:\/\/i0.wp.com\/www.linden-theater-frechen.de\/wp-content\/uploads\/2026\/03\/csm_Abenteuer-eines-JournalistenTC00235317_8331f5dbfd.jpg?w=1080&amp;ssl=1 1080w\" sizes=\"auto, (max-width: 640px) 100vw, 640px\" \/><\/a><\/p>\n<p style=\"text-align: justify;\">Am 20. April 1896 wurde das Kino in Deutschland geboren: Zum ersten Mal sah ein zahlendes Publikum in einem Saal am K\u00f6lner Augustinerplatz \u201elebende Photographien&#8220; des Cinematograph Lumi\u00e8re. Aus diesem Anlass l\u00e4dt K\u00f6ln im Film e.V. zu einem Familien-Programm voller \u00dcberraschungen ein \u2013 mit fantastischen und unterhaltsamen Stummfilmen der Fr\u00fchzeit \u2013 live begleitet von dem Musikerduo Rolf Springer und Kornelius Heidebrecht.<\/p>\n<p>Die allerersten Filme dauerten kaum l\u00e4nger als eine Minute und zeigten einfache Bewegungsabl\u00e4ufe und Szenen des Alltags. Dennoch \u00fcbten sie eine gro\u00dfe Faszination auf das damalige Publikum aus. Das Programm wird einige dieser sehr fr\u00fchen Aufnahmen beinhalten, ebenso wie erste Trick- und Experimentalfilme, die f\u00fcr ihre Zeit innovativ und avantgardistisch waren. Darunter die fantastische \u201eReise zum Mond&#8220; von Stummfilm-Zauberk\u00fcnstler George M\u00e9li\u00e8s, Inszenierungen der Filmpionierin Alice Guy-Blach\u00e9, M\u00e4rchen der Scherenschnittk\u00fcnstlerin Lotte Reiniger und waghalsige Actionfilm-Stunts von Harry Piel.<\/p>\n<p><strong>Filmprogramm:<\/strong><br \/>\n<strong>ARBEITER VERLASSEN DIE FABRIK, ANKUNFT DES EISENBAHNZUGES, AM K\u00d6LNER DOM NACH DEM HAUPTGOTTESDIENST, PANORAMA VON K\u00d6LN, PONTONBR\u00dcCKE IN K\u00d6LN<\/strong><br \/>\nF\/D 1896 \u00b7 Auguste und Louis Lumi\u00e8re \u00b7 jeweils 0&#8217;50 min<br \/>\n<strong>LA CRINOLINE<\/strong> \u00b7 F 1906 \u00b7 Alice Guy-Blach\u00e9 \u00b7 2 min<br \/>\n<strong>LE VOYAGE DANS LA LUNE<\/strong> \u00b7 F 1902 \u00b7 Georges M\u00e9li\u00e8s \u00b7 13 min<br \/>\n<strong>DAS ABENTEUER EINES JOURNALISTEN<\/strong> \u00b7 D 1914 \u00b7 Harry Piel \u00b7 (Ausschnitt) 10 min<br \/>\n<strong>FILMSTUDIE<\/strong> \u00b7 D 1926 \u00b7 Hans Richter \u00b7 4 min<br \/>\n<strong>RAINBOW DANCE<\/strong> \u00b7 GB 1938 \u00b7 Len Lye \u00b7 4 min<br \/>\n<strong>ASCHENPUTTEL<\/strong> \u00b7 D 1922 \u00b7 Lotte Reiniger \u00b7 13 min<br \/>\n<strong>DER WECHSEL<\/strong> \u00b7 D 2016 \u00b7 Markus Mischkowski, Kai Maria Steink\u00fchler \u00b7 6 min<\/p>\n<p style=\"text-align: justify;\">Mit Live-Musik von Rolf Springer und Kornelius Heidebrecht.<\/p>\n<p style=\"text-align: justify;\">Ein Programm von K\u00f6ln im Film e.V., in Kooperation mit Linden Theater, Frechen. Gef\u00f6rdert durch den LVR \u2013 Regionale Kulturf\u00f6rderung und Kultur- und Umweltstiftung \u2013 Kreissparkasse K\u00f6ln.<\/p>\n<p style=\"text-align: justify;\"><strong>Ticketpreis:<\/strong> 7\u20ac normal, 4\u20ac erm\u00e4\u00dfigt<\/p>\n<p style=\"text-align: justify;\"><a href=\"https:\/\/i0.wp.com\/www.linden-theater-frechen.de\/wp-content\/uploads\/2026\/03\/Screenshot_from_Le_voyage_dans_la_lune_Georges_Melies_1902.jpg?ssl=1\"><img data-recalc-dims=\"1\" loading=\"lazy\" decoding=\"async\" class=\"aligncenter size-medium wp-image-16720\" src=\"https:\/\/i0.wp.com\/www.linden-theater-frechen.de\/wp-content\/uploads\/2026\/03\/Screenshot_from_Le_voyage_dans_la_lune_Georges_Melies_1902.jpg?resize=300%2C187&#038;ssl=1\" alt=\"\" width=\"300\" height=\"187\" srcset=\"https:\/\/i0.wp.com\/www.linden-theater-frechen.de\/wp-content\/uploads\/2026\/03\/Screenshot_from_Le_voyage_dans_la_lune_Georges_Melies_1902.jpg?resize=300%2C187&amp;ssl=1 300w, https:\/\/i0.wp.com\/www.linden-theater-frechen.de\/wp-content\/uploads\/2026\/03\/Screenshot_from_Le_voyage_dans_la_lune_Georges_Melies_1902.jpg?resize=1024%2C640&amp;ssl=1 1024w, https:\/\/i0.wp.com\/www.linden-theater-frechen.de\/wp-content\/uploads\/2026\/03\/Screenshot_from_Le_voyage_dans_la_lune_Georges_Melies_1902.jpg?resize=150%2C94&amp;ssl=1 150w, https:\/\/i0.wp.com\/www.linden-theater-frechen.de\/wp-content\/uploads\/2026\/03\/Screenshot_from_Le_voyage_dans_la_lune_Georges_Melies_1902.jpg?resize=768%2C480&amp;ssl=1 768w, https:\/\/i0.wp.com\/www.linden-theater-frechen.de\/wp-content\/uploads\/2026\/03\/Screenshot_from_Le_voyage_dans_la_lune_Georges_Melies_1902.jpg?resize=400%2C250&amp;ssl=1 400w, https:\/\/i0.wp.com\/www.linden-theater-frechen.de\/wp-content\/uploads\/2026\/03\/Screenshot_from_Le_voyage_dans_la_lune_Georges_Melies_1902.jpg?w=1074&amp;ssl=1 1074w\" sizes=\"auto, (max-width: 300px) 100vw, 300px\" \/><\/a><a href=\"https:\/\/i0.wp.com\/www.linden-theater-frechen.de\/wp-content\/uploads\/2026\/03\/Das-Abenteuer-eines-Journalisten-Harry-Piel-1914.jpg?ssl=1\"><img data-recalc-dims=\"1\" loading=\"lazy\" decoding=\"async\" class=\"alignright size-medium wp-image-16719\" src=\"https:\/\/i0.wp.com\/www.linden-theater-frechen.de\/wp-content\/uploads\/2026\/03\/Das-Abenteuer-eines-Journalisten-Harry-Piel-1914.jpg?resize=300%2C226&#038;ssl=1\" alt=\"\" width=\"300\" height=\"226\" srcset=\"https:\/\/i0.wp.com\/www.linden-theater-frechen.de\/wp-content\/uploads\/2026\/03\/Das-Abenteuer-eines-Journalisten-Harry-Piel-1914.jpg?resize=300%2C226&amp;ssl=1 300w, https:\/\/i0.wp.com\/www.linden-theater-frechen.de\/wp-content\/uploads\/2026\/03\/Das-Abenteuer-eines-Journalisten-Harry-Piel-1914.jpg?resize=150%2C113&amp;ssl=1 150w, https:\/\/i0.wp.com\/www.linden-theater-frechen.de\/wp-content\/uploads\/2026\/03\/Das-Abenteuer-eines-Journalisten-Harry-Piel-1914.jpg?resize=768%2C578&amp;ssl=1 768w, https:\/\/i0.wp.com\/www.linden-theater-frechen.de\/wp-content\/uploads\/2026\/03\/Das-Abenteuer-eines-Journalisten-Harry-Piel-1914.jpg?resize=400%2C301&amp;ssl=1 400w, https:\/\/i0.wp.com\/www.linden-theater-frechen.de\/wp-content\/uploads\/2026\/03\/Das-Abenteuer-eines-Journalisten-Harry-Piel-1914.jpg?w=1024&amp;ssl=1 1024w\" sizes=\"auto, (max-width: 300px) 100vw, 300px\" \/><\/a><a href=\"https:\/\/i0.wp.com\/www.linden-theater-frechen.de\/wp-content\/uploads\/2026\/03\/Aschenputtel-Lotte-Reiniger-1922.jpg?ssl=1\"><img data-recalc-dims=\"1\" loading=\"lazy\" decoding=\"async\" class=\"alignleft size-medium wp-image-16718\" src=\"https:\/\/i0.wp.com\/www.linden-theater-frechen.de\/wp-content\/uploads\/2026\/03\/Aschenputtel-Lotte-Reiniger-1922.jpg?resize=300%2C226&#038;ssl=1\" alt=\"\" width=\"300\" height=\"226\" srcset=\"https:\/\/i0.wp.com\/www.linden-theater-frechen.de\/wp-content\/uploads\/2026\/03\/Aschenputtel-Lotte-Reiniger-1922.jpg?resize=300%2C226&amp;ssl=1 300w, https:\/\/i0.wp.com\/www.linden-theater-frechen.de\/wp-content\/uploads\/2026\/03\/Aschenputtel-Lotte-Reiniger-1922.jpg?resize=1024%2C771&amp;ssl=1 1024w, https:\/\/i0.wp.com\/www.linden-theater-frechen.de\/wp-content\/uploads\/2026\/03\/Aschenputtel-Lotte-Reiniger-1922.jpg?resize=150%2C113&amp;ssl=1 150w, https:\/\/i0.wp.com\/www.linden-theater-frechen.de\/wp-content\/uploads\/2026\/03\/Aschenputtel-Lotte-Reiniger-1922.jpg?resize=768%2C578&amp;ssl=1 768w, https:\/\/i0.wp.com\/www.linden-theater-frechen.de\/wp-content\/uploads\/2026\/03\/Aschenputtel-Lotte-Reiniger-1922.jpg?resize=400%2C301&amp;ssl=1 400w, https:\/\/i0.wp.com\/www.linden-theater-frechen.de\/wp-content\/uploads\/2026\/03\/Aschenputtel-Lotte-Reiniger-1922.jpg?w=1200&amp;ssl=1 1200w\" sizes=\"auto, (max-width: 300px) 100vw, 300px\" \/><\/a><\/p>\n<\/td>\n<\/tr>\n<\/tbody>\n<\/table>\n","protected":false},"excerpt":{"rendered":"<p> So, 26.04.2026, 16:00 Uhr: Film ab! \u2013 Wir feiern 130 Jahre bewegte Bilder mit fr\u00fchen Stummfilmen und Live-Musik Ein Programm von K\u00f6ln im Film e.V. <\/p>\n<p style=\"text-align: justify;\">Am 20. April 1896 wurde das Kino in Deutschland geboren: Zum ersten Mal sah ein zahlendes Publikum in einem Saal am K\u00f6lner Augustinerplatz \u201elebende Photographien&#8220; des [&#8230;]<\/p>\n","protected":false},"author":2,"featured_media":0,"parent":6,"menu_order":0,"comment_status":"open","ping_status":"closed","template":"","meta":{"jetpack_post_was_ever_published":false,"footnotes":""},"class_list":["post-125","page","type-page","status-publish","hentry","odd"],"jetpack_shortlink":"https:\/\/wp.me\/P3dBae-21","jetpack_sharing_enabled":true,"_links":{"self":[{"href":"https:\/\/www.linden-theater-frechen.de\/index.php?rest_route=\/wp\/v2\/pages\/125","targetHints":{"allow":["GET"]}}],"collection":[{"href":"https:\/\/www.linden-theater-frechen.de\/index.php?rest_route=\/wp\/v2\/pages"}],"about":[{"href":"https:\/\/www.linden-theater-frechen.de\/index.php?rest_route=\/wp\/v2\/types\/page"}],"author":[{"embeddable":true,"href":"https:\/\/www.linden-theater-frechen.de\/index.php?rest_route=\/wp\/v2\/users\/2"}],"replies":[{"embeddable":true,"href":"https:\/\/www.linden-theater-frechen.de\/index.php?rest_route=%2Fwp%2Fv2%2Fcomments&post=125"}],"version-history":[{"count":62,"href":"https:\/\/www.linden-theater-frechen.de\/index.php?rest_route=\/wp\/v2\/pages\/125\/revisions"}],"predecessor-version":[{"id":16751,"href":"https:\/\/www.linden-theater-frechen.de\/index.php?rest_route=\/wp\/v2\/pages\/125\/revisions\/16751"}],"up":[{"embeddable":true,"href":"https:\/\/www.linden-theater-frechen.de\/index.php?rest_route=\/wp\/v2\/pages\/6"}],"wp:attachment":[{"href":"https:\/\/www.linden-theater-frechen.de\/index.php?rest_route=%2Fwp%2Fv2%2Fmedia&parent=125"}],"curies":[{"name":"wp","href":"https:\/\/api.w.org\/{rel}","templated":true}]}}