{"id":1842,"date":"2012-03-18T16:17:26","date_gmt":"2012-03-18T14:17:26","guid":{"rendered":"http:\/\/www.lindentheater-frechen.de\/?page_id=1842"},"modified":"2025-03-05T16:54:43","modified_gmt":"2025-03-05T14:54:43","slug":"was-ist-das-flimmer-dinner","status":"publish","type":"page","link":"https:\/\/www.linden-theater-frechen.de\/?page_id=1842","title":{"rendered":"Was ist das Flimmer-Dinner?"},"content":{"rendered":"<p style=\"text-align: center;\"><img data-recalc-dims=\"1\" loading=\"lazy\" decoding=\"async\" class=\"alignnone wp-image-1829 size-large\" title=\"Flimmer-Dinner-Logo\" src=\"https:\/\/i0.wp.com\/www.linden-theater-frechen.de\/wp-content\/uploads\/2011\/08\/Flimmer-Dinner-Logo-neu.jpg?resize=640%2C400&#038;ssl=1\" alt=\"\" width=\"640\" height=\"400\" srcset=\"https:\/\/i0.wp.com\/www.linden-theater-frechen.de\/wp-content\/uploads\/2011\/08\/Flimmer-Dinner-Logo-neu.jpg?resize=1024%2C640&amp;ssl=1 1024w, https:\/\/i0.wp.com\/www.linden-theater-frechen.de\/wp-content\/uploads\/2011\/08\/Flimmer-Dinner-Logo-neu.jpg?resize=150%2C93&amp;ssl=1 150w, https:\/\/i0.wp.com\/www.linden-theater-frechen.de\/wp-content\/uploads\/2011\/08\/Flimmer-Dinner-Logo-neu.jpg?resize=300%2C187&amp;ssl=1 300w, https:\/\/i0.wp.com\/www.linden-theater-frechen.de\/wp-content\/uploads\/2011\/08\/Flimmer-Dinner-Logo-neu.jpg?resize=400%2C250&amp;ssl=1 400w, https:\/\/i0.wp.com\/www.linden-theater-frechen.de\/wp-content\/uploads\/2011\/08\/Flimmer-Dinner-Logo-neu.jpg?w=2048&amp;ssl=1 2048w, https:\/\/i0.wp.com\/www.linden-theater-frechen.de\/wp-content\/uploads\/2011\/08\/Flimmer-Dinner-Logo-neu.jpg?w=1280&amp;ssl=1 1280w, https:\/\/i0.wp.com\/www.linden-theater-frechen.de\/wp-content\/uploads\/2011\/08\/Flimmer-Dinner-Logo-neu.jpg?w=1920&amp;ssl=1 1920w\" sizes=\"auto, (max-width: 640px) 100vw, 640px\" \/><\/p>\n<h2>Gegenw\u00e4rtig sind keine weiteren Flimmer-Dinner Veranstaltungen geplant.<\/h2>\n<h2>Wir haben jedoch vor, diese Veranstaltungsserie wieder aufzunehmen wenn die Umst\u00e4nde es wieder erlauben.<\/h2>\n<p style=\"text-align: justify;\">Das Flimmer-Dinner ist ein kulinarisches Kinoerlebnis der besonderen Art. Im Dezember 2009 zun\u00e4chst als einmalige Aktion f\u00fcr einen Film \u00fcber die franz\u00f6sische K\u00fcche geplant, war der Zuschauerzuspruch so gro\u00df und anhaltend, dass das Flimmer-Dinner inzwischen zu einer festen Institution im Linden-Theater geworden ist.<\/p>\n<p style=\"text-align: justify;\">Was aber ist das Flimmer-Dinner nun genau? Kino und Essen, das gibt es in vielen Variationen. Im Linden-Theater haben Sie die M\u00f6glichkeit, ein Dinner direkt in unserem denkmalgesch\u00fctzten Kinosaal zu erleben. An eigens f\u00fcr die Veranstaltung aufgestellen und festlich eingedeckten Tischen verw\u00f6hnt Sie zun\u00e4chst das Team des Hotel-Restaurant Durst mit einem auf den Film abgestimmten 3-G\u00e4nge-Men\u00fc. Nach dem Essen gibt es eine kleine Umbaupause, in der wir den Saal f\u00fcr die Kinovorstellung vorbereiten. In dieser Zeit nehmen Sie bereits in der Kinobestuhlung Platz, um von dort den Film genie\u00dfen zu k\u00f6nnen.<\/p>\n<p style=\"text-align: justify;\">In der Regel besteht das Men\u00fc aus einer festgelegten Vor- und Nachspeise sowie drei Hauptgerichten, aus denen Sie im Vorfeld eines ausw\u00e4hlen.<\/p>\n<p style=\"text-align: justify;\">Bei den Filmen wechseln wir in loser Folge zwischen aktuellen Kinofilmen und Filmklassikern, wenn m\u00f6glich suchen wir auch Filme aus, die einen kulinarischen Hintergrund haben.<\/p>\n<p style=\"text-align: justify;\">Aufgrund des gro\u00dfen logistischen Aufwands, unser Kino vor\u00fcbergehend in eine Art Restaurant zu verwandeln, k\u00f6nnen wir j\u00e4hrlich nur 3 &#8211; 4 Veranstaltungsreihen durchf\u00fchren.<\/p>\n<p style=\"text-align: justify;\">Die Karten f\u00fcr das Flimmer-Dinner gibt es immer einige Wochen vor der aktuellen Veranstaltung ausschlie\u00dflich im Vorverkauf im Linden-Theater und beim Hotel-Restaurant Durst; aufgrund der notwendigen Vorbestellung des Men\u00fc-Hauptgerichts ist eine Kartenreservierung wie bei den normalen Kinovorstellungen leider nicht m\u00f6glich. Karten k\u00f6nnen nur f\u00fcr das jeweils aktuelle Flimmer-Dinner erworben werden.<\/p>\n<p style=\"text-align: justify;\">Die Infos zum aktuellen Flimmer-Dinner gibt es immer auf unserer <a title=\"aktuelles Flimmer-Dinner\" href=\"https:\/\/www.lindentheater-frechen.de\/?page_id=579\">Flimmer-Dinner-Startseite<\/a>. \u00dcber die Planungen bzw. den Vorverkaufsstart f\u00fcr ein Flimmer-Dinner informieren wir Sie au\u00dferdem zeitnah \u00fcber den Linden-Theater-Newsletter, den Sie in der rechten Spalte unserer Webseite bestellen k\u00f6nnen.<\/p>\n<p style=\"text-align: justify;\">Einige Fotos und die Infos zu unseren bereits durchgef\u00fchrten Flimmer-Dinner-Veranstaltungen finden Sie im Anschluss.<\/p>\n<hr \/>\n<h2 style=\"text-align: center;\">Einige Fotos zum Flimmer-Dinner:<\/h2>\n\n\t\t<style type=\"text\/css\">\n\t\t\t#gallery-1 {\n\t\t\t\tmargin: auto;\n\t\t\t}\n\t\t\t#gallery-1 .gallery-item {\n\t\t\t\tfloat: left;\n\t\t\t\tmargin-top: 10px;\n\t\t\t\ttext-align: center;\n\t\t\t\twidth: 33%;\n\t\t\t}\n\t\t\t#gallery-1 img {\n\t\t\t\tborder: 2px solid #cfcfcf;\n\t\t\t}\n\t\t\t#gallery-1 .gallery-caption {\n\t\t\t\tmargin-left: 0;\n\t\t\t}\n\t\t\t\/* see gallery_shortcode() in wp-includes\/media.php *\/\n\t\t<\/style>\n\t\t<div id='gallery-1' class='gallery galleryid-1842 gallery-columns-3 gallery-size-thumbnail'><dl class='gallery-item'>\n\t\t\t<dt class='gallery-icon landscape'>\n\t\t\t\t<a href='https:\/\/www.linden-theater-frechen.de\/?attachment_id=6609'><img loading=\"lazy\" decoding=\"async\" width=\"150\" height=\"100\" src=\"https:\/\/i0.wp.com\/www.linden-theater-frechen.de\/wp-content\/uploads\/2016\/03\/Flimmer-Dinner-04.jpg?fit=150%2C100&amp;ssl=1\" class=\"attachment-thumbnail size-thumbnail\" alt=\"\" srcset=\"https:\/\/i0.wp.com\/www.linden-theater-frechen.de\/wp-content\/uploads\/2016\/03\/Flimmer-Dinner-04.jpg?w=1200&amp;ssl=1 1200w, https:\/\/i0.wp.com\/www.linden-theater-frechen.de\/wp-content\/uploads\/2016\/03\/Flimmer-Dinner-04.jpg?resize=150%2C100&amp;ssl=1 150w, https:\/\/i0.wp.com\/www.linden-theater-frechen.de\/wp-content\/uploads\/2016\/03\/Flimmer-Dinner-04.jpg?resize=300%2C200&amp;ssl=1 300w, https:\/\/i0.wp.com\/www.linden-theater-frechen.de\/wp-content\/uploads\/2016\/03\/Flimmer-Dinner-04.jpg?resize=768%2C512&amp;ssl=1 768w, https:\/\/i0.wp.com\/www.linden-theater-frechen.de\/wp-content\/uploads\/2016\/03\/Flimmer-Dinner-04.jpg?resize=1024%2C683&amp;ssl=1 1024w, https:\/\/i0.wp.com\/www.linden-theater-frechen.de\/wp-content\/uploads\/2016\/03\/Flimmer-Dinner-04.jpg?resize=400%2C267&amp;ssl=1 400w\" sizes=\"auto, (max-width: 150px) 100vw, 150px\" \/><\/a>\n\t\t\t<\/dt><\/dl><dl class='gallery-item'>\n\t\t\t<dt class='gallery-icon landscape'>\n\t\t\t\t<a href='https:\/\/www.linden-theater-frechen.de\/?attachment_id=6610'><img loading=\"lazy\" decoding=\"async\" width=\"150\" height=\"100\" src=\"https:\/\/i0.wp.com\/www.linden-theater-frechen.de\/wp-content\/uploads\/2016\/03\/Flimmer-Dinner-05.jpg?fit=150%2C100&amp;ssl=1\" class=\"attachment-thumbnail size-thumbnail\" alt=\"\" srcset=\"https:\/\/i0.wp.com\/www.linden-theater-frechen.de\/wp-content\/uploads\/2016\/03\/Flimmer-Dinner-05.jpg?w=1200&amp;ssl=1 1200w, https:\/\/i0.wp.com\/www.linden-theater-frechen.de\/wp-content\/uploads\/2016\/03\/Flimmer-Dinner-05.jpg?resize=150%2C100&amp;ssl=1 150w, https:\/\/i0.wp.com\/www.linden-theater-frechen.de\/wp-content\/uploads\/2016\/03\/Flimmer-Dinner-05.jpg?resize=300%2C200&amp;ssl=1 300w, https:\/\/i0.wp.com\/www.linden-theater-frechen.de\/wp-content\/uploads\/2016\/03\/Flimmer-Dinner-05.jpg?resize=768%2C512&amp;ssl=1 768w, https:\/\/i0.wp.com\/www.linden-theater-frechen.de\/wp-content\/uploads\/2016\/03\/Flimmer-Dinner-05.jpg?resize=1024%2C683&amp;ssl=1 1024w, https:\/\/i0.wp.com\/www.linden-theater-frechen.de\/wp-content\/uploads\/2016\/03\/Flimmer-Dinner-05.jpg?resize=400%2C267&amp;ssl=1 400w\" sizes=\"auto, (max-width: 150px) 100vw, 150px\" \/><\/a>\n\t\t\t<\/dt><\/dl><dl class='gallery-item'>\n\t\t\t<dt class='gallery-icon landscape'>\n\t\t\t\t<a href='https:\/\/www.linden-theater-frechen.de\/?attachment_id=6611'><img loading=\"lazy\" decoding=\"async\" width=\"150\" height=\"97\" src=\"https:\/\/i0.wp.com\/www.linden-theater-frechen.de\/wp-content\/uploads\/2016\/03\/Flimmer-Dinner-06.jpg?fit=150%2C97&amp;ssl=1\" class=\"attachment-thumbnail size-thumbnail\" alt=\"\" srcset=\"https:\/\/i0.wp.com\/www.linden-theater-frechen.de\/wp-content\/uploads\/2016\/03\/Flimmer-Dinner-06.jpg?w=1200&amp;ssl=1 1200w, https:\/\/i0.wp.com\/www.linden-theater-frechen.de\/wp-content\/uploads\/2016\/03\/Flimmer-Dinner-06.jpg?resize=150%2C97&amp;ssl=1 150w, https:\/\/i0.wp.com\/www.linden-theater-frechen.de\/wp-content\/uploads\/2016\/03\/Flimmer-Dinner-06.jpg?resize=300%2C193&amp;ssl=1 300w, https:\/\/i0.wp.com\/www.linden-theater-frechen.de\/wp-content\/uploads\/2016\/03\/Flimmer-Dinner-06.jpg?resize=768%2C494&amp;ssl=1 768w, https:\/\/i0.wp.com\/www.linden-theater-frechen.de\/wp-content\/uploads\/2016\/03\/Flimmer-Dinner-06.jpg?resize=1024%2C659&amp;ssl=1 1024w, https:\/\/i0.wp.com\/www.linden-theater-frechen.de\/wp-content\/uploads\/2016\/03\/Flimmer-Dinner-06.jpg?resize=400%2C257&amp;ssl=1 400w\" sizes=\"auto, (max-width: 150px) 100vw, 150px\" \/><\/a>\n\t\t\t<\/dt><\/dl><br style=\"clear: both\" \/><dl class='gallery-item'>\n\t\t\t<dt class='gallery-icon landscape'>\n\t\t\t\t<a href='https:\/\/www.linden-theater-frechen.de\/?attachment_id=6612'><img loading=\"lazy\" decoding=\"async\" width=\"150\" height=\"150\" src=\"https:\/\/i0.wp.com\/www.linden-theater-frechen.de\/wp-content\/uploads\/2016\/03\/Flimmer-Dinner-01.jpg?fit=150%2C150&amp;ssl=1\" class=\"attachment-thumbnail size-thumbnail\" alt=\"\" srcset=\"https:\/\/i0.wp.com\/www.linden-theater-frechen.de\/wp-content\/uploads\/2016\/03\/Flimmer-Dinner-01.jpg?w=800&amp;ssl=1 800w, https:\/\/i0.wp.com\/www.linden-theater-frechen.de\/wp-content\/uploads\/2016\/03\/Flimmer-Dinner-01.jpg?resize=150%2C150&amp;ssl=1 150w, https:\/\/i0.wp.com\/www.linden-theater-frechen.de\/wp-content\/uploads\/2016\/03\/Flimmer-Dinner-01.jpg?resize=300%2C300&amp;ssl=1 300w, https:\/\/i0.wp.com\/www.linden-theater-frechen.de\/wp-content\/uploads\/2016\/03\/Flimmer-Dinner-01.jpg?resize=768%2C768&amp;ssl=1 768w, https:\/\/i0.wp.com\/www.linden-theater-frechen.de\/wp-content\/uploads\/2016\/03\/Flimmer-Dinner-01.jpg?resize=400%2C400&amp;ssl=1 400w\" sizes=\"auto, (max-width: 150px) 100vw, 150px\" \/><\/a>\n\t\t\t<\/dt><\/dl><dl class='gallery-item'>\n\t\t\t<dt class='gallery-icon landscape'>\n\t\t\t\t<a href='https:\/\/www.linden-theater-frechen.de\/?attachment_id=6613'><img loading=\"lazy\" decoding=\"async\" width=\"150\" height=\"100\" src=\"https:\/\/i0.wp.com\/www.linden-theater-frechen.de\/wp-content\/uploads\/2016\/03\/Flimmer-Dinner-02.jpg?fit=150%2C100&amp;ssl=1\" class=\"attachment-thumbnail size-thumbnail\" alt=\"\" srcset=\"https:\/\/i0.wp.com\/www.linden-theater-frechen.de\/wp-content\/uploads\/2016\/03\/Flimmer-Dinner-02.jpg?w=1200&amp;ssl=1 1200w, https:\/\/i0.wp.com\/www.linden-theater-frechen.de\/wp-content\/uploads\/2016\/03\/Flimmer-Dinner-02.jpg?resize=150%2C100&amp;ssl=1 150w, https:\/\/i0.wp.com\/www.linden-theater-frechen.de\/wp-content\/uploads\/2016\/03\/Flimmer-Dinner-02.jpg?resize=300%2C200&amp;ssl=1 300w, https:\/\/i0.wp.com\/www.linden-theater-frechen.de\/wp-content\/uploads\/2016\/03\/Flimmer-Dinner-02.jpg?resize=768%2C512&amp;ssl=1 768w, https:\/\/i0.wp.com\/www.linden-theater-frechen.de\/wp-content\/uploads\/2016\/03\/Flimmer-Dinner-02.jpg?resize=1024%2C683&amp;ssl=1 1024w, https:\/\/i0.wp.com\/www.linden-theater-frechen.de\/wp-content\/uploads\/2016\/03\/Flimmer-Dinner-02.jpg?resize=400%2C267&amp;ssl=1 400w\" sizes=\"auto, (max-width: 150px) 100vw, 150px\" \/><\/a>\n\t\t\t<\/dt><\/dl><dl class='gallery-item'>\n\t\t\t<dt class='gallery-icon landscape'>\n\t\t\t\t<a href='https:\/\/www.linden-theater-frechen.de\/?attachment_id=6614'><img loading=\"lazy\" decoding=\"async\" width=\"150\" height=\"100\" src=\"https:\/\/i0.wp.com\/www.linden-theater-frechen.de\/wp-content\/uploads\/2016\/03\/Flimmer-Dinner-03.jpg?fit=150%2C100&amp;ssl=1\" class=\"attachment-thumbnail size-thumbnail\" alt=\"\" srcset=\"https:\/\/i0.wp.com\/www.linden-theater-frechen.de\/wp-content\/uploads\/2016\/03\/Flimmer-Dinner-03.jpg?w=1200&amp;ssl=1 1200w, https:\/\/i0.wp.com\/www.linden-theater-frechen.de\/wp-content\/uploads\/2016\/03\/Flimmer-Dinner-03.jpg?resize=150%2C100&amp;ssl=1 150w, https:\/\/i0.wp.com\/www.linden-theater-frechen.de\/wp-content\/uploads\/2016\/03\/Flimmer-Dinner-03.jpg?resize=300%2C200&amp;ssl=1 300w, https:\/\/i0.wp.com\/www.linden-theater-frechen.de\/wp-content\/uploads\/2016\/03\/Flimmer-Dinner-03.jpg?resize=768%2C511&amp;ssl=1 768w, https:\/\/i0.wp.com\/www.linden-theater-frechen.de\/wp-content\/uploads\/2016\/03\/Flimmer-Dinner-03.jpg?resize=1024%2C681&amp;ssl=1 1024w, https:\/\/i0.wp.com\/www.linden-theater-frechen.de\/wp-content\/uploads\/2016\/03\/Flimmer-Dinner-03.jpg?resize=400%2C266&amp;ssl=1 400w\" sizes=\"auto, (max-width: 150px) 100vw, 150px\" \/><\/a>\n\t\t\t<\/dt><\/dl><br style=\"clear: both\" \/>\n\t\t<\/div>\n\n<p style=\"text-align: left;\"><code> <\/code><\/p>\n<hr \/>\n<h2 style=\"text-align: center;\">Informationen zu unseren bisherigen Dinner-Veranstaltungen:<\/h2>\n<h2 style=\"text-align: center;\"><a class=\"lightbox\" title=\"LT-Dinner\" href=\"https:\/\/i0.wp.com\/www.lindentheater-frechen.de\/wp-content\/uploads\/2009\/11\/LT-Dinner.jpg?ssl=1\"><img data-recalc-dims=\"1\" loading=\"lazy\" decoding=\"async\" class=\"aligncenter wp-image-1092 size-full\" title=\"LT-Dinner\" src=\"https:\/\/i0.wp.com\/www.linden-theater-frechen.de\/wp-content\/uploads\/2009\/11\/LT-Dinner.jpg?resize=640%2C427&#038;ssl=1\" alt=\"\" width=\"640\" height=\"427\" srcset=\"https:\/\/i0.wp.com\/www.linden-theater-frechen.de\/wp-content\/uploads\/2009\/11\/LT-Dinner.jpg?w=945&amp;ssl=1 945w, https:\/\/i0.wp.com\/www.linden-theater-frechen.de\/wp-content\/uploads\/2009\/11\/LT-Dinner.jpg?resize=150%2C100&amp;ssl=1 150w, https:\/\/i0.wp.com\/www.linden-theater-frechen.de\/wp-content\/uploads\/2009\/11\/LT-Dinner.jpg?resize=300%2C200&amp;ssl=1 300w, https:\/\/i0.wp.com\/www.linden-theater-frechen.de\/wp-content\/uploads\/2009\/11\/LT-Dinner.jpg?resize=400%2C266&amp;ssl=1 400w\" sizes=\"auto, (max-width: 640px) 100vw, 640px\" \/><\/a><\/h2>\n<hr \/>\n<h3 style=\"text-align: center;\">30.08. &#8211; 01.09.: Unser Herbstdinner 2019:<\/h3>\n<p style=\"text-align: center;\"><a href=\"https:\/\/i0.wp.com\/www.linden-theater-frechen.de\/wp-content\/uploads\/2019\/08\/yesterday_titel_rgb_m.jpg?ssl=1\"><img data-recalc-dims=\"1\" loading=\"lazy\" decoding=\"async\" class=\"aligncenter size-large wp-image-11746\" src=\"https:\/\/i0.wp.com\/www.linden-theater-frechen.de\/wp-content\/uploads\/2019\/08\/yesterday_titel_rgb_m.jpg?resize=640%2C184&#038;ssl=1\" alt=\"\" width=\"640\" height=\"184\" srcset=\"https:\/\/i0.wp.com\/www.linden-theater-frechen.de\/wp-content\/uploads\/2019\/08\/yesterday_titel_rgb_m.jpg?resize=1024%2C295&amp;ssl=1 1024w, https:\/\/i0.wp.com\/www.linden-theater-frechen.de\/wp-content\/uploads\/2019\/08\/yesterday_titel_rgb_m.jpg?resize=150%2C43&amp;ssl=1 150w, https:\/\/i0.wp.com\/www.linden-theater-frechen.de\/wp-content\/uploads\/2019\/08\/yesterday_titel_rgb_m.jpg?resize=300%2C87&amp;ssl=1 300w, https:\/\/i0.wp.com\/www.linden-theater-frechen.de\/wp-content\/uploads\/2019\/08\/yesterday_titel_rgb_m.jpg?resize=768%2C222&amp;ssl=1 768w, https:\/\/i0.wp.com\/www.linden-theater-frechen.de\/wp-content\/uploads\/2019\/08\/yesterday_titel_rgb_m.jpg?resize=400%2C115&amp;ssl=1 400w, https:\/\/i0.wp.com\/www.linden-theater-frechen.de\/wp-content\/uploads\/2019\/08\/yesterday_titel_rgb_m.jpg?w=1400&amp;ssl=1 1400w, https:\/\/i0.wp.com\/www.linden-theater-frechen.de\/wp-content\/uploads\/2019\/08\/yesterday_titel_rgb_m.jpg?w=1280&amp;ssl=1 1280w\" sizes=\"auto, (max-width: 640px) 100vw, 640px\" \/><\/a><\/p>\n<p style=\"text-align: center;\">Zum Ausklang des Sommers hatten wir uns f\u00fcr die &#8222;Wer zum Teufel sind die Beatles?&#8220;-Wohlf\u00fchlkom\u00f6die &#8222;Yesterday&#8220; entschieden.<\/p>\n<p style=\"text-align: center;\">Das Team vom Hotel Durst stellte dazu ein Fab-Four-Men\u00fc zusammen, ein bisschen retro und ein bisschen englisch&#8230;<\/p>\n<table width=\"100%\">\n<tbody>\n<tr>\n<td>\n<h3>Der Film:<\/h3>\n<h2><a href=\"https:\/\/i0.wp.com\/www.linden-theater-frechen.de\/wp-content\/uploads\/2019\/07\/Yesterday-Poster.jpg?ssl=1\"><img data-recalc-dims=\"1\" loading=\"lazy\" decoding=\"async\" class=\"alignright  wp-image-11702\" src=\"https:\/\/i0.wp.com\/www.linden-theater-frechen.de\/wp-content\/uploads\/2019\/07\/Yesterday-Poster.jpg?resize=150%2C212&#038;ssl=1\" alt=\"\" width=\"150\" height=\"212\" srcset=\"https:\/\/i0.wp.com\/www.linden-theater-frechen.de\/wp-content\/uploads\/2019\/07\/Yesterday-Poster.jpg?resize=212%2C300&amp;ssl=1 212w, https:\/\/i0.wp.com\/www.linden-theater-frechen.de\/wp-content\/uploads\/2019\/07\/Yesterday-Poster.jpg?resize=106%2C150&amp;ssl=1 106w, https:\/\/i0.wp.com\/www.linden-theater-frechen.de\/wp-content\/uploads\/2019\/07\/Yesterday-Poster.jpg?w=565&amp;ssl=1 565w, https:\/\/i0.wp.com\/www.linden-theater-frechen.de\/wp-content\/uploads\/2019\/07\/Yesterday-Poster.jpg?resize=400%2C566&amp;ssl=1 400w\" sizes=\"auto, (max-width: 150px) 100vw, 150px\" \/><\/a>Yesterday<\/h2>\n<p style=\"text-align: justify;\"><b>Kom\u00f6die: <\/b>Jack ist ein leidenschaftlicher aber erfolgloser Musiker aus einem kleinen verschlafenen Ort an der englischen K\u00fcste. Nach einem mysteri\u00f6sen weltweiten Stromausfall wird Jack von einem Bus angefahren. Nachdem zun\u00e4chst alles wie immer wirkt, stellt Jack fest, dass sich pl\u00f6tzlich niemand au\u00dfer ihm mehr an die Musik der Beatles erinnern kann. Jack nutzt diese Situation und verkauft die Welthits als seine eigenen Kompositionen. In k\u00fcrzester Zeit wird er zur weltweiten Sensation und zu einem Mega-Popstar. Allerdings stellt sein neu gewonnener Ruhm die Beziehungen zu seinen Freunden und seiner Familie auf eine harte Probe.<\/p>\n<p style=\"text-align: justify;\"><strong>GB<\/strong> 2019, <strong>Regie: <\/strong>Danny Boyle, <strong>Darsteller:\u00a0<\/strong>Himesh Patel (Jack Malik) \u00b7 Lily James (Ellie) \u00b7 Kate McKinnon (Debra) \u00b7 Ed Sheeran (Ed Sheeran) \u00b7 Ana de Armas (Roxanne) \u00b7 Lamorne Morris (Stephen) \u00b7 Sophia Di Martino (Carol) \u00b7 Joel Fry (Rocky) \u00b7 James Corden (James Corden)<\/p>\n<p><strong>Laufzeit:<\/strong> 117 Min, <strong>FSK:<\/strong> ab 0 Jahren<\/p>\n<p><a href=\"https:\/\/www.kino.de\/film\/yesterday-2019\/\" target=\"_blank\" rel=\"noopener noreferrer\"><strong>Trailer und <\/strong><strong>weitere Filminfos<\/strong><\/a><\/td>\n<\/tr>\n<\/tbody>\n<\/table>\n<table width=\"100%\">\n<tbody>\n<tr>\n<td style=\"text-align: center;\"><a href=\"https:\/\/i0.wp.com\/www.linden-theater-frechen.de\/wp-content\/uploads\/2019\/08\/Menuebild.jpg?ssl=1\"><img data-recalc-dims=\"1\" loading=\"lazy\" decoding=\"async\" class=\"aligncenter size-full wp-image-11747\" src=\"https:\/\/i0.wp.com\/www.linden-theater-frechen.de\/wp-content\/uploads\/2019\/08\/Menuebild.jpg?resize=640%2C489&#038;ssl=1\" alt=\"\" width=\"640\" height=\"489\" srcset=\"https:\/\/i0.wp.com\/www.linden-theater-frechen.de\/wp-content\/uploads\/2019\/08\/Menuebild.jpg?w=917&amp;ssl=1 917w, https:\/\/i0.wp.com\/www.linden-theater-frechen.de\/wp-content\/uploads\/2019\/08\/Menuebild.jpg?resize=150%2C115&amp;ssl=1 150w, https:\/\/i0.wp.com\/www.linden-theater-frechen.de\/wp-content\/uploads\/2019\/08\/Menuebild.jpg?resize=300%2C229&amp;ssl=1 300w, https:\/\/i0.wp.com\/www.linden-theater-frechen.de\/wp-content\/uploads\/2019\/08\/Menuebild.jpg?resize=768%2C586&amp;ssl=1 768w, https:\/\/i0.wp.com\/www.linden-theater-frechen.de\/wp-content\/uploads\/2019\/08\/Menuebild.jpg?resize=400%2C305&amp;ssl=1 400w\" sizes=\"auto, (max-width: 640px) 100vw, 640px\" \/><\/a><\/td>\n<td style=\"text-align: center;\">\n<h2 style=\"text-align: center;\">Unser Fab-Four-Men\u00fc:<\/h2>\n<div style=\"text-align: center;\">\n<p><strong>Vorspeise:<\/strong><\/p>\n<p>Krabbencocktail \u201eOctopus\u00b4 Garden\u201c<\/p>\n<p><strong>Hauptspeisen:<\/strong><\/p>\n<p>Lobscouse Stew \u201eLiverpool\u201c<br \/>\nEintopf aus Rind- und Lammfleisch mit Zwiebeln, Karotten und Kartoffeln<\/p>\n<div>\n<p><strong>oder<\/strong><\/p>\n<p>Limetten-Lachs \u201eYellow Submarine\u201d<br \/>\nLachsfilet gew\u00fcrzt mit Limette, Knoblauch, Lauch und Chilischote, dazu S\u00fc\u00dfkartoffelp\u00fcree<\/p>\n<p><strong>oder<\/strong><\/p>\n<p>Mac &amp; Cheese \u201ePenny Lane\u201c<br \/>\nH\u00f6rnchennudelauflauf mit Knoblauch, Cocktailtomaten, \u00fcberbacken mit Cheddar und Parmesan<\/p>\n<p><strong>Nachspeise:<br \/>\n<\/strong><\/p>\n<\/div>\n<p>Pfirsisch Melba \u201eYesterday\u201c<br \/>\nVanilleeis mit Pfirsisch und Himbeeren<\/p>\n<\/div>\n<div style=\"text-align: center;\">\n<div><\/div>\n<\/div>\n<\/td>\n<\/tr>\n<\/tbody>\n<\/table>\n<h3 style=\"text-align: center;\">28. &#8211; 30.06.: Unser Sommerdinner 2019:<\/h3>\n<p style=\"text-align: center;\"><a href=\"https:\/\/i0.wp.com\/www.linden-theater-frechen.de\/wp-content\/uploads\/2019\/05\/Logo.jpg?ssl=1\"><img data-recalc-dims=\"1\" loading=\"lazy\" decoding=\"async\" class=\" wp-image-11567 aligncenter\" src=\"https:\/\/i0.wp.com\/www.linden-theater-frechen.de\/wp-content\/uploads\/2019\/05\/Logo.jpg?resize=411%2C122&#038;ssl=1\" alt=\"\" width=\"411\" height=\"122\" srcset=\"https:\/\/i0.wp.com\/www.linden-theater-frechen.de\/wp-content\/uploads\/2019\/05\/Logo.jpg?resize=300%2C89&amp;ssl=1 300w, https:\/\/i0.wp.com\/www.linden-theater-frechen.de\/wp-content\/uploads\/2019\/05\/Logo.jpg?resize=150%2C45&amp;ssl=1 150w, https:\/\/i0.wp.com\/www.linden-theater-frechen.de\/wp-content\/uploads\/2019\/05\/Logo.jpg?resize=400%2C119&amp;ssl=1 400w, https:\/\/i0.wp.com\/www.linden-theater-frechen.de\/wp-content\/uploads\/2019\/05\/Logo.jpg?w=532&amp;ssl=1 532w\" sizes=\"auto, (max-width: 411px) 100vw, 411px\" \/><\/a><\/p>\n<p style=\"text-align: center;\">Monsieur Claude und seine T\u00f6chter war einer der Kinohits des Jahres 2014. Jetzt kehrte Claude Verneuil mit seiner Multi-Kulti-Familie auf die Leinwand zur\u00fcck, und diesmal galt es, seine T\u00f6chter davon abzubringen, ihren Ehem\u00e4nnern in die diversen exotischen Heimatl\u00e4nder zu folgen&#8230;<\/p>\n<p style=\"text-align: center;\">Ein sommerlich leichter Film f\u00fcr unser Sommer-Dinner, und das Team vom Hotel Durst hatte dazu ein Men\u00fc zusammengestellt, das so international wie Monsieur Claude\u00b4s Familie war&#8230;<\/p>\n<table width=\"100%\">\n<tbody>\n<tr>\n<td>\n<h3>Der Film:<\/h3>\n<h2 id=\"firstHeading\" class=\"firstHeading\" lang=\"de\">Monsieur Claude 2<a href=\"https:\/\/i0.wp.com\/www.linden-theater-frechen.de\/wp-content\/uploads\/2019\/05\/Claude-2-Poster.jpg?ssl=1\"><img data-recalc-dims=\"1\" loading=\"lazy\" decoding=\"async\" class=\"alignright  wp-image-11568\" src=\"https:\/\/i0.wp.com\/www.linden-theater-frechen.de\/wp-content\/uploads\/2019\/05\/Claude-2-Poster.jpg?resize=150%2C212&#038;ssl=1\" alt=\"\" width=\"150\" height=\"212\" srcset=\"https:\/\/i0.wp.com\/www.linden-theater-frechen.de\/wp-content\/uploads\/2019\/05\/Claude-2-Poster.jpg?resize=212%2C300&amp;ssl=1 212w, https:\/\/i0.wp.com\/www.linden-theater-frechen.de\/wp-content\/uploads\/2019\/05\/Claude-2-Poster.jpg?resize=106%2C150&amp;ssl=1 106w, https:\/\/i0.wp.com\/www.linden-theater-frechen.de\/wp-content\/uploads\/2019\/05\/Claude-2-Poster.jpg?w=565&amp;ssl=1 565w, https:\/\/i0.wp.com\/www.linden-theater-frechen.de\/wp-content\/uploads\/2019\/05\/Claude-2-Poster.jpg?resize=400%2C566&amp;ssl=1 400w\" sizes=\"auto, (max-width: 150px) 100vw, 150px\" \/><\/a><\/h2>\n<p style=\"text-align: justify;\"><b>Kom\u00f6die:<\/b><b> <\/b>Claude Verneuil und seine Frau Marie blicken auf eine bewegte Zeit zur\u00fcck: Nachdem ihre vier T\u00f6chter ausgesprochen multikulturell geheiratet haben, ist das Ehepaar nicht mehr so leicht zu schockieren. Claude hat sich sogar aufgemacht, alle vier Heimatl\u00e4nder seiner Schwiegers\u00f6hne zu besuchen. Als die T\u00f6chter ihren Eltern jedoch mitteilen, dass sie das konservative Frankreich verlassen und mit ihren Familien im Ausland sesshaft werden wollen, setzen Claude und Marie alle Hebel in Bewegung, um ihre Kinder und deren Familien bei sich behalten zu k\u00f6nnen. Dabei schrecken sie auch vor skurrilen Methoden nicht zur\u00fcck.<\/p>\n<p style=\"text-align: justify;\"><strong>F<\/strong> 2019, <strong>Regie: <\/strong>Philippe de Chauveron, <strong>Darsteller: <\/strong>Christian Clavier (Claude Verneuil) \u00b7 Chantal Lauby (Marie Verneuil) \u00b7 Ary Abittan (David Benichou) \u00b7 Medi Sadoun (Rachid Benassem) \u00b7 Fr\u00e9d\u00e9ric Chau (Chao Ling) \u00b7 Noom Diawara (Charles Koffi) \u00b7 Fr\u00e9d\u00e9rique Bel (Isabelle Verneuil-Benassem) \u00b7 Julia Piaton (Odile Verneuil-Benichou) \u00b7 \u00c9milie Caen (S\u00e9gol\u00e8ne Verneuil-Ling) \u00b7 \u00c9lodie Fontan (Laure Verneuil)<\/p>\n<p><strong>Laufzeit:<\/strong> 99 Min, <strong>FSK:<\/strong> ab 0 Jahre<\/p>\n<p><strong><a title=\"Trailer + Filminfos\" href=\"https:\/\/www.kino.de\/film\/monsieur-claude-2-2019\/\" target=\"_blank\" rel=\"noopener noreferrer\">Trailer und weitere Filminfos<\/a> <\/strong><\/td>\n<\/tr>\n<\/tbody>\n<\/table>\n<table width=\"100%\">\n<tbody>\n<tr>\n<td style=\"text-align: center;\"><a href=\"https:\/\/i0.wp.com\/www.linden-theater-frechen.de\/wp-content\/uploads\/2019\/05\/Men%C3%BCbild.jpg?ssl=1\"><img data-recalc-dims=\"1\" loading=\"lazy\" decoding=\"async\" class=\"aligncenter size-large wp-image-11602\" src=\"https:\/\/i0.wp.com\/www.linden-theater-frechen.de\/wp-content\/uploads\/2019\/05\/Men%C3%BCbild.jpg?resize=640%2C426&#038;ssl=1\" alt=\"\" width=\"640\" height=\"426\" srcset=\"https:\/\/i0.wp.com\/www.linden-theater-frechen.de\/wp-content\/uploads\/2019\/05\/Men%C3%BCbild.jpg?resize=1024%2C682&amp;ssl=1 1024w, https:\/\/i0.wp.com\/www.linden-theater-frechen.de\/wp-content\/uploads\/2019\/05\/Men%C3%BCbild.jpg?resize=150%2C100&amp;ssl=1 150w, https:\/\/i0.wp.com\/www.linden-theater-frechen.de\/wp-content\/uploads\/2019\/05\/Men%C3%BCbild.jpg?resize=300%2C200&amp;ssl=1 300w, https:\/\/i0.wp.com\/www.linden-theater-frechen.de\/wp-content\/uploads\/2019\/05\/Men%C3%BCbild.jpg?resize=768%2C512&amp;ssl=1 768w, https:\/\/i0.wp.com\/www.linden-theater-frechen.de\/wp-content\/uploads\/2019\/05\/Men%C3%BCbild.jpg?resize=400%2C266&amp;ssl=1 400w, https:\/\/i0.wp.com\/www.linden-theater-frechen.de\/wp-content\/uploads\/2019\/05\/Men%C3%BCbild.jpg?w=1051&amp;ssl=1 1051w\" sizes=\"auto, (max-width: 640px) 100vw, 640px\" \/><\/a><\/td>\n<td style=\"text-align: center;\">\n<h2 style=\"text-align: center;\">Unser Rund-um-die Welt-Men\u00fc:<\/h2>\n<div style=\"text-align: center;\">\n<p><strong>Vorspeise:<\/strong><\/p>\n<p>marinierter gr\u00fcner Spargel<br \/>\nnach franz\u00f6sischer Art, dazu Baguette<\/p>\n<p><strong>Hauptspeisen:<\/strong><\/p>\n<p>Algerisches lahm al-baqar (Rindfleisch)<br \/>\ngeschmort mit Zwiebeln, Tomaten, dazu Salzkartoffeln<\/p>\n<div>\n<p><strong>oder<\/strong><\/p>\n<p>Chinesisches Schweinefleisch s\u00fc\u00df-sauer<br \/>\nSchweinefilet mit Paprika, Ananas und Wei\u00dfwein<br \/>\nmit Soja- und Pflaumenso\u00dfe an Reis<\/p>\n<p><strong>oder<\/strong><\/p>\n<p>Israelisches Shakshuka (vegetarisch)<br \/>\nmit Tofu, Zwiebeln, Knoblauch, Paprika, Tomaten, Kreuzk\u00fcmmel und Ei, anbei Fladenbrot<\/p>\n<p><strong>Nachspeise:<br \/>\n<\/strong><\/p>\n<\/div>\n<p>Bollywood-Traum<\/p>\n<\/div>\n<div style=\"text-align: center;\">Mango-Kokos-Quark-Schichtdessert mit Keksen<\/div>\n<div style=\"text-align: center;\">\n<div><\/div>\n<\/div>\n<\/td>\n<\/tr>\n<\/tbody>\n<\/table>\n<h3 style=\"text-align: center;\">22. &#8211; 25.03.: Unser Fr\u00fchjahrsdinner 2019:<\/h3>\n<p style=\"text-align: center;\"><a href=\"https:\/\/i0.wp.com\/www.linden-theater-frechen.de\/wp-content\/uploads\/2019\/01\/DEHauptplakatSchriftzugJUNGEV1.jpg?ssl=1\"><img data-recalc-dims=\"1\" loading=\"lazy\" decoding=\"async\" class=\"aligncenter size-full wp-image-10767\" src=\"https:\/\/i0.wp.com\/www.linden-theater-frechen.de\/wp-content\/uploads\/2019\/01\/DEHauptplakatSchriftzugJUNGEV1.jpg?resize=640%2C170&#038;ssl=1\" alt=\"\" width=\"640\" height=\"170\" srcset=\"https:\/\/i0.wp.com\/www.linden-theater-frechen.de\/wp-content\/uploads\/2019\/01\/DEHauptplakatSchriftzugJUNGEV1.jpg?w=700&amp;ssl=1 700w, https:\/\/i0.wp.com\/www.linden-theater-frechen.de\/wp-content\/uploads\/2019\/01\/DEHauptplakatSchriftzugJUNGEV1.jpg?resize=150%2C40&amp;ssl=1 150w, https:\/\/i0.wp.com\/www.linden-theater-frechen.de\/wp-content\/uploads\/2019\/01\/DEHauptplakatSchriftzugJUNGEV1.jpg?resize=300%2C80&amp;ssl=1 300w, https:\/\/i0.wp.com\/www.linden-theater-frechen.de\/wp-content\/uploads\/2019\/01\/DEHauptplakatSchriftzugJUNGEV1.jpg?resize=400%2C106&amp;ssl=1 400w\" sizes=\"auto, (max-width: 640px) 100vw, 640px\" \/><\/a><\/p>\n<p style=\"text-align: center;\">Die Verfilmung von Hape Kerkelings Autobiografie ist ein gro\u00dfer Kinohit. Grund genug, ihn f\u00fcr unser Fr\u00fchjahrs-Flimmer-Dinner vorzusehen.<br \/>\nDas Team vom Hotel Durst stellte dazu ein Ruhrpott-angehauchtes Men\u00fc zusammen.<\/p>\n<table width=\"100%\">\n<tbody>\n<tr>\n<td>\n<h3>Der Film:<\/h3>\n<h2 id=\"firstHeading\" class=\"firstHeading\" lang=\"de\"><a href=\"https:\/\/i0.wp.com\/www.linden-theater-frechen.de\/wp-content\/uploads\/2019\/01\/Poster-klein.jpg?ssl=1\"><img data-recalc-dims=\"1\" loading=\"lazy\" decoding=\"async\" class=\"alignright  wp-image-10768\" src=\"https:\/\/i0.wp.com\/www.linden-theater-frechen.de\/wp-content\/uploads\/2019\/01\/Poster-klein.jpg?resize=152%2C213&#038;ssl=1\" alt=\"\" width=\"152\" height=\"213\" srcset=\"https:\/\/i0.wp.com\/www.linden-theater-frechen.de\/wp-content\/uploads\/2019\/01\/Poster-klein.jpg?resize=214%2C300&amp;ssl=1 214w, https:\/\/i0.wp.com\/www.linden-theater-frechen.de\/wp-content\/uploads\/2019\/01\/Poster-klein.jpg?resize=107%2C150&amp;ssl=1 107w, https:\/\/i0.wp.com\/www.linden-theater-frechen.de\/wp-content\/uploads\/2019\/01\/Poster-klein.jpg?w=570&amp;ssl=1 570w, https:\/\/i0.wp.com\/www.linden-theater-frechen.de\/wp-content\/uploads\/2019\/01\/Poster-klein.jpg?resize=400%2C561&amp;ssl=1 400w\" sizes=\"auto, (max-width: 152px) 100vw, 152px\" \/><\/a>Der Junge muss an die frische Luft<\/h2>\n<p style=\"text-align: justify;\"><b>Kom\u00f6die\/Biografie:<\/b><b>\u00a0<\/b>Der Ruhrpott im Jahr 1972: Der neunj\u00e4hrige Hans-Peter ist ein wenig pummelig, l\u00e4sst sich davon aber nicht bedr\u00fccken. Stattdessen feilt er flei\u00dfig an seiner gro\u00dfen Begabung, andere zum Lachen zu bringen, was sowohl bei den Kunden im Kr\u00e4merladen seiner Oma \u00c4nne als auch bei seiner Verwandtschaft gut ankommt. Doch dann verliert seine Mutter ihren Geruchs- und Geschmackssinn nach einer Operation und st\u00fcrzt in eine tiefe Depression. Sein Vater ist ratlos, aber Hans-Peter f\u00fchlt sich dadurch nur noch umso mehr angetrieben, sein kom\u00f6diantisches Talent auszubauen&#8230;<\/p>\n<p style=\"text-align: justify;\"><strong>D<\/strong> 2018, <strong>Regie: <\/strong>Caroline Link, <strong>Darsteller:\u00a0<\/strong>Julius Weckauf (Hape Kerkeling) \u00b7 Luise Heyer (Mutter Margret) \u00b7 S\u00f6nke M\u00f6hring (Vater Heinz) \u00b7 Joachim Kr\u00f3l (Opa Willi) \u00b7 Ursula Werner (Oma Bertha) \u00b7 Hedi Kriegeskotte (Oma Anne) \u00b7 Rudolf Kowalski (Opa Hermann) \u00b7 Maren Kroymann (Frau H\u00f6ttermann) \u00b7 Diana Amft (Frau Kolossa) \u00b7 Elena Uhlig (Tante Gertrud) \u00b7 Birge Schade (Tante Lisbeth) \u00b7 Eva Verena M\u00fcller (Tante Annemarie) \u00b7 Kathrin von Steinburg (Frau Kl\u00f6ker)<\/p>\n<p><strong>Laufzeit:<\/strong> 100 Min, <strong>FSK:<\/strong> ab 6 Jahre<\/p>\n<p><strong><a title=\"Trailer + Filminfos\" href=\"https:\/\/www.kino.de\/film\/der-junge-muss-an-die-frische-luft-2018\/\" target=\"_blank\" rel=\"noopener noreferrer\">Trailer und weitere Filminfos<\/a> <\/strong><\/td>\n<\/tr>\n<\/tbody>\n<\/table>\n<table width=\"100%\">\n<tbody>\n<tr>\n<td style=\"text-align: center;\"><a href=\"https:\/\/i0.wp.com\/www.linden-theater-frechen.de\/wp-content\/uploads\/2019\/01\/Menuebild.jpg?ssl=1\"><img data-recalc-dims=\"1\" loading=\"lazy\" decoding=\"async\" class=\"aligncenter size-full wp-image-10769\" src=\"https:\/\/i0.wp.com\/www.linden-theater-frechen.de\/wp-content\/uploads\/2019\/01\/Menuebild.jpg?resize=600%2C600&#038;ssl=1\" alt=\"\" width=\"600\" height=\"600\" srcset=\"https:\/\/i0.wp.com\/www.linden-theater-frechen.de\/wp-content\/uploads\/2019\/01\/Menuebild.jpg?w=600&amp;ssl=1 600w, https:\/\/i0.wp.com\/www.linden-theater-frechen.de\/wp-content\/uploads\/2019\/01\/Menuebild.jpg?resize=150%2C150&amp;ssl=1 150w, https:\/\/i0.wp.com\/www.linden-theater-frechen.de\/wp-content\/uploads\/2019\/01\/Menuebild.jpg?resize=300%2C300&amp;ssl=1 300w, https:\/\/i0.wp.com\/www.linden-theater-frechen.de\/wp-content\/uploads\/2019\/01\/Menuebild.jpg?resize=400%2C400&amp;ssl=1 400w\" sizes=\"auto, (max-width: 600px) 100vw, 600px\" \/><\/a><\/td>\n<td style=\"text-align: center;\">\n<h2 style=\"text-align: center;\">Unser Ruhrpott-Men\u00fc:<\/h2>\n<div style=\"text-align: center;\">\n<p><strong>Vorspeise:<\/strong><\/p>\n<p>Kartoffelsuppe &#8222;Ruhrpott&#8220;<\/p>\n<p><strong>Hauptspeisen:<\/strong><\/p>\n<div>\n<p>Westf\u00e4lischer Sauerbraten (mit Rosinen)<br \/>\ndazu Kartoffelkn\u00f6del und Apfelrotkraut<\/p>\n<p><strong>oder<\/strong><\/p>\n<p>Kotelette natur<br \/>\nmit geschmorten Salbeibirnen in Wei\u00dfweinso\u00dfe und Gorgonzola<br \/>\ndazu Backofenkartoffel<\/p>\n<p><strong>oder<\/strong><\/p>\n<p>gef\u00fcllte Paprika in pikanter Tomatenso\u00dfe<br \/>\n(Champignons\/Zwiebel\/K\u00e4se\/Kartoffel &#8211; F\u00fcllung)<br \/>\nan Butterrreis<\/p>\n<p><strong>Nachspeise:<br \/>\n<\/strong><\/p>\n<\/div>\n<div>Beerentiramisu mit Cassisnote<\/div>\n<div><\/div>\n<\/div>\n<div><\/div>\n<\/td>\n<\/tr>\n<\/tbody>\n<\/table>\n<h3 style=\"text-align: center;\">30.11. &#8211; 02.12.18 &#8211; Unser Winterdinner 2018:<\/h3>\n<p><a href=\"https:\/\/i0.wp.com\/www.linden-theater-frechen.de\/wp-content\/uploads\/2018\/11\/Logo.jpg?ssl=1\"><img data-recalc-dims=\"1\" loading=\"lazy\" decoding=\"async\" class=\"aligncenter wp-image-8730\" src=\"https:\/\/i0.wp.com\/www.linden-theater-frechen.de\/wp-content\/uploads\/2018\/11\/Logo.jpg?resize=444%2C115&#038;ssl=1\" alt=\"\" width=\"444\" height=\"115\" srcset=\"https:\/\/i0.wp.com\/www.linden-theater-frechen.de\/wp-content\/uploads\/2018\/11\/Logo.jpg?w=715&amp;ssl=1 715w, https:\/\/i0.wp.com\/www.linden-theater-frechen.de\/wp-content\/uploads\/2018\/11\/Logo.jpg?resize=150%2C39&amp;ssl=1 150w, https:\/\/i0.wp.com\/www.linden-theater-frechen.de\/wp-content\/uploads\/2018\/11\/Logo.jpg?resize=300%2C78&amp;ssl=1 300w, https:\/\/i0.wp.com\/www.linden-theater-frechen.de\/wp-content\/uploads\/2018\/11\/Logo.jpg?resize=400%2C103&amp;ssl=1 400w\" sizes=\"auto, (max-width: 444px) 100vw, 444px\" \/><\/a><\/p>\n<p style=\"text-align: justify;\">F\u00fcr unser Weihnachtsdinner 2018 hatten wir uns f\u00fcr die neue Kom\u00f6die von S\u00f6nke Wortmann, &#8222;Der Vorname&#8220;, entschieden. Basierend auf dem gleichnamigen franz\u00f6sischen Theaterst\u00fcck und Film, ger\u00e4t ein Abendessen unter Freunden zum Eklat, als ein P\u00e4rchen verr\u00e4t, welchen Vornamen sie f\u00fcr ihr ungeborenes Kind ausgesucht haben&#8230;<\/p>\n<p style=\"text-align: justify;\">Soweit wir feststellen konnten, gab es w\u00e4hrend der Dinnervorstellungen keine lautstarken Streitgespr\u00e4che an den Tischen. Wir vermuten, das Thema &#8222;Vornamen&#8220; wurde daher ausgespart&#8230; \ud83d\ude09<\/p>\n<table width=\"100%\">\n<tbody>\n<tr>\n<td>\n<h3>Der Film:<\/h3>\n<h2 id=\"firstHeading\" class=\"firstHeading\" lang=\"de\"><a href=\"https:\/\/i0.wp.com\/www.linden-theater-frechen.de\/wp-content\/uploads\/2018\/10\/Vorname-Poster-01.jpg?ssl=1\"><img data-recalc-dims=\"1\" loading=\"lazy\" decoding=\"async\" class=\"alignright wp-image-8694\" src=\"https:\/\/i0.wp.com\/www.linden-theater-frechen.de\/wp-content\/uploads\/2018\/10\/Vorname-Poster-01.jpg?resize=150%2C211&#038;ssl=1\" alt=\"\" width=\"150\" height=\"211\" srcset=\"https:\/\/i0.wp.com\/www.linden-theater-frechen.de\/wp-content\/uploads\/2018\/10\/Vorname-Poster-01.jpg?resize=213%2C300&amp;ssl=1 213w, https:\/\/i0.wp.com\/www.linden-theater-frechen.de\/wp-content\/uploads\/2018\/10\/Vorname-Poster-01.jpg?resize=106%2C150&amp;ssl=1 106w, https:\/\/i0.wp.com\/www.linden-theater-frechen.de\/wp-content\/uploads\/2018\/10\/Vorname-Poster-01.jpg?w=567&amp;ssl=1 567w, https:\/\/i0.wp.com\/www.linden-theater-frechen.de\/wp-content\/uploads\/2018\/10\/Vorname-Poster-01.jpg?resize=400%2C564&amp;ssl=1 400w\" sizes=\"auto, (max-width: 150px) 100vw, 150px\" \/><\/a>Der Vorname<\/h2>\n<p style=\"text-align: justify;\"><b>Kom\u00f6die:<\/b><b> <\/b>Stephan und seine Frau Elisabeth veranstalten ein Abendessen in ihrem Haus. Eingeladen sind neben Familienfreund Ren\u00e9 noch Elisabeths Bruder Thomas und dessen schwangere Freundin Anna. Als die beiden verk\u00fcnden, dass sie ihr Kind Adolf nennen wollen, sorgen sie f\u00fcr einen Eklat. Schnell sind die f\u00fcnf Erwachsenen in einen handfesten Streit verwickelt, werfen sich gegenseitig harte Beleidigungen an den Kopf und die Diskussion artet immer mehr aus, so dass bald die schlimmsten Jugends\u00fcnden und gr\u00f6\u00dften Geheimnisse aller Beteiligten ans Licht kommen&#8230;<\/p>\n<p style=\"text-align: justify;\"><strong>D<\/strong> 2018, <strong>Regie: <\/strong>S\u00f6nke Wortmann, <strong>Darsteller: <\/strong>Florian David Fitz (Thomas B\u00f6ttcher) \u00b7 Christoph Maria Herbst (Stephan Berger) \u00b7 Caroline Peters (Elisabeth Berger-B\u00f6ttcher) \u00b7 Justus von Dohnanyi (Ren\u00e9 K\u00f6nig) \u00b7 Janina Uhse (Anna) \u00b7 Iris Berben (Dorothea B\u00f6ttcher) \u00b7 Serkan Kaya (Pizzabote)<\/p>\n<p><strong>Laufzeit:<\/strong> 91 Min, <strong>FSK:<\/strong> ab 6 Jahre<\/p>\n<p><strong><a title=\"Trailer + Filminfos\" href=\"https:\/\/www.kino.de\/film\/der-vorname-2018\/\" target=\"_blank\" rel=\"noopener noreferrer\">Trailer und weitere Filminfos<\/a> <\/strong><\/td>\n<\/tr>\n<\/tbody>\n<\/table>\n<table width=\"100%\">\n<tbody>\n<tr>\n<td style=\"text-align: center;\"><a href=\"https:\/\/i0.wp.com\/www.linden-theater-frechen.de\/wp-content\/uploads\/2018\/11\/B1180146-AS_700-a.jpg?ssl=1\"><img data-recalc-dims=\"1\" loading=\"lazy\" decoding=\"async\" class=\"alignright size-medium wp-image-8729\" src=\"https:\/\/i0.wp.com\/www.linden-theater-frechen.de\/wp-content\/uploads\/2018\/11\/B1180146-AS_700-a.jpg?resize=300%2C238&#038;ssl=1\" alt=\"\" width=\"300\" height=\"238\" srcset=\"https:\/\/i0.wp.com\/www.linden-theater-frechen.de\/wp-content\/uploads\/2018\/11\/B1180146-AS_700-a.jpg?resize=300%2C238&amp;ssl=1 300w, https:\/\/i0.wp.com\/www.linden-theater-frechen.de\/wp-content\/uploads\/2018\/11\/B1180146-AS_700-a.jpg?resize=150%2C119&amp;ssl=1 150w, https:\/\/i0.wp.com\/www.linden-theater-frechen.de\/wp-content\/uploads\/2018\/11\/B1180146-AS_700-a.jpg?resize=400%2C318&amp;ssl=1 400w, https:\/\/i0.wp.com\/www.linden-theater-frechen.de\/wp-content\/uploads\/2018\/11\/B1180146-AS_700-a.jpg?w=569&amp;ssl=1 569w\" sizes=\"auto, (max-width: 300px) 100vw, 300px\" \/><\/a><\/td>\n<td style=\"text-align: center;\">\n<h2 style=\"text-align: center;\">Unser winterliches Men\u00fc:<\/h2>\n<div style=\"text-align: center;\">\n<p><strong>Vorspeise:<\/strong><\/p>\n<p>Petersilienwurzel-Pastinaken-Suppe<\/p>\n<p><strong>Hauptspeisen:<\/strong><\/p>\n<div>\n<p>feiner Wildschweinbraten an Rotweinso\u00dfe<br \/>\nmit klassischem Speck-Bohnen-Gem\u00fcse und Eier-Sp\u00e4tzle<\/p>\n<p><strong>oder<\/strong><\/p>\n<p>Seelachsloins-Spinat-Gratin<br \/>\nSeelachsr\u00fcckenfilet gratiniert in Sahne<br \/>\nmit Blattspinat, Zwiebeln, Champignons und Kartoffeln<\/p>\n<p><strong>oder<\/strong><\/p>\n<p>Spitzkohl-P\u00e4ckchen (vegetarisch)<br \/>\ngef\u00fcllt mit geriebenem K\u00e4se, M\u00f6hren, Kerbel und Reis,<br \/>\nverfeinert mit Cr\u00e8me fra\u00eeche<\/p>\n<p><strong>Nachspeise:<br \/>\n<\/strong><\/p>\n<\/div>\n<div>Apfelrosen im Bl\u00e4tterteig<br \/>\nmit dem Wintereis \u201eGebrannte Mandel\u201c im Vanilleso\u00dfenspiegel<\/div>\n<div><\/div>\n<\/div>\n<\/td>\n<\/tr>\n<\/tbody>\n<\/table>\n<h3 style=\"text-align: center;\">14. &#8211; 16.09.2018 &#8211; Unser Herbstdinner 2018:<\/h3>\n<p style=\"text-align: justify;\"><a href=\"https:\/\/i0.wp.com\/www.linden-theater-frechen.de\/wp-content\/uploads\/2018\/08\/Mamma-Mia-2-Logo.jpg?ssl=1\"><img data-recalc-dims=\"1\" loading=\"lazy\" decoding=\"async\" class=\"aligncenter wp-image-8343\" src=\"https:\/\/i0.wp.com\/www.linden-theater-frechen.de\/wp-content\/uploads\/2018\/08\/Mamma-Mia-2-Logo.jpg?resize=485%2C323&#038;ssl=1\" alt=\"\" width=\"485\" height=\"323\" srcset=\"https:\/\/i0.wp.com\/www.linden-theater-frechen.de\/wp-content\/uploads\/2018\/08\/Mamma-Mia-2-Logo.jpg?w=768&amp;ssl=1 768w, https:\/\/i0.wp.com\/www.linden-theater-frechen.de\/wp-content\/uploads\/2018\/08\/Mamma-Mia-2-Logo.jpg?resize=150%2C100&amp;ssl=1 150w, https:\/\/i0.wp.com\/www.linden-theater-frechen.de\/wp-content\/uploads\/2018\/08\/Mamma-Mia-2-Logo.jpg?resize=300%2C200&amp;ssl=1 300w, https:\/\/i0.wp.com\/www.linden-theater-frechen.de\/wp-content\/uploads\/2018\/08\/Mamma-Mia-2-Logo.jpg?resize=400%2C267&amp;ssl=1 400w\" sizes=\"auto, (max-width: 485px) 100vw, 485px\" \/><\/a>Was passte zum Ausklang dieses Sommers besser als ein Film voll Sonne, Meer und ABBA-Songs. Unser Flimmer-Dinner bestritten wir daher mit &#8222;Mamma Mia! &#8211; Here we go again&#8220;, der Fortsetzung des ABBA-Musical-Hits aus 2008. Alle Hauptdarsteller des ersten Films waren wieder an Bord, dar\u00fcber hinaus jedoch auch eine Riege junger Darsteller, denn diesmal geht es um Donnas Vergangenheit.<\/p>\n<p>Das Team vom Hotel Durst hat dazu passend ein griechisches Men\u00fc zusammengestellt.<strong>\u00a0<\/strong><\/p>\n<table width=\"100%\">\n<tbody>\n<tr>\n<td>\n<h3>Der Film:<\/h3>\n<h2 id=\"firstHeading\" class=\"firstHeading\" lang=\"de\"><a href=\"https:\/\/i0.wp.com\/www.linden-theater-frechen.de\/wp-content\/uploads\/2018\/07\/Mamma-Mia-2-Poster.jpg?ssl=1\"><img data-recalc-dims=\"1\" loading=\"lazy\" decoding=\"async\" class=\"alignright wp-image-8323\" src=\"https:\/\/i0.wp.com\/www.linden-theater-frechen.de\/wp-content\/uploads\/2018\/07\/Mamma-Mia-2-Poster.jpg?resize=150%2C211&#038;ssl=1\" alt=\"\" width=\"150\" height=\"211\" srcset=\"https:\/\/i0.wp.com\/www.linden-theater-frechen.de\/wp-content\/uploads\/2018\/07\/Mamma-Mia-2-Poster.jpg?resize=213%2C300&amp;ssl=1 213w, https:\/\/i0.wp.com\/www.linden-theater-frechen.de\/wp-content\/uploads\/2018\/07\/Mamma-Mia-2-Poster.jpg?resize=107%2C150&amp;ssl=1 107w, https:\/\/i0.wp.com\/www.linden-theater-frechen.de\/wp-content\/uploads\/2018\/07\/Mamma-Mia-2-Poster.jpg?w=569&amp;ssl=1 569w, https:\/\/i0.wp.com\/www.linden-theater-frechen.de\/wp-content\/uploads\/2018\/07\/Mamma-Mia-2-Poster.jpg?resize=400%2C562&amp;ssl=1 400w\" sizes=\"auto, (max-width: 150px) 100vw, 150px\" \/><\/a>Mamma Mia &#8211; Here we go again<\/h2>\n<p><b>Musical:<\/b><b> <\/b>Die Sonne geht auf \u00fcber Kalokairi, der zauberhaftesten aller griechischen Inseln. Seit den Ereignissen von Mamma Mia! sind einige Jahre vergangen, als Sophie feststellt, dass sie ein Baby erwartet. Sie vertraut sich den besten Freundinnen ihrer Mutter, Rosie und Tanya, an und gibt zu, dass sie sich der Verantwortung vielleicht nicht gewachsen f\u00fchlt. Die beiden erz\u00e4hlen Sophie, wie ihre Mutter Donna damals Sam, Harry und Bill unter der Sonne Griechenlands kennen und lieben lernte \u2013 und wie sie, schwanger und auf sich allein gestellt, ihr Leben selbst in die Hand nahm.<\/p>\n<p><strong>USA<\/strong> 2018, <strong>Originaltitel: <\/strong>Mamma Mia &#8211; Here we go again, <strong>Regie: <\/strong>Ol Parker, <strong>Darsteller: <\/strong>Amanda Seyfried (Sophie) \u00b7 Cher (Ruby Sheridan) \u00b7 Meryl Streep (Donna) \u00b7 Lily James (junge Donna) \u00b7 Andy Garcia (Fernando) \u00b7 Dominic Cooper (Sky) \u00b7 Pierce Brosnan (Sam) \u00b7 Christine Baranski (Tanya) \u00b7 Stellan Skarsg\u00e5rd (Bill) \u00b7 Colin Firth (Harry) \u00b7 Julie Walters (Rosie) \u00b7 Jeremy Irvine (junger Sam) \u00b7 Hugh Skinner (junger Harry) \u00b7 Josh Dylan (junger Bill) \u00b7 Jessica Keenan Wynn (junge Tanya) \u00b7 Alexa Davies (junge Rosie) \u00b7 Celia Imrie (Vize-Kanzlerin) \u00b7 Omid Djalili (Griechischer Hafenbeamter)<\/p>\n<p><strong>Laufzeit:<\/strong> 114 Min, <strong>FSK:<\/strong> ab 0 Jahre<\/p>\n<p><strong><a title=\"Trailer + Filminfos\" href=\"https:\/\/www.kino.de\/film\/mamma-mia-here-we-go-again-2018\/\" target=\"_blank\" rel=\"noopener noreferrer\">Trailer und weitere Filminfos<\/a> <\/strong><\/td>\n<\/tr>\n<\/tbody>\n<\/table>\n<table width=\"100%\">\n<tbody>\n<tr>\n<td style=\"text-align: center;\"><a href=\"https:\/\/i0.wp.com\/www.linden-theater-frechen.de\/wp-content\/uploads\/2018\/08\/Mamma-Mia-2.jpg?ssl=1\"><img data-recalc-dims=\"1\" loading=\"lazy\" decoding=\"async\" class=\"aligncenter wp-image-8347\" src=\"https:\/\/i0.wp.com\/www.linden-theater-frechen.de\/wp-content\/uploads\/2018\/08\/Mamma-Mia-2.jpg?resize=160%2C243&#038;ssl=1\" alt=\"\" width=\"160\" height=\"243\" \/><\/a><\/td>\n<td style=\"text-align: center;\">\n<h2 style=\"text-align: center;\">Unser griechisches Men\u00fc:<\/h2>\n<div style=\"text-align: center;\">\n<p><strong>Vorspeise:<\/strong><\/p>\n<p>griechischer Bauernsalat<br \/>\n(Mit Schafsk\u00e4se, Tomaten, Oliven, Gurken)<\/p>\n<p><strong>Hauptspeisen:<\/strong><\/p>\n<div>\n<p>Stifado &#8222;Attika&#8220;<br \/>\n(Gulasch vom Rind mit Zwiebeln, Tomaten, Knoblauch und Rotwein)<br \/>\nmit Kritharaki<\/p>\n<p><strong>oder<\/strong><\/p>\n<p>Gyrospfanne &#8222;Zeus&#8220;<br \/>\nmit Tzatziki und Backofenkartoffel<\/p>\n<p><strong>oder<\/strong><\/p>\n<p>Kretische Moussaka (vegetarisch)<br \/>\n(mit Aubergine, Kartoffeln, Zwiebeln, Knoblauch)<\/p>\n<p><strong>Nachspeise:<br \/>\n<\/strong><\/p>\n<\/div>\n<div>\n<p>Patsavouropita<br \/>\n(Putzlappenkuchen)<\/p>\n<\/div>\n<\/div>\n<p style=\"text-align: justify;\">\n<\/td>\n<\/tr>\n<\/tbody>\n<\/table>\n<h3 style=\"text-align: center;\">Unser Sommerdinner 2018: 08.06. + 09.06.2018<a href=\"https:\/\/i0.wp.com\/www.linden-theater-frechen.de\/wp-content\/uploads\/2018\/05\/SNF-Logo.png?ssl=1\"><img data-recalc-dims=\"1\" loading=\"lazy\" decoding=\"async\" class=\"aligncenter wp-image-8108\" src=\"https:\/\/i0.wp.com\/www.linden-theater-frechen.de\/wp-content\/uploads\/2018\/05\/SNF-Logo.png?resize=370%2C143&#038;ssl=1\" alt=\"\" width=\"370\" height=\"143\" srcset=\"https:\/\/i0.wp.com\/www.linden-theater-frechen.de\/wp-content\/uploads\/2018\/05\/SNF-Logo.png?resize=300%2C116&amp;ssl=1 300w, https:\/\/i0.wp.com\/www.linden-theater-frechen.de\/wp-content\/uploads\/2018\/05\/SNF-Logo.png?resize=150%2C58&amp;ssl=1 150w, https:\/\/i0.wp.com\/www.linden-theater-frechen.de\/wp-content\/uploads\/2018\/05\/SNF-Logo.png?resize=768%2C298&amp;ssl=1 768w, https:\/\/i0.wp.com\/www.linden-theater-frechen.de\/wp-content\/uploads\/2018\/05\/SNF-Logo.png?resize=400%2C155&amp;ssl=1 400w, https:\/\/i0.wp.com\/www.linden-theater-frechen.de\/wp-content\/uploads\/2018\/05\/SNF-Logo.png?w=800&amp;ssl=1 800w\" sizes=\"auto, (max-width: 370px) 100vw, 370px\" \/><\/a><a href=\"https:\/\/i0.wp.com\/www.linden-theater-frechen.de\/wp-content\/uploads\/2018\/05\/Quiberon-Logo.png?ssl=1\"><img data-recalc-dims=\"1\" loading=\"lazy\" decoding=\"async\" class=\"aligncenter wp-image-8107\" src=\"https:\/\/i0.wp.com\/www.linden-theater-frechen.de\/wp-content\/uploads\/2018\/05\/Quiberon-Logo.png?resize=324%2C157&#038;ssl=1\" alt=\"\" width=\"324\" height=\"157\" srcset=\"https:\/\/i0.wp.com\/www.linden-theater-frechen.de\/wp-content\/uploads\/2018\/05\/Quiberon-Logo.png?w=568&amp;ssl=1 568w, https:\/\/i0.wp.com\/www.linden-theater-frechen.de\/wp-content\/uploads\/2018\/05\/Quiberon-Logo.png?resize=150%2C73&amp;ssl=1 150w, https:\/\/i0.wp.com\/www.linden-theater-frechen.de\/wp-content\/uploads\/2018\/05\/Quiberon-Logo.png?resize=300%2C145&amp;ssl=1 300w, https:\/\/i0.wp.com\/www.linden-theater-frechen.de\/wp-content\/uploads\/2018\/05\/Quiberon-Logo.png?resize=400%2C194&amp;ssl=1 400w\" sizes=\"auto, (max-width: 324px) 100vw, 324px\" \/><\/a><\/h3>\n<p style=\"text-align: justify;\">Am Dinner-Samstag verwandelten wir unser Kino in eine Siebziger-Jahre-Disco mit dem Kultfilm &#8222;Saturday Night Fever&#8220;, der in diesem Jahr seinen 40. Geburtstag feiert und seinerzeit den jungen John Travolta zum Superstar machte. Der legend\u00e4re Soundtrack mit den Ohrw\u00fcrmern der Bee Gees ist heute noch aktuell wie damals.<\/p>\n<p style=\"text-align: justify;\">Der Dinner-Sonntag war f\u00fcr alle, die nach dem Essen lieber etwas ruhigeres sehen m\u00f6chten. Im Biopic &#8222;3 Tage in Quiberon&#8220; reist Romy Schneider mit einer Freundin zum Ausspannen in die Bretagne. Dennoch willigt sie in ein Interview mit einem Reporter des STERNs ein. Aus dem geplanten Termin entwickelt sich ein drei Tage andauerndes Katz- und Mausspiel zwischen dem Journalisten und der Ausnahmek\u00fcnstlerin&#8230; Der Film wurde gerade erst mit 7 deutschen Filmpreisen ausgezeichnet.<\/p>\n<p style=\"text-align: justify;\">Unabh\u00e4ngig vom Film und als Einstieg in den Sommer und die Urlaubszeit hatte sich das Team vom Hotel-Restaurant Durst ein internationales Spezialit\u00e4tenmen\u00fc erdacht.<\/p>\n<table width=\"100%\">\n<tbody>\n<tr>\n<td>\n<h3>Der Film f\u00fcr den 09.06.18:<\/h3>\n<h2><a href=\"https:\/\/i0.wp.com\/www.linden-theater-frechen.de\/wp-content\/uploads\/2018\/05\/SNF-Poster.jpg?ssl=1\"><img data-recalc-dims=\"1\" loading=\"lazy\" decoding=\"async\" class=\"alignright wp-image-8109\" src=\"https:\/\/i0.wp.com\/www.linden-theater-frechen.de\/wp-content\/uploads\/2018\/05\/SNF-Poster.jpg?resize=150%2C214&#038;ssl=1\" alt=\"\" width=\"150\" height=\"214\" srcset=\"https:\/\/i0.wp.com\/www.linden-theater-frechen.de\/wp-content\/uploads\/2018\/05\/SNF-Poster.jpg?resize=210%2C300&amp;ssl=1 210w, https:\/\/i0.wp.com\/www.linden-theater-frechen.de\/wp-content\/uploads\/2018\/05\/SNF-Poster.jpg?resize=105%2C150&amp;ssl=1 105w, https:\/\/i0.wp.com\/www.linden-theater-frechen.de\/wp-content\/uploads\/2018\/05\/SNF-Poster.jpg?w=561&amp;ssl=1 561w, https:\/\/i0.wp.com\/www.linden-theater-frechen.de\/wp-content\/uploads\/2018\/05\/SNF-Poster.jpg?resize=400%2C570&amp;ssl=1 400w\" sizes=\"auto, (max-width: 150px) 100vw, 150px\" \/><\/a>Saturday Night Fever<\/h2>\n<p style=\"text-align: justify;\"><strong>Musikfilm\/Romanze: <\/strong>Tags\u00fcber ist Tony Manero (John Travolta) ein einfacher Verk\u00e4ufer in Brooklyn, der an der Tristesse und der Eint\u00f6nigkeit des Alltags zu knabbern hat. Doch am Wochenende dreht der Junge auf den Tanzfl\u00e4chen der Discos m\u00e4chtig auf. In der Diskothek \u201e2001 Odyssey\u201c ist der junge Mann mit den flie\u00dfenden Bewegungen schon lange bekannt und wird hier von vielen als K\u00f6nig der Tanzfl\u00e4che angesehen. Als er dort die sch\u00f6ne Stephanie (Karen Lynn Gorney) kennenlernt, will er mit ihr zusammen einen Tanzwettbewerb gewinnen, mit dessen Preisgeld ein Leben abseits des Verk\u00e4uferalltags m\u00f6glich w\u00e4re. Obwohl er Gef\u00fchle f\u00fcr Stephanie hat, die \u00fcber das Tanzen hinausgehen, wird er von ihr abgewiesen. Dennoch trainieren die beiden hart f\u00fcr den Erfolg, bis der gro\u00dfe Abend endlich gekommen ist&#8230;<\/p>\n<p style=\"text-align: justify;\">Kaum zu glauben, dass der Kultfilm &#8211; und damit die glamour\u00f6sen und glitzernden Siebziger Jahre bereits 40 Jahre zur\u00fcckliegen. Tauchen Sie noch einmal ein in die Discorythmen und den Glam der sp\u00e4ten Siebziger und in den unverwechselbaren Sound der legend\u00e4ren Bee Gees.<\/p>\n<p style=\"text-align: justify;\"><strong>USA <\/strong>1977, <strong>Originaltitel:<\/strong> Saturday Night Fever, <strong>Regie: <\/strong>John Badham, <strong>Darsteller: <\/strong>John Travolta (Tony Manero), Karen Lynn Gorney (Stephanie Mangano), Barry Miller (Bobby C.), Joseph Cali (Joey), Paul Pape (Double J.), Donna Pescow (Annette), Bruce Ornstein (Gus), Val Bisoglio (Frank Manero Sr.), Julie Bovasso (Flo Manero), Martin Shakar (Frank Manero Jr.), Sam Coppola (Fusco)<\/p>\n<p><strong>Laufzeit:<\/strong> 119 Min, <strong>FSK:<\/strong> ab 12 Jahre<\/p>\n<p><a href=\"https:\/\/www.saturday-night-fever-imkino.com\/\" target=\"_blank\" rel=\"noopener noreferrer\"><strong>Offizielle Filmseite<\/strong><\/a><strong> &#8211; <a title=\"Trailer + Filminfos\" href=\"https:\/\/www.kino.de\/film\/saturday-night-fever-1977\/\" target=\"_blank\" rel=\"noopener noreferrer\">Trailer und weitere Filminfos<\/a><\/strong><\/td>\n<\/tr>\n<tr>\n<td>\n<h3>Der Film f\u00fcr den 10.06.18:<\/h3>\n<h2><a href=\"https:\/\/i0.wp.com\/www.linden-theater-frechen.de\/wp-content\/uploads\/2018\/05\/3-Tage-in-Quiberon-Poster.jpg?ssl=1\"><img data-recalc-dims=\"1\" loading=\"lazy\" decoding=\"async\" class=\"alignright wp-image-8112\" src=\"https:\/\/i0.wp.com\/www.linden-theater-frechen.de\/wp-content\/uploads\/2018\/05\/3-Tage-in-Quiberon-Poster.jpg?resize=150%2C212&#038;ssl=1\" alt=\"\" width=\"150\" height=\"212\" srcset=\"https:\/\/i0.wp.com\/www.linden-theater-frechen.de\/wp-content\/uploads\/2018\/05\/3-Tage-in-Quiberon-Poster.jpg?resize=212%2C300&amp;ssl=1 212w, https:\/\/i0.wp.com\/www.linden-theater-frechen.de\/wp-content\/uploads\/2018\/05\/3-Tage-in-Quiberon-Poster.jpg?resize=106%2C150&amp;ssl=1 106w, https:\/\/i0.wp.com\/www.linden-theater-frechen.de\/wp-content\/uploads\/2018\/05\/3-Tage-in-Quiberon-Poster.jpg?w=565&amp;ssl=1 565w, https:\/\/i0.wp.com\/www.linden-theater-frechen.de\/wp-content\/uploads\/2018\/05\/3-Tage-in-Quiberon-Poster.jpg?resize=400%2C566&amp;ssl=1 400w\" sizes=\"auto, (max-width: 150px) 100vw, 150px\" \/><\/a>3 Tage in Quiberon<\/h2>\n<p style=\"text-align: justify;\"><strong>Biopic\/Drama: <\/strong>Im Jahr 1981 ist Romy Schneider eine der ber\u00fchmtesten Schauspielerinnen der Welt. Um vor ihrem n\u00e4chsten Filmprojekt ein wenig zur Ruhe zu kommen, g\u00f6nnt sie sich mit ihrer besten Freundin Hilde drei Tage Auszeit in dem bretonischen Kurort Quiberon \u2013 das ist zumindest der Plan. Denn mit der Ruhe ist es schnell vorbei, als Schneider trotz ihrer schlechten Erfahrungen mit der deutschen Presse einem Interview mit dem Stern zustimmt. Schon bald treffen der Reporter Michael J\u00fcrgs und der Fotograf Robert Lebeck in Quiberon ein. Zwischen den Vieren entspinnt sich ein nervenaufreibendes Psychoduell, das sich \u00fcber die kompletten drei Tage hinzieht und f\u00fcr alle Beteiligten eine echte Belastungsprobe ist. Das Interview wird legend\u00e4r&#8230;<\/p>\n<p style=\"text-align: justify;\">Fernab von Imitation wird in diesem Film eine absolut glaubhafte Romy Schneider lebendig. Die Launen, die Verzweiflung, das Kokette, das Verf\u00fchrerische, das Lachen, das Kindische, das Ungek\u00fcnstelte und das Verletztliche \u2013 alles das f\u00fcgt sich zu einem grandiosen Portr\u00e4t eines magnetischen Menschen.<\/p>\n<p style=\"text-align: justify;\"><strong>D\/A\/F <\/strong>2017, <strong>Regie: <\/strong>Emily Atef, <strong>Darsteller: <\/strong>Marie B\u00e4umer (Romy Schneider), Birgit Minichmayr (Hilde Fritsch), Charly H\u00fcbner (Robert Lebeck), Robert Gwisdek (Michael J\u00fcrgs), Denis Lavant (Fischer-Poet), Yann Grouhel (Rezeptionist), Christopher Buchholz (Dr. Frelin), Vicky Krieps (Zimmerm\u00e4dchen), Vincent Furic (Dr. Moriette), Lo\u00efc Baylacq (Lokalbesitzer)<\/p>\n<p><strong>Laufzeit:<\/strong> 116 Min, <strong>FSK:<\/strong> ab 0 Jahre<\/p>\n<p><strong> &#8211; <a title=\"Trailer + Filminfos\" href=\"https:\/\/www.kino.de\/film\/3-tage-in-quiberon-2018\/\" target=\"_blank\" rel=\"noopener noreferrer\">Trailer und weitere Filminfos<\/a><\/strong><\/td>\n<\/tr>\n<\/tbody>\n<\/table>\n<table width=\"100%\">\n<tbody>\n<tr>\n<td style=\"text-align: center;\"><a href=\"https:\/\/i0.wp.com\/www.linden-theater-frechen.de\/wp-content\/uploads\/2009\/11\/Flimmer-Dinner7klein-e1427836688496.jpg?ssl=1\"><img data-recalc-dims=\"1\" loading=\"lazy\" decoding=\"async\" class=\"aligncenter size-medium wp-image-585\" src=\"https:\/\/i0.wp.com\/www.linden-theater-frechen.de\/wp-content\/uploads\/2009\/11\/Flimmer-Dinner7klein-e1427836688496-300x160.jpg?resize=300%2C160&#038;ssl=1\" alt=\"\" width=\"300\" height=\"160\" srcset=\"https:\/\/i0.wp.com\/www.linden-theater-frechen.de\/wp-content\/uploads\/2009\/11\/Flimmer-Dinner7klein-e1427836688496.jpg?resize=300%2C160&amp;ssl=1 300w, https:\/\/i0.wp.com\/www.linden-theater-frechen.de\/wp-content\/uploads\/2009\/11\/Flimmer-Dinner7klein-e1427836688496.jpg?resize=150%2C80&amp;ssl=1 150w, https:\/\/i0.wp.com\/www.linden-theater-frechen.de\/wp-content\/uploads\/2009\/11\/Flimmer-Dinner7klein-e1427836688496.jpg?resize=1024%2C545&amp;ssl=1 1024w, https:\/\/i0.wp.com\/www.linden-theater-frechen.de\/wp-content\/uploads\/2009\/11\/Flimmer-Dinner7klein-e1427836688496.jpg?resize=400%2C213&amp;ssl=1 400w, https:\/\/i0.wp.com\/www.linden-theater-frechen.de\/wp-content\/uploads\/2009\/11\/Flimmer-Dinner7klein-e1427836688496.jpg?w=1280&amp;ssl=1 1280w, https:\/\/i0.wp.com\/www.linden-theater-frechen.de\/wp-content\/uploads\/2009\/11\/Flimmer-Dinner7klein-e1427836688496.jpg?w=1920&amp;ssl=1 1920w\" sizes=\"auto, (max-width: 300px) 100vw, 300px\" \/><\/a><\/td>\n<td style=\"text-align: center;\">\n<h2>Unser Sommer-Men\u00fc f\u00fcr beide Filme:<\/h2>\n<div>\n<p><strong>Vorspeise:<\/strong><\/p>\n<p>Rucola-Spargel-Erdbeersalat<\/p>\n<p><strong>Hauptspeisen:<\/strong><\/p>\n<div>\n<p>Deutsche Kasselertaschen gef\u00fcllt mit Ananas &amp; K\u00e4se<br \/>\nan pikanter So\u00dfe mit Butterreis<\/p>\n<p><strong>oder<\/strong><\/p>\n<p>Spanische Schweineroulade gef\u00fcllt mit Chorizowurst und Aubergine<br \/>\nmit Rotweinso\u00dfe und Patatas-Perejile (Petersilienkartofffeln)<\/p>\n<p><strong>oder<\/strong><\/p>\n<p>Kartoffelgulasch mit R\u00e4uchertofu<br \/>\ndazu Fladenbrot<\/p>\n<p><strong>Nachspeise:<br \/>\n<\/strong><\/p>\n<\/div>\n<div>\n<p>Gelo di Arancia<br \/>\n(Pudding aus frisch gepresstem Orangensaft)<\/p>\n<\/div>\n<\/div>\n<div style=\"text-align: center;\"><\/div>\n<p style=\"text-align: justify;\">\n<\/td>\n<\/tr>\n<\/tbody>\n<\/table>\n<h3 style=\"text-align: center;\">09. &#8211; 11.03.2018: Unser Fr\u00fchjahrsdinner 2018:<\/h3>\n<p style=\"text-align: center;\"><a href=\"https:\/\/i0.wp.com\/www.linden-theater-frechen.de\/wp-content\/uploads\/2018\/01\/Logo-Rahmen.jpg?ssl=1\"><img data-recalc-dims=\"1\" loading=\"lazy\" decoding=\"async\" class=\"size-medium wp-image-7896 aligncenter\" src=\"https:\/\/i0.wp.com\/www.linden-theater-frechen.de\/wp-content\/uploads\/2018\/01\/Logo-Rahmen.jpg?resize=300%2C197&#038;ssl=1\" alt=\"\" width=\"300\" height=\"197\" srcset=\"https:\/\/i0.wp.com\/www.linden-theater-frechen.de\/wp-content\/uploads\/2018\/01\/Logo-Rahmen.jpg?resize=300%2C197&amp;ssl=1 300w, https:\/\/i0.wp.com\/www.linden-theater-frechen.de\/wp-content\/uploads\/2018\/01\/Logo-Rahmen.jpg?resize=150%2C98&amp;ssl=1 150w, https:\/\/i0.wp.com\/www.linden-theater-frechen.de\/wp-content\/uploads\/2018\/01\/Logo-Rahmen.jpg?resize=768%2C503&amp;ssl=1 768w, https:\/\/i0.wp.com\/www.linden-theater-frechen.de\/wp-content\/uploads\/2018\/01\/Logo-Rahmen.jpg?resize=1024%2C671&amp;ssl=1 1024w, https:\/\/i0.wp.com\/www.linden-theater-frechen.de\/wp-content\/uploads\/2018\/01\/Logo-Rahmen.jpg?resize=400%2C262&amp;ssl=1 400w, https:\/\/i0.wp.com\/www.linden-theater-frechen.de\/wp-content\/uploads\/2018\/01\/Logo-Rahmen.jpg?w=1221&amp;ssl=1 1221w\" sizes=\"auto, (max-width: 300px) 100vw, 300px\" \/><br \/>\n<\/a>Passend zum herannahenden Fr\u00fchjahr hatten wir uns diesmal f\u00fcr eine leichte franz\u00f6sische Kom\u00f6die entschieden. &#8222;Das Leben ist ein Fest&#8220; ist der neue Film der Regisseure von &#8222;Ziemlich beste Freunde&#8220;, Olivier Nakache und \u00c9ric Toledano. Im Film dreht sich alles um Hochzeitsplaner Max, der die Hochzeit von Pierre und H\u00e9l\u00e9na arrangieren soll. Doch es geht schief, was nur schiefgehen kann, und schlie\u00dflich beginnt Max, an seinem Beruf zu (ver-)zweifeln<\/p>\n<p style=\"text-align: center;\">Das Team vom Hotel-Restaurant Durst hatte anl\u00e4sslich der &#8222;Hochzeitsfeierlichkeiten&#8220; ein mediterran angehauchtes Men\u00fc zusammengestellt.<\/p>\n<table width=\"100%\">\n<tbody>\n<tr>\n<td>\n<h3>Der Film:<\/h3>\n<h2><a href=\"https:\/\/i0.wp.com\/www.linden-theater-frechen.de\/wp-content\/uploads\/2018\/01\/Leben-ist-ein-Fest-Poster-klein.jpg?ssl=1\"><img data-recalc-dims=\"1\" loading=\"lazy\" decoding=\"async\" class=\"alignright wp-image-7895\" src=\"https:\/\/i0.wp.com\/www.linden-theater-frechen.de\/wp-content\/uploads\/2018\/01\/Leben-ist-ein-Fest-Poster-klein.jpg?resize=150%2C212&#038;ssl=1\" alt=\"\" width=\"150\" height=\"212\" srcset=\"https:\/\/i0.wp.com\/www.linden-theater-frechen.de\/wp-content\/uploads\/2018\/01\/Leben-ist-ein-Fest-Poster-klein.jpg?resize=212%2C300&amp;ssl=1 212w, https:\/\/i0.wp.com\/www.linden-theater-frechen.de\/wp-content\/uploads\/2018\/01\/Leben-ist-ein-Fest-Poster-klein.jpg?resize=106%2C150&amp;ssl=1 106w, https:\/\/i0.wp.com\/www.linden-theater-frechen.de\/wp-content\/uploads\/2018\/01\/Leben-ist-ein-Fest-Poster-klein.jpg?w=565&amp;ssl=1 565w, https:\/\/i0.wp.com\/www.linden-theater-frechen.de\/wp-content\/uploads\/2018\/01\/Leben-ist-ein-Fest-Poster-klein.jpg?resize=400%2C566&amp;ssl=1 400w\" sizes=\"auto, (max-width: 150px) 100vw, 150px\" \/><\/a>Das Leben ist ein Fest<\/h2>\n<p style=\"text-align: justify;\"><strong>Kom\u00f6die: <\/strong>Max ist einer der erfahrensten und professionellsten Hochzeitsplaner, die es in Frankreich gibt. Doch sein aktueller Auftrag, die Hochzeit von Pierre und H\u00e9l\u00e9na, entwickelt sich nach und nach zu einer absoluten Katastrophe: Das Essen auf dem Buffet ist schlecht geworden, die Hochzeitsgesellschaft steckt auf dem Weg zur Location im Stau fest, der Fotograf verh\u00e4lt sich unprofessionell, ist damit aber immer noch besser als die Band, die gleich komplett abgesagt hat oder Max\u2018 Team, das wegen einer Lebensmittelvergiftung ausf\u00e4llt. Noch dazu trennt sich Max&#8216; Geliebte Josiane von ihm und sein Schwager Julien ist in die Braut verliebt. Aufgrund der schieren Anh\u00e4ufung von Problemen beschlie\u00dft Max, seine Karriere als Hochzeitsplaner zu beenden und seine Firma zu verkaufen. Oder wendet sich am Ende doch noch alles zum Guten und das unter keinem guten Stern stehende Fest wird ein Erfolg?<\/p>\n<p style=\"text-align: justify;\">Nach den Kom\u00f6dien-Hits \u201eZiemlich beste Freunde\u201c und \u201eHeute bin ich Samba\u201c legt das Regie- und Autoren-Duo Olivier Nakache und \u00c9ric Toledano mit einem charmanten Ensemble-St\u00fcck nach. Vor dem Hintergrund einer prunkvollen Hochzeitsfeier entwickeln die beiden ein Fest der Situationskomik, der absurden Verstrickungen und genialen Beobachtungen.<\/p>\n<p style=\"text-align: justify;\"><strong>F <\/strong>2017, <strong>Originaltitel:<\/strong> Le Sens de la f\u00eate, <strong>Regie: <\/strong>Olivier Nakache, \u00c9ric Toledano, <strong>Darsteller: <\/strong>Jean-Pierre Bacri (Max Ang\u00e9ly), Gilles Lellouche (James), Jean-Paul Rouve (Guy), Vincent Macaigne (Julien), Alban Ivanov (Samy), Benjamin Lavernhe (Pierre), Eye Haidara (Ad\u00e8le), Suzanne Cl\u00e9ment (Josiane), Judith Chemla (H\u00e9l\u00e9na), H\u00e9l\u00e8ne Vincent (Pierres Mutter), William Lebghil (Seb), K\u00e9vin Aza\u00efs (Patrice), Antoine Chappey (Henri), Khereddine Ennasri (Nabil)<\/p>\n<p><strong>Laufzeit:<\/strong> 116 Min, <strong>FSK:<\/strong> ab 0 Jahre<\/p>\n<p><a href=\"https:\/\/www.das-leben-ist-ein-fest.de\/\" target=\"_blank\" rel=\"noopener noreferrer\"><strong>Offizielle Filmseite<\/strong><\/a><strong> &#8211; <a title=\"Trailer + Filminfos\" href=\"https:\/\/www.kino.de\/film\/das-leben-ist-ein-fest-2017\/\" target=\"_blank\" rel=\"noopener noreferrer\">Trailer und weitere Filminfos<\/a><\/strong><\/td>\n<\/tr>\n<\/tbody>\n<\/table>\n<table width=\"100%\">\n<tbody>\n<tr>\n<td style=\"text-align: center;\"><a href=\"https:\/\/i0.wp.com\/www.linden-theater-frechen.de\/wp-content\/uploads\/2018\/01\/Paar.jpg?ssl=1\"><img data-recalc-dims=\"1\" loading=\"lazy\" decoding=\"async\" class=\"alignright size-medium wp-image-7905\" src=\"https:\/\/i0.wp.com\/www.linden-theater-frechen.de\/wp-content\/uploads\/2018\/01\/Paar.jpg?resize=231%2C300&#038;ssl=1\" alt=\"\" width=\"231\" height=\"300\" srcset=\"https:\/\/i0.wp.com\/www.linden-theater-frechen.de\/wp-content\/uploads\/2018\/01\/Paar.jpg?resize=231%2C300&amp;ssl=1 231w, https:\/\/i0.wp.com\/www.linden-theater-frechen.de\/wp-content\/uploads\/2018\/01\/Paar.jpg?resize=116%2C150&amp;ssl=1 116w, https:\/\/i0.wp.com\/www.linden-theater-frechen.de\/wp-content\/uploads\/2018\/01\/Paar.jpg?resize=400%2C519&amp;ssl=1 400w, https:\/\/i0.wp.com\/www.linden-theater-frechen.de\/wp-content\/uploads\/2018\/01\/Paar.jpg?w=484&amp;ssl=1 484w\" sizes=\"auto, (max-width: 231px) 100vw, 231px\" \/><\/a><\/td>\n<td style=\"text-align: center;\">\n<h2 style=\"text-align: center;\">Unser Hochzeits-Men\u00fc:<\/h2>\n<div style=\"text-align: center;\">\n<p><strong>Vorspeise:<\/strong><\/p>\n<p>Orangen-M\u00f6hren-Suppe<br \/>\nmit Muskatnuss, Knoblauch und Thymian<\/p>\n<p><strong>Hauptspeisen:<\/strong><\/p>\n<div>\n<p>Puten-Involtini<br \/>\nmit Basilikum und Schwarzw\u00e4lder Schinken an Curryreis<\/p>\n<p><strong>oder<\/strong><\/p>\n<p>Lachs-Lasagne mit Spinat<br \/>\nmit geriebenem Edamer und dezent mit Knoblauchsalz gew\u00fcrzt<\/p>\n<p><strong>oder<\/strong><\/p>\n<p>Mediterraner Hochzeitsauflauf<br \/>\nMakkaroni mit Champignons, Zucchini, Tomaten und geriebenem Edamer<\/p>\n<p><strong>Nachspeise:<br \/>\n<\/strong><\/p>\n<\/div>\n<div>\n<p>Pfirsich-Frischk\u00e4se-Traum<br \/>\nauf Haferkeksboden, im Glas geschichtet<\/p>\n<\/div>\n<\/div>\n<p style=\"text-align: justify;\">\n<\/td>\n<\/tr>\n<\/tbody>\n<\/table>\n<h3 style=\"text-align: center;\">1. &#8211; 4.12.2017: Unser Winterdinner 2017:<\/h3>\n<p style=\"text-align: center;\"><a href=\"https:\/\/i0.wp.com\/www.linden-theater-frechen.de\/wp-content\/uploads\/2016\/11\/Orient-Express-Logo-Web.jpg?ssl=1\"><img data-recalc-dims=\"1\" loading=\"lazy\" decoding=\"async\" class=\"aligncenter wp-image-7749\" src=\"https:\/\/i0.wp.com\/www.linden-theater-frechen.de\/wp-content\/uploads\/2016\/11\/Orient-Express-Logo-Web.jpg?resize=257%2C205&#038;ssl=1\" alt=\"\" width=\"257\" height=\"205\" srcset=\"https:\/\/i0.wp.com\/www.linden-theater-frechen.de\/wp-content\/uploads\/2016\/11\/Orient-Express-Logo-Web.jpg?w=1001&amp;ssl=1 1001w, https:\/\/i0.wp.com\/www.linden-theater-frechen.de\/wp-content\/uploads\/2016\/11\/Orient-Express-Logo-Web.jpg?resize=150%2C120&amp;ssl=1 150w, https:\/\/i0.wp.com\/www.linden-theater-frechen.de\/wp-content\/uploads\/2016\/11\/Orient-Express-Logo-Web.jpg?resize=300%2C240&amp;ssl=1 300w, https:\/\/i0.wp.com\/www.linden-theater-frechen.de\/wp-content\/uploads\/2016\/11\/Orient-Express-Logo-Web.jpg?resize=768%2C614&amp;ssl=1 768w, https:\/\/i0.wp.com\/www.linden-theater-frechen.de\/wp-content\/uploads\/2016\/11\/Orient-Express-Logo-Web.jpg?resize=400%2C320&amp;ssl=1 400w\" sizes=\"auto, (max-width: 257px) 100vw, 257px\" \/><\/a><\/p>\n<p style=\"text-align: justify;\">Unser Winterdinner brachte &#8211; zumindest auf der Leinwand &#8211; eine Menge Schnee mit sich. Denn in diesem bleibt der legend\u00e4re Orient-Express auf seiner Reise von Istanbul nach Paris auf dem Balkan stecken. In der Neuverfilmung des Krimiklassikers von Agatha Christie \u00fcbernimmt Kenneth Brannagh, der bereits etliche klassische Stoffe verfilmt hat, Regie und Hauptrolle. Ihm zur Seite steht ein Staraufgebot an Darstellern, von Johnny Depp \u00fcber Judy Dench und Michelle Pfeiffer bis zu Daisy Ridley, die auch ab Mitte Dezember wieder in &#8222;Star Wars &#8211; Die letzten Jedi&#8220; zu sehen ist.<\/p>\n<p>Das Men\u00fc, das Thomas Schwieger und sein Team vom Hotel-Restaurant Durst zusammengestellt hatten, orientierte sich an der Fahrtroute des Orient-Express.<\/p>\n<table width=\"100%\">\n<tbody>\n<tr>\n<td>\n<h3>Der Film:<\/h3>\n<h2><a href=\"https:\/\/i0.wp.com\/www.linden-theater-frechen.de\/wp-content\/uploads\/2016\/11\/MordImOrientExpress_Poster_CampC_SundL_1400.jpg?ssl=1\"><img data-recalc-dims=\"1\" loading=\"lazy\" decoding=\"async\" class=\"alignright wp-image-7751\" src=\"https:\/\/i0.wp.com\/www.linden-theater-frechen.de\/wp-content\/uploads\/2016\/11\/MordImOrientExpress_Poster_CampC_SundL_1400.jpg?resize=150%2C212&#038;ssl=1\" alt=\"\" width=\"150\" height=\"212\" srcset=\"https:\/\/i0.wp.com\/www.linden-theater-frechen.de\/wp-content\/uploads\/2016\/11\/MordImOrientExpress_Poster_CampC_SundL_1400.jpg?resize=212%2C300&amp;ssl=1 212w, https:\/\/i0.wp.com\/www.linden-theater-frechen.de\/wp-content\/uploads\/2016\/11\/MordImOrientExpress_Poster_CampC_SundL_1400.jpg?resize=106%2C150&amp;ssl=1 106w, https:\/\/i0.wp.com\/www.linden-theater-frechen.de\/wp-content\/uploads\/2016\/11\/MordImOrientExpress_Poster_CampC_SundL_1400.jpg?w=565&amp;ssl=1 565w, https:\/\/i0.wp.com\/www.linden-theater-frechen.de\/wp-content\/uploads\/2016\/11\/MordImOrientExpress_Poster_CampC_SundL_1400.jpg?resize=400%2C566&amp;ssl=1 400w\" sizes=\"auto, (max-width: 150px) 100vw, 150px\" \/><\/a>Mord im Orient-Express<\/h2>\n<p style=\"text-align: justify;\"><strong>Krimi: <\/strong>F\u00fcr die R\u00fcckreise von einem seiner F\u00e4lle nimmt Hercule Poirot den legend\u00e4ren Orient-Express. An eine gem\u00fctliche Zugfahrt ist aber nicht lange zu denken, stattdessen hat der ber\u00fchmte Meisterdetektiv bald wieder Arbeit: Ein Passagier wird ermordet und damit ist klar, dass einer der \u00fcbrigen Reisenden der T\u00e4ter sein muss. Die spanische Missionarin Pilar Estravados, die Gouvernante Mary Debenham, Professor Gerhard Hardman, die Witwe Mrs. Hubbard und der Doktor Arbuthnot sind alle verd\u00e4chtig. Doch bald wird Poirot klar, dass er den Fall nicht l\u00f6sen wird, wenn er mehr \u00fcber die m\u00f6glichen T\u00e4ter erf\u00e4hrt. Er muss mehr \u00fcber das Opfer herausfinden \u2013 und sich beeilen, damit der Killer nicht nochmal zuschl\u00e4gt\u2026<\/p>\n<p style=\"text-align: justify;\">Der &#8222;Mord im Orient Express&#8220; geh\u00f6rt zu den absoluten Kult-Krimis von Agatha Christie. Regisseur und Hauptdarsteller der Neuauflage, Kenneth Branagh, setzt in seiner Neuverfilmung auf einen wundervollen 20er-Jahre-Look, der durch moderne CGI-Effekte kontrastiert wird, sowie eine Starbesetzung.<\/p>\n<p style=\"text-align: justify;\"><strong>USA <\/strong>2017, <strong>Originaltitel:<\/strong> Murder on the Orient Express, <strong>Regie: <\/strong>Kenneth Brannagh, <strong>Darsteller: <\/strong>Kenneth Branagh (Hercule Poirot), Michelle Pfeiffer (Mrs. Hubbard), Pen\u00e9lope Cruz (Pilar Estravados), Josh Gad (Hector MacQueen), Judi Dench (Prinzessin Dragomiroff), Olivia Colman (Hildegarde Schmidt), Daisy Ridley (Mary Debenham), Leslie Odom jr. (Dr. Arbuthnot), Willem Dafoe (Gerhard Hardman), Lucy Boynton (Gr\u00e4fin Andrenyi), Sergej Polunin (Graf Andrenyi), Derek Jacobi (Edward Masterman), Manuel Garcia-Rulfo (Biniamino Marquez), Tom Bateman (Bouc), Johnny Depp (Ratchett), Marwan Kenzari (Pierre Michel), Miranda Raison (Sonia Armstrong)<\/p>\n<p><strong>Laufzeit:<\/strong> 114 Min, <strong>FSK:<\/strong> ab 12 Jahre<\/p>\n<p><a href=\"https:\/\/www.fox.de\/mord-im-orient-express\" target=\"_blank\" rel=\"noopener noreferrer\"><strong>Offizielle Filmseite<\/strong><\/a><strong> &#8211; <a title=\"Trailer + Filminfos\" href=\"https:\/\/www.kino.de\/film\/mord-im-orient-express-2017\/\" target=\"_blank\" rel=\"noopener noreferrer\">Trailer und weitere Filminfos<\/a><\/strong><\/td>\n<\/tr>\n<\/tbody>\n<\/table>\n<table width=\"100%\">\n<tbody>\n<tr>\n<td style=\"text-align: center;\"><a href=\"https:\/\/i0.wp.com\/www.linden-theater-frechen.de\/wp-content\/uploads\/2016\/11\/Orientexpress-Menue.jpg?ssl=1\"><img data-recalc-dims=\"1\" loading=\"lazy\" decoding=\"async\" class=\"aligncenter wp-image-7761 size-medium\" src=\"https:\/\/i0.wp.com\/www.linden-theater-frechen.de\/wp-content\/uploads\/2016\/11\/Orientexpress-Menue.jpg?resize=300%2C265&#038;ssl=1\" alt=\"\" width=\"300\" height=\"265\" srcset=\"https:\/\/i0.wp.com\/www.linden-theater-frechen.de\/wp-content\/uploads\/2016\/11\/Orientexpress-Menue.jpg?resize=300%2C265&amp;ssl=1 300w, https:\/\/i0.wp.com\/www.linden-theater-frechen.de\/wp-content\/uploads\/2016\/11\/Orientexpress-Menue.jpg?resize=150%2C133&amp;ssl=1 150w, https:\/\/i0.wp.com\/www.linden-theater-frechen.de\/wp-content\/uploads\/2016\/11\/Orientexpress-Menue.jpg?resize=400%2C353&amp;ssl=1 400w, https:\/\/i0.wp.com\/www.linden-theater-frechen.de\/wp-content\/uploads\/2016\/11\/Orientexpress-Menue.jpg?w=566&amp;ssl=1 566w\" sizes=\"auto, (max-width: 300px) 100vw, 300px\" \/><\/a><\/td>\n<td style=\"text-align: center;\">\n<h2 style=\"text-align: center;\">Unser internationales Orient-Express-Men\u00fc:<\/h2>\n<div style=\"text-align: center;\">\n<p><strong>Vorspeise:<\/strong><\/p>\n<p>Soupe de Potimarron<br \/>\n(K\u00fcrbissuppe franz\u00f6sischer Art)<\/p>\n<p><strong>Hauptspeisen:<\/strong><\/p>\n<div>\n<p>Balkan-Reistopf mit Putenfilet<br \/>\nnach serbischer Art mit Paprika, Tomaten, Erbsen, Mais, gr\u00fcnen Bohnen<\/p>\n<p><strong>oder<\/strong><\/p>\n<p>Lachsfilet &#8222;Oriental&#8220;<br \/>\nmit Harissa und Zitronencouscous<\/p>\n<p><strong>oder<\/strong><\/p>\n<p>K\u00e4sekn\u00f6del &#8222;Austria&#8220;<br \/>\nSemmelkn\u00f6del mit K\u00e4se und Zwiebeln<br \/>\ndazu So\u00dfe mit frischen Champignons<\/p>\n<p><strong>Nachspeise:<br \/>\n<\/strong><\/p>\n<\/div>\n<div>\n<p>Poire Belle H\u00e9l\u00e8ne<br \/>\n(Vanilleeis mit Birne und Schokoladenso\u00dfe)<\/p>\n<\/div>\n<\/div>\n<\/td>\n<\/tr>\n<\/tbody>\n<\/table>\n<h3 style=\"text-align: center;\">29.09. &#8211; 02.10.2017: Unser Herbstdinner 2017:<\/h3>\n<p style=\"text-align: center;\"><a href=\"https:\/\/i0.wp.com\/www.linden-theater-frechen.de\/wp-content\/uploads\/2016\/11\/Logo.jpg?ssl=1\"><img data-recalc-dims=\"1\" loading=\"lazy\" decoding=\"async\" class=\"aligncenter wp-image-7626\" src=\"https:\/\/i0.wp.com\/www.linden-theater-frechen.de\/wp-content\/uploads\/2016\/11\/Logo.jpg?resize=351%2C199&#038;ssl=1\" alt=\"\" width=\"351\" height=\"199\" srcset=\"https:\/\/i0.wp.com\/www.linden-theater-frechen.de\/wp-content\/uploads\/2016\/11\/Logo.jpg?w=793&amp;ssl=1 793w, https:\/\/i0.wp.com\/www.linden-theater-frechen.de\/wp-content\/uploads\/2016\/11\/Logo.jpg?resize=150%2C85&amp;ssl=1 150w, https:\/\/i0.wp.com\/www.linden-theater-frechen.de\/wp-content\/uploads\/2016\/11\/Logo.jpg?resize=300%2C170&amp;ssl=1 300w, https:\/\/i0.wp.com\/www.linden-theater-frechen.de\/wp-content\/uploads\/2016\/11\/Logo.jpg?resize=768%2C435&amp;ssl=1 768w, https:\/\/i0.wp.com\/www.linden-theater-frechen.de\/wp-content\/uploads\/2016\/11\/Logo.jpg?resize=400%2C226&amp;ssl=1 400w\" sizes=\"auto, (max-width: 351px) 100vw, 351px\" \/><\/a><\/p>\n<p style=\"text-align: justify;\">F\u00fcr unser Herbstdinner hatten wir uns f\u00fcr die m\u00e4rchenhafte britische Kom\u00f6die &#8222;Der wunderbare Garten der Bella Brown&#8220; entschieden. Ein verwilderter Garten sorgt darin f\u00fcr die Ann\u00e4herung der sch\u00fcchternen, etwas verschrobenen Bibliothekarin Bella, ihrem m\u00fcrrischen, aber g\u00e4rtnerisch erfahrenen Nachbarn Alfie, dessen Koch Vernon und dem Erfinder Billy, in den Bella heimlich verliebt ist&#8230;<br \/>\nDas Men\u00fc-Thema f\u00fcr des Team vom Hotel-Restaurant Durst war daher eindeutig: Es wird ein Men\u00fc &#8222;Quer durch den Garten&#8220; mit allem, was der Garten im Herbst so zu bieten hat&#8230;<\/p>\n<table width=\"100%\">\n<tbody>\n<tr>\n<td>\n<h3>Der Film:<\/h3>\n<h2><a href=\"https:\/\/i0.wp.com\/www.linden-theater-frechen.de\/wp-content\/uploads\/2016\/11\/Bella-Brown-Poster.jpg?ssl=1\"><img data-recalc-dims=\"1\" loading=\"lazy\" decoding=\"async\" class=\"alignright wp-image-7628\" src=\"https:\/\/i0.wp.com\/www.linden-theater-frechen.de\/wp-content\/uploads\/2016\/11\/Bella-Brown-Poster.jpg?resize=150%2C212&#038;ssl=1\" alt=\"\" width=\"150\" height=\"212\" srcset=\"https:\/\/i0.wp.com\/www.linden-theater-frechen.de\/wp-content\/uploads\/2016\/11\/Bella-Brown-Poster.jpg?resize=212%2C300&amp;ssl=1 212w, https:\/\/i0.wp.com\/www.linden-theater-frechen.de\/wp-content\/uploads\/2016\/11\/Bella-Brown-Poster.jpg?resize=106%2C150&amp;ssl=1 106w, https:\/\/i0.wp.com\/www.linden-theater-frechen.de\/wp-content\/uploads\/2016\/11\/Bella-Brown-Poster.jpg?w=566&amp;ssl=1 566w, https:\/\/i0.wp.com\/www.linden-theater-frechen.de\/wp-content\/uploads\/2016\/11\/Bella-Brown-Poster.jpg?resize=400%2C565&amp;ssl=1 400w\" sizes=\"auto, (max-width: 150px) 100vw, 150px\" \/><\/a>Der wunderbare Garten der Bella Brown<\/h2>\n<p style=\"text-align: justify;\"><strong>Tragikom\u00f6die: <\/strong>Bella liebt die kleinen Dinge, die ihre Phantasie befl\u00fcgeln, und tr\u00e4umt davon, Kinderb\u00fccher zu schreiben. Im echten Leben und in ihrem Haus aber liebt sie Ordnung \u00fcber alles. Natur ist ihr ein Graus, bedeutet sie doch Willk\u00fcr und Chaos. Als sie von ihrem Vermieter gezwungen wird, ihren verwilderten Garten innerhalb eines Monats in einen bl\u00fchenden zu verwandeln, weil ihr sonst die K\u00fcndigung droht, bekommt sie unerwartet Hilfe von ihrem m\u00fcrrischen Nachbar Alfie Stephenson. Der besitzt nicht nur einen sehr gr\u00fcnen Daumen und eine Menge Lebensweisheit, er besch\u00e4ftigt auch den \u00fcberaus begabten Koch Vernon. Doch Vernon ist nicht nur kulinarisch versiert, er hat au\u00dferdem ein besonderes Gesp\u00fcr f\u00fcr Menschen. Als er merkt, wie sehr Bellas Herz f\u00fcr den jungen Erfinder Billy schl\u00e4gt, hilft er dem Gl\u00fcck ein wenig auf die Spr\u00fcnge.<\/p>\n<p style=\"text-align: justify;\">Regisseur Simon Aboud drehte mit \u201eDer wunderbare Garten der Bella Brown\u201c eine zur\u00fcckhaltend-\u00fcberdrehte Liebes- und Lebenskom\u00f6die um Ordnung und Chaos, so m\u00e4rchenhaft wie einst &#8222;Die fablehafte Welt der Am\u00e9lie&#8220;.<\/p>\n<p style=\"text-align: justify;\"><strong>GB <\/strong>2016, <strong>Originaltitel:<\/strong> This Beautiful Fantastic, <strong>Regie: <\/strong>Simon Aboud, <strong>Darsteller: <\/strong>Jessica Brown Findlay (Bella Brown), Andrew Scott (Vernon), Jeremy Irvine (Billy), Tom Wilkinson (Alfie Stephenson), Anna Chancellor (Bramble), Sheila Hancock (Klostervorsteherin), Charlotte Asprey (Verlegerin), Eileen Davies (Milly Milton)<\/p>\n<p><strong>Laufzeit:<\/strong> 92 Min, <strong>FSK:<\/strong> ohne Altersbeschr\u00e4nkung<\/p>\n<p><a href=\"https:\/\/bellabrown-derfilm.de\/index.html\" target=\"_blank\" rel=\"noopener noreferrer\"><strong>Offizielle Filmseite<\/strong><\/a><strong> &#8211; <a title=\"Trailer + Filminfos\" href=\"https:\/\/www.kino.de\/film\/der-wunderbare-garten-der-bella-brown-2016\/\" target=\"_blank\" rel=\"noopener noreferrer\">Trailer und weitere Filminfos<\/a><\/strong><\/td>\n<\/tr>\n<\/tbody>\n<\/table>\n<table width=\"100%\">\n<tbody>\n<tr>\n<td style=\"text-align: center;\"><a href=\"https:\/\/i0.wp.com\/www.linden-theater-frechen.de\/wp-content\/uploads\/2016\/11\/Bella-Brown-Menu-Bild.jpg?ssl=1\"><img data-recalc-dims=\"1\" loading=\"lazy\" decoding=\"async\" class=\"aligncenter wp-image-7629\" src=\"https:\/\/i0.wp.com\/www.linden-theater-frechen.de\/wp-content\/uploads\/2016\/11\/Bella-Brown-Menu-Bild.jpg?resize=148%2C170&#038;ssl=1\" alt=\"\" width=\"148\" height=\"170\" srcset=\"https:\/\/i0.wp.com\/www.linden-theater-frechen.de\/wp-content\/uploads\/2016\/11\/Bella-Brown-Menu-Bild.jpg?w=522&amp;ssl=1 522w, https:\/\/i0.wp.com\/www.linden-theater-frechen.de\/wp-content\/uploads\/2016\/11\/Bella-Brown-Menu-Bild.jpg?resize=131%2C150&amp;ssl=1 131w, https:\/\/i0.wp.com\/www.linden-theater-frechen.de\/wp-content\/uploads\/2016\/11\/Bella-Brown-Menu-Bild.jpg?resize=261%2C300&amp;ssl=1 261w, https:\/\/i0.wp.com\/www.linden-theater-frechen.de\/wp-content\/uploads\/2016\/11\/Bella-Brown-Menu-Bild.jpg?resize=400%2C460&amp;ssl=1 400w\" sizes=\"auto, (max-width: 148px) 100vw, 148px\" \/><\/a><\/td>\n<td style=\"text-align: center;\">\n<h2 style=\"text-align: center;\">Unser wunderbares Garten-Men\u00fc:<\/h2>\n<div style=\"text-align: center;\">\n<p><strong>Vorspeise:<\/strong><\/p>\n<p>Bellas frische Tomatensuppe mit Mais<\/p>\n<p><strong>Hauptspeisen:<\/strong><\/p>\n<p>Medaillon vom Schweinefilet<br \/>\nauf Kartoffel-Spitzkohl-Gem\u00fcse<br \/>\nmit Zitronenso\u00dfe<\/p>\n<p><strong>oder<\/strong><\/p>\n<p>feiner Tafelspitz in Meerrettichso\u00dfe<br \/>\nmit Bouillonkartoffeln<\/p>\n<p><strong>oder<\/strong><\/p>\n<p>Vegetarisches Gulasch<br \/>\naus frischem Gartengem\u00fcse und Linsen<\/p>\n<p><strong>Nachspeise:<br \/>\n<\/strong><\/p>\n<\/div>\n<div style=\"text-align: center;\">\n<p>wunderbarer Kaffee-Pudding<br \/>\n(Vanille- und Espressopudding<br \/>\nmit Eier-Mocca-Lik\u00f6r-So\u00dfe)<\/p>\n<\/div>\n<\/td>\n<\/tr>\n<\/tbody>\n<\/table>\n<h3 style=\"text-align: center;\">15. &#8211; 17.06.2017: Unser Sommerdinner 2017:<\/h3>\n<p style=\"text-align: center;\"><a href=\"https:\/\/i0.wp.com\/www.linden-theater-frechen.de\/wp-content\/uploads\/2016\/11\/Blind-Date-Logo-01.jpg?ssl=1\"><img data-recalc-dims=\"1\" loading=\"lazy\" decoding=\"async\" class=\"size-medium wp-image-7369 aligncenter\" src=\"https:\/\/i0.wp.com\/www.linden-theater-frechen.de\/wp-content\/uploads\/2016\/11\/Blind-Date-Logo-01.jpg?resize=300%2C128&#038;ssl=1\" alt=\"\" width=\"300\" height=\"128\" srcset=\"https:\/\/i0.wp.com\/www.linden-theater-frechen.de\/wp-content\/uploads\/2016\/11\/Blind-Date-Logo-01.jpg?resize=300%2C128&amp;ssl=1 300w, https:\/\/i0.wp.com\/www.linden-theater-frechen.de\/wp-content\/uploads\/2016\/11\/Blind-Date-Logo-01.jpg?resize=150%2C64&amp;ssl=1 150w, https:\/\/i0.wp.com\/www.linden-theater-frechen.de\/wp-content\/uploads\/2016\/11\/Blind-Date-Logo-01.jpg?w=372&amp;ssl=1 372w\" sizes=\"auto, (max-width: 300px) 100vw, 300px\" \/><\/a><\/p>\n<p style=\"text-align: justify;\">F\u00fcr unser Sommerdinner hatten wir uns erneut f\u00fcr einen Film \u00fcber eine wahre Geschichte entschieden: &#8222;Mein Blind Date mit dem Leben&#8220; erz\u00e4hlt die wahre Geschichte von Saliya Kahawatte, der trotz einer Augenerkrankung, die ihn fast blind macht, eine Ausbildung zum Hotelfachmann in einem M\u00fcnchner Nobelhotel beginnt und lange Zeit auch &#8211; mit der Hilfe eines Freundes &#8211; dabei nicht auff\u00e4llt.<br \/>\nDas Team vom Hotel Durst stellte dazu ein bayrisches Men\u00fc zusammen.<\/p>\n<table width=\"100%\">\n<tbody>\n<tr>\n<td>\n<h3>Der Film:<\/h3>\n<h2><a href=\"https:\/\/i0.wp.com\/www.linden-theater-frechen.de\/wp-content\/uploads\/2016\/11\/BLIND_DATE_Plakat_klein.jpg?ssl=1\"><img data-recalc-dims=\"1\" loading=\"lazy\" decoding=\"async\" class=\"alignright wp-image-7370\" src=\"https:\/\/i0.wp.com\/www.linden-theater-frechen.de\/wp-content\/uploads\/2016\/11\/BLIND_DATE_Plakat_klein.jpg?resize=150%2C212&#038;ssl=1\" alt=\"\" width=\"150\" height=\"212\" srcset=\"https:\/\/i0.wp.com\/www.linden-theater-frechen.de\/wp-content\/uploads\/2016\/11\/BLIND_DATE_Plakat_klein.jpg?resize=212%2C300&amp;ssl=1 212w, https:\/\/i0.wp.com\/www.linden-theater-frechen.de\/wp-content\/uploads\/2016\/11\/BLIND_DATE_Plakat_klein.jpg?resize=106%2C150&amp;ssl=1 106w, https:\/\/i0.wp.com\/www.linden-theater-frechen.de\/wp-content\/uploads\/2016\/11\/BLIND_DATE_Plakat_klein.jpg?w=566&amp;ssl=1 566w, https:\/\/i0.wp.com\/www.linden-theater-frechen.de\/wp-content\/uploads\/2016\/11\/BLIND_DATE_Plakat_klein.jpg?resize=400%2C565&amp;ssl=1 400w\" sizes=\"auto, (max-width: 150px) 100vw, 150px\" \/><\/a>Mein Blind Date mit dem Leben<\/h2>\n<p style=\"text-align: justify;\"><strong>Tragikom\u00f6die\/Biopic: <\/strong>Saliya m\u00f6chte um jeden Preis in einem M\u00fcnchener Luxus-Hotel Karriere machen. Doch er ist fast blind. Also spielt er einfach einen Sehenden. Und es klappt, er arbeitet in einem renommierten Haus und gewinnt in Max einen Freund und Mitwisser. Gemeinsam \u00fcben die beiden n\u00e4chtelang allt\u00e4gliche Abl\u00e4ufe im Hotel ein. Als sich Saliya in Laura verliebt, wird die Situation allerdings unkontrollierbar. Wie lange kann er den Schein noch aufrecht erhalten?<\/p>\n<p style=\"text-align: justify;\">Marc Rothemund inszeniert die faszinierende wahre Geschichte von Saliya Kahawatte, dem es als fast Blindem gelingt, in der sehenden Gesellschaft unterzutauchen, als schwungvolle Kom\u00f6die.<\/p>\n<p style=\"text-align: justify;\"><strong>D <\/strong>2017, <strong>Regie: <\/strong>Marc Rothemund, <strong>Darsteller: <\/strong>Kostja Ullmann (Saliya Kahawatte), Jacob Matschenz (Max), Herbert Forthuber (Herr Kolditz), Rouven Blessing (Lehrling), Kida Khodr Ramadan (Hamid), Ludger Pistor (Lehrer D\u00f6ngen), Anna Maria M\u00fche (Laura), Uwe Preuss (Augenarzt)<\/p>\n<p><strong>Laufzeit:<\/strong> 111 Min, <strong>FSK:<\/strong> ohne Altersbeschr\u00e4nkung<\/p>\n<p><a href=\"https:\/\/www.meinblinddatemitdemleben.de\/\" target=\"_blank\" rel=\"noopener noreferrer\"><strong>Offizielle Filmseite<\/strong><\/a><strong> &#8211; <a title=\"Trailer + Filminfos\" href=\"https:\/\/www.kino.de\/film\/mein-blind-date-mit-dem-leben-2016\/\" target=\"_blank\" rel=\"noopener noreferrer\">Trailer und weitere Filminfos<\/a><\/strong><\/td>\n<\/tr>\n<\/tbody>\n<\/table>\n<table width=\"100%\">\n<tbody>\n<tr>\n<td style=\"text-align: center;\"><a href=\"https:\/\/i0.wp.com\/www.linden-theater-frechen.de\/wp-content\/uploads\/2016\/11\/Blind-Date-Men%C3%BC.jpg?ssl=1\"><img data-recalc-dims=\"1\" loading=\"lazy\" decoding=\"async\" class=\"aligncenter wp-image-7403 size-medium\" src=\"https:\/\/i0.wp.com\/www.linden-theater-frechen.de\/wp-content\/uploads\/2016\/11\/Blind-Date-Men%C3%BC.jpg?resize=300%2C203&#038;ssl=1\" alt=\"\" width=\"300\" height=\"203\" srcset=\"https:\/\/i0.wp.com\/www.linden-theater-frechen.de\/wp-content\/uploads\/2016\/11\/Blind-Date-Men%C3%BC.jpg?resize=300%2C203&amp;ssl=1 300w, https:\/\/i0.wp.com\/www.linden-theater-frechen.de\/wp-content\/uploads\/2016\/11\/Blind-Date-Men%C3%BC.jpg?resize=150%2C101&amp;ssl=1 150w, https:\/\/i0.wp.com\/www.linden-theater-frechen.de\/wp-content\/uploads\/2016\/11\/Blind-Date-Men%C3%BC.jpg?resize=400%2C270&amp;ssl=1 400w, https:\/\/i0.wp.com\/www.linden-theater-frechen.de\/wp-content\/uploads\/2016\/11\/Blind-Date-Men%C3%BC.jpg?w=740&amp;ssl=1 740w\" sizes=\"auto, (max-width: 300px) 100vw, 300px\" \/><\/a><\/td>\n<td style=\"text-align: center;\">\n<h2 style=\"text-align: center;\">Unser bayerisches Schmankerl-Men\u00fc:<\/h2>\n<div style=\"text-align: center;\">\n<p><strong>Vorspeise:<\/strong><\/p>\n<p>Vorspeisenteller &#8222;Bayrischer Hof&#8220;<br \/>\nBrezel mit Obatzda, Wei\u00dfwurst und s\u00fc\u00dfem Senf<\/p>\n<p><strong>Hauptspeisen:<\/strong><\/p>\n<p>Putensteckerl<br \/>\nmit Speck, Zwiebeln und Paprika<br \/>\ndazu Folienkartoffel mit hausgemachter Kr\u00e4uterquarkcreme<\/p>\n<p><strong>oder<\/strong><\/p>\n<p>Bayerischer Zwiebelspie\u00dfbraten<br \/>\nmit Pommes Frites und frischen Champignons<\/p>\n<p><strong>oder<\/strong><\/p>\n<p>Kichererbsenpflanzerl<br \/>\nFrikadelle aus Kicherebsen, Mais, Porree und Kidneybohnen,<br \/>\ndazu Pommes Frites<\/p>\n<p><strong>Nachspeise:<br \/>\n<\/strong><\/p>\n<\/div>\n<div style=\"text-align: center;\">\n<p>Bayerische Creme<br \/>\nmit Himbeermark<\/p>\n<\/div>\n<p style=\"text-align: justify;\">\n<\/td>\n<\/tr>\n<\/tbody>\n<\/table>\n<h3 style=\"text-align: center;\"><\/h3>\n<h3><\/h3>\n<h3 style=\"text-align: center;\">24. &#8211; 27.03.17: Unser Fr\u00fchjahrsdinner 2017:<\/h3>\n<p style=\"text-align: justify;\"><a href=\"https:\/\/i0.wp.com\/www.linden-theater-frechen.de\/wp-content\/uploads\/2016\/11\/Florence-Logo-klein.jpg?ssl=1\"><img data-recalc-dims=\"1\" loading=\"lazy\" decoding=\"async\" class=\"aligncenter wp-image-7206\" src=\"https:\/\/i0.wp.com\/www.linden-theater-frechen.de\/wp-content\/uploads\/2016\/11\/Florence-Logo-klein.jpg?resize=465%2C164&#038;ssl=1\" alt=\"\" width=\"465\" height=\"164\" srcset=\"https:\/\/i0.wp.com\/www.linden-theater-frechen.de\/wp-content\/uploads\/2016\/11\/Florence-Logo-klein.jpg?w=900&amp;ssl=1 900w, https:\/\/i0.wp.com\/www.linden-theater-frechen.de\/wp-content\/uploads\/2016\/11\/Florence-Logo-klein.jpg?resize=150%2C53&amp;ssl=1 150w, https:\/\/i0.wp.com\/www.linden-theater-frechen.de\/wp-content\/uploads\/2016\/11\/Florence-Logo-klein.jpg?resize=300%2C106&amp;ssl=1 300w, https:\/\/i0.wp.com\/www.linden-theater-frechen.de\/wp-content\/uploads\/2016\/11\/Florence-Logo-klein.jpg?resize=768%2C271&amp;ssl=1 768w, https:\/\/i0.wp.com\/www.linden-theater-frechen.de\/wp-content\/uploads\/2016\/11\/Florence-Logo-klein.jpg?resize=400%2C141&amp;ssl=1 400w\" sizes=\"auto, (max-width: 465px) 100vw, 465px\" \/><\/a>Unser Fr\u00fchjahrsdinner widmete sich dem edlen Operngesang &#8211; oder dem, was Florence Foster Jenkins daf\u00fcr h\u00e4lt&#8230; Die Kom\u00f6die von Stephen Frears erz\u00e4hlt die wahre Geschichte der vermutlich schlechtesten Operns\u00e4ngerin der Welt, die im New York der 40er Jahre Vorf\u00fchrungen ihrer nicht existenten Sangesk\u00fcnste gab und schlie\u00dflich sogar in der Carnegie Hall auftreten soll. Thomas Schwieger und sein Team vom Hotel-Restaurant Durst servierten dazu ein New-York-40s-Dinner, das dagegen genau die richtigen T\u00f6ne traf&#8230;<\/p>\n<table width=\"100%\">\n<tbody>\n<tr>\n<td>\n<h3>Der Film:<\/h3>\n<h2><a href=\"https:\/\/i0.wp.com\/www.linden-theater-frechen.de\/wp-content\/uploads\/2009\/11\/Florence-Foster-Jenkins-Poster.jpg?ssl=1\"><img data-recalc-dims=\"1\" loading=\"lazy\" decoding=\"async\" class=\"alignright wp-image-7151\" src=\"https:\/\/i0.wp.com\/www.linden-theater-frechen.de\/wp-content\/uploads\/2009\/11\/Florence-Foster-Jenkins-Poster.jpg?resize=150%2C212&#038;ssl=1\" alt=\"\" width=\"150\" height=\"212\" srcset=\"https:\/\/i0.wp.com\/www.linden-theater-frechen.de\/wp-content\/uploads\/2009\/11\/Florence-Foster-Jenkins-Poster.jpg?resize=212%2C300&amp;ssl=1 212w, https:\/\/i0.wp.com\/www.linden-theater-frechen.de\/wp-content\/uploads\/2009\/11\/Florence-Foster-Jenkins-Poster.jpg?resize=106%2C150&amp;ssl=1 106w, https:\/\/i0.wp.com\/www.linden-theater-frechen.de\/wp-content\/uploads\/2009\/11\/Florence-Foster-Jenkins-Poster.jpg?w=565&amp;ssl=1 565w, https:\/\/i0.wp.com\/www.linden-theater-frechen.de\/wp-content\/uploads\/2009\/11\/Florence-Foster-Jenkins-Poster.jpg?resize=400%2C566&amp;ssl=1 400w\" sizes=\"auto, (max-width: 150px) 100vw, 150px\" \/><\/a>Florence Foster Jenkins<\/h2>\n<p style=\"text-align: justify;\"><strong>Tragikom\u00f6die\/Biopic: <\/strong>Sie ist die schlechteste S\u00e4ngerin der Welt &#8211; und doch erobert sie die gro\u00dfen Opernb\u00fchnen. Florence Foster Jenkins ist ein New Yorker Ph\u00e4nomen der 1940er Jahre. Sie wird protegiert von ihrem Manager und Liebhaber St. Clair Bayfield. Er tut alles, um ihr den exzentrischen Wunsch nach einer Karriere als S\u00e4ngerin zu erf\u00fcllen. Doch schlie\u00dflich soll Florence in der ber\u00fchmten Carnegie Hall auftreten: Wird dies ihre Sternstunde oder ihr Untergang?<\/p>\n<p style=\"text-align: justify;\">Mit Meryl Streep in der Titelrolle und einem feinen Gesp\u00fcr f\u00fcr Zwischent\u00f6ne gelingt dem britischen Regieroutinier Stephen Frears mit \u201e<strong>Florence Foster Jenkins<\/strong>\u201c ein sehenswerter Schauspieler- und Kost\u00fcmfilm, der nicht nur stimmig tieftragische und saukomische Elemente verbindet, sondern auch einige spannende moralische Fragen aufwirft.<\/p>\n<p style=\"text-align: justify;\"><strong>GB\/F<\/strong>2016, <strong>Originaltitel:<\/strong> Florence Foster Jenkins, <strong>Regie: <\/strong>Stephen Frears, <strong>Darsteller: <\/strong>Meryl Streep (Florence Foster Jenkins), Hugh Grant (St. Clair Bayfield), Simon Helberg (Cosm\u00e9 McMoon), Rebecca Ferguson (Kathleen Weatherley), Nina Arianda (Agnes Stark), Stanley Townsend (Phineas Stark)<\/p>\n<p><strong>Laufzeit:<\/strong> 110 Min, <strong>FSK:<\/strong> ohne Altersbeschr\u00e4nkung<\/p>\n<p><a href=\"https:\/\/www.constantin-film.de\/kino\/florence-foster-jenkins\/\" target=\"_blank\" rel=\"noopener noreferrer\"><strong>Offizielle Filmseite<\/strong><\/a><strong> &#8211; <a title=\"Trailer + Filminfos\" href=\"https:\/\/www.kino.de\/film\/florence-foster-jenkins\/\" target=\"_blank\" rel=\"noopener noreferrer\">Trailer und weitere Filminfos<\/a><\/strong><\/td>\n<\/tr>\n<\/tbody>\n<\/table>\n<table width=\"100%\">\n<tbody>\n<tr>\n<td style=\"text-align: center;\"><a href=\"https:\/\/i0.wp.com\/www.linden-theater-frechen.de\/wp-content\/uploads\/2016\/11\/Florence-Menue-B-klein.jpg?ssl=1\"><img data-recalc-dims=\"1\" loading=\"lazy\" decoding=\"async\" class=\"aligncenter wp-image-7207 size-medium\" src=\"https:\/\/i0.wp.com\/www.linden-theater-frechen.de\/wp-content\/uploads\/2016\/11\/Florence-Menue-B-klein.jpg?resize=300%2C276&#038;ssl=1\" alt=\"\" width=\"300\" height=\"276\" srcset=\"https:\/\/i0.wp.com\/www.linden-theater-frechen.de\/wp-content\/uploads\/2016\/11\/Florence-Menue-B-klein.jpg?resize=300%2C276&amp;ssl=1 300w, https:\/\/i0.wp.com\/www.linden-theater-frechen.de\/wp-content\/uploads\/2016\/11\/Florence-Menue-B-klein.jpg?resize=150%2C138&amp;ssl=1 150w, https:\/\/i0.wp.com\/www.linden-theater-frechen.de\/wp-content\/uploads\/2016\/11\/Florence-Menue-B-klein.jpg?resize=400%2C369&amp;ssl=1 400w, https:\/\/i0.wp.com\/www.linden-theater-frechen.de\/wp-content\/uploads\/2016\/11\/Florence-Menue-B-klein.jpg?w=651&amp;ssl=1 651w\" sizes=\"auto, (max-width: 300px) 100vw, 300px\" \/><\/a><\/td>\n<td style=\"text-align: center;\">\n<h2 style=\"text-align: center;\">Unser New-York-40s-Men\u00fc:<\/h2>\n<div style=\"text-align: center;\">\n<p><strong>Vorspeise:<\/strong><\/p>\n<p>American Coleslaw<br \/>\nSalat mit Wei\u00dfkohl, M\u00f6hren, Zwiebeln und Buttermilch<\/p>\n<p><strong>Hauptspeisen:<\/strong><\/p>\n<p>Pork Rib mit Whisky-Barbecue-So\u00dfe<br \/>\ndazu Baked Potatoes<\/p>\n<p><strong>oder<\/strong><\/p>\n<p>irischer Rinderschmortopf<br \/>\nverfeinert mit Kilkenny an M\u00f6hren-Kartoffel-Stampf<\/p>\n<p><strong>oder<\/strong><\/p>\n<p>Chili con Tofu<br \/>\nmit Cr\u00e8me-fra\u00eeche und Fladenbrot<\/p>\n<p><strong>Nachspeise:<br \/>\n<\/strong><\/p>\n<\/div>\n<div style=\"text-align: center;\">\n<p>Amerikanische Marshmellowcreme<br \/>\nmit Quark, Sahne und Pfirsichen<\/p>\n<\/div>\n<div style=\"text-align: center;\">Alle Men\u00fcs sind laktosefrei.<\/div>\n<div style=\"text-align: center;\"><\/div>\n<div style=\"text-align: center;\">Sollten Sie eine Lebensmittelallergie haben, informieren Sie sich bitte vorab bei uns \u00fcber die genauen Inhaltsstoffe der Speisen.<\/div>\n<p style=\"text-align: justify;\">Wir bitten Sie, sich f\u00fcr ein Hauptgericht zu entscheiden, Ihren Men\u00fcwunsch auf dem der Eintrittskarte angeh\u00e4ngten Auswahlzettel zu vermerken und <strong>sp\u00e4testens bis zum<\/strong> <strong>18. M\u00e4rz 2017<\/strong> im Kino oder beim Hotel Durst abzugeben. Gerne k\u00f6nnen Sie die Men\u00fcw\u00fcnsche mit Angabe Ihrer Kartennummer(n) auch per Mail (<a title=\"Linkification: mailto:hallo@hotel-durst.de\" href=\"mailto:hallo@hotel-durst.de\">hallo@hotel-durst.de<\/a>) zur\u00fcckmelden.<\/p>\n<\/td>\n<\/tr>\n<\/tbody>\n<\/table>\n<h3 style=\"text-align: center;\"><\/h3>\n<h3 style=\"text-align: center;\">25. &#8211; 28.11.16: Unser Winterdinner 2016<\/h3>\n<p style=\"text-align: center;\"><a href=\"https:\/\/i0.wp.com\/www.linden-theater-frechen.de\/wp-content\/uploads\/2015\/05\/SMS-fuer-dich-Logo.jpg?ssl=1\"><img data-recalc-dims=\"1\" loading=\"lazy\" decoding=\"async\" class=\"aligncenter wp-image-7029\" src=\"https:\/\/i0.wp.com\/www.linden-theater-frechen.de\/wp-content\/uploads\/2015\/05\/SMS-fuer-dich-Logo.jpg?resize=506%2C112&#038;ssl=1\" alt=\"sms-fuer-dich-logo\" width=\"506\" height=\"112\" srcset=\"https:\/\/i0.wp.com\/www.linden-theater-frechen.de\/wp-content\/uploads\/2015\/05\/SMS-fuer-dich-Logo.jpg?w=3618&amp;ssl=1 3618w, https:\/\/i0.wp.com\/www.linden-theater-frechen.de\/wp-content\/uploads\/2015\/05\/SMS-fuer-dich-Logo.jpg?resize=150%2C33&amp;ssl=1 150w, https:\/\/i0.wp.com\/www.linden-theater-frechen.de\/wp-content\/uploads\/2015\/05\/SMS-fuer-dich-Logo.jpg?resize=300%2C66&amp;ssl=1 300w, https:\/\/i0.wp.com\/www.linden-theater-frechen.de\/wp-content\/uploads\/2015\/05\/SMS-fuer-dich-Logo.jpg?resize=768%2C170&amp;ssl=1 768w, https:\/\/i0.wp.com\/www.linden-theater-frechen.de\/wp-content\/uploads\/2015\/05\/SMS-fuer-dich-Logo.jpg?resize=1024%2C226&amp;ssl=1 1024w, https:\/\/i0.wp.com\/www.linden-theater-frechen.de\/wp-content\/uploads\/2015\/05\/SMS-fuer-dich-Logo.jpg?resize=400%2C88&amp;ssl=1 400w, https:\/\/i0.wp.com\/www.linden-theater-frechen.de\/wp-content\/uploads\/2015\/05\/SMS-fuer-dich-Logo.jpg?w=1280&amp;ssl=1 1280w, https:\/\/i0.wp.com\/www.linden-theater-frechen.de\/wp-content\/uploads\/2015\/05\/SMS-fuer-dich-Logo.jpg?w=1920&amp;ssl=1 1920w\" sizes=\"auto, (max-width: 506px) 100vw, 506px\" \/><\/a><\/p>\n<p style=\"text-align: justify;\">Unser Weihnachts-Flimmer-Dinner kam mit gro\u00dfen Gef\u00fchlen daher. In der romantischen Kom\u00f6die &#8222;SMS f\u00fcr dich&#8220; schickt Clara gef\u00fchlvolle SMS-Nachrichten an die Handynummer ihres vor 2 Jahren verstorbenen Freundes. Diese landen jedoch bei Mark, der die Handynummer inzwischen zugeteilt bekommen hat. Dieser macht sich, neugierig geworden, auf die Suche nach der Absenderin der geheimnisvollen Nachrichten&#8230;<\/p>\n<p style=\"text-align: justify;\">Das Men\u00fc, das Thomas Schwieger und sein Team vom Hotel-Restaurant Durst dazu entworfen hatten, f\u00fcgte dem Gef\u00fchlsreigen noch adventliches Flair hinzu.<\/p>\n<table width=\"100%\">\n<tbody>\n<tr>\n<td>\n<h3>Der Film:<\/h3>\n<h2><a href=\"https:\/\/i0.wp.com\/www.linden-theater-frechen.de\/wp-content\/uploads\/2009\/11\/SMS-f%C3%BCr-dich-Poster.jpg?ssl=1\"><img data-recalc-dims=\"1\" loading=\"lazy\" decoding=\"async\" class=\"alignright wp-image-6970\" src=\"https:\/\/i0.wp.com\/www.linden-theater-frechen.de\/wp-content\/uploads\/2009\/11\/SMS-f%C3%BCr-dich-Poster.jpg?resize=150%2C212&#038;ssl=1\" alt=\"2802_Artworkposter_Adaption_SMSFD_Korrektur_DinA3_DinA1_DinA0.in\" width=\"150\" height=\"212\" srcset=\"https:\/\/i0.wp.com\/www.linden-theater-frechen.de\/wp-content\/uploads\/2009\/11\/SMS-f%C3%BCr-dich-Poster.jpg?resize=212%2C300&amp;ssl=1 212w, https:\/\/i0.wp.com\/www.linden-theater-frechen.de\/wp-content\/uploads\/2009\/11\/SMS-f%C3%BCr-dich-Poster.jpg?resize=106%2C150&amp;ssl=1 106w, https:\/\/i0.wp.com\/www.linden-theater-frechen.de\/wp-content\/uploads\/2009\/11\/SMS-f%C3%BCr-dich-Poster.jpg?w=565&amp;ssl=1 565w, https:\/\/i0.wp.com\/www.linden-theater-frechen.de\/wp-content\/uploads\/2009\/11\/SMS-f%C3%BCr-dich-Poster.jpg?resize=400%2C566&amp;ssl=1 400w\" sizes=\"auto, (max-width: 150px) 100vw, 150px\" \/><\/a>SMS f\u00fcr dich<\/h2>\n<p style=\"text-align: justify;\"><strong>romantische Kom\u00f6die: <\/strong>Auch zwei Jahre nach dem Unfalltod ihrer gro\u00dfen Liebe Ben ist es Clara noch nicht gelungen, den schweren Verlust zu verarbeiten. Claras Mitbewohnerin und beste Freundin Katja versucht seitdem nach Kr\u00e4ften, der Trauernden zu neuem Lebensmut zu verhelfen. Doch Clara verliert sich viel lieber weiterhin darin, sehns\u00fcchtige SMS an Bens alte Handynummer zu schreiben. Dabei wei\u00df sie allerdings nicht, dass die Nummer mittlerweile neu an den Journalisten Mark vergeben wurde, der eine ungl\u00fcckliche Beziehung mit Fiona f\u00fchrt. V\u00f6llig fasziniert von den romantischen Nachrichten, fasst Mark bald den Entschluss, sich mit Unterst\u00fctzung seines Freundes David auf die Suche nach der unbekannten Absenderin zu begeben.<\/p>\n<p style=\"text-align: justify;\">Karoline Herfurths Regiedeb\u00fct besticht mit einer frechen Story, kauzigen Nebenrollen &#8211; und einer gro\u00dfartigen Katja Riemann als esoterische Schlager-Diva&#8230;<\/p>\n<p style=\"text-align: justify;\"><strong>D<\/strong> 2016, <strong>Regie: <\/strong>Karoline Herfurth, <strong>Darsteller: <\/strong>Karoline Herfurth (Clara), Friedrich M\u00fccke (Mark), Nora Tschirner (Katja), Frederick Lau (David), Katja Riemann (Henriette Boot), Tom Beck (Jonathan), Friederike Kempter (Fiona)<\/p>\n<p><strong>Laufzeit:<\/strong> 107 Min, <strong>FSK:<\/strong> ohne Altersbeschr\u00e4nkung<\/p>\n<p><a href=\"https:\/\/www.warnerbros.de\/kino\/sms_fuer_dich2.html\" target=\"_blank\" rel=\"noopener noreferrer\"><strong>Offizielle Filmseite<\/strong><\/a><strong> &#8211; <a title=\"Trailer + Filminfos\" href=\"https:\/\/www.kino.de\/film\/sms-fuer-dich\/\" target=\"_blank\" rel=\"noopener noreferrer\">Trailer und weitere Filminfos<\/a><\/strong><\/td>\n<\/tr>\n<\/tbody>\n<\/table>\n<table width=\"100%\">\n<tbody>\n<tr>\n<td style=\"text-align: center;\"><a href=\"https:\/\/i0.wp.com\/www.linden-theater-frechen.de\/wp-content\/uploads\/2015\/05\/SMS_fuer_dich-Menue.jpg?ssl=1\"><img data-recalc-dims=\"1\" loading=\"lazy\" decoding=\"async\" class=\"aligncenter wp-image-7030\" src=\"https:\/\/i0.wp.com\/www.linden-theater-frechen.de\/wp-content\/uploads\/2015\/05\/SMS_fuer_dich-Menue.jpg?resize=374%2C374&#038;ssl=1\" alt=\"sms_fuer_dich-menue\" width=\"374\" height=\"374\" srcset=\"https:\/\/i0.wp.com\/www.linden-theater-frechen.de\/wp-content\/uploads\/2015\/05\/SMS_fuer_dich-Menue.jpg?w=898&amp;ssl=1 898w, https:\/\/i0.wp.com\/www.linden-theater-frechen.de\/wp-content\/uploads\/2015\/05\/SMS_fuer_dich-Menue.jpg?resize=150%2C150&amp;ssl=1 150w, https:\/\/i0.wp.com\/www.linden-theater-frechen.de\/wp-content\/uploads\/2015\/05\/SMS_fuer_dich-Menue.jpg?resize=300%2C300&amp;ssl=1 300w, https:\/\/i0.wp.com\/www.linden-theater-frechen.de\/wp-content\/uploads\/2015\/05\/SMS_fuer_dich-Menue.jpg?resize=768%2C768&amp;ssl=1 768w, https:\/\/i0.wp.com\/www.linden-theater-frechen.de\/wp-content\/uploads\/2015\/05\/SMS_fuer_dich-Menue.jpg?resize=800%2C800&amp;ssl=1 800w, https:\/\/i0.wp.com\/www.linden-theater-frechen.de\/wp-content\/uploads\/2015\/05\/SMS_fuer_dich-Menue.jpg?resize=400%2C400&amp;ssl=1 400w\" sizes=\"auto, (max-width: 374px) 100vw, 374px\" \/><\/a><\/td>\n<td style=\"text-align: center;\">\n<h2 style=\"text-align: center;\">Unser weihnachtliches Men\u00fc:<\/h2>\n<div style=\"text-align: center;\">\n<p><strong>Vorspeise:<\/strong><\/p>\n<p>Winterlicher-Hokkaido-Zauber<\/p>\n<p><strong>Hauptspeisen:<\/strong><\/p>\n<p>Ungarisches G\u00e4nseragout<br \/>\nmit Kartoffelkl\u00f6\u00dfen und Preiselbeerbirne<\/p>\n<p><strong>oder<\/strong><\/p>\n<p>unser Weihnachtsklassiker<br \/>\nLachsfilet auf frischem Gem\u00fcse-Kartoffel-Bett<br \/>\nim Pergament-P\u00e4ckchen<\/p>\n<p><strong>oder<\/strong><\/p>\n<p>Maultaschen-Gratin<br \/>\nmit Ricotta gef\u00fcllte Maultaschen<br \/>\nmit frischen Champignons, Kirschtomaten und Gouda gratiniert<\/p>\n<p><strong>Nachspeise:<br \/>\n<\/strong><\/p>\n<\/div>\n<div style=\"text-align: center;\">\n<p>Schwarz-Wei\u00df-Creme-Dessert<br \/>\naus Schoko-Reis-Flakes, Mascarpone, Mandellik\u00f6r, Kakao und Espresso<\/p>\n<\/div>\n<\/td>\n<\/tr>\n<\/tbody>\n<\/table>\n<h3 style=\"text-align: center;\">26. &#8211; 28.08.16: Unser Herbstdinner 2016:<\/h3>\n<p style=\"text-align: justify;\"><a href=\"https:\/\/i0.wp.com\/www.linden-theater-frechen.de\/wp-content\/uploads\/2015\/05\/Stadtlandliebe-Logo.jpg?ssl=1\"><img data-recalc-dims=\"1\" loading=\"lazy\" decoding=\"async\" class=\"aligncenter size-large wp-image-6839\" src=\"https:\/\/i0.wp.com\/www.linden-theater-frechen.de\/wp-content\/uploads\/2015\/05\/Stadtlandliebe-Logo.jpg?resize=640%2C80&#038;ssl=1\" alt=\"Stadtlandliebe Logo\" width=\"640\" height=\"80\" srcset=\"https:\/\/i0.wp.com\/www.linden-theater-frechen.de\/wp-content\/uploads\/2015\/05\/Stadtlandliebe-Logo.jpg?resize=1024%2C128&amp;ssl=1 1024w, https:\/\/i0.wp.com\/www.linden-theater-frechen.de\/wp-content\/uploads\/2015\/05\/Stadtlandliebe-Logo.jpg?resize=150%2C19&amp;ssl=1 150w, https:\/\/i0.wp.com\/www.linden-theater-frechen.de\/wp-content\/uploads\/2015\/05\/Stadtlandliebe-Logo.jpg?resize=300%2C38&amp;ssl=1 300w, https:\/\/i0.wp.com\/www.linden-theater-frechen.de\/wp-content\/uploads\/2015\/05\/Stadtlandliebe-Logo.jpg?resize=768%2C96&amp;ssl=1 768w, https:\/\/i0.wp.com\/www.linden-theater-frechen.de\/wp-content\/uploads\/2015\/05\/Stadtlandliebe-Logo.jpg?resize=400%2C50&amp;ssl=1 400w, https:\/\/i0.wp.com\/www.linden-theater-frechen.de\/wp-content\/uploads\/2015\/05\/Stadtlandliebe-Logo.jpg?w=1280&amp;ssl=1 1280w, https:\/\/i0.wp.com\/www.linden-theater-frechen.de\/wp-content\/uploads\/2015\/05\/Stadtlandliebe-Logo.jpg?w=1920&amp;ssl=1 1920w\" sizes=\"auto, (max-width: 640px) 100vw, 640px\" \/><\/a><\/p>\n<p style=\"text-align: justify;\">Zum aktuellen Dinner ging es diesmal nicht in die Ferne, sondern in die inl\u00e4ndische Provinz, genauer gesagt, in den Osten unseres Landes. Von Berlin aufs Land in das fiktive D\u00f6rfchen Kloppendorf zieht es Anna uns Sam in &#8222;Stadtlandliebe&#8220;, dementsprechend hatte das Team des Hotel-Restaurants Durst sich in den heimischen G\u00e4rten und W\u00e4ldern umgeschaut und ein Men\u00fc zusammengestellt, das sowohl deftig-l\u00e4ndliches als auch gro\u00dfst\u00e4dtisches Flair vereinte.<\/p>\n<table width=\"100%\">\n<tbody>\n<tr>\n<td>\n<h3>Der Film:<\/h3>\n<h2><a href=\"https:\/\/i0.wp.com\/www.linden-theater-frechen.de\/wp-content\/uploads\/2015\/05\/Stadtlandliebe-Poster.jpg?ssl=1\"><img data-recalc-dims=\"1\" loading=\"lazy\" decoding=\"async\" class=\"alignright wp-image-6794\" src=\"https:\/\/i0.wp.com\/www.linden-theater-frechen.de\/wp-content\/uploads\/2015\/05\/Stadtlandliebe-Poster.jpg?resize=150%2C212&#038;ssl=1\" alt=\"StadtLandLiebe_Poster_Main_A1.indd\" width=\"150\" height=\"212\" srcset=\"https:\/\/i0.wp.com\/www.linden-theater-frechen.de\/wp-content\/uploads\/2015\/05\/Stadtlandliebe-Poster.jpg?resize=212%2C300&amp;ssl=1 212w, https:\/\/i0.wp.com\/www.linden-theater-frechen.de\/wp-content\/uploads\/2015\/05\/Stadtlandliebe-Poster.jpg?resize=106%2C150&amp;ssl=1 106w, https:\/\/i0.wp.com\/www.linden-theater-frechen.de\/wp-content\/uploads\/2015\/05\/Stadtlandliebe-Poster.jpg?w=565&amp;ssl=1 565w, https:\/\/i0.wp.com\/www.linden-theater-frechen.de\/wp-content\/uploads\/2015\/05\/Stadtlandliebe-Poster.jpg?resize=400%2C566&amp;ssl=1 400w\" sizes=\"auto, (max-width: 150px) 100vw, 150px\" \/><\/a>Stadtlandliebe<\/h2>\n<p style=\"text-align: justify;\"><strong>Kom\u00f6die: <\/strong>Anna und Sam sind hippe \u00d6ko-Berliner vom Prenzlauer Berg \u2013 sie Herzchirurgin, er Werbetexter. St\u00e4ndig im Stress, sehnt sich das Paar nach einer Ver\u00e4nderung. Warum nicht raus aufs Land ziehen? Und so er\u00f6ffnet Anna kurzerhand eine eigene Praxis in Kloppendorf und Sam nimmt sich vor, dort endlich an seinem Roman zu schreiben. Doch auf dem Land ist auch nicht alles Gold, was gl\u00e4nzt: Das gekaufte H\u00e4uschen ist marode, in Annas Praxis herrscht die alteingesessene Sprechstundenhilfe Gertie mit eiserner Hand und die Nachbarschaft, angef\u00fchrt von Volker Garms, r\u00fcckt den Neuank\u00f6mmlingen f\u00fcr deren Geschmack zu sehr auf die Pelle. Als dann Sam auch noch damit herausr\u00fcckt, dass er keine Kinder will, und daraufhin aus Angst vor einer ungewollten Vaterschaft pl\u00f6tzlich an erektiler Dysfunktion leidet, versinkt das P\u00e4rchen endg\u00fcltig im Chaos. Doch so schnell geben Anna und Sam den Plan vom gl\u00fccklichen Landleben nicht auf\u2026<\/p>\n<p style=\"text-align: justify;\">Regisseur Marco Kreuzpaintner widmet seinen neusten Kinofilm dem st\u00e4rker werdenden \u00d6ko-Trend. In den Hauptrollen werden Jessica Schwarz und Tom Beck mit der harten und gleichzeitig skurrilen Realit\u00e4t des Landlebens konfrontiert.<\/p>\n<p style=\"text-align: justify;\"><strong>D<\/strong> 2016, <strong>Regie: <\/strong>Marco Kreuzpaintner, <strong>Darsteller: <\/strong>Jessica Schwarz (Anna), Tom Beck (Sam), Uwe Ochsenknecht (Volker Garms), Hannes Wegener (G\u00fcnni), Gisa Flake (Gertie), Christine Schorn (Agathe), Ludger Pistor (Dr. Schloth), Anna Thalbach (Friedel)<\/p>\n<p><strong>Laufzeit:<\/strong> 92 Min, <strong>FSK:<\/strong> ab 6 Jahre<\/p>\n<p><a href=\"https:\/\/www.warnerbros.de\/kino\/stadtlandliebe.html\" target=\"_blank\" rel=\"noopener noreferrer\"><strong>Offizielle Filmseite<\/strong><\/a><strong> &#8211; <a title=\"Trailer + Filminfos\" href=\"https:\/\/www.kino.de\/film\/landliebe-willkommen-in-kloppendorf-at\/\" target=\"_blank\" rel=\"noopener noreferrer\"><strong>Trailer und <\/strong><strong>weitere Filminfos<\/strong><\/a><\/strong><\/td>\n<\/tr>\n<\/tbody>\n<\/table>\n<table width=\"100%\">\n<tbody>\n<tr>\n<td style=\"text-align: center;\"><a href=\"https:\/\/i0.wp.com\/www.linden-theater-frechen.de\/wp-content\/uploads\/2015\/05\/SLL-Menu.jpg?ssl=1\"><img data-recalc-dims=\"1\" loading=\"lazy\" decoding=\"async\" class=\"aligncenter size-full wp-image-6840\" src=\"https:\/\/i0.wp.com\/www.linden-theater-frechen.de\/wp-content\/uploads\/2015\/05\/SLL-Menu.jpg?resize=631%2C600&#038;ssl=1\" alt=\"SLL Menu\" width=\"631\" height=\"600\" srcset=\"https:\/\/i0.wp.com\/www.linden-theater-frechen.de\/wp-content\/uploads\/2015\/05\/SLL-Menu.jpg?w=631&amp;ssl=1 631w, https:\/\/i0.wp.com\/www.linden-theater-frechen.de\/wp-content\/uploads\/2015\/05\/SLL-Menu.jpg?resize=150%2C143&amp;ssl=1 150w, https:\/\/i0.wp.com\/www.linden-theater-frechen.de\/wp-content\/uploads\/2015\/05\/SLL-Menu.jpg?resize=300%2C285&amp;ssl=1 300w, https:\/\/i0.wp.com\/www.linden-theater-frechen.de\/wp-content\/uploads\/2015\/05\/SLL-Menu.jpg?resize=400%2C380&amp;ssl=1 400w\" sizes=\"auto, (max-width: 631px) 100vw, 631px\" \/><\/a><\/td>\n<td style=\"text-align: center;\">\n<h2 style=\"text-align: center;\">Unser &#8222;Stadt-Land-Liebe&#8220;-Men\u00fc:<\/h2>\n<div style=\"text-align: center;\">\n<p><strong>Vorspeise:<\/strong><\/p>\n<p>Sommerlicher Blattsalat mit Cassisdressing<br \/>\n(gemischte Blattsalate mit Tomaten, Johannisbeeren, Johannisbeersaft, Senf)<\/p>\n<p><strong>Hauptspeisen:<\/strong><\/p>\n<p>Sauerbraten vom Rind<br \/>\nmit Kartoffelkn\u00f6deln und Apfelrotkohl<\/p>\n<p><strong>oder<\/strong><\/p>\n<p>&#8222;Besoffene Wildsau&#8220;<br \/>\nin Honig-Bier-Sauce (mit Apfelsaft, Honig, Schwarzbier, K\u00fcmmelschnaps)<br \/>\nmit Salzkartoffeln und Preiselbeerkraut<\/p>\n<p><strong>oder<\/strong><\/p>\n<p>S\u00e4chsischer Apfelauflauf (vegetarisch)<br \/>\n(Kartoffeln, \u00c4pfel, Lauchzwiebeln, Champignons, Sahne, gerieberner Emmentaler K\u00e4se)<\/p>\n<p><strong>Nachspeise:<br \/>\n<\/strong><\/p>\n<\/div>\n<div style=\"text-align: center;\">\n<p>frischer Obstsalat mit Vanilleeis<\/p>\n<\/div>\n<\/td>\n<\/tr>\n<\/tbody>\n<\/table>\n<h3 style=\"text-align: center;\">10. &#8211; 13.06.16: Unser Sommerdinner 2016:<\/h3>\n<p style=\"text-align: center;\"><a href=\"https:\/\/i0.wp.com\/www.linden-theater-frechen.de\/wp-content\/uploads\/2015\/05\/birnenkuchen-mit-lavendel-logo.jpg?ssl=1\"><img data-recalc-dims=\"1\" loading=\"lazy\" decoding=\"async\" class=\"aligncenter wp-image-6691\" src=\"https:\/\/i0.wp.com\/www.linden-theater-frechen.de\/wp-content\/uploads\/2015\/05\/birnenkuchen-mit-lavendel-logo.jpg?resize=533%2C114&#038;ssl=1\" alt=\"birnenkuchen-mit-lavendel-logo\" width=\"533\" height=\"114\" srcset=\"https:\/\/i0.wp.com\/www.linden-theater-frechen.de\/wp-content\/uploads\/2015\/05\/birnenkuchen-mit-lavendel-logo.jpg?resize=1024%2C219&amp;ssl=1 1024w, https:\/\/i0.wp.com\/www.linden-theater-frechen.de\/wp-content\/uploads\/2015\/05\/birnenkuchen-mit-lavendel-logo.jpg?resize=150%2C32&amp;ssl=1 150w, https:\/\/i0.wp.com\/www.linden-theater-frechen.de\/wp-content\/uploads\/2015\/05\/birnenkuchen-mit-lavendel-logo.jpg?resize=300%2C64&amp;ssl=1 300w, https:\/\/i0.wp.com\/www.linden-theater-frechen.de\/wp-content\/uploads\/2015\/05\/birnenkuchen-mit-lavendel-logo.jpg?resize=768%2C164&amp;ssl=1 768w, https:\/\/i0.wp.com\/www.linden-theater-frechen.de\/wp-content\/uploads\/2015\/05\/birnenkuchen-mit-lavendel-logo.jpg?resize=400%2C86&amp;ssl=1 400w, https:\/\/i0.wp.com\/www.linden-theater-frechen.de\/wp-content\/uploads\/2015\/05\/birnenkuchen-mit-lavendel-logo.jpg?w=1155&amp;ssl=1 1155w\" sizes=\"auto, (max-width: 533px) 100vw, 533px\" \/><\/a><\/p>\n<p style=\"text-align: justify;\">Zum Beginn des meteorologischen Sommers entf\u00fchrten wir Sie filmisch und kulinarisch in die sonnige Provence mit der franz\u00f6sischen Feelgood-Kom\u00f6die &#8222;Birnenkuchen mit Lavendel&#8220;. Der Film war bereits in Frankreich ein Publikumshit und wirbelt derzeit auch die deutschen Arthaus-Kinocharts auf. Thomas Schwieger und sein Team vom Hotel Durst hatten passend dazu einige sommerliche Gerichte f\u00fcr Sie zusammengestellt, und nat\u00fcrlich durfte auch der namensgebende Birnenkuchen nicht fehlen&#8230;<\/p>\n<table width=\"100%\">\n<tbody>\n<tr>\n<td>\n<h3>Der Film:<\/h3>\n<h2><a href=\"https:\/\/i0.wp.com\/www.linden-theater-frechen.de\/wp-content\/uploads\/2009\/11\/Birnenkuche-mit-Lavendel-Poster.jpg?ssl=1\"><img data-recalc-dims=\"1\" loading=\"lazy\" decoding=\"async\" class=\"alignright wp-image-6616\" src=\"https:\/\/i0.wp.com\/www.linden-theater-frechen.de\/wp-content\/uploads\/2009\/11\/Birnenkuche-mit-Lavendel-Poster.jpg?resize=150%2C212&#038;ssl=1\" alt=\"Birnenkuche mit Lavendel Poster\" width=\"150\" height=\"212\" srcset=\"https:\/\/i0.wp.com\/www.linden-theater-frechen.de\/wp-content\/uploads\/2009\/11\/Birnenkuche-mit-Lavendel-Poster.jpg?resize=212%2C300&amp;ssl=1 212w, https:\/\/i0.wp.com\/www.linden-theater-frechen.de\/wp-content\/uploads\/2009\/11\/Birnenkuche-mit-Lavendel-Poster.jpg?resize=106%2C150&amp;ssl=1 106w, https:\/\/i0.wp.com\/www.linden-theater-frechen.de\/wp-content\/uploads\/2009\/11\/Birnenkuche-mit-Lavendel-Poster.jpg?w=565&amp;ssl=1 565w, https:\/\/i0.wp.com\/www.linden-theater-frechen.de\/wp-content\/uploads\/2009\/11\/Birnenkuche-mit-Lavendel-Poster.jpg?resize=400%2C566&amp;ssl=1 400w\" sizes=\"auto, (max-width: 150px) 100vw, 150px\" \/><\/a>Birnenkuchen mit Lavendel<\/h2>\n<p style=\"text-align: justify;\"><strong>Kom\u00f6die: <\/strong>Louise lebt auf einem Birnenhof in der Provence und k\u00fcmmert sich seit dem Tod ihres Mannes um den Birnenanbau. Doch die Bank will den Kredit zur\u00fcck, die Abnehmer zweifeln an ihrer Kompetenz und dann f\u00e4hrt sie auch noch einen Fremden vor ihrem Haus an. Pierre, so hei\u00dft der verletzte Mann, scheint irgendwie anders zu sein. Er ist verdammt ordentlich, frappierend ehrlich, ein Eigenbr\u00f6tler, der am liebsten Primzahlen zitiert. Der sensible Mann bl\u00fcht in Louises Gegenwart auf, hilft ihr mehr schlecht als recht beim Verkauf ihrer k\u00f6stlichen Birnenkuchen auf dem Markt. Louise versucht ihn aus ihrem Leben und ihrem gebrochenen Herzen herauszuhalten. Doch Pierre l\u00e4sst sich nicht so einfach absch\u00fctteln&#8230;<\/p>\n<p style=\"text-align: justify;\">Eine liebevoll erz\u00e4hlte romantische Kom\u00f6die \u00fcber eine zauberhafte Anziehungskraft, die auf wunderbare Art ganz anders ist. Eric Besnards Film punktet mit sympathischen Hauptfiguren mit stimmiger Chemie.<\/p>\n<p style=\"text-align: justify;\"><strong>F<\/strong> 2016, <strong>Originaltitel:<\/strong> Le Go\u00fbt des merveilles, <strong>Regie: <\/strong>Eric Besnard, <strong>Darsteller: <\/strong>Virginie Efira (Louise), Benjamin Lavernhe (Pierre), Lucie Fagedet (Emma), L\u00e9o Lorleac&#8217;h (Felix), Herv\u00e9 Pierre (Jules)<\/p>\n<p><strong>Laufzeit:<\/strong> 97 Min, <strong>FSK:<\/strong> ohne Altersbeschr\u00e4nkung<\/p>\n<p><a href=\"https:\/\/www.birnenkuchen-mit-lavendel.de\/\" target=\"_blank\" rel=\"noopener noreferrer\"><strong>Offizielle Filmseite<\/strong><\/a><strong> &#8211; <a title=\"Trailer + Filminfos\" href=\"https:\/\/www.kino.de\/film\/birnenkuchen-mit-lavendel-2016\/\" target=\"_blank\" rel=\"noopener noreferrer\"><strong>Trailer und <\/strong><strong>weitere Filminfos<\/strong><\/a><\/strong><\/td>\n<\/tr>\n<\/tbody>\n<\/table>\n<table width=\"100%\">\n<tbody>\n<tr>\n<td style=\"text-align: center;\"><a href=\"https:\/\/i0.wp.com\/www.linden-theater-frechen.de\/wp-content\/uploads\/2015\/05\/Birnenkuchen-Bild-f%C3%BCr-Menue.jpg?ssl=1\"><img data-recalc-dims=\"1\" loading=\"lazy\" decoding=\"async\" class=\"aligncenter wp-image-6692\" src=\"https:\/\/i0.wp.com\/www.linden-theater-frechen.de\/wp-content\/uploads\/2015\/05\/Birnenkuchen-Bild-f%C3%BCr-Menue.jpg?resize=295%2C416&#038;ssl=1\" alt=\"Birnenkuchen Bild f\u00fcr Menue\" width=\"295\" height=\"416\" srcset=\"https:\/\/i0.wp.com\/www.linden-theater-frechen.de\/wp-content\/uploads\/2015\/05\/Birnenkuchen-Bild-f%C3%BCr-Menue.jpg?w=425&amp;ssl=1 425w, https:\/\/i0.wp.com\/www.linden-theater-frechen.de\/wp-content\/uploads\/2015\/05\/Birnenkuchen-Bild-f%C3%BCr-Menue.jpg?resize=106%2C150&amp;ssl=1 106w, https:\/\/i0.wp.com\/www.linden-theater-frechen.de\/wp-content\/uploads\/2015\/05\/Birnenkuchen-Bild-f%C3%BCr-Menue.jpg?resize=213%2C300&amp;ssl=1 213w, https:\/\/i0.wp.com\/www.linden-theater-frechen.de\/wp-content\/uploads\/2015\/05\/Birnenkuchen-Bild-f%C3%BCr-Menue.jpg?resize=400%2C565&amp;ssl=1 400w\" sizes=\"auto, (max-width: 295px) 100vw, 295px\" \/><\/a><\/td>\n<td style=\"text-align: center;\">\n<h2 style=\"text-align: center;\">Unser &#8222;Provence&#8220;-Men\u00fc:<\/h2>\n<div style=\"text-align: center;\">\n<p><strong>Vorspeise:<\/strong><\/p>\n<p>Spargelcremesuppe<br \/>\nmit Orangen, Ingwer und ger\u00f6steten Pinienkernen<\/p>\n<p><strong>Hauptspeisen:<\/strong><\/p>\n<p>Poulet Provencal<br \/>\nmariniertes H\u00e4hnchenbrustfilet<br \/>\nmit Rotwein, Zucchini, Paprikaschoten, Tomaten, Knoblauch, Curry, Soja und Kartoffeln<\/p>\n<p><strong>oder<\/strong><\/p>\n<p>Schweinefilet-Ragout &#8222;Avignon&#8220;<br \/>\nmit frischen Champignons, Ingwer, Zwiebeln, Thymian und Muskatnuss<br \/>\nan Safran-Butter-Reis<\/p>\n<p><strong>oder<\/strong><\/p>\n<p>Gratin des petits boulettes<br \/>\nAuflauf mit kleinen Semmelkn\u00f6deln und franz\u00f6sischem Gem\u00fcse<br \/>\nLauchzwiebeln, Aubergine, Zucchini, Spargel und Karotten<\/p>\n<p><strong>Nachspeise:<br \/>\n<\/strong><\/p>\n<\/div>\n<div style=\"text-align: center;\">\n<p>Birnenkuchen mit Lavendel<\/p>\n<\/div>\n<\/td>\n<\/tr>\n<\/tbody>\n<\/table>\n<h3 style=\"text-align: center;\">18. &#8211; 20.03.2016: Unser Fr\u00fchjahrsdinner 2016:<\/h3>\n<p style=\"text-align: justify;\"><a href=\"https:\/\/i0.wp.com\/www.linden-theater-frechen.de\/wp-content\/uploads\/2015\/05\/280px-Der_Mann_der_zuviel_wusste_Logo_001.svg_.png?ssl=1\" rel=\"attachment wp-att-6548\"><img data-recalc-dims=\"1\" loading=\"lazy\" decoding=\"async\" class=\"size-full wp-image-6548 aligncenter\" src=\"https:\/\/i0.wp.com\/www.linden-theater-frechen.de\/wp-content\/uploads\/2015\/05\/280px-Der_Mann_der_zuviel_wusste_Logo_001.svg_.png?resize=280%2C130&#038;ssl=1\" alt=\"280px-Der_Mann_der_zuviel_wusste_Logo_001.svg\" width=\"280\" height=\"130\" srcset=\"https:\/\/i0.wp.com\/www.linden-theater-frechen.de\/wp-content\/uploads\/2015\/05\/280px-Der_Mann_der_zuviel_wusste_Logo_001.svg_.png?w=280&amp;ssl=1 280w, https:\/\/i0.wp.com\/www.linden-theater-frechen.de\/wp-content\/uploads\/2015\/05\/280px-Der_Mann_der_zuviel_wusste_Logo_001.svg_.png?resize=150%2C70&amp;ssl=1 150w\" sizes=\"auto, (max-width: 280px) 100vw, 280px\" \/><\/a>Nach langer Zeit haben wir uns f\u00fcr unser Fr\u00fchjahrsdinner einmal wieder f\u00fcr einen Filmklassiker entschieden. Diesmal hatten wir den Thriller &#8222;Der Mann, der zuviel wusste&#8220; vom &#8222;Meister des Suspense&#8220; Alfred Hitchcock aus dem Jahr 1956 ausgew\u00e4hlt, in den Hauptrollen Doris Day und James Stewart. Der Film spielt in Marokko und in England &#8211; das gab Thomas Schwieger und seinem Hotel-Durst-Team einmal mehr Gelegenheit, die G\u00e4ste mit ausgefallenen Men\u00fckompositionen aus orientalischen und britischen Elementen zu \u00fcberraschen.<\/p>\n<table width=\"100%\">\n<tbody>\n<tr>\n<td>\n<h3>Der Film:<\/h3>\n<h2>Der Mann, der zuviel wusste<\/h2>\n<p style=\"text-align: justify;\"><strong><a href=\"https:\/\/i0.wp.com\/www.linden-theater-frechen.de\/wp-content\/uploads\/2015\/05\/der_mann_der_zuviel_wusste.jpg?ssl=1\" rel=\"attachment wp-att-6547\"><img data-recalc-dims=\"1\" loading=\"lazy\" decoding=\"async\" class=\"alignright wp-image-6547\" src=\"https:\/\/i0.wp.com\/www.linden-theater-frechen.de\/wp-content\/uploads\/2015\/05\/der_mann_der_zuviel_wusste.jpg?resize=150%2C213&#038;ssl=1\" alt=\"der_mann_der_zuviel_wusste\" width=\"150\" height=\"213\" srcset=\"https:\/\/i0.wp.com\/www.linden-theater-frechen.de\/wp-content\/uploads\/2015\/05\/der_mann_der_zuviel_wusste.jpg?resize=211%2C300&amp;ssl=1 211w, https:\/\/i0.wp.com\/www.linden-theater-frechen.de\/wp-content\/uploads\/2015\/05\/der_mann_der_zuviel_wusste.jpg?resize=105%2C150&amp;ssl=1 105w, https:\/\/i0.wp.com\/www.linden-theater-frechen.de\/wp-content\/uploads\/2015\/05\/der_mann_der_zuviel_wusste.jpg?resize=768%2C1093&amp;ssl=1 768w, https:\/\/i0.wp.com\/www.linden-theater-frechen.de\/wp-content\/uploads\/2015\/05\/der_mann_der_zuviel_wusste.jpg?resize=562%2C800&amp;ssl=1 562w, https:\/\/i0.wp.com\/www.linden-theater-frechen.de\/wp-content\/uploads\/2015\/05\/der_mann_der_zuviel_wusste.jpg?resize=400%2C570&amp;ssl=1 400w, https:\/\/i0.wp.com\/www.linden-theater-frechen.de\/wp-content\/uploads\/2015\/05\/der_mann_der_zuviel_wusste.jpg?w=800&amp;ssl=1 800w\" sizes=\"auto, (max-width: 150px) 100vw, 150px\" \/><\/a>Thriller: <\/strong>Die McKennas sind eine amerikanische Durchschnittsfamilie und verbringen ihren Urlaub in Marokko. Auf einer Busreise treffen sie den mysteri\u00f6sen Louis Bernard, der sie zum Abendessen einl\u00e4dt. Doch der Franzose sagt kurz vorher ab, stattdessen verbringt die Familie den Abend mit dem englischen Ehepaar Drayton. Als die Familie am n\u00e4chsten Tag \u00fcber den Markt in Marrakesch spaziert, kommt es zu einem Zwischenfall: Ein Araber wird r\u00fccklings erstochen und bricht direkt vor Ben McKenna zusammen. Hinter der Verkleidung erkennt Ben Louis Bernard, der ihm im Sterben ins Ohr fl\u00fcstert, in London solle ein Attentat auf einen Politiker stattfinden. Ben und Jo beschlie\u00dfen, die Polizei zu informieren. Aber ein Anruf h\u00e4lt Jo davon ab. Unbekannte haben den Sohn der McKennas Hank entf\u00fchrt und drohen mit seiner Ermordung, falls McKenna seine Information \u00fcber den geplanten Mord an die Polizei weitergibt&#8230;<\/p>\n<p style=\"text-align: justify;\">&#8222;Der Mann, der zuviel wusste&#8220; ist Alfred Hitchcocks einziges Remake &#8211; er drehte den Film mit etwas anderer Handlung und Schaupl\u00e4tzen bereits 1934 mit Peter Lorre. Der Song &#8222;Que sera, sera&#8220; von Doris Day wurde f\u00fcr diesen Film geschrieben, gewann einen Oscar und ist bis heute der bekannteste Song von Doris Day.<\/p>\n<p style=\"text-align: justify;\"><strong>USA<\/strong> 1956, <strong>Originaltitel:<\/strong> The man who knew too much, <strong>Regie: <\/strong>Alfred Hitchcock, <strong>Darsteller: <\/strong>James Stewart (Dr. Ben McKenna), Doris Day (Jo McKenna), Brenda de Banzie (Lucy Drayton), Bernard Miles (Edward Drayton), Ralph Truman (Inspektor Buchanan), Daniel G\u00e9lin (Louis Bernard), Christopher Olsen (Hank McKenna)<\/p>\n<p><strong>Laufzeit:<\/strong> 120 Min, <strong>FSK:<\/strong> ab 12 Jahre<\/td>\n<\/tr>\n<\/tbody>\n<\/table>\n<table width=\"100%\">\n<tbody>\n<tr>\n<td style=\"text-align: center;\"><a href=\"https:\/\/i0.wp.com\/www.linden-theater-frechen.de\/wp-content\/uploads\/2015\/05\/Hitchcock-Silhouette.jpg?ssl=1\" rel=\"attachment wp-att-6549\"><img data-recalc-dims=\"1\" loading=\"lazy\" decoding=\"async\" class=\"size-medium wp-image-6549 aligncenter\" src=\"https:\/\/i0.wp.com\/www.linden-theater-frechen.de\/wp-content\/uploads\/2015\/05\/Hitchcock-Silhouette.jpg?resize=204%2C300&#038;ssl=1\" alt=\"Hitchcock Silhouette\" width=\"204\" height=\"300\" srcset=\"https:\/\/i0.wp.com\/www.linden-theater-frechen.de\/wp-content\/uploads\/2015\/05\/Hitchcock-Silhouette.jpg?resize=204%2C300&amp;ssl=1 204w, https:\/\/i0.wp.com\/www.linden-theater-frechen.de\/wp-content\/uploads\/2015\/05\/Hitchcock-Silhouette.jpg?resize=102%2C150&amp;ssl=1 102w, https:\/\/i0.wp.com\/www.linden-theater-frechen.de\/wp-content\/uploads\/2015\/05\/Hitchcock-Silhouette.jpg?resize=400%2C587&amp;ssl=1 400w, https:\/\/i0.wp.com\/www.linden-theater-frechen.de\/wp-content\/uploads\/2015\/05\/Hitchcock-Silhouette.jpg?w=515&amp;ssl=1 515w\" sizes=\"auto, (max-width: 204px) 100vw, 204px\" \/><\/a><a href=\"https:\/\/i0.wp.com\/www.linden-theater-frechen.de\/wp-content\/uploads\/2015\/05\/Essen-Rand.jpg?ssl=1\" rel=\"attachment wp-att-6550\"><img data-recalc-dims=\"1\" loading=\"lazy\" decoding=\"async\" class=\"size-medium wp-image-6550\" src=\"https:\/\/i0.wp.com\/www.linden-theater-frechen.de\/wp-content\/uploads\/2015\/05\/Essen-Rand.jpg?resize=300%2C232&#038;ssl=1\" alt=\"the man who knew too much l'homme qui en savait trop 1956 r\u00e9al : Alfred Hitchcock Doris Day James Stewart Collection Christophel\" width=\"300\" height=\"232\" srcset=\"https:\/\/i0.wp.com\/www.linden-theater-frechen.de\/wp-content\/uploads\/2015\/05\/Essen-Rand.jpg?resize=300%2C232&amp;ssl=1 300w, https:\/\/i0.wp.com\/www.linden-theater-frechen.de\/wp-content\/uploads\/2015\/05\/Essen-Rand.jpg?resize=150%2C116&amp;ssl=1 150w, https:\/\/i0.wp.com\/www.linden-theater-frechen.de\/wp-content\/uploads\/2015\/05\/Essen-Rand.jpg?resize=400%2C309&amp;ssl=1 400w, https:\/\/i0.wp.com\/www.linden-theater-frechen.de\/wp-content\/uploads\/2015\/05\/Essen-Rand.jpg?w=495&amp;ssl=1 495w\" sizes=\"auto, (max-width: 300px) 100vw, 300px\" \/><\/a><\/td>\n<td style=\"text-align: center;\">\n<h2 style=\"text-align: center;\">Unser &#8222;Suspense&#8220;-Men\u00fc:<\/h2>\n<div style=\"text-align: center;\">\n<p><strong>Vorspeise:<\/strong><\/p>\n<p>Orientalischer Curry-Reis-Salat<br \/>\n(mit Lauchzwiebeln, roter Paprika, Ananas, Joghurt)<\/p>\n<p><strong>Hauptspeisen:<\/strong><\/p>\n<p>Bl\u00e4tterteigrolle mit Lammhackf\u00fcllung &#8222;Marokkanischer Art&#8220;<br \/>\n(mit Rosinen, M\u00f6hren, Mandeln, Knoblauch)<\/p>\n<p><strong>oder<\/strong><\/p>\n<p>Rinderbraten mit Cumberlandsauce (enth\u00e4lt Alkohol)<br \/>\nan Erbsengem\u00fcse und Salzkartoffeln<\/p>\n<p><strong>oder<\/strong><\/p>\n<p>Ratatouille mit Reis<br \/>\n(Auberginen, Zucchini, Paprika, Tomaten, Zwiebeln, Knoblauch)<\/p>\n<p><strong>Nachspeise:<br \/>\n<\/strong><\/p>\n<\/div>\n<div style=\"text-align: center;\">\n<p>Apple-Pie Tiramisu<br \/>\nmit Mascarpone, Mandeln, Frischk\u00e4se, Joghurt, Eierlik\u00f6r, \u00c4pfeln<\/p>\n<\/div>\n<div style=\"text-align: center;\"><\/div>\n<\/td>\n<\/tr>\n<\/tbody>\n<\/table>\n<h3 style=\"text-align: center;\">27. &#8211; 30.11.2015: Unser Weihnachtsdinner 2015:<\/h3>\n<p style=\"text-align: justify;\"><a href=\"https:\/\/i0.wp.com\/www.linden-theater-frechen.de\/wp-content\/uploads\/2015\/05\/Royal-Night-Logo-D.jpg?ssl=1\"><img data-recalc-dims=\"1\" loading=\"lazy\" decoding=\"async\" class=\"aligncenter wp-image-6296\" src=\"https:\/\/i0.wp.com\/www.linden-theater-frechen.de\/wp-content\/uploads\/2015\/05\/Royal-Night-Logo-D.jpg?resize=493%2C103&#038;ssl=1\" alt=\"Royal Night Logo D\" width=\"493\" height=\"103\" srcset=\"https:\/\/i0.wp.com\/www.linden-theater-frechen.de\/wp-content\/uploads\/2015\/05\/Royal-Night-Logo-D.jpg?w=866&amp;ssl=1 866w, https:\/\/i0.wp.com\/www.linden-theater-frechen.de\/wp-content\/uploads\/2015\/05\/Royal-Night-Logo-D.jpg?resize=150%2C31&amp;ssl=1 150w, https:\/\/i0.wp.com\/www.linden-theater-frechen.de\/wp-content\/uploads\/2015\/05\/Royal-Night-Logo-D.jpg?resize=300%2C63&amp;ssl=1 300w, https:\/\/i0.wp.com\/www.linden-theater-frechen.de\/wp-content\/uploads\/2015\/05\/Royal-Night-Logo-D.jpg?resize=400%2C84&amp;ssl=1 400w\" sizes=\"auto, (max-width: 493px) 100vw, 493px\" \/><\/a><a href=\"https:\/\/www.linden-theater-frechen.de\/wp-content\/uploads\/2014\/08\/Hans-Logo.jpg\"><br \/>\n<\/a>F\u00fcr die dunkle Jahreszeit hatten wir als Dinnerfilm eine charmante englische Kom\u00f6die ausgew\u00e4hlt. &#8222;A Royal Night &#8211; Ein K\u00f6nigliches Vergn\u00fcgen&#8220; bedient sich der wahren Begebenheit, dass am Abend des Endes des zweiten Weltkrieges die jungen englischen Prinzessinnen Elisabeth und Margaret f\u00fcr einige Stunden aus dem Buckinghampalast verschwunden gewesen sein sollen und spinnt daraus eine liebenswerte Geschichte, wie sich die jungen, unerfahrenen Royals einer au\u00dfergew\u00f6hnlichen Nacht im vom Krieg befreiten London stellen. Das Men\u00fc von Thomas Schwieger und seinem Team vom Hotel Durst hatte sowohl britische als auch weihnachtliche Ankl\u00e4nge.<\/p>\n<table width=\"100%\">\n<tbody>\n<tr>\n<td>\n<h3>Der Film:<\/h3>\n<h2><a href=\"https:\/\/i0.wp.com\/www.linden-theater-frechen.de\/wp-content\/uploads\/2015\/05\/Royal-Night-Poster.jpg?ssl=1\"><img data-recalc-dims=\"1\" loading=\"lazy\" decoding=\"async\" class=\"alignright wp-image-6298\" src=\"https:\/\/i0.wp.com\/www.linden-theater-frechen.de\/wp-content\/uploads\/2015\/05\/Royal-Night-Poster.jpg?resize=150%2C212&#038;ssl=1\" alt=\"Royal Night Poster\" width=\"150\" height=\"212\" srcset=\"https:\/\/i0.wp.com\/www.linden-theater-frechen.de\/wp-content\/uploads\/2015\/05\/Royal-Night-Poster.jpg?resize=212%2C300&amp;ssl=1 212w, https:\/\/i0.wp.com\/www.linden-theater-frechen.de\/wp-content\/uploads\/2015\/05\/Royal-Night-Poster.jpg?resize=106%2C150&amp;ssl=1 106w, https:\/\/i0.wp.com\/www.linden-theater-frechen.de\/wp-content\/uploads\/2015\/05\/Royal-Night-Poster.jpg?w=566&amp;ssl=1 566w, https:\/\/i0.wp.com\/www.linden-theater-frechen.de\/wp-content\/uploads\/2015\/05\/Royal-Night-Poster.jpg?resize=400%2C565&amp;ssl=1 400w\" sizes=\"auto, (max-width: 150px) 100vw, 150px\" \/><\/a>A Royal Night &#8211; Ein k\u00f6nigliches Vergn\u00fcgen<\/h2>\n<p style=\"text-align: justify;\"><strong>Kom\u00f6die\/Biopic: <\/strong>8. Mai 1945. In Gro\u00dfbritannien feiert man das Ende des Zweiten Weltkriegs, die Stra\u00dfen Londons sind voller jubelnder Menschen. Unter ihnen befinden sich auch die Prinzessinnen Margaret und Elizabeth, die sich von einem Ball davongeschlichen haben. Als die Teenager sich in der Menge aus den Augen verlieren, bittet Elizabeth Jack, einen jungen Soldaten aus der Arbeiterklasse, ihr bei der Suche nach Margaret zu helfen. Der Beginn einer ereignisreichen Reise durch die Nacht &#8211; pr\u00e4gend f\u00fcr die zuk\u00fcnftige Monarchin.<\/p>\n<p style=\"text-align: justify;\">Eine m\u00e4rchenhafte &#8222;Was w\u00e4re wenn&#8220;-Geschichte erz\u00e4hlt der in historischen Stoffen versierte Julian Jarrold und spinnt bekannte Fakten &#8211; die beiden Royals waren tats\u00e4chlich ein paar Stunden verschwunden &#8211; mit Fantasie weiter.<\/p>\n<p style=\"text-align: justify;\"><strong>GB<\/strong> 2015, <strong>Originaltitel:<\/strong> A Royal Night Out, <strong>Regie: <\/strong>Julian Jarrold, <strong>Darsteller: <\/strong>Sarah Gadon (Prinzessin Elizabeth), Bel Powley (Prinzessin Margaret), Jack Reynor (Jack), Emily Watson (K\u00f6nigin Elizabeth), Rupert Everett (K\u00f6nig George), Jack Laskey (Captain Pryce), Jack Gordon (Lieutenant Burridge), Geoffrey Streatfeild (Jeffers), Roger Allam (Stan)<\/p>\n<p><strong>Laufzeit:<\/strong> 97 Min, <strong>FSK:<\/strong> ab 6 Jahre<\/p>\n<p><a title=\"Filmseite\" href=\"https:\/\/www.aroyalnight-film.de\/home\/\" target=\"_blank\" rel=\"noopener noreferrer\"><strong>Offizielle Filmseite <\/strong><\/a><strong>&#8211; <a title=\"Trailer + Filminfos\" href=\"https:\/\/www.kino.de\/film\/a-royal-night-ein-koenigliches-vergnuegen-2015\/\" target=\"_blank\" rel=\"noopener noreferrer\">Trailer und weitere Filminfos<\/a> <\/strong><\/td>\n<\/tr>\n<\/tbody>\n<\/table>\n<table width=\"100%\">\n<tbody>\n<tr>\n<td style=\"text-align: center;\"><a href=\"https:\/\/i0.wp.com\/www.linden-theater-frechen.de\/wp-content\/uploads\/2015\/05\/Royal-Night-Logo-D.jpg?ssl=1\"><img data-recalc-dims=\"1\" loading=\"lazy\" decoding=\"async\" class=\"aligncenter wp-image-6296\" src=\"https:\/\/i0.wp.com\/www.linden-theater-frechen.de\/wp-content\/uploads\/2015\/05\/Royal-Night-Logo-D.jpg?resize=352%2C74&#038;ssl=1\" alt=\"Royal Night Logo D\" width=\"352\" height=\"74\" srcset=\"https:\/\/i0.wp.com\/www.linden-theater-frechen.de\/wp-content\/uploads\/2015\/05\/Royal-Night-Logo-D.jpg?resize=300%2C63&amp;ssl=1 300w, https:\/\/i0.wp.com\/www.linden-theater-frechen.de\/wp-content\/uploads\/2015\/05\/Royal-Night-Logo-D.jpg?resize=150%2C31&amp;ssl=1 150w, https:\/\/i0.wp.com\/www.linden-theater-frechen.de\/wp-content\/uploads\/2015\/05\/Royal-Night-Logo-D.jpg?resize=400%2C84&amp;ssl=1 400w, https:\/\/i0.wp.com\/www.linden-theater-frechen.de\/wp-content\/uploads\/2015\/05\/Royal-Night-Logo-D.jpg?w=866&amp;ssl=1 866w\" sizes=\"auto, (max-width: 352px) 100vw, 352px\" \/><\/a><a href=\"https:\/\/i0.wp.com\/www.linden-theater-frechen.de\/wp-content\/uploads\/2015\/05\/Royal-Night-Bild-01.jpg?ssl=1\"><img data-recalc-dims=\"1\" loading=\"lazy\" decoding=\"async\" class=\"aligncenter wp-image-6329\" src=\"https:\/\/i0.wp.com\/www.linden-theater-frechen.de\/wp-content\/uploads\/2015\/05\/Royal-Night-Bild-01.jpg?resize=345%2C319&#038;ssl=1\" alt=\"Royal Night Bild 01\" width=\"345\" height=\"319\" srcset=\"https:\/\/i0.wp.com\/www.linden-theater-frechen.de\/wp-content\/uploads\/2015\/05\/Royal-Night-Bild-01.jpg?resize=300%2C277&amp;ssl=1 300w, https:\/\/i0.wp.com\/www.linden-theater-frechen.de\/wp-content\/uploads\/2015\/05\/Royal-Night-Bild-01.jpg?resize=150%2C139&amp;ssl=1 150w, https:\/\/i0.wp.com\/www.linden-theater-frechen.de\/wp-content\/uploads\/2015\/05\/Royal-Night-Bild-01.jpg?resize=400%2C370&amp;ssl=1 400w, https:\/\/i0.wp.com\/www.linden-theater-frechen.de\/wp-content\/uploads\/2015\/05\/Royal-Night-Bild-01.jpg?w=649&amp;ssl=1 649w\" sizes=\"auto, (max-width: 345px) 100vw, 345px\" \/><\/a><\/td>\n<td style=\"text-align: center;\">\n<h2 style=\"text-align: center;\">Unser k\u00f6niglich-weihnachtliches Men\u00fc:<\/h2>\n<div style=\"text-align: center;\">\n<p><strong>Vorspeise:<\/strong><\/p>\n<p>Potatoe-Cream-Soup<br \/>\nmit Schinken-Grissini<\/p>\n<p><strong>Hauptspeisen:<\/strong><\/p>\n<p>Roast Venison (Hirschbraten)<br \/>\nan Serviettenkn\u00f6del mit Pfifferling-Rotweinsauce<br \/>\nund Apfel-Rotkohl<\/p>\n<p><strong>oder<\/strong><\/p>\n<p>Atlantik-Lachs<br \/>\nauf Kartoffelscheiben und Julienne-Gem\u00fcse im Pergaments\u00e4ckchen<\/p>\n<p><strong>oder<\/strong><\/p>\n<p>Gem\u00fcsestrudel<br \/>\nBl\u00e4tterteig gef\u00fcllt mit Broccoli-Paprika<br \/>\nKr\u00e4uterfrischk\u00e4se, Eiern und geriebenem K\u00e4se<\/p>\n<p><strong>Nachspeise:<br \/>\n<\/strong><\/p>\n<\/div>\n<div style=\"text-align: center;\">\n<p>Advents-Tiramisu<br \/>\nmit Beeren, Honigkuchen und Amaretto<\/p>\n<\/div>\n<\/td>\n<\/tr>\n<\/tbody>\n<\/table>\n<h3 style=\"text-align: center;\">28. &#8211; 30.08.2015: Unser Herbstdinner 2015:<\/h3>\n<p style=\"text-align: center;\"><a href=\"https:\/\/i0.wp.com\/www.linden-theater-frechen.de\/wp-content\/uploads\/2015\/05\/Kiss-the-cook-Logo.jpg?ssl=1\"><img data-recalc-dims=\"1\" loading=\"lazy\" decoding=\"async\" class=\" wp-image-6073 aligncenter\" src=\"https:\/\/i0.wp.com\/www.linden-theater-frechen.de\/wp-content\/uploads\/2015\/05\/Kiss-the-cook-Logo.jpg?resize=207%2C200&#038;ssl=1\" alt=\"Kiss the cook Logo\" width=\"207\" height=\"200\" srcset=\"https:\/\/i0.wp.com\/www.linden-theater-frechen.de\/wp-content\/uploads\/2015\/05\/Kiss-the-cook-Logo.jpg?resize=300%2C290&amp;ssl=1 300w, https:\/\/i0.wp.com\/www.linden-theater-frechen.de\/wp-content\/uploads\/2015\/05\/Kiss-the-cook-Logo.jpg?resize=150%2C145&amp;ssl=1 150w, https:\/\/i0.wp.com\/www.linden-theater-frechen.de\/wp-content\/uploads\/2015\/05\/Kiss-the-cook-Logo.jpg?resize=400%2C387&amp;ssl=1 400w, https:\/\/i0.wp.com\/www.linden-theater-frechen.de\/wp-content\/uploads\/2015\/05\/Kiss-the-cook-Logo.jpg?w=499&amp;ssl=1 499w\" sizes=\"auto, (max-width: 207px) 100vw, 207px\" \/><\/a><a href=\"https:\/\/www.linden-theater-frechen.de\/wp-content\/uploads\/2014\/08\/Hans-Logo.jpg\"><br \/>\n<\/a>Eigentlich war es unser zweites Sommer-Dinner, denn f\u00fcr den Herbst waren wir vom Termin her etwas zu fr\u00fch dran, und auch der Film verspr\u00fchte eher Sommer-Feeling &#8211; die Feelgood-Kom\u00f6die &#8222;Kiss The Cook &#8211; So schmeckt das Leben&#8220; von und mit Jon Favreau, \u00fcber einen Chefkoch, der nach seinem Rausschmiss einen alten Food-Truck aufmotzt, kubanische Spezialit\u00e4ten verkauft und sowohl neue Lebensfreude als auch eine bessere Beziehung zu seinem Sohn findet. Thomas Schwieger und sein Team vom Hotel Durst orientierten sich passend zum Film an Rezepten der Street-Food-K\u00fcche&#8230;<\/p>\n<table width=\"100%\">\n<tbody>\n<tr>\n<td>\n<h3>Der Film:<\/h3>\n<h2><a href=\"https:\/\/i0.wp.com\/www.linden-theater-frechen.de\/wp-content\/uploads\/2015\/05\/Kiss-the-cook-Poster-A.jpg?ssl=1\"><img data-recalc-dims=\"1\" loading=\"lazy\" decoding=\"async\" class=\"alignright wp-image-6072\" src=\"https:\/\/i0.wp.com\/www.linden-theater-frechen.de\/wp-content\/uploads\/2015\/05\/Kiss-the-cook-Poster-A.jpg?resize=150%2C212&#038;ssl=1\" alt=\"Kiss the cook Poster A\" width=\"150\" height=\"212\" srcset=\"https:\/\/i0.wp.com\/www.linden-theater-frechen.de\/wp-content\/uploads\/2015\/05\/Kiss-the-cook-Poster-A.jpg?resize=212%2C300&amp;ssl=1 212w, https:\/\/i0.wp.com\/www.linden-theater-frechen.de\/wp-content\/uploads\/2015\/05\/Kiss-the-cook-Poster-A.jpg?resize=106%2C150&amp;ssl=1 106w, https:\/\/i0.wp.com\/www.linden-theater-frechen.de\/wp-content\/uploads\/2015\/05\/Kiss-the-cook-Poster-A.jpg?w=565&amp;ssl=1 565w, https:\/\/i0.wp.com\/www.linden-theater-frechen.de\/wp-content\/uploads\/2015\/05\/Kiss-the-cook-Poster-A.jpg?resize=400%2C566&amp;ssl=1 400w\" sizes=\"auto, (max-width: 150px) 100vw, 150px\" \/><\/a>Kiss The Cook &#8211; So schmeckt das Leben<\/h2>\n<p style=\"text-align: justify;\"><strong>Kom\u00f6die: <\/strong>Carl Casper, Chefkoch eines schicken Restaurants in L.A., darf auf Anweisung des Restaurantbesitzers keine neuen Men\u00fcs kreieren, sondern muss immer wieder die altbekannten Rezepte kochen. Ein Verriss eines Restaurantkritikers gipfelt in einer unbedachten Auseinandersetzung in den sozialen Medien, und Carl verliert seinen Job. Auf Anraten seiner Exfrau kauft er in Miami einen alten Imbisswagen und motzt ihn zum Food-Truck auf. Die Idee, kubanische Sandwiches anzubieten, bringt ihm auf seiner Tour von Miami zur\u00fcck nach L.A. im gesamten Land viel Aufmerksamkeit. Auf der Reise findet Carl wieder neue Lebensfreude und baut eine bessere Beziehung zu seinem ihm entfremdeten Sohn Percy,der ihn auf der Fahrt begleitet, auf.<\/p>\n<p style=\"text-align: justify;\">&#8222;Iron Man&#8220;-Regisseur Jon Favreau serviert dem Publikum eine k\u00f6stlich-charmante kulinarische Kom\u00f6die.<\/p>\n<p style=\"text-align: justify;\"><strong>USA<\/strong> 2014, <strong>Originaltitel:<\/strong> Chef, <strong>Regie: <\/strong>Jon Favreau, <strong>Darsteller: <\/strong>Jon Favreau (Carl Casper), Scarlett Johansson (Molly), Robert Downey Jr. (Marvin), Sofia Vergara (Inez), Dustin Hoffman (Riva), John Leguizamo (Martin), Bobby Cannavale (Tony), Oliver Platt (Ramsey Michel), Emjay Anthony (Percy)<\/p>\n<p><strong>Laufzeit:<\/strong> 114 Min, <strong>FSK:<\/strong> ab 6 Jahre<\/p>\n<p><a title=\"Filmseite\" href=\"https:\/\/www.kissthecook-film.de\/\" target=\"_blank\" rel=\"noopener noreferrer\"><strong>Offizielle Filmseite <\/strong><\/a><strong>&#8211; <a title=\"Trailer + Filminfos\" href=\"https:\/\/www.kino.de\/kinofilm\/kiss-the-cook-so-schmeckt-das-leben\/150732\" target=\"_blank\" rel=\"noopener noreferrer\">Trailer und weitere Filminfos<\/a> <\/strong><\/td>\n<\/tr>\n<\/tbody>\n<\/table>\n<table width=\"100%\">\n<tbody>\n<tr>\n<td style=\"text-align: center;\"><a href=\"https:\/\/i0.wp.com\/www.linden-theater-frechen.de\/wp-content\/uploads\/2015\/05\/11246256_1446989112266210_8773210824611894192_n.jpg?ssl=1\"><img data-recalc-dims=\"1\" loading=\"lazy\" decoding=\"async\" class=\" wp-image-6131 aligncenter\" src=\"https:\/\/i0.wp.com\/www.linden-theater-frechen.de\/wp-content\/uploads\/2015\/05\/11246256_1446989112266210_8773210824611894192_n.jpg?resize=221%2C202&#038;ssl=1\" alt=\"11246256_1446989112266210_8773210824611894192_n\" width=\"221\" height=\"202\" srcset=\"https:\/\/i0.wp.com\/www.linden-theater-frechen.de\/wp-content\/uploads\/2015\/05\/11246256_1446989112266210_8773210824611894192_n.jpg?resize=300%2C274&amp;ssl=1 300w, https:\/\/i0.wp.com\/www.linden-theater-frechen.de\/wp-content\/uploads\/2015\/05\/11246256_1446989112266210_8773210824611894192_n.jpg?resize=150%2C137&amp;ssl=1 150w, https:\/\/i0.wp.com\/www.linden-theater-frechen.de\/wp-content\/uploads\/2015\/05\/11246256_1446989112266210_8773210824611894192_n.jpg?resize=877%2C800&amp;ssl=1 877w, https:\/\/i0.wp.com\/www.linden-theater-frechen.de\/wp-content\/uploads\/2015\/05\/11246256_1446989112266210_8773210824611894192_n.jpg?resize=400%2C365&amp;ssl=1 400w, https:\/\/i0.wp.com\/www.linden-theater-frechen.de\/wp-content\/uploads\/2015\/05\/11246256_1446989112266210_8773210824611894192_n.jpg?w=960&amp;ssl=1 960w\" sizes=\"auto, (max-width: 221px) 100vw, 221px\" \/><\/a> <a href=\"https:\/\/i0.wp.com\/www.linden-theater-frechen.de\/wp-content\/uploads\/2015\/05\/Chef-3a.jpg?ssl=1\"><img data-recalc-dims=\"1\" loading=\"lazy\" decoding=\"async\" class=\" wp-image-6130 aligncenter\" src=\"https:\/\/i0.wp.com\/www.linden-theater-frechen.de\/wp-content\/uploads\/2015\/05\/Chef-3a.jpg?resize=221%2C145&#038;ssl=1\" alt=\"Chef-3a\" width=\"221\" height=\"145\" srcset=\"https:\/\/i0.wp.com\/www.linden-theater-frechen.de\/wp-content\/uploads\/2015\/05\/Chef-3a.jpg?resize=300%2C196&amp;ssl=1 300w, https:\/\/i0.wp.com\/www.linden-theater-frechen.de\/wp-content\/uploads\/2015\/05\/Chef-3a.jpg?resize=150%2C98&amp;ssl=1 150w, https:\/\/i0.wp.com\/www.linden-theater-frechen.de\/wp-content\/uploads\/2015\/05\/Chef-3a.jpg?resize=400%2C261&amp;ssl=1 400w, https:\/\/i0.wp.com\/www.linden-theater-frechen.de\/wp-content\/uploads\/2015\/05\/Chef-3a.jpg?w=610&amp;ssl=1 610w\" sizes=\"auto, (max-width: 221px) 100vw, 221px\" \/><\/a><a href=\"https:\/\/i0.wp.com\/www.linden-theater-frechen.de\/wp-content\/uploads\/2015\/05\/11265203_1446988082266313_7607260648063514895_n.jpg?ssl=1\"><img data-recalc-dims=\"1\" loading=\"lazy\" decoding=\"async\" class=\" wp-image-6132 aligncenter\" src=\"https:\/\/i0.wp.com\/www.linden-theater-frechen.de\/wp-content\/uploads\/2015\/05\/11265203_1446988082266313_7607260648063514895_n.jpg?resize=221%2C202&#038;ssl=1\" alt=\"11265203_1446988082266313_7607260648063514895_n\" width=\"221\" height=\"202\" srcset=\"https:\/\/i0.wp.com\/www.linden-theater-frechen.de\/wp-content\/uploads\/2015\/05\/11265203_1446988082266313_7607260648063514895_n.jpg?resize=300%2C274&amp;ssl=1 300w, https:\/\/i0.wp.com\/www.linden-theater-frechen.de\/wp-content\/uploads\/2015\/05\/11265203_1446988082266313_7607260648063514895_n.jpg?resize=150%2C137&amp;ssl=1 150w, https:\/\/i0.wp.com\/www.linden-theater-frechen.de\/wp-content\/uploads\/2015\/05\/11265203_1446988082266313_7607260648063514895_n.jpg?resize=877%2C800&amp;ssl=1 877w, https:\/\/i0.wp.com\/www.linden-theater-frechen.de\/wp-content\/uploads\/2015\/05\/11265203_1446988082266313_7607260648063514895_n.jpg?resize=400%2C365&amp;ssl=1 400w, https:\/\/i0.wp.com\/www.linden-theater-frechen.de\/wp-content\/uploads\/2015\/05\/11265203_1446988082266313_7607260648063514895_n.jpg?w=960&amp;ssl=1 960w\" sizes=\"auto, (max-width: 221px) 100vw, 221px\" \/><\/a><\/td>\n<td style=\"text-align: center;\">\n<h2 style=\"text-align: center;\">Unser-Street-Food-Men\u00fc:<\/h2>\n<div style=\"text-align: center;\">\n<p><strong>Vorspeise:<\/strong><\/p>\n<p>Anholt-Ryste-Salat<br \/>\nmit Avocado, Oliven\u00f6l, Matjesfilet und Schwarzbrotw\u00fcrfeln<\/p>\n<p><strong>Hauptspeisen:<\/strong><\/p>\n<p>BBQ-Puten-Spie\u00dfe mit Salsa-Verde<br \/>\ndazu Folienkartoffel mit Schnittlauch-Knobi-Quark<\/p>\n<p><strong>oder<\/strong><\/p>\n<p>Fischfilet im Strandby-Couscousmantel mit Pfirsich-Chutney<br \/>\ndazu Folienkartoffel mit Schnittlauch-Knobi-Quark<\/p>\n<p><strong>oder<\/strong><\/p>\n<p>(Veggie)<br \/>\nTortilla-Auflauf<br \/>\nmit Rahmfrischk\u00e4se, Sauerkraut Lauchzwiebeln und Paprika<\/p>\n<p><strong>Nachspeise:<br \/>\n<\/strong><\/p>\n<\/div>\n<div style=\"text-align: center;\">\n<p>Kirschkuchen im Glas<\/p>\n<\/div>\n<\/td>\n<\/tr>\n<\/tbody>\n<\/table>\n<h3 style=\"text-align: center;\">12. &#8211; 15.06.2015: Unser Sommerdinner 2015:<\/h3>\n<p style=\"text-align: center;\"><a href=\"https:\/\/i0.wp.com\/www.linden-theater-frechen.de\/wp-content\/uploads\/2015\/04\/Best-Exotic_Marigold-Hotel_2_Titellogo_1400.jpg?ssl=1\"><img data-recalc-dims=\"1\" loading=\"lazy\" decoding=\"async\" class=\"aligncenter size-medium wp-image-5938\" src=\"https:\/\/i0.wp.com\/www.linden-theater-frechen.de\/wp-content\/uploads\/2015\/04\/Best-Exotic_Marigold-Hotel_2_Titellogo_1400.jpg?resize=300%2C124&#038;ssl=1\" alt=\"Best-Exotic_Marigold Hotel_2_Titellogo_1400\" width=\"300\" height=\"124\" srcset=\"https:\/\/i0.wp.com\/www.linden-theater-frechen.de\/wp-content\/uploads\/2015\/04\/Best-Exotic_Marigold-Hotel_2_Titellogo_1400.jpg?resize=300%2C124&amp;ssl=1 300w, https:\/\/i0.wp.com\/www.linden-theater-frechen.de\/wp-content\/uploads\/2015\/04\/Best-Exotic_Marigold-Hotel_2_Titellogo_1400.jpg?resize=150%2C62&amp;ssl=1 150w, https:\/\/i0.wp.com\/www.linden-theater-frechen.de\/wp-content\/uploads\/2015\/04\/Best-Exotic_Marigold-Hotel_2_Titellogo_1400.jpg?resize=1024%2C423&amp;ssl=1 1024w, https:\/\/i0.wp.com\/www.linden-theater-frechen.de\/wp-content\/uploads\/2015\/04\/Best-Exotic_Marigold-Hotel_2_Titellogo_1400.jpg?resize=400%2C165&amp;ssl=1 400w, https:\/\/i0.wp.com\/www.linden-theater-frechen.de\/wp-content\/uploads\/2015\/04\/Best-Exotic_Marigold-Hotel_2_Titellogo_1400.jpg?w=1400&amp;ssl=1 1400w, https:\/\/i0.wp.com\/www.linden-theater-frechen.de\/wp-content\/uploads\/2015\/04\/Best-Exotic_Marigold-Hotel_2_Titellogo_1400.jpg?w=1280&amp;ssl=1 1280w\" sizes=\"auto, (max-width: 300px) 100vw, 300px\" \/><\/a><a href=\"https:\/\/www.linden-theater-frechen.de\/wp-content\/uploads\/2014\/08\/Hans-Logo.jpg\"><br \/>\n<\/a>Das &#8222;Best Exotic Marigold Hotel 2&#8220; l\u00e4utete mit fern\u00f6stlichen Bildern den Sommer ein. Nach dem \u00dcberraschungserfolg aus 2012 gab es ein Wiedersehen mit Sonny Kapoor und seinen britischen Dauerg\u00e4sten. Das Team des &#8222;Best Extotic Hotel Durst&#8220; hatte zum Film ein indisch-britisches Men\u00fc entworfen.<\/p>\n<table width=\"100%\">\n<tbody>\n<tr>\n<td>\n<h2><a href=\"https:\/\/i0.wp.com\/www.linden-theater-frechen.de\/wp-content\/uploads\/2015\/04\/BestExoticMarigoldHotel2_Poster.jpg?ssl=1\"><img data-recalc-dims=\"1\" loading=\"lazy\" decoding=\"async\" class=\"alignright wp-image-5939\" src=\"https:\/\/i0.wp.com\/www.linden-theater-frechen.de\/wp-content\/uploads\/2015\/04\/BestExoticMarigoldHotel2_Poster.jpg?resize=150%2C212&#038;ssl=1\" alt=\"BestExoticMarigoldHotel2_Poster\" width=\"150\" height=\"212\" srcset=\"https:\/\/i0.wp.com\/www.linden-theater-frechen.de\/wp-content\/uploads\/2015\/04\/BestExoticMarigoldHotel2_Poster.jpg?resize=212%2C300&amp;ssl=1 212w, https:\/\/i0.wp.com\/www.linden-theater-frechen.de\/wp-content\/uploads\/2015\/04\/BestExoticMarigoldHotel2_Poster.jpg?resize=106%2C150&amp;ssl=1 106w, https:\/\/i0.wp.com\/www.linden-theater-frechen.de\/wp-content\/uploads\/2015\/04\/BestExoticMarigoldHotel2_Poster.jpg?w=565&amp;ssl=1 565w, https:\/\/i0.wp.com\/www.linden-theater-frechen.de\/wp-content\/uploads\/2015\/04\/BestExoticMarigoldHotel2_Poster.jpg?resize=400%2C566&amp;ssl=1 400w\" sizes=\"auto, (max-width: 150px) 100vw, 150px\" \/><\/a>Best Exotic Marigold Hotel 2<\/h2>\n<p style=\"text-align: justify;\"><strong>Tragikom\u00f6die: <\/strong>W\u00e4hrend der indische Jungmanager Sonny sein erfolgreiches Gesch\u00e4ftsmodell erweitern will und Investoren f\u00fcr den Ankauf eines zweiten Marigold Hotels sucht, vernachl\u00e4ssigt er seine Verlobte und die Vorbereitungen f\u00fcr die bevorstehende Hochzeit. So kann ein m\u00f6glicher romantischer Konkurrent punkten, der auch gesch\u00e4ftlich in sein Revier eindringt. Parallel dazu versuchen zwei alte, einsame britische G\u00e4ste von Sonnys in die Jahre gekommenen, aber charmanten Hotel den Mut aufzubringen, einander das Offensichtliche einzugestehen.<\/p>\n<p style=\"text-align: justify;\">Fortsetzung der erfolgreichen Kulturbegegnungskom\u00f6die, in der britische Senioren um die Liebe und ein indischer Jungmanager um die Erweiterung seines Gesch\u00e4ftsmodells k\u00e4mpfen.<\/p>\n<p style=\"text-align: justify;\"><strong>GB\/USA<\/strong> 2014, <strong>Originaltitel:<\/strong> The Second Best Exotic Marigold Hotel, <strong>Regie: <\/strong>John Madden, <strong>Darsteller: <\/strong>Judi Dench (Evelyn Greenslade), Maggie Smith (Muriel Donnelly), Bill Nighy (Douglas Ainslie), Dev Patel (Sonny Kapoor), Celia Imrie (Madge Hardcastle), Penelope Wilton (Jean Ainslie), Ronald Pickup (Norman Cousins), Tena Desae (Sunaina), Diana Hardcastle (Carol Parr)<\/p>\n<p><strong>Laufzeit:<\/strong> 123 Min, <strong>FSK:<\/strong> ohne Altersbeschr\u00e4nkung<\/p>\n<p><a title=\"Filmseite\" href=\"https:\/\/www.fox.de\/best-exotic-marigold-hotel-2\" target=\"_blank\" rel=\"noopener noreferrer\"><strong>Offizielle Filmseite <\/strong><\/a><strong>&#8211; <a title=\"Trailer + Filminfos\" href=\"https:\/\/www.kino.de\/kinofilm\/best-exotic-marigold-hotel-2\/152899\" target=\"_blank\" rel=\"noopener noreferrer\">Trailer und weitere Filminfos<\/a> <\/strong><\/td>\n<\/tr>\n<\/tbody>\n<\/table>\n<table width=\"100%\">\n<tbody>\n<tr>\n<td style=\"text-align: center;\"><a href=\"https:\/\/i0.wp.com\/www.linden-theater-frechen.de\/wp-content\/uploads\/2015\/04\/Best-2-A.jpg?ssl=1\"><img data-recalc-dims=\"1\" loading=\"lazy\" decoding=\"async\" class=\"aligncenter size-medium wp-image-5940\" src=\"https:\/\/i0.wp.com\/www.linden-theater-frechen.de\/wp-content\/uploads\/2015\/04\/Best-2-A.jpg?resize=300%2C229&#038;ssl=1\" alt=\"Best 2 A\" width=\"300\" height=\"229\" srcset=\"https:\/\/i0.wp.com\/www.linden-theater-frechen.de\/wp-content\/uploads\/2015\/04\/Best-2-A.jpg?resize=300%2C229&amp;ssl=1 300w, https:\/\/i0.wp.com\/www.linden-theater-frechen.de\/wp-content\/uploads\/2015\/04\/Best-2-A.jpg?resize=150%2C114&amp;ssl=1 150w, https:\/\/i0.wp.com\/www.linden-theater-frechen.de\/wp-content\/uploads\/2015\/04\/Best-2-A.jpg?resize=400%2C305&amp;ssl=1 400w, https:\/\/i0.wp.com\/www.linden-theater-frechen.de\/wp-content\/uploads\/2015\/04\/Best-2-A.jpg?w=694&amp;ssl=1 694w\" sizes=\"auto, (max-width: 300px) 100vw, 300px\" \/><\/a><a href=\"https:\/\/i0.wp.com\/www.linden-theater-frechen.de\/wp-content\/uploads\/2015\/04\/Best-2-B.jpg?ssl=1\"><img data-recalc-dims=\"1\" loading=\"lazy\" decoding=\"async\" class=\"size-medium wp-image-5941\" src=\"https:\/\/i0.wp.com\/www.linden-theater-frechen.de\/wp-content\/uploads\/2015\/04\/Best-2-B.jpg?resize=300%2C266&#038;ssl=1\" alt=\"BEMH2_26905.jpg\" width=\"300\" height=\"266\" srcset=\"https:\/\/i0.wp.com\/www.linden-theater-frechen.de\/wp-content\/uploads\/2015\/04\/Best-2-B.jpg?resize=300%2C266&amp;ssl=1 300w, https:\/\/i0.wp.com\/www.linden-theater-frechen.de\/wp-content\/uploads\/2015\/04\/Best-2-B.jpg?resize=150%2C133&amp;ssl=1 150w, https:\/\/i0.wp.com\/www.linden-theater-frechen.de\/wp-content\/uploads\/2015\/04\/Best-2-B.jpg?w=903&amp;ssl=1 903w, https:\/\/i0.wp.com\/www.linden-theater-frechen.de\/wp-content\/uploads\/2015\/04\/Best-2-B.jpg?resize=400%2C354&amp;ssl=1 400w\" sizes=\"auto, (max-width: 300px) 100vw, 300px\" \/><\/a><\/td>\n<td style=\"text-align: center;\">\n<h2 style=\"text-align: center;\">Das Best Exotic British-Indian-Men\u00fc:<\/h2>\n<div style=\"text-align: center;\">\n<p><strong>Vorspeise:<\/strong><\/p>\n<p>K\u00fcrbissuppe &#8222;Indian Style&#8220;<br \/>\nverfeinert mit Garam Masala und Kokosmilch<\/p>\n<p><strong>Hauptspeisen:<\/strong><\/p>\n<p>Keema matar<br \/>\nmit Garam Masala, Kurkuma und Chili gew\u00fcrztes Hackfleisch mit Erbsen<br \/>\nan Reis<\/p>\n<p><strong>oder<\/strong><\/p>\n<p>Ochsen-Hachse<br \/>\nim Sud mit gr\u00fcnen Bohnen gegart,<br \/>\ndazu in Butter geschwenkte Petersilien-Kartoffeln<\/p>\n<p><strong>oder<\/strong><\/p>\n<p>Malai Kofta<br \/>\nVegetarische Frikadellen in w\u00fcrziger Kokosso\u00dfe<br \/>\nan Reis<\/p>\n<\/div>\n<div style=\"text-align: center;\"><strong>Nachspeise:<br \/>\n<\/strong><\/div>\n<div style=\"text-align: center;\">\n<p>Sommer-Trifle<br \/>\nmit Erdbeeren, Biskuits mit Madeira,<br \/>\nVanillepudding und Mascarpone<br \/>\n(alkoholhaltig)<\/p>\n<\/div>\n<\/td>\n<\/tr>\n<\/tbody>\n<\/table>\n<h3 style=\"text-align: center;\">06.03. -09.03.2015 &#8211; Unser Fr\u00fchjahrsdinner:<\/h3>\n<p style=\"text-align: center;\"><a href=\"https:\/\/i0.wp.com\/www.linden-theater-frechen.de\/wp-content\/uploads\/2015\/01\/Magic-in-the-moonlight-logo-klein.jpg?ssl=1\"><img data-recalc-dims=\"1\" loading=\"lazy\" decoding=\"async\" class=\"aligncenter size-medium wp-image-5569\" src=\"https:\/\/i0.wp.com\/www.linden-theater-frechen.de\/wp-content\/uploads\/2015\/01\/Magic-in-the-moonlight-logo-klein.jpg?resize=300%2C133&#038;ssl=1\" alt=\"Magic in the moonlight logo klein\" width=\"300\" height=\"133\" srcset=\"https:\/\/i0.wp.com\/www.linden-theater-frechen.de\/wp-content\/uploads\/2015\/01\/Magic-in-the-moonlight-logo-klein.jpg?resize=300%2C133&amp;ssl=1 300w, https:\/\/i0.wp.com\/www.linden-theater-frechen.de\/wp-content\/uploads\/2015\/01\/Magic-in-the-moonlight-logo-klein.jpg?resize=150%2C66&amp;ssl=1 150w, https:\/\/i0.wp.com\/www.linden-theater-frechen.de\/wp-content\/uploads\/2015\/01\/Magic-in-the-moonlight-logo-klein.jpg?resize=400%2C177&amp;ssl=1 400w, https:\/\/i0.wp.com\/www.linden-theater-frechen.de\/wp-content\/uploads\/2015\/01\/Magic-in-the-moonlight-logo-klein.jpg?w=903&amp;ssl=1 903w\" sizes=\"auto, (max-width: 300px) 100vw, 300px\" \/><\/a><a href=\"https:\/\/www.linden-theater-frechen.de\/wp-content\/uploads\/2014\/08\/Hans-Logo.jpg\"><br \/>\n<\/a>Das Dinnerjahr 2015 begann mit einer locker-leichten, die Fr\u00fchlingsgef\u00fchle weckenden Kom\u00f6die: Woody Allens neueste Kom\u00f6die &#8222;Magic in the Moonlight&#8220; spielt in den 1920er Jahren an der franz\u00f6sischen Riviera. Das Men\u00fc vom Hotel-Restaurant Durst war daher mediterran gehalten mit einem Hauch von fern\u00f6stlicher Magie des Illusionisten Wei Ling Soo.<\/p>\n<h3>Der Film:<\/h3>\n<h2><a href=\"https:\/\/i0.wp.com\/www.linden-theater-frechen.de\/wp-content\/uploads\/2015\/01\/Magic-in-the-Moonlight-poster.jpg?ssl=1\"><img data-recalc-dims=\"1\" loading=\"lazy\" decoding=\"async\" class=\"alignright wp-image-5566\" src=\"https:\/\/i0.wp.com\/www.linden-theater-frechen.de\/wp-content\/uploads\/2015\/01\/Magic-in-the-Moonlight-poster.jpg?resize=150%2C212&#038;ssl=1\" alt=\"Magic in the Moonlight - Poster 1\" width=\"150\" height=\"212\" srcset=\"https:\/\/i0.wp.com\/www.linden-theater-frechen.de\/wp-content\/uploads\/2015\/01\/Magic-in-the-Moonlight-poster.jpg?resize=212%2C300&amp;ssl=1 212w, https:\/\/i0.wp.com\/www.linden-theater-frechen.de\/wp-content\/uploads\/2015\/01\/Magic-in-the-Moonlight-poster.jpg?resize=106%2C150&amp;ssl=1 106w, https:\/\/i0.wp.com\/www.linden-theater-frechen.de\/wp-content\/uploads\/2015\/01\/Magic-in-the-Moonlight-poster.jpg?w=565&amp;ssl=1 565w, https:\/\/i0.wp.com\/www.linden-theater-frechen.de\/wp-content\/uploads\/2015\/01\/Magic-in-the-Moonlight-poster.jpg?resize=400%2C566&amp;ssl=1 400w\" sizes=\"auto, (max-width: 150px) 100vw, 150px\" \/><\/a>Magic In The Moonlight<\/h2>\n<p style=\"text-align: justify;\"><strong>Kom\u00f6die\/Romanze: <\/strong>Als chinesischer Zauberk\u00fcnstler Wei Ling Soo feiert der arrogant-k\u00fchle Engl\u00e4nder Stanley Crawford europaweit Erfolge. Der Mann, der nicht an spiritistische Spielereien glaubt, h\u00e4lt es f\u00fcr ein Leichtes, die junge Sophie Baker auf Bitte eines Freundes mit ihrer Hellseherei des Schwindels zu \u00fcberf\u00fchren. Die ist aber nicht leicht zu knacken und langsam verliert der Pragmatiker seine Skepsis, zumal die h\u00fcbsche Lady nicht nur mit \u00fcbersinnlichem Wissen und Kontakten zur Totenwelt punktet, sondern auch mit charmanter Verf\u00fchrungskunst.<\/p>\n<p style=\"text-align: justify;\">In Woody Allens romantischer Kom\u00f6die sorgen Colin Firth und Emma Stone im milden Licht der franz\u00f6sischen Riviera der 1920er Jahre f\u00fcr ein erotisches Funkenfeuerwerk.<\/p>\n<p style=\"text-align: justify;\"><strong>USA<\/strong> 2014, <strong>Originaltitel:<\/strong> Magic In The Moonlight, <strong>Regie: <\/strong>Woody Allen, <strong>Darsteller: <\/strong>Emma Stone (Sophie), Colin Firth (Stanley), Marcia Gay Harden (Mrs. Baker), Hamish Linklater (Brice), Jacki Weaver (Grace), Erica Leerhsen (Caroline), Eileen Atkins (Tante Vanessa), Simon McBurney (Howard Burkan), Ute Lemper (S\u00e4ngerin), Jeremy Shamos (George)<\/p>\n<p><strong>Laufzeit:<\/strong> 98 Min, <strong>FSK:<\/strong> ohne Altersbeschr\u00e4nkung<\/p>\n<p><strong><a title=\"Trailer\" href=\"https:\/\/www.kino.de\/kinofilm\/magic-in-the-moonlight\/152834\" target=\"_blank\" rel=\"noopener noreferrer\">Trailer ansehen<\/a> &#8211; <a title=\"Filminfos\" href=\"https:\/\/www.moviemaze.de\/filme\/6121\/magic-in-the-moonlight.html\" target=\"_blank\" rel=\"noopener noreferrer\">weitere Filminfos<\/a><\/strong><\/p>\n<table width=\"100%\">\n<tbody>\n<tr>\n<td style=\"text-align: center;\"><a href=\"https:\/\/i0.wp.com\/www.linden-theater-frechen.de\/wp-content\/uploads\/2015\/01\/Magic-Webseite-2.jpg?ssl=1\"><img data-recalc-dims=\"1\" loading=\"lazy\" decoding=\"async\" class=\" wp-image-5568 aligncenter\" src=\"https:\/\/i0.wp.com\/www.linden-theater-frechen.de\/wp-content\/uploads\/2015\/01\/Magic-Webseite-2.jpg?resize=333%2C363&#038;ssl=1\" alt=\"Magic Webseite 2\" width=\"333\" height=\"363\" srcset=\"https:\/\/i0.wp.com\/www.linden-theater-frechen.de\/wp-content\/uploads\/2015\/01\/Magic-Webseite-2.jpg?resize=275%2C300&amp;ssl=1 275w, https:\/\/i0.wp.com\/www.linden-theater-frechen.de\/wp-content\/uploads\/2015\/01\/Magic-Webseite-2.jpg?resize=137%2C150&amp;ssl=1 137w, https:\/\/i0.wp.com\/www.linden-theater-frechen.de\/wp-content\/uploads\/2015\/01\/Magic-Webseite-2.jpg?resize=400%2C437&amp;ssl=1 400w, https:\/\/i0.wp.com\/www.linden-theater-frechen.de\/wp-content\/uploads\/2015\/01\/Magic-Webseite-2.jpg?w=641&amp;ssl=1 641w\" sizes=\"auto, (max-width: 333px) 100vw, 333px\" \/><\/a><a href=\"https:\/\/i0.wp.com\/www.linden-theater-frechen.de\/wp-content\/uploads\/2015\/01\/Magic-Webseite-1.png?ssl=1\"><img data-recalc-dims=\"1\" loading=\"lazy\" decoding=\"async\" class=\" size-medium wp-image-5567 aligncenter\" src=\"https:\/\/i0.wp.com\/www.linden-theater-frechen.de\/wp-content\/uploads\/2015\/01\/Magic-Webseite-1.png?resize=300%2C200&#038;ssl=1\" alt=\"Magic Webseite 1\" width=\"300\" height=\"200\" srcset=\"https:\/\/i0.wp.com\/www.linden-theater-frechen.de\/wp-content\/uploads\/2015\/01\/Magic-Webseite-1.png?resize=300%2C200&amp;ssl=1 300w, https:\/\/i0.wp.com\/www.linden-theater-frechen.de\/wp-content\/uploads\/2015\/01\/Magic-Webseite-1.png?resize=150%2C100&amp;ssl=1 150w, https:\/\/i0.wp.com\/www.linden-theater-frechen.de\/wp-content\/uploads\/2015\/01\/Magic-Webseite-1.png?resize=400%2C266&amp;ssl=1 400w, https:\/\/i0.wp.com\/www.linden-theater-frechen.de\/wp-content\/uploads\/2015\/01\/Magic-Webseite-1.png?w=451&amp;ssl=1 451w\" sizes=\"auto, (max-width: 300px) 100vw, 300px\" \/><\/a><\/td>\n<td style=\"text-align: center;\">\n<h2 style=\"text-align: center;\">Das magische Mondscheinmen\u00fc:<\/h2>\n<div style=\"text-align: center;\">\n<p><strong>Vorspeise:<\/strong><\/p>\n<p>pikante asiatische Gem\u00fcsesuppe<\/p>\n<p><strong>Hauptspeisen:<\/strong><\/p>\n<p>Lammbraten an Ratatouille<br \/>\nmit Rosmarinkartoffeln<\/p>\n<p><strong>oder<\/strong><\/p>\n<p>Lachsfilet unter Senfcreme<br \/>\nmit Salzkartoffeln<\/p>\n<p><strong>oder<\/strong><\/p>\n<p>Vegetarische Backofenratatouille<\/p>\n<\/div>\n<div style=\"text-align: center;\"><strong>Nachspeise:<br \/>\n<\/strong><\/div>\n<div style=\"text-align: center;\">\n<p>Pflaumenwein-Mousse<br \/>\n(alkoholhaltig)<\/p>\n<\/div>\n<\/td>\n<\/tr>\n<\/tbody>\n<\/table>\n<h3 style=\"text-align: center;\">28.11. &#8211; 02.12.2014: Unser Weihnachtsdinner:<\/h3>\n<p style=\"text-align: justify;\"><a href=\"https:\/\/i0.wp.com\/www.linden-theater-frechen.de\/wp-content\/uploads\/2014\/10\/MalloryLogo.png?ssl=1\"><img data-recalc-dims=\"1\" loading=\"lazy\" decoding=\"async\" class=\"aligncenter wp-image-5348 size-medium\" src=\"https:\/\/i0.wp.com\/www.linden-theater-frechen.de\/wp-content\/uploads\/2014\/10\/MalloryLogo.png?resize=300%2C116&#038;ssl=1\" alt=\"MalloryLogo\" width=\"300\" height=\"116\" srcset=\"https:\/\/i0.wp.com\/www.linden-theater-frechen.de\/wp-content\/uploads\/2014\/10\/MalloryLogo.png?resize=300%2C116&amp;ssl=1 300w, https:\/\/i0.wp.com\/www.linden-theater-frechen.de\/wp-content\/uploads\/2014\/10\/MalloryLogo.png?resize=150%2C58&amp;ssl=1 150w, https:\/\/i0.wp.com\/www.linden-theater-frechen.de\/wp-content\/uploads\/2014\/10\/MalloryLogo.png?resize=400%2C155&amp;ssl=1 400w, https:\/\/i0.wp.com\/www.linden-theater-frechen.de\/wp-content\/uploads\/2014\/10\/MalloryLogo.png?w=729&amp;ssl=1 729w\" sizes=\"auto, (max-width: 300px) 100vw, 300px\" \/><\/a>In diesem Dezember wurde unser Flimmer-Dinner bereits 5 Jahre alt. Viele Filme und Men\u00fcs haben seit Dezember 2009 den Weg in unser au\u00dfergew\u00f6hnliches Event gefunden. F\u00fcr das diesj\u00e4hrige Weihnachtsdinner hatten wir uns eine besondere kulinarische Filmperle ausgesucht: Lasse Hallstr\u00f6ms &#8222;Madame Mallory und der Duft von Curry&#8220;. Der schwedische Regisseur, dem wir bereits Filme wie &#8222;Chocolat&#8220; und &#8222;Lachsfischen im Jemen&#8220; verdanken, inszeniert ein Feelgood-Movie im besten Sinne. Damit den G\u00e4sten von den im Film zubereiteten K\u00f6stlichkeiten nicht der Magen knurrte, pr\u00e4sentierte das Team vom Hotel Durst vor dem Film wie immer ein passendes Drei-G\u00e4nge-Men\u00fc.<\/p>\n<table width=\"100%\">\n<tbody>\n<tr>\n<td>\n<h3>Der Film:<\/h3>\n<h2><a href=\"https:\/\/i0.wp.com\/www.linden-theater-frechen.de\/wp-content\/uploads\/2014\/10\/Madame-Mallory-Poster.jpg?ssl=1\"><img data-recalc-dims=\"1\" loading=\"lazy\" decoding=\"async\" class=\"alignright wp-image-5349\" src=\"https:\/\/i0.wp.com\/www.linden-theater-frechen.de\/wp-content\/uploads\/2014\/10\/Madame-Mallory-Poster.jpg?resize=150%2C213&#038;ssl=1\" alt=\"Madame Mallory Poster\" width=\"150\" height=\"213\" srcset=\"https:\/\/i0.wp.com\/www.linden-theater-frechen.de\/wp-content\/uploads\/2014\/10\/Madame-Mallory-Poster.jpg?resize=211%2C300&amp;ssl=1 211w, https:\/\/i0.wp.com\/www.linden-theater-frechen.de\/wp-content\/uploads\/2014\/10\/Madame-Mallory-Poster.jpg?resize=105%2C150&amp;ssl=1 105w, https:\/\/i0.wp.com\/www.linden-theater-frechen.de\/wp-content\/uploads\/2014\/10\/Madame-Mallory-Poster.jpg?resize=400%2C567&amp;ssl=1 400w, https:\/\/i0.wp.com\/www.linden-theater-frechen.de\/wp-content\/uploads\/2014\/10\/Madame-Mallory-Poster.jpg?w=564&amp;ssl=1 564w\" sizes=\"auto, (max-width: 150px) 100vw, 150px\" \/><\/a>Madame Mallory und der Duft von Curry<\/h2>\n<p style=\"text-align: justify;\"><strong>Kom\u00f6die: <\/strong>Nach einer Trag\u00f6die versucht die indische Kadam-Familie um den Patriarchen Papa in Europa einen Neuanfang. Der Zufall f\u00fchrt den Familienverbund in eine s\u00fcdfranz\u00f6sische Gemeinde, wo es sich Papa in den Kopf setzt, ein indisches Restaurant auf der gegen\u00fcberliegenden Stra\u00dfenseite des piekfeinen, mit einem Michelin-Stern ausgezeichneten Edelrestaurants &#8222;La Saule Pleureur&#8220; zu er\u00f6ffnen. Dessen Besitzerin Madame Mallory ist alles andere als erfreut. Ein erbitterter Kleinkrieg entbrennt, bis Madame das au\u00dfergew\u00f6hnliche Talent von Sohn Hassan entdeckt.<\/p>\n<p style=\"text-align: justify;\">Haute Cuisine gegen orientalische Gew\u00fcrzvielfalt: Altmeister Lasse Hallstr\u00f6m (&#8222;Chocolat&#8220;, &#8222;Lachsfischen im Jemen&#8220;) liefert kulinarisches Wohlf\u00fchlkino der besonderen Art.<\/p>\n<p style=\"text-align: justify;\"><strong>USA<\/strong> 2014, <strong>Regie: <\/strong>Lasse Hallstr\u00f6m,<strong> Darsteller: <\/strong>Helen Mirren (Madame Mallory), Rohan Chand (junger Hassan Haji), Manish Dayal (Hassan Haji), Om Puri (Papa), Charlotte Le Bon (Marguerite), Amit Shah (Mansur), Farzana Dua Elahe (Mahira), Dillon Mitra (Mukthar Kadam)<\/p>\n<p><strong>Laufzeit:<\/strong> 122 Min, <strong>FSK:<\/strong> ohne Altersbeschr\u00e4nkung<\/p>\n<p style=\"text-align: left;\"><a title=\"Filmseite\" href=\"https:\/\/www.madame-mallory.de\/\" target=\"_blank\" rel=\"noopener noreferrer\"><strong>Offizielle Filmseite<\/strong><\/a><strong> &#8211; <a title=\"Trailer\" href=\"https:\/\/www.kino.de\/kinofilm\/madame-mallory-und-der-duft-von-curry\/152715\" target=\"_blank\" rel=\"noopener noreferrer\">Trailer ansehen<\/a> &#8211; <a title=\"Filminfos\" href=\"https:\/\/www.moviemaze.de\/filme\/6013\/the-hundred-foot-journey.html\" target=\"_blank\" rel=\"noopener noreferrer\">weitere Filminfos<\/a><\/strong><\/p>\n<\/td>\n<\/tr>\n<\/tbody>\n<\/table>\n<table width=\"100%\">\n<tbody>\n<tr>\n<td style=\"text-align: center;\"><a href=\"https:\/\/i0.wp.com\/www.linden-theater-frechen.de\/wp-content\/uploads\/2014\/10\/Mallory02.jpg?ssl=1\"><img data-recalc-dims=\"1\" loading=\"lazy\" decoding=\"async\" class=\"aligncenter wp-image-5351\" src=\"https:\/\/i0.wp.com\/www.linden-theater-frechen.de\/wp-content\/uploads\/2014\/10\/Mallory02.jpg?resize=462%2C388&#038;ssl=1\" alt=\"Mallory02\" width=\"462\" height=\"388\" srcset=\"https:\/\/i0.wp.com\/www.linden-theater-frechen.de\/wp-content\/uploads\/2014\/10\/Mallory02.jpg?w=753&amp;ssl=1 753w, https:\/\/i0.wp.com\/www.linden-theater-frechen.de\/wp-content\/uploads\/2014\/10\/Mallory02.jpg?resize=150%2C125&amp;ssl=1 150w, https:\/\/i0.wp.com\/www.linden-theater-frechen.de\/wp-content\/uploads\/2014\/10\/Mallory02.jpg?resize=300%2C251&amp;ssl=1 300w, https:\/\/i0.wp.com\/www.linden-theater-frechen.de\/wp-content\/uploads\/2014\/10\/Mallory02.jpg?resize=400%2C335&amp;ssl=1 400w\" sizes=\"auto, (max-width: 462px) 100vw, 462px\" \/><\/a><\/td>\n<td style=\"text-align: center;\">\n<h2 style=\"text-align: center;\">Das Men\u00fc:<\/h2>\n<div style=\"text-align: center;\">\n<p><strong>Vorspeise:<\/strong><\/p>\n<p>Blumenkohlsuppe &#8222;Chien M\u00e9chant&#8220;<br \/>\n(mit Kurkuma, Masala, Koriander)<\/p>\n<p><strong>Hauptspeisen:<\/strong><\/p>\n<p>B\u0153uf Bourguignon \u00e0 la Hassan<br \/>\navec boulettes<br \/>\nRindfleisch mit Rotwein, ger\u00e4uchertem Speck, braunen Champignons<br \/>\nan Kl\u00f6\u00dfen<br \/>\n(alkoholhaltig)<\/p>\n<p><strong>oder<\/strong><\/p>\n<p>Chicken Masala \u00e0 la Maison Mumbai<br \/>\nH\u00e4hnchen mit Kreuzk\u00fcmmel, Tomaten, Cashewkernen<br \/>\nan Reis<\/p>\n<p><strong>oder<\/strong><\/p>\n<p>Vegetarisches Kokos-Curry &#8222;Margu\u00e9rite&#8220;<br \/>\nmit Zucchini, Paprika, Blumenkohl, Kichererbsen<br \/>\nan Reis<\/p>\n<\/div>\n<div style=\"text-align: center;\"><strong>Nachspeise:<br \/>\n<\/strong><\/div>\n<div style=\"text-align: center;\">\n<p>Terrine &#8222;Madame Mallory&#8220;<br \/>\nCoulis de framboises avec flan de liqueur aux \u0153ufs<br \/>\n(Himbeerp\u00fcree mit Vanille-Eierlik\u00f6r-Pudding)<br \/>\n(alkoholhaltig)<\/p>\n<\/div>\n<\/td>\n<\/tr>\n<\/tbody>\n<\/table>\n<h3 style=\"text-align: center;\">26. &#8211; 29. September: unser Herbstdinner 2014<\/h3>\n<p style=\"text-align: justify;\"><a href=\"https:\/\/i0.wp.com\/www.linden-theater-frechen.de\/wp-content\/uploads\/2014\/08\/Hans-Logo.jpg?ssl=1\"><img data-recalc-dims=\"1\" loading=\"lazy\" decoding=\"async\" class=\"aligncenter wp-image-5122\" src=\"https:\/\/i0.wp.com\/www.linden-theater-frechen.de\/wp-content\/uploads\/2014\/08\/Hans-Logo.jpg?resize=208%2C133&#038;ssl=1\" alt=\"Hans Logo\" width=\"208\" height=\"133\" srcset=\"https:\/\/i0.wp.com\/www.linden-theater-frechen.de\/wp-content\/uploads\/2014\/08\/Hans-Logo.jpg?resize=300%2C192&amp;ssl=1 300w, https:\/\/i0.wp.com\/www.linden-theater-frechen.de\/wp-content\/uploads\/2014\/08\/Hans-Logo.jpg?resize=150%2C96&amp;ssl=1 150w, https:\/\/i0.wp.com\/www.linden-theater-frechen.de\/wp-content\/uploads\/2014\/08\/Hans-Logo.jpg?resize=400%2C257&amp;ssl=1 400w, https:\/\/i0.wp.com\/www.linden-theater-frechen.de\/wp-content\/uploads\/2014\/08\/Hans-Logo.jpg?w=423&amp;ssl=1 423w\" sizes=\"auto, (max-width: 208px) 100vw, 208px\" \/><br \/>\n<\/a>Das Publikum hatte entschieden. Im Juli hatten wir \u00fcber unseren Newsletter und \u00fcber die Facebookseite von Ihnen abstimmen lassen, welchen Film Sie zum n\u00e4chsten Dinner sehen m\u00f6chten. Die Auswahl fiel auf die t\u00fcrkisch-deutsche Multikulti-Kom\u00f6die &#8222;Einmal Hans mit scharfer So\u00dfe&#8220;. Und genau der wurde vom Team des Hotel-Restaurants Durst servieret&#8230;<\/p>\n<table width=\"100%\">\n<tbody>\n<tr>\n<td>\n<h3>Der Film:<\/h3>\n<h2><a href=\"https:\/\/i0.wp.com\/www.linden-theater-frechen.de\/wp-content\/uploads\/2014\/08\/Einmal-Hans-mit-scharfer-So%C3%9Fe-Poster-1.jpg?ssl=1\"><img data-recalc-dims=\"1\" loading=\"lazy\" decoding=\"async\" class=\"alignright wp-image-5110\" src=\"https:\/\/i0.wp.com\/www.linden-theater-frechen.de\/wp-content\/uploads\/2014\/08\/Einmal-Hans-mit-scharfer-So%C3%9Fe-Poster-1.jpg?resize=150%2C212&#038;ssl=1\" alt=\"Einmal Hans mit scharfer So\u00dfe Poster 1\" width=\"150\" height=\"212\" srcset=\"https:\/\/i0.wp.com\/www.linden-theater-frechen.de\/wp-content\/uploads\/2014\/08\/Einmal-Hans-mit-scharfer-So%C3%9Fe-Poster-1.jpg?resize=211%2C300&amp;ssl=1 211w, https:\/\/i0.wp.com\/www.linden-theater-frechen.de\/wp-content\/uploads\/2014\/08\/Einmal-Hans-mit-scharfer-So%C3%9Fe-Poster-1.jpg?resize=400%2C566&amp;ssl=1 400w, https:\/\/i0.wp.com\/www.linden-theater-frechen.de\/wp-content\/uploads\/2014\/08\/Einmal-Hans-mit-scharfer-So%C3%9Fe-Poster-1.jpg?w=565&amp;ssl=1 565w\" sizes=\"auto, (max-width: 150px) 100vw, 150px\" \/><\/a>Einmal Hans mit scharfer So\u00dfe<\/h2>\n<p style=\"text-align: justify;\"><strong>Kom\u00f6die: <\/strong>Hatice hat ein Problem. Sie braucht dringend einen Mann. Denn ihre j\u00fcngere Schwester Fatma ist schwanger und muss sofort heiraten. Das darf sie allerdings erst, wenn Hatice unter der Haube ist, so will es eine alte anatolische Tradition, an der Vater Ismail eisern festh\u00e4lt. Doch wo soll Hatice so schnell einen Br\u00e4utigam auftreiben? Denn ein T\u00fcrke darf es auf keinen Fall sein, wobei in dem deutschen Mann schon ein bisschen t\u00fcrkisches Feuer lodern darf. Und so begibt sich Hatice auf die Suche nach ihrem &#8222;Hans mit scharfer So\u00dfe&#8220;.<\/p>\n<p style=\"text-align: justify;\">Multikulti-Kom\u00f6die nach dem gleichnamigen Roman von Hatice Aky\u00fcn.<\/p>\n<p style=\"text-align: justify;\"><strong>D<\/strong> 2013, <strong>Regie: <\/strong>Buket Alakus,<strong> Darsteller: <\/strong>Idil \u00dcner (Hatice), Adnan Maral (Ismail), Siir Eloglu (Emine), Sesede Terziyan (Fatma), Demet G\u00fcl (Abla), Huseyin Ekici (Mustafa), Max von Thun (Gero), Julia Dietze (Julia), Steffen Groth (Hannes), Janek Rieke (Stefan)<\/p>\n<p><strong>Laufzeit:<\/strong> 96 Min, <strong>FSK:<\/strong> ab 6 Jahre<\/p>\n<p style=\"text-align: left;\"><a title=\"Filmseite\" href=\"https:\/\/einmalhansmitscharfersosse-derfilm.de\/\" target=\"_blank\" rel=\"noopener noreferrer\"><strong>Offizielle Filmseite<\/strong><\/a><strong> &#8211; <a title=\"Trailer + Filminfos\" href=\"https:\/\/www.kino.de\/kinofilm\/einmal-hans-mit-scharfer-sosse\/146210\" target=\"_blank\" rel=\"noopener noreferrer\"><strong>Trailer und <\/strong><strong>weitere Filminfos<\/strong><\/a><\/strong><\/p>\n<\/td>\n<\/tr>\n<\/tbody>\n<\/table>\n<table width=\"100%\">\n<tbody>\n<tr>\n<td style=\"text-align: center;\"><a href=\"https:\/\/i0.wp.com\/www.linden-theater-frechen.de\/wp-content\/uploads\/2014\/08\/Hans-Essen.jpg?ssl=1\"><img data-recalc-dims=\"1\" loading=\"lazy\" decoding=\"async\" class=\"aligncenter size-medium wp-image-5121\" src=\"https:\/\/i0.wp.com\/www.linden-theater-frechen.de\/wp-content\/uploads\/2014\/08\/Hans-Essen-233x300.jpg?resize=233%2C300&#038;ssl=1\" alt=\"Hans Essen\" width=\"233\" height=\"300\" srcset=\"https:\/\/i0.wp.com\/www.linden-theater-frechen.de\/wp-content\/uploads\/2014\/08\/Hans-Essen.jpg?resize=233%2C300&amp;ssl=1 233w, https:\/\/i0.wp.com\/www.linden-theater-frechen.de\/wp-content\/uploads\/2014\/08\/Hans-Essen.jpg?resize=116%2C150&amp;ssl=1 116w, https:\/\/i0.wp.com\/www.linden-theater-frechen.de\/wp-content\/uploads\/2014\/08\/Hans-Essen.jpg?resize=400%2C514&amp;ssl=1 400w, https:\/\/i0.wp.com\/www.linden-theater-frechen.de\/wp-content\/uploads\/2014\/08\/Hans-Essen.jpg?w=462&amp;ssl=1 462w\" sizes=\"auto, (max-width: 233px) 100vw, 233px\" \/><\/a><\/td>\n<td style=\"text-align: center;\">\n<h2 style=\"text-align: center;\">Unser Multikulti-Men\u00fc:<\/h2>\n<div style=\"text-align: center;\">\n<p><strong>Vorspeise:<\/strong><\/p>\n<p>t\u00fcrkische Linsencremesuppe<\/p>\n<p><strong>Hauptspeisen:<\/strong><\/p>\n<p>Sultans Entz\u00fccken:<br \/>\nLammragout auf Erbsenp\u00fcree<\/p>\n<p><strong>oder<\/strong><\/p>\n<p>Scharfer Hans:<br \/>\nSchaschlikspie\u00df in pikant-scharfer So\u00dfe<br \/>\nan Butterreis<\/p>\n<p><strong>oder<\/strong><\/p>\n<p>Saksuka<br \/>\npikantes t\u00fcrkisches Gem\u00fcsegericht<\/p>\n<\/div>\n<div style=\"text-align: center;\"><strong>Nachspeise:<br \/>\n<\/strong><\/div>\n<div style=\"text-align: center;\">Pflaumenpudding im Glas<\/div>\n<div style=\"text-align: center;\"><\/div>\n<\/td>\n<\/tr>\n<\/tbody>\n<\/table>\n<h3 style=\"text-align: center;\">27.06. &#8211; 01.07.: Unser Sommerdinner 2014<\/h3>\n<p style=\"text-align: justify;\"><a href=\"https:\/\/i0.wp.com\/www.linden-theater-frechen.de\/wp-content\/uploads\/2014\/05\/Tiffany-Logo.png?ssl=1\"><img data-recalc-dims=\"1\" loading=\"lazy\" decoding=\"async\" class=\"aligncenter wp-image-4839\" src=\"https:\/\/i0.wp.com\/www.linden-theater-frechen.de\/wp-content\/uploads\/2014\/05\/Tiffany-Logo.png?resize=640%2C95&#038;ssl=1\" alt=\"Tiffany-Logo\" width=\"640\" height=\"95\" srcset=\"https:\/\/i0.wp.com\/www.linden-theater-frechen.de\/wp-content\/uploads\/2014\/05\/Tiffany-Logo.png?resize=1024%2C152&amp;ssl=1 1024w, https:\/\/i0.wp.com\/www.linden-theater-frechen.de\/wp-content\/uploads\/2014\/05\/Tiffany-Logo.png?resize=150%2C22&amp;ssl=1 150w, https:\/\/i0.wp.com\/www.linden-theater-frechen.de\/wp-content\/uploads\/2014\/05\/Tiffany-Logo.png?resize=300%2C44&amp;ssl=1 300w, https:\/\/i0.wp.com\/www.linden-theater-frechen.de\/wp-content\/uploads\/2014\/05\/Tiffany-Logo.png?resize=400%2C59&amp;ssl=1 400w, https:\/\/i0.wp.com\/www.linden-theater-frechen.de\/wp-content\/uploads\/2014\/05\/Tiffany-Logo.png?w=1407&amp;ssl=1 1407w, https:\/\/i0.wp.com\/www.linden-theater-frechen.de\/wp-content\/uploads\/2014\/05\/Tiffany-Logo.png?w=1280&amp;ssl=1 1280w\" sizes=\"auto, (max-width: 640px) 100vw, 640px\" \/><\/a>In diesem Jahre h\u00e4tte Audrey Hepburn ihren 85. Geburtstag gefeiert. Ihr Filmpartner George Peppard starb vor 20 Jahren. Genug Gr\u00fcnde, uns bei diesem Classic-Dinner einem All-Time-Klassiker der Filmgeschichte zu widmen: <strong>Fr\u00fchst\u00fcck bei Tiffany.<\/strong> Wer kennt sie nicht, die Geschichte von Holly Golightly und den ber\u00fchmten Filmsong von Henry Mancini, &#8222;Moon River&#8220;. Die Story ist angesiedelt in New York Anfang der Sechziger Jahre. Das Men\u00fc hatte daher sowohl einen New Yorker als auch einen Sixties-Einschlag.<\/p>\n<table width=\"100%\">\n<tbody>\n<tr>\n<td>\n<h3>Der Film:<\/h3>\n<h2><a href=\"https:\/\/i0.wp.com\/www.linden-theater-frechen.de\/wp-content\/uploads\/2014\/05\/fruehstueck_bei_tiffany_poster1.jpg?ssl=1\"><img data-recalc-dims=\"1\" loading=\"lazy\" decoding=\"async\" class=\"alignright wp-image-4837\" src=\"https:\/\/i0.wp.com\/www.linden-theater-frechen.de\/wp-content\/uploads\/2014\/05\/fruehstueck_bei_tiffany_poster1.jpg?resize=150%2C215&#038;ssl=1\" alt=\"fruehstueck_bei_tiffany_poster1\" width=\"150\" height=\"215\" srcset=\"https:\/\/i0.wp.com\/www.linden-theater-frechen.de\/wp-content\/uploads\/2014\/05\/fruehstueck_bei_tiffany_poster1.jpg?resize=209%2C300&amp;ssl=1 209w, https:\/\/i0.wp.com\/www.linden-theater-frechen.de\/wp-content\/uploads\/2014\/05\/fruehstueck_bei_tiffany_poster1.jpg?resize=104%2C150&amp;ssl=1 104w, https:\/\/i0.wp.com\/www.linden-theater-frechen.de\/wp-content\/uploads\/2014\/05\/fruehstueck_bei_tiffany_poster1.jpg?resize=400%2C572&amp;ssl=1 400w, https:\/\/i0.wp.com\/www.linden-theater-frechen.de\/wp-content\/uploads\/2014\/05\/fruehstueck_bei_tiffany_poster1.jpg?w=489&amp;ssl=1 489w\" sizes=\"auto, (max-width: 150px) 100vw, 150px\" \/><\/a>Fr\u00fchst\u00fcck bei Tiffany<\/h2>\n<p style=\"text-align: justify;\"><strong>Kom\u00f6die: <\/strong>Die lebenslustige und charmante Holly Golightly liebt sch\u00f6ne Dinge wie Make-up und Schmuck. Nach au\u00dfen hin verk\u00f6rpert sie perfekt das oberfl\u00e4chliche Partygirl. Sie genie\u00dft das Leben, l\u00e4sst sich treiben und kann sich vor reichen Verehrern kaum retten. Jeden Abend geht sie mit einem anderen Mann an ihrer Seite auf eine der angesagten Partys der New Yorker High Society. Am Morgen danach bewundert sie dann mit einem Pappbecher Kaffee in der Hand wehm\u00fctig die Auslage im Schaufenster des Juweliergesch\u00e4fts \u201eTiffany\u201c. Hollys Plan ist einfach: Sie will einen reichen Ehemann finden, der ihr die sch\u00f6nen Dinge im Leben erm\u00f6glicht. Eines Tages klingelt Hollys neuer Nachbar, der charmante aber mittellose Schriftsteller Paul Varjakan ihrer T\u00fcr. Zwischen den beiden entwickelt sich eine tiefe Freundschaft und schlie\u00dflich Liebe. Doch Holly will sich von ihren Gef\u00fchlen zu Paul nicht von ihrem urspr\u00fcnglichen Plan abbringen lassen.<\/p>\n<p style=\"text-align: justify;\">Fr\u00fchst\u00fcck bei Tiffany basiert auf dem gleichnamigen Kurzroman von Truman Capote, der 1958 ver\u00f6ffentlicht wurde. Bereits drei Jahre sp\u00e4ter wurde die Geschichte einer jungen New Yorkerin, die zwar in der High Society lebt, ihren Platz im Leben aber noch nicht gefunden hat, f\u00fcr die gro\u00dfe Leinwand verfilmt.<\/p>\n<p style=\"text-align: justify;\"><strong>USA<\/strong> 1961, <strong>Originaltitel: <\/strong>Breakfast at Tiffany\u00b4s,<strong> Regie: <\/strong>Blake Edwards,<strong> Darsteller: <\/strong>Audrey Hepburn (Holly Golightly), George Peppard: (Paul Varjak), Patricia Neal (Mrs. Failenson), Buddy Ebsen (Doc Golightly), Mickey Rooney (Mr. Yunioshi), Martin Balsam (O. J. Berman), Alan Reed (Sally Tomato), Jos\u00e9 Luis de Vilallonga (Jos\u00e9 da Silva Pereira), Stanley Adams (Rutherford Trawler), John McGiver (Verk\u00e4ufer bei Tiffany&#8217;s)<\/p>\n<p><strong>Laufzeit:<\/strong> 115 Min, <strong>FSK:<\/strong> ab <strong>16<\/strong> Jahre<\/p>\n<p style=\"text-align: left;\"><a title=\"Filminfos\" href=\"https:\/\/www.kino.de\/kinofilm\/fruehstueck-bei-tiffany\/205\" target=\"_blank\" rel=\"noopener noreferrer\"><strong>Filminfos<\/strong><\/a><\/p>\n<\/td>\n<\/tr>\n<\/tbody>\n<\/table>\n<table width=\"100%\">\n<tbody>\n<tr>\n<td style=\"text-align: center;\"><a href=\"https:\/\/i0.wp.com\/www.linden-theater-frechen.de\/wp-content\/uploads\/2014\/05\/Tiffany-Dinner.jpg?ssl=1\"><img data-recalc-dims=\"1\" loading=\"lazy\" decoding=\"async\" class=\"aligncenter wp-image-4838 \" src=\"https:\/\/i0.wp.com\/www.linden-theater-frechen.de\/wp-content\/uploads\/2014\/05\/Tiffany-Dinner.jpg?resize=362%2C447&#038;ssl=1\" alt=\"Tiffany-Dinner\" width=\"362\" height=\"447\" srcset=\"https:\/\/i0.wp.com\/www.linden-theater-frechen.de\/wp-content\/uploads\/2014\/05\/Tiffany-Dinner.jpg?w=648&amp;ssl=1 648w, https:\/\/i0.wp.com\/www.linden-theater-frechen.de\/wp-content\/uploads\/2014\/05\/Tiffany-Dinner.jpg?resize=121%2C150&amp;ssl=1 121w, https:\/\/i0.wp.com\/www.linden-theater-frechen.de\/wp-content\/uploads\/2014\/05\/Tiffany-Dinner.jpg?resize=243%2C300&amp;ssl=1 243w, https:\/\/i0.wp.com\/www.linden-theater-frechen.de\/wp-content\/uploads\/2014\/05\/Tiffany-Dinner.jpg?resize=400%2C493&amp;ssl=1 400w\" sizes=\"auto, (max-width: 362px) 100vw, 362px\" \/><\/a><\/td>\n<td style=\"text-align: center;\">\n<h2 style=\"text-align: center;\">Unser New-York-Sixties-Men\u00fc:<\/h2>\n<div style=\"text-align: center;\">\n<p><strong>Vorspeise:<\/strong><\/p>\n<p>Waldorf-Salat<br \/>\nmit \u00c4pfeln, Sellerie und gehackten Walnusskernen<\/p>\n<p><strong>Hauptspeisen:<\/strong><\/p>\n<p>Schweinefilet im Speckmantel<br \/>\nin pikanter Rahmso\u00dfe mit Serviettenkn\u00f6del<\/p>\n<p><strong>oder<\/strong><\/p>\n<p>Rindfleisch &#8222;Stroganoff-Art&#8220;<br \/>\nan Butterreis<\/p>\n<p><strong>oder<\/strong><\/p>\n<p>Vegetarisches Tofu &#8222;Stroganoff-Art&#8220;<br \/>\nan Butterreis<\/p>\n<\/div>\n<div style=\"text-align: center;\"><strong>Nachspeise:<br \/>\n<\/strong><\/div>\n<div style=\"text-align: center;\">Original New York Cheesecake<br \/>\nmit Sauerkirschen<\/div>\n<\/td>\n<\/tr>\n<\/tbody>\n<\/table>\n<h3 style=\"text-align: center;\">04.04. &#8211; 08.04.: Unser Fr\u00fchjahrsdinner 2014:<\/h3>\n<h2 style=\"text-align: center;\">Willkommen im<a href=\"https:\/\/i0.wp.com\/www.linden-theater-frechen.de\/wp-content\/uploads\/2014\/02\/GrandBudapestHotel_Poster_Titel_weiss_A4.jpg?ssl=1\"><img data-recalc-dims=\"1\" loading=\"lazy\" decoding=\"async\" class=\"aligncenter wp-image-4536\" src=\"https:\/\/i0.wp.com\/www.linden-theater-frechen.de\/wp-content\/uploads\/2014\/02\/GrandBudapestHotel_Poster_Titel_weiss_A4.jpg?resize=595%2C179&#038;ssl=1\" alt=\"GrandBudapestHotel_Poster_Titel_weiss_A4\" width=\"595\" height=\"179\" srcset=\"https:\/\/i0.wp.com\/www.linden-theater-frechen.de\/wp-content\/uploads\/2014\/02\/GrandBudapestHotel_Poster_Titel_weiss_A4.jpg?w=800&amp;ssl=1 800w, https:\/\/i0.wp.com\/www.linden-theater-frechen.de\/wp-content\/uploads\/2014\/02\/GrandBudapestHotel_Poster_Titel_weiss_A4.jpg?resize=150%2C45&amp;ssl=1 150w, https:\/\/i0.wp.com\/www.linden-theater-frechen.de\/wp-content\/uploads\/2014\/02\/GrandBudapestHotel_Poster_Titel_weiss_A4.jpg?resize=300%2C90&amp;ssl=1 300w, https:\/\/i0.wp.com\/www.linden-theater-frechen.de\/wp-content\/uploads\/2014\/02\/GrandBudapestHotel_Poster_Titel_weiss_A4.jpg?resize=400%2C120&amp;ssl=1 400w\" sizes=\"auto, (max-width: 595px) 100vw, 595px\" \/><\/a><\/h2>\n<p>Treten Sie ein in eine vergangene Welt der Grand Hotels. F\u00fcr unser Fr\u00fchjahrsdinner hatten wir uns f\u00fcr den Er\u00f6ffnungsfilm der diesj\u00e4hrigen Berlinale entschieden. &#8222;Grand Budapest Hotel&#8220; ist eine schr\u00e4ge Kom\u00f6die mit absoluter Starbesetzung. Dem Men\u00fc verpassten wir dem Filmtitel entsprechend einen ungarischen Einschlag.<\/p>\n<table width=\"100%\">\n<tbody>\n<tr>\n<td>\n<h3>Der Film:<\/h3>\n<h2><a href=\"https:\/\/i0.wp.com\/www.linden-theater-frechen.de\/wp-content\/uploads\/2014\/02\/GrandBudapestHotel_Poster_SundLn_1400.jpg?ssl=1\"><img data-recalc-dims=\"1\" loading=\"lazy\" decoding=\"async\" class=\"alignright wp-image-4537\" src=\"https:\/\/i0.wp.com\/www.linden-theater-frechen.de\/wp-content\/uploads\/2014\/02\/GrandBudapestHotel_Poster_SundLn_1400.jpg?resize=150%2C213&#038;ssl=1\" alt=\"GrandBudapestHotel_Poster_SundLn_1400\" width=\"150\" height=\"213\" srcset=\"https:\/\/i0.wp.com\/www.linden-theater-frechen.de\/wp-content\/uploads\/2014\/02\/GrandBudapestHotel_Poster_SundLn_1400.jpg?resize=211%2C300&amp;ssl=1 211w, https:\/\/i0.wp.com\/www.linden-theater-frechen.de\/wp-content\/uploads\/2014\/02\/GrandBudapestHotel_Poster_SundLn_1400.jpg?resize=105%2C150&amp;ssl=1 105w, https:\/\/i0.wp.com\/www.linden-theater-frechen.de\/wp-content\/uploads\/2014\/02\/GrandBudapestHotel_Poster_SundLn_1400.jpg?resize=400%2C566&amp;ssl=1 400w, https:\/\/i0.wp.com\/www.linden-theater-frechen.de\/wp-content\/uploads\/2014\/02\/GrandBudapestHotel_Poster_SundLn_1400.jpg?w=565&amp;ssl=1 565w\" sizes=\"auto, (max-width: 150px) 100vw, 150px\" \/><\/a>Grand Budapest Hotel<\/h2>\n<p style=\"text-align: justify;\"><strong>Kom\u00f6die: <\/strong>Ein Schriftsteller kommt im Grand Budapest Hotel, das schon bessere Zeiten erlebt hat, mit einem \u00e4lteren Stammgast ins Gespr\u00e4ch. Er erf\u00e4hrt, dass ihm das Hotel einstmals geh\u00f6rte und er dort als Lobbyboy angefangen hatte. Zu einer Zeit, als der penible und galante Monsieur Gustave noch f\u00fcr makellosen Service sorgte &#8211; insbesondere gegen\u00fcber der \u00e4lteren, weiblichen Klientel. Er erz\u00e4hlt von einem wahrlich erstaunlichen Abenteuer, als Gustave im Testament einer millionenschweren Witwe ber\u00fccksichtigt und bald als deren M\u00f6rder gejagt wird.<\/p>\n<p style=\"text-align: justify;\">Herrlich skurrile und charmante Kom\u00f6die von Wes Anderson mit Starbesetzung. Der Er\u00f6ffnungsfilm der diesj\u00e4hrigen Berlinale wurde zu gro\u00dfen Teilen in Deutschland, u. a. in einem leerstehenden Kaufhaus in G\u00f6rlitz gedreht.<\/p>\n<p style=\"text-align: justify;\"><strong>USA\/D<\/strong> 2013, <strong>Originaltitel: <\/strong>The Grand Budapest Hotel,<strong> Regie: <\/strong>Wes Anderson,<strong> Darsteller: <\/strong>Ralph Fiennes (M. Gustave), Tony Revolori (Zero), Saoirse Ronan (Agatha), Edward Norton (Henckels), L\u00e9a Seydoux (Clotilde), Owen Wilson (M. Chuck), Bill Murray (M. Ivan), Willem Dafoe (Jopling), F. Murray Abraham (Mr. Moustafa), Adrien Brody (Dmitri), Tilda Swinton (Madame D.), Jason Schwartzman (M. Jean), Jeff Goldblum (Kovacs)<\/p>\n<p><strong>Laufzeit:<\/strong> 100 Min, <strong>FSK:<\/strong> ab 12 Jahre<\/p>\n<p style=\"text-align: left;\"><a title=\"Filmseite\" href=\"https:\/\/www.fox.de\/cinema\/grand_budapest_hotel\/13779\/\" target=\"_blank\" rel=\"noopener noreferrer\"><strong>offizielle Filmseite<\/strong><\/a> &#8211; <a title=\"Trailer und Filminfos\" href=\"https:\/\/www.kino.de\/kinofilm\/grand-budapest-hotel\/146306\" target=\"_blank\" rel=\"noopener noreferrer\"><strong>Trailer und weitere Filminfos<\/strong><\/a><\/p>\n<\/td>\n<\/tr>\n<\/tbody>\n<\/table>\n<table width=\"100%\">\n<tbody>\n<tr>\n<td style=\"text-align: center;\"><a href=\"https:\/\/i0.wp.com\/www.linden-theater-frechen.de\/wp-content\/uploads\/2014\/02\/GrandBudapestHotel_Poster_Titel_weiss_A4.jpg?ssl=1\"><img data-recalc-dims=\"1\" loading=\"lazy\" decoding=\"async\" class=\"aligncenter size-medium wp-image-4536\" src=\"https:\/\/i0.wp.com\/www.linden-theater-frechen.de\/wp-content\/uploads\/2014\/02\/GrandBudapestHotel_Poster_Titel_weiss_A4.jpg?resize=300%2C90&#038;ssl=1\" alt=\"GrandBudapestHotel_Poster_Titel_weiss_A4\" width=\"300\" height=\"90\" srcset=\"https:\/\/i0.wp.com\/www.linden-theater-frechen.de\/wp-content\/uploads\/2014\/02\/GrandBudapestHotel_Poster_Titel_weiss_A4.jpg?resize=300%2C90&amp;ssl=1 300w, https:\/\/i0.wp.com\/www.linden-theater-frechen.de\/wp-content\/uploads\/2014\/02\/GrandBudapestHotel_Poster_Titel_weiss_A4.jpg?resize=150%2C45&amp;ssl=1 150w, https:\/\/i0.wp.com\/www.linden-theater-frechen.de\/wp-content\/uploads\/2014\/02\/GrandBudapestHotel_Poster_Titel_weiss_A4.jpg?resize=400%2C120&amp;ssl=1 400w, https:\/\/i0.wp.com\/www.linden-theater-frechen.de\/wp-content\/uploads\/2014\/02\/GrandBudapestHotel_Poster_Titel_weiss_A4.jpg?w=800&amp;ssl=1 800w\" sizes=\"auto, (max-width: 300px) 100vw, 300px\" \/><\/a><a href=\"https:\/\/i0.wp.com\/www.linden-theater-frechen.de\/wp-content\/uploads\/2014\/02\/GBH-Cast.jpg?ssl=1\"><img data-recalc-dims=\"1\" loading=\"lazy\" decoding=\"async\" class=\"aligncenter wp-image-4539\" src=\"https:\/\/i0.wp.com\/www.linden-theater-frechen.de\/wp-content\/uploads\/2014\/02\/GBH-Cast.jpg?resize=238%2C231&#038;ssl=1\" alt=\"GBH Cast\" width=\"238\" height=\"231\" srcset=\"https:\/\/i0.wp.com\/www.linden-theater-frechen.de\/wp-content\/uploads\/2014\/02\/GBH-Cast.jpg?w=592&amp;ssl=1 592w, https:\/\/i0.wp.com\/www.linden-theater-frechen.de\/wp-content\/uploads\/2014\/02\/GBH-Cast.jpg?resize=150%2C146&amp;ssl=1 150w, https:\/\/i0.wp.com\/www.linden-theater-frechen.de\/wp-content\/uploads\/2014\/02\/GBH-Cast.jpg?resize=300%2C292&amp;ssl=1 300w, https:\/\/i0.wp.com\/www.linden-theater-frechen.de\/wp-content\/uploads\/2014\/02\/GBH-Cast.jpg?resize=400%2C389&amp;ssl=1 400w\" sizes=\"auto, (max-width: 238px) 100vw, 238px\" \/><\/a><\/td>\n<td style=\"text-align: center;\">\n<h2 style=\"text-align: center;\">Unser Grand-Hotel-Men\u00fc:<\/h2>\n<div style=\"text-align: center;\">\n<p><strong>Vorspeise:<\/strong><\/p>\n<p>Ungarische Kartoffelsuppe<br \/>\nmit Karotten und Paprika<\/p>\n<p><strong>Hauptspeisen:<\/strong><\/p>\n<p>Rinderr\u00fcckenbraten<br \/>\nmit Kartoffelpfifferlingsrolle und Rotweinso\u00dfe<\/p>\n<p><strong>oder<\/strong><\/p>\n<p>Szegediner Gulasch<br \/>\n(Schweinegulasch mit Sauerkraut und Sauerrahm)<br \/>\ndazu Salzkartoffeln<\/p>\n<p><strong>oder<\/strong><\/p>\n<p>Tofu als Gulasch mit Sauerkraut und Sauerrahm<br \/>\ndazu Salzkartoffeln<\/p>\n<\/div>\n<div style=\"text-align: center;\"><strong>Nachspeise:<\/strong><\/div>\n<div style=\"text-align: center;\">Aprikosen-Limetten-Quark<br \/>\nfrische Aprikosenst\u00fcckchen in mit Vanille, Limette und Honig verfeinertem Magerquark<\/div>\n<div style=\"text-align: center;\"><\/div>\n<\/td>\n<\/tr>\n<\/tbody>\n<\/table>\n<h3 style=\"text-align: center;\">Unser Weihnachtsdinner 2013:<\/h3>\n<h2 style=\"text-align: center;\">Lachsfischen im Jemen<\/h2>\n<p>Zum diesj\u00e4hrigen Weihnachtsdinner entf\u00fchrten wir Sie filmisch und kulinarisch auf die arabische Halbinsel, in den Jemen, denn wir hatten uns f\u00fcr die britische Romantikkom\u00f6die &#8222;Lachsfischen im Jemen&#8220; von Regisseur Lasse Hallstr\u00f6m (&#8222;Chocolat&#8220;, &#8222;Gottes Werk und Teufels Beitrag&#8220;) entschieden.<\/p>\n<p><strong> Der Film:<\/strong><\/p>\n<table width=\"100%\">\n<tbody>\n<tr>\n<td>\n<h2><a href=\"https:\/\/i0.wp.com\/www.linden-theater-frechen.de\/wp-content\/uploads\/2012\/06\/Lachsfischen-im-Jemen.jpg?ssl=1\"><img data-recalc-dims=\"1\" loading=\"lazy\" decoding=\"async\" class=\"alignright size-medium wp-image-2660\" src=\"https:\/\/i0.wp.com\/www.linden-theater-frechen.de\/wp-content\/uploads\/2012\/06\/Lachsfischen-im-Jemen.jpg?resize=150%2C213&#038;ssl=1\" alt=\"Lachsfischen im Jemen\" width=\"150\" height=\"213\" srcset=\"https:\/\/i0.wp.com\/www.linden-theater-frechen.de\/wp-content\/uploads\/2012\/06\/Lachsfischen-im-Jemen.jpg?resize=211%2C300&amp;ssl=1 211w, https:\/\/i0.wp.com\/www.linden-theater-frechen.de\/wp-content\/uploads\/2012\/06\/Lachsfischen-im-Jemen.jpg?resize=105%2C150&amp;ssl=1 105w, https:\/\/i0.wp.com\/www.linden-theater-frechen.de\/wp-content\/uploads\/2012\/06\/Lachsfischen-im-Jemen.jpg?resize=400%2C566&amp;ssl=1 400w, https:\/\/i0.wp.com\/www.linden-theater-frechen.de\/wp-content\/uploads\/2012\/06\/Lachsfischen-im-Jemen.jpg?w=565&amp;ssl=1 565w\" sizes=\"auto, (max-width: 150px) 100vw, 150px\" \/><\/a>Lachsfischen im Jemen<\/h2>\n<p style=\"text-align: justify;\"><strong>Kom\u00f6die: <\/strong>Dr. Alfred Jones, ein Fachmann in Sachen Fischzucht, wird von Harriet Chetwode-Talbot mit einem abstrusen Angebot konfrontiert: Ein jemenitischer Scheich, m\u00f6chte in seinem W\u00fcstenstaat Lachse ansiedeln. Geld spielt dabei keine Rolle. Jones tut die Idee als Unfug ab, l\u00e4sst sich dann aber ob des hartn\u00e4ckigen Charmes von Ms. Chetwode-Talbot auf das Abenteuer ein. Und dann erkennt auch noch die britische Regierung in diesem verwegenen Projekt die M\u00f6glichkeit, ihr angeschlagenes Nahost-Image aufzupolieren.<\/p>\n<p style=\"text-align: justify;\">Lasse Hallstr\u00f6m adaptiert Paul Tordays Politsatire als skurrile Liebeskom\u00f6die, bei der die smarte Emily Blunt dem verschrobenen Ichthyologen Ewan McGregor ins Netz geht.<\/p>\n<p style=\"text-align: justify;\"><strong>GB<\/strong> 2011, <strong>Originaltitel: <\/strong>Salmon Fishing in the Yemen,<strong> Regie: <\/strong>Lasse Hallstr\u00f6m,<strong> Darsteller: <\/strong>Ewan McGregor (Fred Jones), Emily Blunt (Harriet Chetwode-Talbot), Kristin Scott Thomas (Bridget Maxwell), Rachael Stirling (Mary Jones), Amr Waked (Scheich), Tom Mison (Robert), Catherine Steadman (Ashley), Jill Baker (Betty Burnside), Waleed Akhtar (Essad), Hamish Gray (Malcolm)<\/p>\n<p><strong>Laufzeit:<\/strong> 108 Min, <strong>FSK:<\/strong> ab 6 Jahre<\/p>\n<p style=\"text-align: left;\"><a title=\"Trailer\" href=\"https:\/\/www.kino.de\/kinofilm\/lachsfischen-im-jemen\/131747\" target=\"_blank\" rel=\"noopener noreferrer\"><strong>Trailer ansehen<\/strong><\/a><strong> \u2013 <\/strong><a title=\"Filminfos\" href=\"https:\/\/www.moviemaze.de\/filme\/4468\/salmon-fishing-in-the-yemen.html\" target=\"_blank\" rel=\"noopener noreferrer\"><strong>weitere Filminfos<\/strong><\/a><\/p>\n<\/td>\n<\/tr>\n<\/tbody>\n<\/table>\n<table width=\"904\">\n<tbody>\n<tr>\n<td style=\"text-align: center;\"><a href=\"https:\/\/i0.wp.com\/www.linden-theater-frechen.de\/wp-content\/uploads\/2009\/11\/Men%C3%BC2.jpg?ssl=1\"><img data-recalc-dims=\"1\" loading=\"lazy\" decoding=\"async\" class=\"aligncenter size-medium wp-image-4204\" src=\"https:\/\/i0.wp.com\/www.linden-theater-frechen.de\/wp-content\/uploads\/2009\/11\/Men%C3%BC2.jpg?resize=233%2C300&#038;ssl=1\" alt=\"Men\u00fc2\" width=\"233\" height=\"300\" srcset=\"https:\/\/i0.wp.com\/www.linden-theater-frechen.de\/wp-content\/uploads\/2009\/11\/Men%C3%BC2.jpg?resize=233%2C300&amp;ssl=1 233w, https:\/\/i0.wp.com\/www.linden-theater-frechen.de\/wp-content\/uploads\/2009\/11\/Men%C3%BC2.jpg?resize=116%2C150&amp;ssl=1 116w, https:\/\/i0.wp.com\/www.linden-theater-frechen.de\/wp-content\/uploads\/2009\/11\/Men%C3%BC2.jpg?w=319&amp;ssl=1 319w\" sizes=\"auto, (max-width: 233px) 100vw, 233px\" \/><\/a><\/td>\n<td style=\"text-align: center;\">\n<h2 style=\"text-align: center;\">Unser orientalisch-weihnachtliches Men\u00fc:<\/h2>\n<p style=\"text-align: center;\"><strong>Vorspeise:<\/strong><\/p>\n<p>K\u00fcrbis-Cappuccino<br \/>\nK\u00fcrbissuppe mit exotischen Gew\u00fcrzen<\/p>\n<p style=\"text-align: center;\"><strong>Hauptspeisen:<\/strong><\/p>\n<p style=\"text-align: center;\">Edelgulasch vom Rotwild<br \/>\nmit Apfelrotkraut und selbstgemachten Serviettenkn\u00f6deln<\/p>\n<p style=\"text-align: center;\"><strong><em>oder<\/em><\/strong><\/p>\n<div style=\"text-align: center;\">Lachsfilet<br \/>\nauf einem Bett aus Julienne-Gem\u00fcse und Kartoffeln<br \/>\nim Pergamentp\u00e4ckchen gegart<\/div>\n<p style=\"text-align: center;\"><strong><em>oder<\/em><\/strong><\/p>\n<div style=\"text-align: center;\">\n<p>in Sojaso\u00dfe eingelegter Tofu mit Panko-Mehl paniert<br \/>\nan selbstgemachten Serviettenkn\u00f6deln mit Ratatouille<\/p>\n<p><strong>Nachspeise: <\/strong><\/p>\n<\/div>\n<p style=\"text-align: center;\">Basbussa<br \/>\narabische Grie\u00dfschnitte mit Zimt und Rosenwassersirup<\/p>\n<p style=\"text-align: justify;\">\n<\/td>\n<\/tr>\n<\/tbody>\n<\/table>\n<h3 style=\"text-align: center;\"><strong>Unser Herbstdinner 2013:<\/strong><strong><br \/>\n<\/strong><\/h3>\n<h2 style=\"text-align: center;\">Papadopoulos &amp; S\u00f6hne &#8211; Fish and Chips mit Ouzo<\/h2>\n<p style=\"text-align: justify;\">F\u00fcr unser Herbstdinner hatten wir wieder einen aktuellen Film ausgesucht. Auch das Thema war aktuell &#8211; die europ\u00e4ische Finanzkrise &#8211; , wurde aber in &#8222;Papadopoulos &amp; S\u00f6hne&#8220; nicht zur griechischen Trag\u00f6die, sondern mit viel Charme und Gef\u00fchl zu einem Neuanfang. Das Men\u00fc vom Hotel-Restaurant Durst mit griechischen Spezialit\u00e4ten holte den f\u00fcr die meisten dann bereits zur\u00fcckliegenden Sommerurlaub noch einmal f\u00fcr einen Abend zur\u00fcck.<\/p>\n<table width=\"100%\">\n<tbody>\n<tr>\n<td>\n<h3>Der Film:<\/h3>\n<h2><a href=\"https:\/\/i0.wp.com\/www.linden-theater-frechen.de\/wp-content\/uploads\/2013\/08\/Papadopoulos-Poster.jpg?ssl=1\"><img data-recalc-dims=\"1\" loading=\"lazy\" decoding=\"async\" class=\"alignright size-medium wp-image-3942\" src=\"https:\/\/i0.wp.com\/www.linden-theater-frechen.de\/wp-content\/uploads\/2013\/08\/Papadopoulos-Poster.jpg?resize=150%2C213&#038;ssl=1\" alt=\"Papadopoulos Poster\" width=\"150\" height=\"213\" srcset=\"https:\/\/i0.wp.com\/www.linden-theater-frechen.de\/wp-content\/uploads\/2013\/08\/Papadopoulos-Poster.jpg?resize=211%2C300&amp;ssl=1 211w, https:\/\/i0.wp.com\/www.linden-theater-frechen.de\/wp-content\/uploads\/2013\/08\/Papadopoulos-Poster.jpg?resize=105%2C150&amp;ssl=1 105w, https:\/\/i0.wp.com\/www.linden-theater-frechen.de\/wp-content\/uploads\/2013\/08\/Papadopoulos-Poster.jpg?resize=400%2C566&amp;ssl=1 400w, https:\/\/i0.wp.com\/www.linden-theater-frechen.de\/wp-content\/uploads\/2013\/08\/Papadopoulos-Poster.jpg?w=565&amp;ssl=1 565w\" sizes=\"auto, (max-width: 150px) 100vw, 150px\" \/><\/a>Papadopoulos &amp; S\u00f6hne<\/h2>\n<p style=\"text-align: justify;\"><strong>Kom\u00f6die:<\/strong> Der griechischst\u00e4mmige Harry Papadopoulos hat es weit gebracht, er geh\u00f6rt zu den oberen Zehntausend und wird als europ\u00e4ischer Unternehmer des Jahres ausgezeichnet. Dann der Schock f\u00fcr den Witwer und seine drei Kinder: Wegen der Finanzkrise fordern die Banken ihre Kredite sofort zur\u00fcck. Er verliert alles, sogar die Villa. Ihm bleibt nur ein altes Fish-and-Chips-Restaurant in einem heruntergekommenen Migrantenviertel, das er mit seinem chaotischen Bruder aufziehen will.<\/p>\n<p style=\"text-align: justify;\">Warmherziges Feel-Good-Movie \u00fcber einen von der Finanzkrise gebeutelten griechischen Selfmade-Million\u00e4r in London, der wieder ganz unten anfangen muss.<\/p>\n<p style=\"text-align: justify;\"><strong>GB<\/strong> 2013, <strong>Originaltitel: <\/strong>Papadopoulos &amp; Sons,<strong> Regie: <\/strong>Marcus Markou,<strong> Darsteller: <\/strong>Stephen Dillane (Harry Papadopoulos), Ed Stoppard (Rob), Georgia Groome (Katie Papadopoulos), Frank Dillane (James Papadopoulos), Selina Cadell (Mrs. Parrington), Georges Corraface (Spiros Papadopoulos), Richard Durden (Father Jimmy), Cosima Shaw (Sophie), Alexander Hanson (Lars), Cesare Taurasi (Mehmet Ali)<\/p>\n<p><strong>Laufzeit:<\/strong> 109 Min, <strong>FSK:<\/strong> ohne Altersbeschr\u00e4nkung<\/p>\n<p style=\"text-align: left;\"><a title=\"Filmseite\" href=\"https:\/\/www.papadopoulos-und-soehne.de\/\" target=\"_blank\" rel=\"noopener noreferrer\"><strong>Offizielle Filmseite<\/strong><\/a><strong> \u2013 <\/strong><a title=\"Trailer\" href=\"https:\/\/www.kino.de\/kinofilm\/papadopoulos-und-soehne\/145922\" target=\"_blank\" rel=\"noopener noreferrer\"><strong>Trailer ansehen<\/strong><\/a><strong> \u2013 <\/strong><a title=\"Filminfos\" href=\"https:\/\/www.moviemaze.de\/filme\/5319\/papadopoulos-sons.html\" target=\"_blank\" rel=\"noopener noreferrer\"><strong>weitere Filminfos<\/strong><\/a><\/p>\n<\/td>\n<\/tr>\n<\/tbody>\n<\/table>\n<table width=\"100%\">\n<tbody>\n<tr>\n<td style=\"text-align: center;\"><a href=\"https:\/\/i0.wp.com\/www.linden-theater-frechen.de\/wp-content\/uploads\/2013\/08\/Papadopoulos-Men%C3%BC1.jpg?ssl=1\"><img data-recalc-dims=\"1\" loading=\"lazy\" decoding=\"async\" class=\"aligncenter size-full wp-image-3944\" src=\"https:\/\/i0.wp.com\/www.linden-theater-frechen.de\/wp-content\/uploads\/2013\/08\/Papadopoulos-Men%C3%BC1.jpg?resize=353%2C395&#038;ssl=1\" alt=\"Papadopoulos Men\u00fc\" width=\"353\" height=\"395\" srcset=\"https:\/\/i0.wp.com\/www.linden-theater-frechen.de\/wp-content\/uploads\/2013\/08\/Papadopoulos-Men%C3%BC1.jpg?w=749&amp;ssl=1 749w, https:\/\/i0.wp.com\/www.linden-theater-frechen.de\/wp-content\/uploads\/2013\/08\/Papadopoulos-Men%C3%BC1.jpg?resize=133%2C150&amp;ssl=1 133w, https:\/\/i0.wp.com\/www.linden-theater-frechen.de\/wp-content\/uploads\/2013\/08\/Papadopoulos-Men%C3%BC1.jpg?resize=267%2C300&amp;ssl=1 267w, https:\/\/i0.wp.com\/www.linden-theater-frechen.de\/wp-content\/uploads\/2013\/08\/Papadopoulos-Men%C3%BC1.jpg?resize=713%2C800&amp;ssl=1 713w, https:\/\/i0.wp.com\/www.linden-theater-frechen.de\/wp-content\/uploads\/2013\/08\/Papadopoulos-Men%C3%BC1.jpg?resize=400%2C448&amp;ssl=1 400w\" sizes=\"auto, (max-width: 353px) 100vw, 353px\" \/><\/a><\/td>\n<td>\n<h2 style=\"text-align: center;\">Unser griechisches Men\u00fc:<\/h2>\n<p style=\"text-align: center;\"><strong>Vorspeise:<\/strong><\/p>\n<div style=\"text-align: center;\">griechischer Bauernsalat<br \/>\nmit Schafsk\u00e4se, Oliven, Paprika, Tomaten und Gurken<\/div>\n<p style=\"text-align: center;\"><strong>Hauptspeisen: <\/strong><\/p>\n<p style=\"text-align: center;\">Stifado<br \/>\nGulasch vom Rind mit Rotweinso\u00dfe und Rosmarinkartoffeln<\/p>\n<p style=\"text-align: center;\"><strong><em>oder<\/em><\/strong><\/p>\n<div style=\"text-align: center;\">Lammtopf<br \/>\nmit Auberginen, Paprika, Tomaten und Reisnudeln,<br \/>\nalles in einem Topf gegart<\/div>\n<p style=\"text-align: center;\"><strong><em>oder<\/em><\/strong><\/p>\n<div style=\"text-align: center;\">\n<p>Moussaka vegetarisch<br \/>\nmit Auberginen, Kartoffeln und Eiern<\/p>\n<p><strong>Nachspeise: <\/strong><\/p>\n<\/div>\n<p style=\"text-align: center;\">griechisches Ekmek<br \/>\nPudding mit Zwieback, Vanille, Mandeln und Sahne<\/p>\n<\/td>\n<\/tr>\n<\/tbody>\n<\/table>\n<h2 style=\"text-align: center;\"><strong>Unser Sommerdinner 7. &#8211; 10. Juni 2013:<\/strong><strong><br \/>\n<\/strong><\/h2>\n<h2 style=\"text-align: center;\">S\u00fc\u00dfe Versuchungen mit &#8222;Chocolat&#8220;<\/h2>\n<p style=\"text-align: center;\">Unser Sommerdinner 2013 war eine s\u00fc\u00dfe Versuchung &#8211; wir hatten uns f\u00fcr den Film &#8222;Chocolat&#8220; von Lasse Hallstr\u00f6m aus dem Jahr 2001 mit Juliette Binoche und Johnny Depp in den Hauptrollen entschieden. Dem Filmtitel entsprechend hielt die Schokolade auch Einzug in unsere Men\u00fcs.<\/p>\n<table width=\"100%\">\n<tbody>\n<tr>\n<td>\n<h3>Der Film:<\/h3>\n<h2><strong><a href=\"https:\/\/i0.wp.com\/www.linden-theater-frechen.de\/wp-content\/uploads\/2009\/11\/chocolat_poster.png?ssl=1\"><img data-recalc-dims=\"1\" loading=\"lazy\" decoding=\"async\" class=\"alignright size-medium wp-image-3562\" src=\"https:\/\/i0.wp.com\/www.linden-theater-frechen.de\/wp-content\/uploads\/2009\/11\/chocolat_poster.png?resize=150%2C205&#038;ssl=1\" alt=\"chocolat_poster\" width=\"150\" height=\"205\" srcset=\"https:\/\/i0.wp.com\/www.linden-theater-frechen.de\/wp-content\/uploads\/2009\/11\/chocolat_poster.png?resize=219%2C300&amp;ssl=1 219w, https:\/\/i0.wp.com\/www.linden-theater-frechen.de\/wp-content\/uploads\/2009\/11\/chocolat_poster.png?resize=109%2C150&amp;ssl=1 109w, https:\/\/i0.wp.com\/www.linden-theater-frechen.de\/wp-content\/uploads\/2009\/11\/chocolat_poster.png?resize=400%2C547&amp;ssl=1 400w, https:\/\/i0.wp.com\/www.linden-theater-frechen.de\/wp-content\/uploads\/2009\/11\/chocolat_poster.png?w=536&amp;ssl=1 536w\" sizes=\"auto, (max-width: 150px) 100vw, 150px\" \/><\/a>Chocolat &#8211; Ein kleiner Biss gen\u00fcgt<\/strong><\/h2>\n<p style=\"text-align: justify;\"><strong>romantische Kom\u00f6die:<\/strong> Ein verschlafenes St\u00e4dtchen in Frankreich im Jahr 1959. Der ewig gleiche Alltag wird nur durch den unerwarteten Einzug der geheimnisvoll sch\u00f6nen, jungen Vianne und ihrer Tochter in die Stadt unterbrochen. Vianne er\u00f6ffnet eine Chocolaterie &#8211; und das auch noch mitten in der Fastenzeit. Ein wahrlich sinnliches Vergn\u00fcgen beginnt: Trotz anf\u00e4nglicher Skepsis k\u00f6nnen sich die Dorfbewohner der verf\u00fchrerischen Wirkung der s\u00fc\u00dfen K\u00f6stlichkeiten nicht entziehen. Diese Wirkung reizt vor allem den selbsternannten Sittenw\u00e4chter der Stadt, B\u00fcrgermeister Comte de Reynaud, der seinen Einfluss durch Vianne geschw\u00e4cht sieht. Er beginnt, gegen sie zu intrigieren.<\/p>\n<p style=\"text-align: justify;\">Romantische Kom\u00f6die von Lasse Hallstr\u00f6m (&#8222;Lachsfischen im Jemen&#8220;, &#8222;Safe Haven&#8220;) mit ber\u00fchrenden und tragikomischen Momenten, die f\u00fcr Toleranz und die W\u00fcrde des Menschen ebenso wie f\u00fcr Sinnlichkeit und Lebensfreude pl\u00e4diert.<\/p>\n<p style=\"text-align: justify;\">USA 2000, <strong>Originaltitel: <\/strong>Chocolat,<strong> Regie <\/strong>Lasse Hallstr\u00f6m, <strong>Darsteller: <\/strong>Juliette Binoche (Vianne Rocher), Lena Olin (Josephine Muscat), Johnny Depp (Roux), Judi Dench (Amande Voizin), Alfred Molina (Comte de Reynaud), Peter Stormare (Serge Muscat), Carrie-Anne Moss (Caroline Claimont), Leslie Caron (Madame Audel), John Wood (Guillaume Bierot), Hugh O&#8217;Conor (Pere Henri), Victoire Thivisol (Anouk Rocher), Aurelien Parent-Koening (Luc Clairmont), Antonio Gil-Martinez (Jean-Marc Drou), Helene Cardona (Francoise Drou), Harrison Pratt (Dedou Drou)<\/p>\n<p style=\"text-align: justify;\"><strong>Laufzeit:<\/strong> 120 Min, <strong>FSK:<\/strong> ab 6 Jahre<\/p>\n<p><a title=\"Trailer + Filminfos\" href=\"https:\/\/www.kino.de\/kinofilm\/chocolat\/55740\" target=\"_blank\" rel=\"noopener noreferrer\"><strong>Trailer und<\/strong><strong>weitere Filminfos<\/strong><\/a><\/td>\n<\/tr>\n<\/tbody>\n<\/table>\n<table width=\"100%\">\n<tbody>\n<tr>\n<td style=\"text-align: center;\"><a href=\"https:\/\/i0.wp.com\/www.linden-theater-frechen.de\/wp-content\/uploads\/2009\/11\/chocolat_______1.jpg?ssl=1\"><img data-recalc-dims=\"1\" loading=\"lazy\" decoding=\"async\" class=\"alignright size-medium wp-image-3561\" src=\"https:\/\/i0.wp.com\/www.linden-theater-frechen.de\/wp-content\/uploads\/2009\/11\/chocolat_______1.jpg?resize=326%2C271&#038;ssl=1\" alt=\"chocolat_______1\" width=\"326\" height=\"271\" srcset=\"https:\/\/i0.wp.com\/www.linden-theater-frechen.de\/wp-content\/uploads\/2009\/11\/chocolat_______1.jpg?resize=300%2C249&amp;ssl=1 300w, https:\/\/i0.wp.com\/www.linden-theater-frechen.de\/wp-content\/uploads\/2009\/11\/chocolat_______1.jpg?resize=150%2C124&amp;ssl=1 150w, https:\/\/i0.wp.com\/www.linden-theater-frechen.de\/wp-content\/uploads\/2009\/11\/chocolat_______1.jpg?w=339&amp;ssl=1 339w\" sizes=\"auto, (max-width: 326px) 100vw, 326px\" \/><\/a><\/td>\n<td>\n<h2 style=\"text-align: center;\">Unser Chocolat-Men\u00fc:<\/h2>\n<p style=\"text-align: center;\"><strong>Vorspeise:<\/strong><\/p>\n<div style=\"text-align: center;\">Mozzarella-Orangen-Salat<br \/>\nmit Oliven\u00f6l und Balsamico<\/div>\n<p style=\"text-align: center;\"><strong>Hauptspeisen: <\/strong><\/p>\n<p style=\"text-align: center;\">Schweinefiletmedaillons mit frischen Pfifferlingen<br \/>\nund Schokoladensauce an Sp\u00e4tzle<\/p>\n<p style=\"text-align: center;\"><strong><em>oder<\/em><\/strong><\/p>\n<div style=\"text-align: center;\">Garnelen-Spargel-Wok<br \/>\nmit wei\u00dfem und gr\u00fcnem Spargel und Basmati-Reis<br \/>\n(ohne Knoblauch)<\/div>\n<p style=\"text-align: center;\"><strong><em>oder<\/em><\/strong><\/p>\n<div style=\"text-align: center;\">\n<p>Spargel-Wok<br \/>\nmit wei\u00dfem und gr\u00fcnem Spargel und Basmati-Reis<br \/>\n(ohne Knoblauch)<\/p>\n<p><strong>Nachspeise: <\/strong><\/p>\n<\/div>\n<p style=\"text-align: center;\"><span style=\"color: #000000;\">Erdbeer-Schoko-Quark<\/span><\/p>\n<\/td>\n<\/tr>\n<\/tbody>\n<\/table>\n<h2 style=\"text-align: center;\"><strong>Unser Fr\u00fchjahrsdinner 15. &#8211; 18.03.2013:<\/strong><strong><br \/>\n<\/strong><\/h2>\n<h2 style=\"text-align: center;\">Auf nach Indien ins &#8222;Best Exotic Marigold Hotel&#8220;<\/h2>\n<p style=\"text-align: justify;\">Der tr\u00fcbste und l\u00e4ngste Winter seit langem &#8211; wer tr\u00e4umte nicht von Sonne, W\u00e4rme und Exotik? Mit unserem Fr\u00fchjahrs-Flimmer-Dinner entf\u00fchrten wir kulinarisch sowie cineastisch in ferne Regionen. &#8222;Best Exotic Marigold Hotel&#8220; hie\u00df die Feelgood-Kom\u00f6die \u00fcber eine Handvoll britischer Rentner, die aus verschiedenen Gr\u00fcnden in Indien ihr Gl\u00fcck suchen, und das Men\u00fc zum Film lud daher sowohl nach Indien als auch auf die britischen Inseln ein.<\/p>\n<table width=\"100%\">\n<tbody>\n<tr>\n<td>\n<h3>Der Film:<\/h3>\n<h2><a title=\"best_exotic_marigold_hotel\" href=\"https:\/\/www.lindentheater-frechen.de\/?attachment_id=2503\"><img data-recalc-dims=\"1\" loading=\"lazy\" decoding=\"async\" class=\"alignright\" title=\"best_exotic_marigold_hotel\" src=\"https:\/\/i0.wp.com\/www.lindentheater-frechen.de\/wp-content\/uploads\/2012\/04\/best_exotic_marigold_hotel-212x300.jpg?resize=150%2C213&#038;ssl=1\" alt=\"\" width=\"150\" height=\"213\" \/><\/a>Best Exotic Marigold Hotel<\/h2>\n<p style=\"text-align: justify;\"><strong>Drama\/Kom\u00f6die: <\/strong>Als eine Gruppe britischer Pension\u00e4re in Indien eintrifft, um dort den Lebensabend zu verbringen, erwartet sie eine \u00dcberraschung. Ihr als luxuri\u00f6s angepriesenes Hotel entpuppt sich als etwas heruntergekommenes Entwicklungsprojekt, in dem der junge indische Hotelleiter seine ersten G\u00e4ste \u00fcberhaupt begr\u00fc\u00dft. Schon hier lernen die gereiften Emigranten, sich an die Gegebenheiten anzupassen und ein Land zu entdecken, das Chaos und Hektik, aber auch ungewohnte Erfahrungen und Chancen auf Erneuerung bietet.<\/p>\n<p style=\"text-align: justify;\">Britische Schauspielaristokratie gl\u00e4nzt in John Maddens warmherziger Dram\u00f6die \u00fcber ein vermeintliches Rentnerparadies in Indien.<\/p>\n<p style=\"text-align: justify;\">GB 2011, <strong>Originaltitel: <\/strong>Best Exotic Marigold Hotel,<strong> Regie <\/strong>John Madden, <strong>Darsteller: <\/strong>Maggie Smith (Muriel), Bill Nighy (Douglas), Judi Dench (Evelyn), Tom Wilkinson (Graham), Dev Patel (Sonny), Penelope Wilton (Jean), Celia Imrie (Madge), Ronald Pickup (Norman), Tena Desae (Sunaina), Lillete Dubey (Mrs. Kapoor)<\/p>\n<p><strong>Laufzeit:<\/strong> 124 Min, <strong>FSK:<\/strong> ohne Altersbeschr\u00e4nkung<\/p>\n<p><a title=\"Filmseite\" href=\"https:\/\/www.best-exotic-marigold-hotel.de\/\" target=\"_blank\" rel=\"noopener noreferrer\"><strong>Offizielle Filmseite<\/strong><\/a><strong> &#8211; <\/strong><a title=\"Trailer\" href=\"https:\/\/www.kino.de\/kinofilm\/best-exotic-marigold-hotel\/kinotrailer\/139996\" target=\"_blank\" rel=\"noopener noreferrer\"><strong>Trailer ansehen<\/strong><\/a><strong> &#8211; <\/strong><a title=\"Filminfos\" href=\"https:\/\/www.kino.de\/kinofilm\/best-exotic-marigold-hotel\/139996\" target=\"_blank\" rel=\"noopener noreferrer\"><strong>weitere Filminfos<\/strong><\/a><\/td>\n<\/tr>\n<\/tbody>\n<\/table>\n<table width=\"100%\">\n<tbody>\n<tr>\n<td style=\"text-align: center;\"><img data-recalc-dims=\"1\" loading=\"lazy\" decoding=\"async\" class=\"aligncenter\" src=\"https:\/\/i0.wp.com\/www.linden-theater-frechen.de\/wp-content\/uploads\/2013\/02\/Best-Exotic.jpg?resize=361%2C424&#038;ssl=1\" alt=\"\" width=\"361\" height=\"424\" \/><\/td>\n<td>\n<h2 style=\"text-align: center;\">Unser Best-Exotic-Dinner-Men\u00fc:<\/h2>\n<p style=\"text-align: center;\"><strong>Vorspeise:<\/strong><\/p>\n<div style=\"text-align: center;\">Cucumber Soup<br \/>\n(Gurkensuppe mit Kr\u00e4utern)<\/div>\n<p style=\"text-align: center;\"><strong>Hauptspeisen: <\/strong><\/p>\n<p style=\"text-align: center;\">Indisches H\u00fchnchen<br \/>\n(ausgel\u00f6ste H\u00e4hnchenschenkel mit typisch indischen Gew\u00fcrzen auf Basmati-Reis)<\/p>\n<p style=\"text-align: center;\"><strong><em>oder<\/em><\/strong><\/p>\n<div style=\"text-align: center;\">\n<p>Cider Pork<\/p>\n<div>(Nackensteaks zusammen gebacken mit Speck, Kartoffelscheiben und Apfelwein)<br \/>\n(enth\u00e4lt Alkohol)<\/div>\n<\/div>\n<p style=\"text-align: center;\"><strong><em>oder<\/em><\/strong><\/p>\n<div style=\"text-align: center;\">\n<p>vegetarisches Gem\u00fcsecurry<br \/>\n(Blumenkohl, Zucchini, Kichererbsen, Karotten, mit indischen Gew\u00fcrzen,<br \/>\ndazu Basmati-Reis)<\/p>\n<p><strong>Nachspeise: <\/strong><\/p>\n<\/div>\n<p style=\"text-align: center;\"><span style=\"color: #000000;\">Honigkuchen-Trifle<br \/>\n(<\/span>Zwetschgen mit Gl\u00fchwein auf Buttermilchquark mit Mascarpone und Honigkuchen)<br \/>\n(enth\u00e4lt Alkohol)<\/p>\n<\/td>\n<\/tr>\n<\/tbody>\n<\/table>\n<h2 style=\"text-align: center;\"><strong>Unser Weihnachtsdinner 29.11. &#8211; 04.12.2012<\/strong><\/h2>\n<h2 style=\"text-align: center;\"><strong><a class=\"lightbox\" title=\"UTB.Titel_2c\" href=\"https:\/\/www.linden-theater-frechen.de\/?attachment_id=3013\"><img data-recalc-dims=\"1\" loading=\"lazy\" decoding=\"async\" class=\"aligncenter wp-image-3013\" title=\"UTB.Titel_2c\" src=\"https:\/\/i0.wp.com\/www.linden-theater-frechen.de\/wp-content\/uploads\/2012\/10\/ZIEMLICHBESTEFREUNDETitelrot1117.jpg?resize=209%2C107&#038;ssl=1\" alt=\"\" width=\"209\" height=\"107\" srcset=\"https:\/\/i0.wp.com\/www.linden-theater-frechen.de\/wp-content\/uploads\/2012\/10\/ZIEMLICHBESTEFREUNDETitelrot1117.jpg?resize=300%2C154&amp;ssl=1 300w, https:\/\/i0.wp.com\/www.linden-theater-frechen.de\/wp-content\/uploads\/2012\/10\/ZIEMLICHBESTEFREUNDETitelrot1117.jpg?resize=150%2C77&amp;ssl=1 150w, https:\/\/i0.wp.com\/www.linden-theater-frechen.de\/wp-content\/uploads\/2012\/10\/ZIEMLICHBESTEFREUNDETitelrot1117.jpg?resize=400%2C205&amp;ssl=1 400w, https:\/\/i0.wp.com\/www.linden-theater-frechen.de\/wp-content\/uploads\/2012\/10\/ZIEMLICHBESTEFREUNDETitelrot1117.jpg?w=886&amp;ssl=1 886w\" sizes=\"auto, (max-width: 209px) 100vw, 209px\" \/><\/a><br \/>\n<\/strong><\/h2>\n<p style=\"text-align: justify;\">Unser Weihnachtsdinner widmeten wir dem erfolgreichsten franz\u00f6sischen Film des Jahres: Ziemlich beste Freunde. Es sollte mit sechs ausverkauften Vorstellungen auch das ziemlich erfolgreichste Dinner werden. Bei unserer Spendenveranstaltung in Form von Versteigerungen von Repliken der im Film vorkommenden Gem\u00e4lde konnten wir \u00fcber 600 \u20ac f\u00fcr eine noch zu bestimmende Einrichtung der Behinderten- oder Pflegearbeit sammeln. Hierf\u00fcr danken wir allen Spendern und hoffen, unsere Kopien der Bilder &#8222;Nasenbluten&#8220; und &#8222;Driss&#8220; werden w\u00fcrdige Pl\u00e4tze bei den Versteigerungssiegern erhalten.<\/p>\n<p style=\"text-align: justify;\">Einige Bilder von den Versteigerungen finden Sie nachfolgend.<\/p>\n<p style=\"text-align: justify;\">[nggallery id=24]<\/p>\n<table width=\"100%\">\n<tbody>\n<tr>\n<td>\n<h3>Der Film:<\/h3>\n<h2 class=\"Stil2\"><span class=\"Stil1\"><span class=\"Stil3\"><a class=\"lightbox\" title=\"ziemlich beste freunde\" href=\"https:\/\/i0.wp.com\/www.lindentheater-frechen.de\/wp-content\/uploads\/2012\/01\/ziemlich-beste-freunde-poster-e1326545753350.jpg?ssl=1\"><img data-recalc-dims=\"1\" loading=\"lazy\" decoding=\"async\" class=\"alignright wp-image-2285\" title=\"ziemlich beste freunde\" src=\"https:\/\/i0.wp.com\/www.lindentheater-frechen.de\/wp-content\/uploads\/2012\/01\/ziemlich-beste-freunde-poster-212x300.jpg?resize=150%2C212&#038;ssl=1\" alt=\"\" width=\"150\" height=\"212\" \/><\/a>Ziemlich beste Freunde<\/span><\/span><\/h2>\n<p style=\"text-align: justify;\"><strong>Kom\u00f6die:<\/strong> Der arbeitslose und frisch aus dem Knast entlassene Driss bewirbt sich pro forma als Pfleger beim querschnittsgel\u00e4hmten reichen Erben Philippe, um den Stempel f\u00fcr die Arbeitslosenunterst\u00fctzung zu bekommen. Gegen jede Vernunft engagiert ihn der reiche Aristokrat, weil er sp\u00fcrt, dass dieser farbige Junge aus der Banlieue ihm nicht mit Mitleid begegnet. Statt mit dem Behindertenauto d\u00fcsen die beiden bald mit dem Maserati durch Paris, rauchen Joints, laden schon mal zu einer Orgie ein. Beide respektieren sich, und Philippe gewinnt neue Kraft f\u00fcr das, was ihm vom Leben bleibt.<\/p>\n<p style=\"text-align: justify;\">Furioser franz\u00f6sischer Erfolgshit nach einer wahren Geschichte \u00fcber die bewegende Freundschaft zwischen zwei total gegens\u00e4tzlichen M\u00e4nnern und den Mut zum Leben.<\/p>\n<p style=\"text-align: justify;\">F 2011,<strong>Originaltitel: <\/strong>Intouchables,<strong> Regie: <\/strong>Olivier Nakache, Eric Toledano,<strong> Darsteller: <\/strong>Francois Cluzet (Philippe), Omar Sy (Driss), Anne Le Ny (Yvonne), Audrey Fleurot (Magalie), Clotilde Mollet (Marcelle), Alba Gaia Kraghede Bellugi (Elisa), Cyril Mendy (Adama), Christian Ameri (Albert), Gregoire Oestermann (Antoine)<\/p>\n<p><span style=\"color: #000000;\"><span class=\"Stil3\"><strong>Laufzeit:<\/strong> 112 <\/span><\/span><span style=\"color: #000000;\"><span class=\"Stil3\">Min, <strong>FSK:<\/strong> ab 6 Jahren<\/span><\/span><\/p>\n<p><span class=\"Stil3\"><span style=\"color: #808080;\"><span class=\"Stil1\"><a title=\"Filmseite\" href=\"https:\/\/www.ziemlichbestefreunde.senator.de\/\" target=\"_blank\" rel=\"noopener noreferrer\"><strong>Offizielle Filmseite<\/strong><\/a><strong> &#8211; <\/strong><a title=\"Trailer\" href=\"https:\/\/www.kino.de\/kinofilm\/ziemlich-beste-freunde\/kinotrailer\/138335\" target=\"_blank\" rel=\"noopener noreferrer\"><strong>Trailer ansehen<\/strong><\/a><strong> &#8211; <\/strong><a title=\"Filminfos\" href=\"https:\/\/www.kino.de\/kinofilm\/ziemlich-beste-freunde\/138335\" target=\"_blank\" rel=\"noopener noreferrer\"><strong>weitere Filminfos<\/strong><\/a><\/span><\/span><\/span><\/td>\n<\/tr>\n<\/tbody>\n<\/table>\n<table width=\"100%\">\n<tbody>\n<tr>\n<td style=\"text-align: center;\"><a class=\"lightbox\" title=\"ZBF 1\" href=\"https:\/\/www.linden-theater-frechen.de\/?attachment_id=3011\"><img data-recalc-dims=\"1\" loading=\"lazy\" decoding=\"async\" class=\"aligncenter size-medium wp-image-3011\" title=\"ZBF 1\" src=\"https:\/\/i0.wp.com\/www.linden-theater-frechen.de\/wp-content\/uploads\/2012\/10\/ZBF-1.jpg?resize=300%2C300&#038;ssl=1\" alt=\"\" width=\"300\" height=\"300\" srcset=\"https:\/\/i0.wp.com\/www.linden-theater-frechen.de\/wp-content\/uploads\/2012\/10\/ZBF-1.jpg?resize=300%2C300&amp;ssl=1 300w, https:\/\/i0.wp.com\/www.linden-theater-frechen.de\/wp-content\/uploads\/2012\/10\/ZBF-1.jpg?resize=150%2C150&amp;ssl=1 150w, https:\/\/i0.wp.com\/www.linden-theater-frechen.de\/wp-content\/uploads\/2012\/10\/ZBF-1.jpg?resize=400%2C400&amp;ssl=1 400w, https:\/\/i0.wp.com\/www.linden-theater-frechen.de\/wp-content\/uploads\/2012\/10\/ZBF-1.jpg?w=800&amp;ssl=1 800w\" sizes=\"auto, (max-width: 300px) 100vw, 300px\" \/><\/a><\/td>\n<td>\n<h2 style=\"text-align: center;\">Unser ziemlich bestes Weihnachtsmen\u00fc:<\/h2>\n<p style=\"text-align: center;\"><strong>Vorspeise:<\/strong><\/p>\n<div style=\"text-align: center;\">\n<p>Blumenkohlsuppe mit Cr\u00f4utons<\/p>\n<\/div>\n<p style=\"text-align: center;\"><strong>Hauptspeisen: <\/strong><\/p>\n<p style=\"text-align: center;\">Putenroulade gef\u00fcllt mit K\u00e4se und Spinat<br \/>\ndazu Apfelrotkohl und Herzoginnenkartoffeln<\/p>\n<p style=\"text-align: center;\"><strong><em>oder<\/em><\/strong><\/p>\n<div style=\"text-align: center;\">\n<p>Rinderroulade gef\u00fcllt mit Gehacktes, Speck und Zwiebeln<br \/>\ndazu Apfelrotkohl und Herzoginnenkartoffeln<\/p>\n<\/div>\n<p style=\"text-align: center;\"><strong><em>oder<\/em><\/strong><\/p>\n<div style=\"text-align: center;\">\n<p>Muschelnudeln<br \/>\ngef\u00fcllt mit Auberginen- und Zucchini-Gem\u00fcse<\/p>\n<\/div>\n<p style=\"text-align: center;\"><strong>Nachspeise: <\/strong><\/p>\n<p style=\"text-align: center;\"><span style=\"color: #888888;\"><span style=\"color: #000000;\">Petit Fours<\/span><\/span><\/p>\n<\/td>\n<\/tr>\n<\/tbody>\n<\/table>\n<h2 style=\"text-align: center;\"><\/h2>\n<h2 style=\"text-align: center;\">21. &#8211; 25.09.2012<\/h2>\n<h2 style=\"text-align: center;\"><strong>&#8222;Kochen ist Chefsache &#8211; auch beim Flimmer-Dinner&#8220;<\/strong><\/h2>\n<h2 style=\"text-align: center;\"><\/h2>\n<p style=\"text-align: center;\">Mit unserem Septemberdinner schlossen wir einen Kreis zum allerersten Flimmer-Dinner, denn wie bei unserer Premiere im Dezember 2009 handelte es sich um einen Film \u00fcber die franz\u00f6sische K\u00fcche, diesmal jedoch sehr zeitgem\u00e4\u00df, denn es ging in der leichten Sommerkom\u00f6die &#8222;Kochen ist Chefsache&#8220; mit Frankreichs Superstar Jean Reno unter anderem um die Molekulark\u00fcche. Das Dinner blieb jedoch traditionell, aus der K\u00fcche wurde kein Labor&#8230;<\/p>\n<table width=\"100%\">\n<tbody>\n<tr>\n<td>\n<h3><span class=\"Stil1\"><span class=\"Stil3\">Der Film:<\/span><\/span><\/h3>\n<h2><a title=\"Kochen ist Chefsache\" href=\"https:\/\/www.lindentheater-frechen.de\/?attachment_id=2726\"><img data-recalc-dims=\"1\" loading=\"lazy\" decoding=\"async\" class=\"alignright\" title=\"Kochen ist Chefsache\" src=\"https:\/\/i0.wp.com\/www.lindentheater-frechen.de\/wp-content\/uploads\/2012\/07\/Kochen-ist-Chefsache-211x300.jpg?resize=150%2C212&#038;ssl=1\" alt=\"\" width=\"150\" height=\"212\" \/><\/a>Kochen ist Chefsache<\/h2>\n<p style=\"text-align: justify;\"><strong>Kom\u00f6die<\/strong>: Sterne-Koch zu sein ist nicht leicht. Vor allem dann nicht, wenn der Vorgesetzte von seinem Star verlangt, in kurzer Zeit ein neues Menu aus dem Hut zu zaubern, um ein ber\u00fcchtigtes Fachmagazin zu beeindrucken. Alexandre Lagarde ist genau in dieser Situation. Und dann l\u00e4uft ihm auch noch der junge Koch Jacky Bonnot \u00fcber den Weg, der seine K\u00fcche komplett auf den Kopf stellt. Doch zusammen schmeckt bekanntlich jede Mahlzeit besser.<\/p>\n<div style=\"text-align: justify;\">\n<p>Statt mit Kugeln hantiert Jean Reno diesmal mit dem Kochl\u00f6ffel und verf\u00fchrt mit kulinarischen K\u00f6stlichkeiten.<\/p>\n<\/div>\n<p style=\"text-align: justify;\"><strong>F<\/strong>2012,<strong>Originaltitel: <\/strong>Comme un chef,<strong>Regie: <\/strong>Daniel Cohen,<strong> Darsteller: <\/strong>Jean Reno (Alexandre Lagarde), Michael Youn (Jacky Bonnot), Raphaelle Agogu\u00e9 (B\u00e9atrice), Julien Boisselier (Stanislas Matter), Salom\u00e9 St\u00e9venin (Amandine), Serge Larivi\u00e8re (Titi), Issa Doumbia (Moussa), Bun-hay Mean (Chang), Pierre Vernier (Paul Matter), Santiago Segura (Juan), Rebecca Miquel (Carole), James Gerard (Cyril Boss), Henri Payet (Thibault)<\/p>\n<p><strong>Laufzeit:<\/strong> 88 Min, <strong>FSK:<\/strong> ohne Altersbeschr\u00e4nkung<\/p>\n<p><span class=\"Stil1\"><span class=\"Stil3\"><a title=\"Filmseite\" href=\"https:\/\/www.kochenistchefsache.senator.de\/\" target=\"_blank\" rel=\"noopener noreferrer\"><strong>Offizielle Filmseite<\/strong><\/a><strong> &#8211; <\/strong><a title=\"Trailer\" href=\"https:\/\/www.kino.de\/kinofilm\/kochen-ist-chefsache\/kinotrailer\/141458\" target=\"_blank\" rel=\"noopener noreferrer\"><strong>Trailer ansehen<\/strong><\/a><strong>&#8211; <\/strong><a title=\"Filminfos\" href=\"https:\/\/www.moviemaze.de\/filme\/4611\/kochen-ist-chefsache.html\" target=\"_blank\" rel=\"noopener noreferrer\"><strong>weitere Filminfos<\/strong><\/a><\/span><\/span><\/td>\n<\/tr>\n<\/tbody>\n<\/table>\n<table width=\"100%\">\n<tbody>\n<tr>\n<td style=\"text-align: center;\"><a class=\"lightbox\" title=\"Kochen_ist_Chefsache11edit\" href=\"https:\/\/i0.wp.com\/www.ff-frechen-film.de\/wp-content\/uploads\/2012\/08\/Kochen_ist_Chefsache11edit.jpg?ssl=1\"><img data-recalc-dims=\"1\" loading=\"lazy\" decoding=\"async\" class=\"aligncenter wp-image-1332\" title=\"Kochen_ist_Chefsache11edit\" src=\"https:\/\/i0.wp.com\/www.ff-frechen-film.de\/wp-content\/uploads\/2012\/08\/Kochen_ist_Chefsache11edit.jpg?resize=300%2C273&#038;ssl=1\" alt=\"\" width=\"300\" height=\"273\" \/><\/a><\/td>\n<td>\n<h2 style=\"text-align: center;\">Die Empfehlungen des K\u00fcchenchefs:<\/h2>\n<p style=\"text-align: center;\"><strong>Vorspeise:<\/strong><\/p>\n<div style=\"text-align: center;\">Lauchcreme-Suppe mit Bl\u00fcten-Honig<\/div>\n<p style=\"text-align: center;\"><strong>Hauptspeisen: <\/strong><\/p>\n<div style=\"text-align: center;\">ged\u00fcnstete Fischphantasieauf Gem\u00fcsebett mit Zitronenschaum<\/div>\n<p style=\"text-align: center;\"><strong><em>oder<\/em><\/strong><\/p>\n<div style=\"text-align: center;\">Kalbsrago\u00fbtmit zartem Gem\u00fcse an Petersilien-Kartoffeln<\/div>\n<p style=\"text-align: center;\"><strong><em>oder<\/em><\/strong><\/p>\n<div style=\"text-align: center;\">Fleischloser Schinkenmit zartem Gem\u00fcse an Petersilien-Kartoffeln<\/div>\n<p style=\"text-align: center;\"><strong>Nachspeise: <\/strong><\/p>\n<p style=\"text-align: center;\">Variation von Tiramisu<\/p>\n<\/td>\n<\/tr>\n<\/tbody>\n<\/table>\n<hr \/>\n<h2 style=\"text-align: center;\">29. Juni bis 3. Juli 2012:<\/h2>\n<h2 style=\"text-align: center;\"><strong>&#8222;25 Jahre Dirty Dancing &#8211; The time of your life&#8220;<\/strong><\/h2>\n<p style=\"text-align: center;\">Bei unserem Sommer-Dinner widmeten wir uns einem Kultklassiker der Achtziger Jahre, der auch noch 25 Jahre nach seinem Erscheinen eine riesige Fangemeinde hat. Dirty Dancing, die Liebesgeschichte von Baby und Johnny, entf\u00fchrte in den sonnigen amerikanischen Sommer von 1963 &#8211; unser Men\u00fc pr\u00e4sentierte dementsprechend typische Gerichte der Sechziger Jahre.<\/p>\n<table width=\"100%\">\n<tbody>\n<tr>\n<td>\n<h3><span class=\"Stil1\"><span class=\"Stil3\">Der Film:<\/span><\/span><\/h3>\n<h2><span class=\"Stil1\"><span class=\"Stil3\"><a class=\"lightbox\" title=\"Dirty Dancing A\" href=\"https:\/\/i0.wp.com\/www.lindentheater-frechen.de\/wp-content\/uploads\/2012\/04\/Patrick-Swayze_201207_257121_1_024.jpg?ssl=1\"><img data-recalc-dims=\"1\" loading=\"lazy\" decoding=\"async\" class=\"alignright wp-image-2560\" title=\"Dirty Dancing A\" src=\"https:\/\/i0.wp.com\/www.lindentheater-frechen.de\/wp-content\/uploads\/2012\/04\/Patrick-Swayze_201207_257121_1_024-205x300.jpg?resize=152%2C221&#038;ssl=1\" alt=\"\" width=\"152\" height=\"221\" srcset=\"https:\/\/i0.wp.com\/www.linden-theater-frechen.de\/wp-content\/uploads\/2012\/04\/Patrick-Swayze_201207_257121_1_024.jpg?resize=205%2C300&amp;ssl=1 205w, https:\/\/i0.wp.com\/www.linden-theater-frechen.de\/wp-content\/uploads\/2012\/04\/Patrick-Swayze_201207_257121_1_024.jpg?resize=547%2C800&amp;ssl=1 547w, https:\/\/i0.wp.com\/www.linden-theater-frechen.de\/wp-content\/uploads\/2012\/04\/Patrick-Swayze_201207_257121_1_024.jpg?resize=400%2C584&amp;ssl=1 400w, https:\/\/i0.wp.com\/www.linden-theater-frechen.de\/wp-content\/uploads\/2012\/04\/Patrick-Swayze_201207_257121_1_024.jpg?w=600&amp;ssl=1 600w\" sizes=\"auto, (max-width: 152px) 100vw, 152px\" \/><\/a>Dirty Dancing<\/span><\/span><\/h2>\n<p style=\"text-align: justify;\"><strong>Romanze:<\/strong> Die 17-j\u00e4hrige Frances Houseman &#8211; auch &#8222;Baby&#8220; genannt &#8211; verbringt im Sommer des Jahres 1963 die Ferien mit ihren Eltern und ihrer Schwester Lisa in einem Ferienresort. Als sie dem Tanzlehrer Johnny Castle begegnet, verfliegt ihre schlechte Laune. Sie traut sich in die f\u00fcr G\u00e4ste verbotene Zone: die Unterkunft der Hotelangestellten. Dort kommen sich Baby und Johnny n\u00e4her; er lehrt sie das Tanzen zu Dirty-Dancing-Rhythmen. Vor ihren Eltern verheimlicht Baby jedoch die Beziehung zu Johnny.<\/p>\n<p style=\"text-align: justify;\">Der Kultfilm der Achtziger Jahre machte Jennifer Grey und Patrick Swayze \u00fcber Nacht zu Stars und begeistert auch 25 Jahre sp\u00e4ter noch eine riesige Fangemeinde. Nachdem bereits ein Musical basierend auf dem Film entstand, ist f\u00fcr 2013 eine Neuverfilmung angek\u00fcndigt&#8230;<\/p>\n<p style=\"text-align: justify;\">USA 1987,<strong>Originaltitel: <\/strong>Dirty Dancing,<strong> Regie: <\/strong>Emile Ardolino, <strong>Darsteller: <\/strong>Jennifer Grey (Frances &#8218;Baby&#8216; Houseman), Patrick Swayze (Johnny Castle), Jerry Orbach (Dr. Jake Houseman), Cynthia Rhodes (Penny Johnson), Jack Weston (Max Kellerman), Jane Brucker (Lisa Houseman), Kelly Bishop (Marjorie Houseman), Lonny Price (Neil Kellerman), Max Cantor (Robbie Gould), Charles &#8218;Honi&#8216; Coles (Tito Suarez), Neal Jones (Billy Kostecki)<\/p>\n<p style=\"text-align: justify;\"><span style=\"color: #000000;\"><span class=\"Stil3\"><strong>Laufzeit:<\/strong> 100 <\/span><\/span><span style=\"color: #000000;\"><span class=\"Stil3\">Min, <strong>FSK:<\/strong> ab 12 Jahre<\/span><\/span><\/p>\n<p><span class=\"Stil3\"><span style=\"color: #808080;\"><span class=\"Stil1\"><strong><a title=\"Trailer\" href=\"https:\/\/www.moviemaze.de\/media\/trailer\/3866,dirty-dancing.html\">Trailer ansehen<\/a> <\/strong><strong>&#8211; <\/strong><a title=\"Filminfos\" href=\"https:\/\/de.wikipedia.org\/wiki\/Dirty_Dancing\" target=\"_blank\" rel=\"noopener noreferrer\"><strong>weitere Filminfos<\/strong><\/a><\/span><\/span><\/span><\/td>\n<\/tr>\n<\/tbody>\n<\/table>\n<table width=\"100%\">\n<tbody>\n<tr>\n<td style=\"text-align: center;\"><a class=\"lightbox\" title=\"Dirty Dancing 1\" href=\"https:\/\/i0.wp.com\/www.lindentheater-frechen.de\/wp-content\/uploads\/2012\/04\/Dirty-Dancing-1-e1335169456250.jpg?ssl=1\"><img data-recalc-dims=\"1\" loading=\"lazy\" decoding=\"async\" class=\"aligncenter wp-image-2545\" title=\"Dirty Dancing 1\" src=\"https:\/\/i0.wp.com\/www.lindentheater-frechen.de\/wp-content\/uploads\/2012\/04\/Dirty-Dancing-1-565x800.jpg?resize=303%2C474&#038;ssl=1\" alt=\"\" width=\"303\" height=\"474\" \/><\/a><\/td>\n<td>\n<h2 style=\"text-align: center;\">Unser Swinging-Sixties-Men\u00fc<\/h2>\n<p style=\"text-align: center;\"><strong>Vorspeise:<\/strong><\/p>\n<p style=\"text-align: center;\">Schinkenr\u00f6llchen mit Spargel<br \/>\nan Eiersalat und Krabbensalat<br \/>\n(vegetarische Variante: Fleischloser Schinken an Eiersalat)<\/p>\n<p style=\"text-align: center;\"><strong>Hauptspeisen: <\/strong><\/p>\n<p style=\"text-align: center;\">Schweinesteak<br \/>\nmit frischen Pfifferlingen in Rahmso\u00dfe und Serviettenkn\u00f6del<\/p>\n<p style=\"text-align: center;\"><strong><em>oder<\/em><\/strong><\/p>\n<p style=\"text-align: center;\">H\u00fchnerfrikassee<br \/>\nmit frischem Spargel und frischen Champignons auf Reis<\/p>\n<p style=\"text-align: center;\"><strong><em>oder<\/em><\/strong><\/p>\n<p style=\"text-align: center;\">frische Pfifferlinge in Rahmso\u00dfe<br \/>\nmit Serviettenkn\u00f6del<\/p>\n<p style=\"text-align: center;\"><strong>Nachspeise: <\/strong><\/p>\n<p style=\"text-align: center;\">Melonenspie\u00df an Vanilleeis<\/p>\n<\/td>\n<\/tr>\n<\/tbody>\n<\/table>\n<h2 style=\"text-align: center;\">2. &#8211; 6. M\u00e4rz 2012<\/h2>\n<h2 style=\"text-align: center;\">&#8222;The Ides of March &#8211; Tage des Verrats&#8220;<\/h2>\n<p style=\"text-align: justify;\">&#8222;H\u00fcte dich vor den Iden des M\u00e4rz&#8230;&#8220; &#8211; mit diesen Worten warnte der Augur Spurinna im Jahr 44 v. Chr. den r\u00f6mischen Kaiser Julius Caesar vor seiner bevorstehenden Ermordung. Wer dieser Empfehlung jedoch im Jahr 2012 folgte, der verpasste leider unser Flimmer-Dinner mit dem neuen Film von und mit George Clooney, dem spannenden Politdrama &#8222;The Ides of March &#8211; Tage des Verrats&#8220;. Im Gegensatz zum r\u00f6mischen Kalender wurden unsere Iden (Feierlichkeiten) des M\u00e4rz jedoch bereits Anfang des Monats abgehalten.<\/p>\n<h3 style=\"text-align: justify;\"><span style=\"text-decoration: underline;\">Der Film:<\/span><\/h3>\n<table width=\"100%\">\n<tbody>\n<tr>\n<td>\n<h2 class=\"Stil2\"><span class=\"Stil1\"><span class=\"Stil3\"><a class=\"lightbox\" title=\"IdesOfMarch\" href=\"https:\/\/i0.wp.com\/www.lindentheater-frechen.de\/wp-content\/uploads\/2012\/01\/IdesOfMarch.jpg?ssl=1\"><img data-recalc-dims=\"1\" loading=\"lazy\" decoding=\"async\" class=\"alignright wp-image-2304\" title=\"IdesOfMarch\" src=\"https:\/\/i0.wp.com\/www.lindentheater-frechen.de\/wp-content\/uploads\/2012\/01\/IdesOfMarch-211x300.jpg?resize=150%2C204&#038;ssl=1\" alt=\"\" width=\"150\" height=\"204\" \/><\/a>The Ides of March &#8211; Tage des Verrats<\/span><\/span><\/h2>\n<p style=\"text-align: justify;\"><strong>Drama<\/strong>: US-Politiker und Pr\u00e4sidentschaftskandidat Mike Morris liefert sich mit seinem demokratischen Parteikollegen Senator Pullman ein enges Rennen in den demokratischen Vorwahlen. Durch den gro\u00dfen Vorsprung vor den Republikanern w\u00e4re ein Sieg beinahe schon das Ticket zur gewonnen Pr\u00e4sidentschaft und der damit verbundene Einzug ins Wei\u00dfe Haus. Unterst\u00fctzt wird Morris vor allem vom jungen, aufstrebenden Pressesprecher Stephen Myers, der auch vor zweifelhaften Methoden keinen Halt macht, um seinen Sch\u00fctzling ins rechte Licht zu r\u00fccken.<\/p>\n<div>\n<p style=\"text-align: justify;\">George Clooney stellt erneut seine Klasse als Regisseur und sein Gesp\u00fcr f\u00fcr die Themen unserer Zeit unter Beweis. Gemeinsam mit einem Ensemble hochkar\u00e4tiger Kollegen beleuchtet er die verborgenen Mechanismen der Macht im US-amerikanischen Polit-Zirkus. Eine grandios erz\u00e4hlte Story voll knisternder Spannung bis zum \u00fcberraschenden Finale.<\/p>\n<\/div>\n<p style=\"text-align: justify;\"><strong>USA<\/strong>2011,<strong> Originaltitel: <\/strong>The Ides of March, <strong>Regie: <\/strong>George Clooney,<strong> Darsteller: <\/strong>Ryan Gosling (Stephen Myers), George Clooney (Governor Mike Morris), Philip Seymour Hoffman (Paul Zara), Paul Giamatti (Tom Duffy), Evan Rachel Wood (Molly Stearns), Marisa Tomei (Ida Horowicz), Jeffrey Wright (Senator Thompson), Max Minghella (Ben Harpen), Jennifer Ehle (Cindy Morris), Gregory Itzin (Jack Stearns), Michael Mantell (Senator Pullman), Yuriy Sardarov (Mike), Bella Ivory (Jenny), Maya Sayre (Sue)<\/p>\n<p style=\"text-align: justify;\"><span style=\"color: #000000;\"><span class=\"Stil3\"><strong>Laufzeit:<\/strong> 101 <\/span><\/span><span style=\"color: #000000;\"><span class=\"Stil3\">Min, <strong>FSK:<\/strong> ab 12 Jahren<\/span><\/span><\/p>\n<p><span class=\"Stil3\"><span style=\"color: #808080;\"><span class=\"Stil1\"><a title=\"Filmseite\" href=\"https:\/\/www.tobis.de\/film\/the-ides-of-march-tage-des-verrats\" target=\"_blank\" rel=\"noopener noreferrer\"><strong>Offizielle Filmseite<\/strong><\/a><strong> &#8211; <\/strong><a title=\"Trailer\" href=\"https:\/\/www.moviemaze.de\/media\/trailer\/6775,the-ides-of-march.html\" target=\"_blank\" rel=\"noopener noreferrer\"><strong>Trailer ansehen<\/strong><\/a><strong>&#8211; <\/strong><a title=\"Filminfos\" href=\"https:\/\/www.moviemaze.de\/filme\/4276\/the-ides-of-march.html\" target=\"_blank\" rel=\"noopener noreferrer\"><strong>weitere Filminfos<\/strong><\/a><\/span><\/span><\/span><\/td>\n<\/tr>\n<\/tbody>\n<\/table>\n<h2 style=\"text-align: center;\"><\/h2>\n<table width=\"100%\">\n<tbody>\n<tr>\n<td style=\"text-align: center;\"><a class=\"lightbox\" title=\"the-ides-of-march\" href=\"https:\/\/i0.wp.com\/www.lindentheater-frechen.de\/wp-content\/uploads\/2012\/02\/the-ides-of-march.jpg?ssl=1\"><img data-recalc-dims=\"1\" loading=\"lazy\" decoding=\"async\" class=\"aligncenter size-medium wp-image-2361\" title=\"Seal_Of_The_President_Of_The_United_States_Of_America\" src=\"https:\/\/i0.wp.com\/www.lindentheater-frechen.de\/wp-content\/uploads\/2012\/02\/600px-Seal_Of_The_President_Of_The_United_States_Of_America_svg-300x300.png?resize=300%2C300&#038;ssl=1\" alt=\"\" width=\"300\" height=\"300\" srcset=\"https:\/\/i0.wp.com\/www.linden-theater-frechen.de\/wp-content\/uploads\/2012\/02\/600px-Seal_Of_The_President_Of_The_United_States_Of_America_svg.png?resize=300%2C300&amp;ssl=1 300w, https:\/\/i0.wp.com\/www.linden-theater-frechen.de\/wp-content\/uploads\/2012\/02\/600px-Seal_Of_The_President_Of_The_United_States_Of_America_svg.png?resize=150%2C150&amp;ssl=1 150w, https:\/\/i0.wp.com\/www.linden-theater-frechen.de\/wp-content\/uploads\/2012\/02\/600px-Seal_Of_The_President_Of_The_United_States_Of_America_svg.png?resize=400%2C400&amp;ssl=1 400w, https:\/\/i0.wp.com\/www.linden-theater-frechen.de\/wp-content\/uploads\/2012\/02\/600px-Seal_Of_The_President_Of_The_United_States_Of_America_svg.png?w=600&amp;ssl=1 600w\" sizes=\"auto, (max-width: 300px) 100vw, 300px\" \/><\/a><\/td>\n<td>\n<h2 style=\"text-align: center;\">Unser Wahlkampf-Men\u00fc<\/h2>\n<p style=\"text-align: center;\"><strong>Vorspeise:<\/strong><\/p>\n<p style=\"text-align: center;\">&#8222;Caesar Salad\u201c<br \/>\nDer Klassiker aus R\u00f6mersalat, Vinaigrette, Cro\u00fbtons und Parmesan<\/p>\n<p style=\"text-align: center;\"><strong>Hauptspeisen: <\/strong><\/p>\n<p style=\"text-align: center;\">&#8222;H\u00e4hnchenschenkel \u00e1 la Martin Luther King\u201c<br \/>\nHerausgel\u00f6ste H\u00e4hnchenschenkel mit Zwiebeln, Paprika, Tomaten, Ahornsirup, Knoblauch, dazu Kartoffel-Bratlinge<\/p>\n<p style=\"text-align: center;\"><strong><em>oder<\/em><\/strong><\/p>\n<p style=\"text-align: center;\">Tuna Casserole &#8222;California\u201c<br \/>\nAuflauf aus Nudeln, Gem\u00fcse und Thunfisch<\/p>\n<p style=\"text-align: center;\"><strong><em>oder<\/em><\/strong><\/p>\n<p style=\"text-align: center;\">&#8222;Maccaroni and Cheese&#8220;<br \/>\nMakkaroni mit Zwiebeln, Paprika, Milch und K\u00e4se<\/p>\n<p style=\"text-align: center;\"><strong>Nachspeise: <\/strong><\/p>\n<p style=\"text-align: center;\">Donuts mit Schokoglasur<\/p>\n<\/td>\n<\/tr>\n<\/tbody>\n<\/table>\n<h2 style=\"text-align: center;\"><a class=\"lightbox\" title=\"CHRBELLA\" href=\"https:\/\/i0.wp.com\/www.lindentheater-frechen.de\/wp-content\/uploads\/2009\/02\/CHRBELLA.jpg?ssl=1\"><img data-recalc-dims=\"1\" loading=\"lazy\" decoding=\"async\" class=\"alignleft size-medium wp-image-1354\" title=\"CHRBELLA\" src=\"https:\/\/i0.wp.com\/www.lindentheater-frechen.de\/wp-content\/uploads\/2009\/02\/CHRBELLA-196x300.jpg?resize=60%2C92&#038;ssl=1\" alt=\"\" width=\"60\" height=\"92\" srcset=\"https:\/\/i0.wp.com\/www.linden-theater-frechen.de\/wp-content\/uploads\/2009\/02\/CHRBELLA.jpg?resize=196%2C300&amp;ssl=1 196w, https:\/\/i0.wp.com\/www.linden-theater-frechen.de\/wp-content\/uploads\/2009\/02\/CHRBELLA.jpg?resize=98%2C150&amp;ssl=1 98w, https:\/\/i0.wp.com\/www.linden-theater-frechen.de\/wp-content\/uploads\/2009\/02\/CHRBELLA.jpg?resize=400%2C610&amp;ssl=1 400w, https:\/\/i0.wp.com\/www.linden-theater-frechen.de\/wp-content\/uploads\/2009\/02\/CHRBELLA.jpg?w=490&amp;ssl=1 490w\" sizes=\"auto, (max-width: 60px) 100vw, 60px\" \/><\/a><a class=\"lightbox\" title=\"CHRBELLA\" href=\"https:\/\/i0.wp.com\/www.lindentheater-frechen.de\/wp-content\/uploads\/2009\/02\/CHRBELLA.jpg?ssl=1\"><img data-recalc-dims=\"1\" loading=\"lazy\" decoding=\"async\" class=\"alignright size-medium wp-image-1354\" title=\"CHRBELLA\" src=\"https:\/\/i0.wp.com\/www.lindentheater-frechen.de\/wp-content\/uploads\/2009\/02\/CHRBELLA-196x300.jpg?resize=62%2C95&#038;ssl=1\" alt=\"\" width=\"62\" height=\"95\" srcset=\"https:\/\/i0.wp.com\/www.linden-theater-frechen.de\/wp-content\/uploads\/2009\/02\/CHRBELLA.jpg?resize=196%2C300&amp;ssl=1 196w, https:\/\/i0.wp.com\/www.linden-theater-frechen.de\/wp-content\/uploads\/2009\/02\/CHRBELLA.jpg?resize=98%2C150&amp;ssl=1 98w, https:\/\/i0.wp.com\/www.linden-theater-frechen.de\/wp-content\/uploads\/2009\/02\/CHRBELLA.jpg?resize=400%2C610&amp;ssl=1 400w, https:\/\/i0.wp.com\/www.linden-theater-frechen.de\/wp-content\/uploads\/2009\/02\/CHRBELLA.jpg?w=490&amp;ssl=1 490w\" sizes=\"auto, (max-width: 62px) 100vw, 62px\" \/><\/a><\/h2>\n<h2 style=\"text-align: center;\"><\/h2>\n<h2 style=\"text-align: center;\">Unser Weihnachts-Dinner 8. &#8211; 13. Dezember 2011:<\/h2>\n<h2 style=\"text-align: center;\">&#8222;Tats\u00e4chlich&#8230;Liebe&#8220;<\/h2>\n<p style=\"text-align: justify;\">F\u00fcr unser Weihnachtsdinner zum zweij\u00e4hrigen Jubil\u00e4um des Flimmer-Dinners durften die G\u00e4ste den Film bestimmen. \u00dcber eine Online-Abstimmung auf der Webseite des Frechener Wochenendes konnte zwischen 3 Filmen gew\u00e4hlt werden. 616 Stimmen wurden abgegeben, davon entfielen 266 auf den Siegerfilm. Der Zweitplatzierte &#8222;Liebe braucht keine Ferien&#8220; erhielt 245 Stimmen und lieferte sich zeitweise mit dem Siegerfilm ein hei\u00dfes Kopf-an-Kopf-Rennen. &#8222;Schlaflos in Seattle&#8220; landete mit 105 Stimmen auf dem letzten Platz.<\/p>\n<h3 style=\"text-align: center;\"><span style=\"text-decoration: underline;\">Der Film:<\/span><\/h3>\n<table width=\"100%\">\n<tbody>\n<tr>\n<td>\n<h2 class=\"Stil2\"><span class=\"Stil1\"><span class=\"Stil3\"><a class=\"lightbox\" title=\"tatsaechlich_liebe\" href=\"https:\/\/i0.wp.com\/www.lindentheater-frechen.de\/wp-content\/uploads\/2009\/11\/tatsaechlichliebe_poster01.jpg?ssl=1\"><img data-recalc-dims=\"1\" loading=\"lazy\" decoding=\"async\" class=\"alignright size-medium wp-image-2043\" title=\"tatsaechlich_liebe\" src=\"https:\/\/i0.wp.com\/www.lindentheater-frechen.de\/wp-content\/uploads\/2009\/11\/tatsaechlichliebe_poster01-210x300.jpg?resize=150%2C214&#038;ssl=1\" alt=\"\" width=\"150\" height=\"214\" srcset=\"https:\/\/i0.wp.com\/www.linden-theater-frechen.de\/wp-content\/uploads\/2009\/11\/tatsaechlichliebe_poster01.jpg?resize=210%2C300&amp;ssl=1 210w, https:\/\/i0.wp.com\/www.linden-theater-frechen.de\/wp-content\/uploads\/2009\/11\/tatsaechlichliebe_poster01.jpg?resize=105%2C150&amp;ssl=1 105w, https:\/\/i0.wp.com\/www.linden-theater-frechen.de\/wp-content\/uploads\/2009\/11\/tatsaechlichliebe_poster01.jpg?resize=400%2C571&amp;ssl=1 400w, https:\/\/i0.wp.com\/www.linden-theater-frechen.de\/wp-content\/uploads\/2009\/11\/tatsaechlichliebe_poster01.jpg?w=420&amp;ssl=1 420w\" sizes=\"auto, (max-width: 150px) 100vw, 150px\" \/><\/a>Tats\u00e4chlich&#8230;Liebe<br \/>\n<\/span><\/span><\/h2>\n<p class=\"MsoNormal\" style=\"text-align: justify;\">Diese Ensemble-Kom\u00f6die erz\u00e4hlt zehn separate Geschichten \u00fcber die Liebe und ihre Folgen in London, mit dem gro\u00dfen H\u00f6hepunkt an Heiligabend. Eine der Geschichten folgt dem frisch gew\u00e4hlten Ministerpr\u00e4sidenten des Vereinigten K\u00f6nigreichs, der sich an seinem ersten Tag in der Downing Street #10 in ein M\u00e4dchen verliebt, das ihm seinen Tee bringt. Eine andere Geschichte folgt der Beziehung zwischen einem Stiefvater und seinem jungen Stiefsohn.<\/p>\n<p style=\"text-align: justify;\">GB 2003,<strong>Regie: <\/strong><span class=\"summary\">Richard Curtis<\/span>,<strong> Darsteller: <\/strong>Hugh Grant (Premierminister), Chiwetel Ejiofor (Peter), Andrew Lincoln (Mark), Kris Marshall (Colin), Keira Knightley (Juliet), Laura Linney (Sarah), Liam Neeson (Daniel), Thomas Sangster (Sam), Colin Firth (Jamie), Dan Fredenburgh (Chris), Nina Sosanya (Annie), Bill Nighy (Billy), Emma Thompson (Karen), Martine McCutcheon (Natalie), Alan Rickman (Harry), Heike Makatsch (Mia), Adam Godley (Mr. Trench), Rory MacGregor (Sound Engineer), Billy Bob Thornton (Pr\u00e4sident der USA), Anne Reid (Mrs. Monroe), Martin Freeman, January Jones, Denise Richards, Elisha Cuthbert, Rowan Atkinson (Rufus)<\/p>\n<p><span style=\"color: #000000;\"><span class=\"Stil3\"><strong>Laufzeit:<\/strong> 135 <\/span><\/span><span style=\"color: #000000;\"><span class=\"Stil3\">Min, <strong>FSK:<\/strong> ab 6 Jahre<\/span><\/span><\/p>\n<p><span class=\"Stil3\"><span style=\"color: #808080;\"><span class=\"Stil1\"><a title=\"Trailer\" href=\"https:\/\/www.moviemaze.de\/media\/trailer\/969,tatsaechlich-liebe.html\" target=\"_blank\" rel=\"noopener noreferrer\"><strong>Trailer ansehen<\/strong><\/a><strong> &#8211; <\/strong><a title=\"Filminfos\" href=\"https:\/\/www.moviemaze.de\/filme\/789\/tatsaechlich-liebe.html\" target=\"_blank\" rel=\"noopener noreferrer\"><strong>weitere Filminfos<\/strong><\/a><\/span><\/span><\/span><\/td>\n<\/tr>\n<\/tbody>\n<\/table>\n<table width=\"100%\">\n<tbody>\n<tr>\n<td style=\"text-align: center;\"><a class=\"lightbox\" title=\"love-actually\" href=\"https:\/\/i0.wp.com\/www.lindentheater-frechen.de\/wp-content\/uploads\/2009\/11\/love-actually-1.jpg?ssl=1\"><img data-recalc-dims=\"1\" loading=\"lazy\" decoding=\"async\" class=\"aligncenter size-medium wp-image-2096\" title=\"love-actually\" src=\"https:\/\/i0.wp.com\/www.lindentheater-frechen.de\/wp-content\/uploads\/2009\/11\/love-actually-1-300x222.jpg?resize=300%2C222&#038;ssl=1\" alt=\"\" width=\"300\" height=\"222\" srcset=\"https:\/\/i0.wp.com\/www.linden-theater-frechen.de\/wp-content\/uploads\/2009\/11\/love-actually-1.jpg?resize=300%2C222&amp;ssl=1 300w, https:\/\/i0.wp.com\/www.linden-theater-frechen.de\/wp-content\/uploads\/2009\/11\/love-actually-1.jpg?resize=150%2C111&amp;ssl=1 150w, https:\/\/i0.wp.com\/www.linden-theater-frechen.de\/wp-content\/uploads\/2009\/11\/love-actually-1.jpg?resize=400%2C297&amp;ssl=1 400w, https:\/\/i0.wp.com\/www.linden-theater-frechen.de\/wp-content\/uploads\/2009\/11\/love-actually-1.jpg?w=432&amp;ssl=1 432w\" sizes=\"auto, (max-width: 300px) 100vw, 300px\" \/><\/a><\/td>\n<td>\n<h2 style=\"text-align: center;\">Unser Weihnachts-Men\u00fc<\/h2>\n<p style=\"text-align: center;\"><strong>Vorspeise:<\/strong><\/p>\n<p style=\"text-align: center;\">mit Frischk\u00e4se gebundene Maronensuppe<\/p>\n<p style=\"text-align: center;\"><strong>Hauptspeisen: <\/strong><\/p>\n<p style=\"text-align: center;\">Hirschragout<br \/>\nmit Preiselbeeren gef\u00fcllte Kartoffelkl\u00f6\u00dfe und Apfelrotkraut<\/p>\n<p style=\"text-align: center;\"><strong><em>oder<\/em><\/strong><\/p>\n<p style=\"text-align: center;\">Lachsfilet<br \/>\nauf Wildreis-Gem\u00fcsebett<br \/>\nin Pergamentpapier ged\u00fcnstet<\/p>\n<p style=\"text-align: center;\"><strong><em>oder<\/em><\/strong><\/p>\n<p style=\"text-align: center;\">Tofu auf Wildreis-Gem\u00fcsebett<br \/>\n(vegetarisch)<\/p>\n<p style=\"text-align: center;\"><strong>Nachspeise: <\/strong><\/p>\n<p style=\"text-align: center;\"><span style=\"color: #888888;\"><span style=\"color: #000000;\">mit Marzipan gef\u00fcllte Birne im Bl\u00e4tterteigmantel<\/span><\/span><\/p>\n<\/td>\n<\/tr>\n<\/tbody>\n<\/table>\n<h2 style=\"text-align: center;\">Larry Crowne<br \/>\n16. &#8211; 18.09.2011<\/h2>\n<p>Diesmal verschlug es das Flimmer-Dinner \u00fcber den gro\u00dfen Teich; zum neuesten Film von und mit Tom Hanks sowie mit Julia Roberts wandten wir uns der amerikanischen K\u00fcche zu.<\/p>\n<h2 style=\"text-align: center;\">Larry Crowne \u2013 Der Film:<strong><a class=\"lightbox\" title=\"larry-crowne\" href=\"https:\/\/i0.wp.com\/www.lindentheater-frechen.de\/wp-content\/uploads\/2009\/11\/larry-crowne-poster-e1311022079193.jpg?ssl=1\"><img data-recalc-dims=\"1\" loading=\"lazy\" decoding=\"async\" class=\"alignright size-medium wp-image-1777\" title=\"larry-crowne\" src=\"https:\/\/i0.wp.com\/www.lindentheater-frechen.de\/wp-content\/uploads\/2009\/11\/larry-crowne-poster-212x300.jpg?resize=162%2C230&#038;ssl=1\" alt=\"\" width=\"162\" height=\"230\" \/><\/a><\/strong><\/h2>\n<p style=\"text-align: justify;\"><strong>romantische Kom\u00f6die:<\/strong> Der herzensgute, vielleicht ein wenig unbeholfene Larry Crowne verliert nach Jahren als engagierter Angestellter in einer Supermarktkette seinen Job. Obwohl er schon mehrfach zum Mitarbeiter des Monats gek\u00fcrt wurde, soll er nicht ausreichend qualifiziert sein, hei\u00dft es als Begr\u00fcndung. Also beschlie\u00dft er, noch einmal die Schulbank zu dr\u00fccken. Seine Lehrerin, die h\u00fcbsche Mercedes Tainot, hat mit Motivationsproblemen und einer kriselnden Ehe zu k\u00e4mpfen. Doch der verliebte Larry ist hartn\u00e4ckig und bald verl\u00e4uft nicht nur der Unterricht erfolgreich.<\/p>\n<p style=\"text-align: justify;\">In Bestform wieder vereint: Das Dreamteam Tom Hanks und Julia Roberts in einer romantischen Feelgood-Kom\u00f6die \u00fcber das Scheitern, K\u00e4mpfen und Gewinnen.<\/p>\n<p>98 Minuten, ohne Altersbeschr\u00e4nkung<\/p>\n<table width=\"100%\">\n<tbody>\n<tr>\n<td style=\"text-align: center;\"><a class=\"lightbox\" title=\"Larry Crowne 1\" href=\"https:\/\/i0.wp.com\/www.lindentheater-frechen.de\/wp-content\/uploads\/2011\/08\/LarryCrowne_0001.jpg?ssl=1\"><img data-recalc-dims=\"1\" loading=\"lazy\" decoding=\"async\" class=\"aligncenter size-full wp-image-1828\" title=\"Larry Crowne 1\" src=\"https:\/\/i0.wp.com\/www.lindentheater-frechen.de\/wp-content\/uploads\/2011\/08\/LarryCrowne_0001.jpg?resize=232%2C351&#038;ssl=1\" alt=\"\" width=\"232\" height=\"351\" srcset=\"https:\/\/i0.wp.com\/www.linden-theater-frechen.de\/wp-content\/uploads\/2011\/08\/LarryCrowne_0001.jpg?resize=99%2C150&amp;ssl=1 99w, https:\/\/i0.wp.com\/www.linden-theater-frechen.de\/wp-content\/uploads\/2011\/08\/LarryCrowne_0001.jpg?resize=199%2C300&amp;ssl=1 199w, https:\/\/i0.wp.com\/www.linden-theater-frechen.de\/wp-content\/uploads\/2011\/08\/LarryCrowne_0001.jpg?zoom=2&amp;resize=232%2C351&amp;ssl=1 464w\" sizes=\"auto, (max-width: 232px) 100vw, 232px\" \/><\/a><\/td>\n<td>\n<h2 style=\"text-align: center;\">Unser Men\u00fc zum Film<\/h2>\n<p style=\"text-align: center;\"><strong>Vorspeise: <\/strong><\/p>\n<p style=\"text-align: center;\">K\u00fcrbiscremesuppe<\/p>\n<p style=\"text-align: center;\"><strong>Hauptspeisen: <\/strong><\/p>\n<p style=\"text-align: center;\">Chili con Carne im Brottopf<\/p>\n<p style=\"text-align: center;\"><strong><em>oder<\/em><\/strong><\/p>\n<p style=\"text-align: center;\">Rindergulasch \u201eTexas\u201c mit Nudeln<\/p>\n<p style=\"text-align: center;\"><strong><em>oder<\/em><\/strong><\/p>\n<p style=\"text-align: center;\">K\u00fcrbis-Kartoffel-Auflauf<br \/>\n(vegetarisch)<\/p>\n<p style=\"text-align: center;\"><strong>Nachspeise: <\/strong><\/p>\n<p style=\"text-align: center;\">Muffins mit Vanilleso\u00dfe<\/p>\n<\/td>\n<\/tr>\n<\/tbody>\n<\/table>\n<h2 style=\"text-align: center;\">Miss Marple &#8211; M\u00f6rder Ahoi!<br \/>\n09. &#8211; 11.07.2011<\/h2>\n<h3 style=\"text-align: center;\"><span style=\"color: #ff0000;\">Classic-Flimmer-Dinner mit &#8222;Leiche zum Dessert&#8220;:<\/span><\/h3>\n<h3 style=\"text-align: center;\"><span style=\"color: #ff0000;\"><img data-recalc-dims=\"1\" loading=\"lazy\" decoding=\"async\" class=\"alignleft size-medium wp-image-1704\" title=\"Miss Marple\" src=\"https:\/\/i0.wp.com\/www.lindentheater-frechen.de\/wp-content\/uploads\/2011\/06\/33Gn09en-258x300.jpg?resize=157%2C179&#038;ssl=1\" alt=\"\" width=\"157\" height=\"179\" \/><\/span><\/h3>\n<p style=\"text-align: justify;\">F\u00fcr das neue Flimmer-Dinner hatten wir uns wieder einmal f\u00fcr einen Filmklassiker entschieden. Fast jeder kennt und liebt Margaret Rutherford als schrullige Gelegenheitsdetektivin Miss Jane Marple. Zum Wiedersehen mit ihr, Mr. Stringer und Inspector Craddock seriverte das Hotel-Restaurant Durst passend zum Filmtitel einige maritime K\u00f6stlichkeiten, inklusive &#8222;Traumschiffatmosph\u00e4re&#8220;.<\/p>\n<h2 style=\"text-align: center;\"><img data-recalc-dims=\"1\" loading=\"lazy\" decoding=\"async\" class=\"alignright size-medium wp-image-1701\" title=\"moerder-ahoi-poster\" src=\"https:\/\/i0.wp.com\/www.lindentheater-frechen.de\/wp-content\/uploads\/2011\/06\/moerder-ahoi-poster_article-214x300.jpg?resize=191%2C268&#038;ssl=1\" alt=\"\" width=\"191\" height=\"268\" \/>M\u00f6rder Ahoi &#8211; Der Film<\/h2>\n<p style=\"text-align: justify;\"><strong>Krimi:<\/strong> Amateurdetektivin Miss Marple ist als Mitglied einer Stiftung zur F\u00f6rderung ehemaliger jugendlicher Straft\u00e4ter an der Aufkl\u00e4rung eines Mordes interessiert, der w\u00e4hrend der Kuratoriumssitzung passierte. Die Spur des durch eine Prise Schnupftabak Get\u00f6teten f\u00fchrt Miss Marple und ihren Freund Mr. Stringer auf das Schulschiff M.S. Battledore. Um an Beweise f\u00fcr den Mord zu gelangen, ist ein l\u00e4ngerer Aufenthalt auf dem Schiff n\u00f6tig. W\u00e4hrenddessen geht das Morden an Bord weiter&#8230;<\/p>\n<p style=\"text-align: justify;\">Eine Agatha Christie-Story lag nicht mehr vor, also strickten die Produzenten f\u00fcr den vierten &#8222;Miss Marple&#8220;-Film mit Margaret Rutherford einfach selbst &#8211; ein Qualit\u00e4tsunterschied ist nicht zu erkennen. Dies mag vor allem daran liegen, dass Margaret Rutherford weiterhin die Rolle der Hobby-Detektivin spielt und diese voll und ganz ausf\u00fcllt.<\/p>\n<p><strong>Originaltitel:<\/strong> Murder ahoy, GB 1964, s\/w, 93 Min., ab 12 Jahren<br \/>\n<strong>Regie:<\/strong> George Pollock, <strong>Darsteller:<\/strong> Margaret Rutherford, Stringer Davis, William Mervyn, Lionel Jeffries, Charles Tingwell<\/p>\n<table width=\"100%\">\n<tbody>\n<tr>\n<td style=\"text-align: center;\"><img data-recalc-dims=\"1\" loading=\"lazy\" decoding=\"async\" class=\"aligncenter size-medium wp-image-1717\" title=\"miss marple\" src=\"https:\/\/i0.wp.com\/www.lindentheater-frechen.de\/wp-content\/uploads\/2011\/06\/miss-marple-300x235.jpg?resize=300%2C235&#038;ssl=1\" alt=\"\" width=\"300\" height=\"235\" srcset=\"https:\/\/i0.wp.com\/www.linden-theater-frechen.de\/wp-content\/uploads\/2011\/06\/miss-marple.jpg?resize=300%2C235&amp;ssl=1 300w, https:\/\/i0.wp.com\/www.linden-theater-frechen.de\/wp-content\/uploads\/2011\/06\/miss-marple.jpg?resize=150%2C117&amp;ssl=1 150w, https:\/\/i0.wp.com\/www.linden-theater-frechen.de\/wp-content\/uploads\/2011\/06\/miss-marple.jpg?resize=400%2C314&amp;ssl=1 400w, https:\/\/i0.wp.com\/www.linden-theater-frechen.de\/wp-content\/uploads\/2011\/06\/miss-marple.jpg?w=738&amp;ssl=1 738w\" sizes=\"auto, (max-width: 300px) 100vw, 300px\" \/><img data-recalc-dims=\"1\" loading=\"lazy\" decoding=\"async\" class=\"aligncenter size-medium wp-image-1702\" title=\"M\u00f6rder ahoi\" src=\"https:\/\/i0.wp.com\/www.lindentheater-frechen.de\/wp-content\/uploads\/2011\/06\/1774939b4RPH_FLsB3VMmHOSurk159tzl2ijf7NixryHJ9mfEqnWz2SYoGYrx6ozgf%2Bdy2eArlN8qVpHmg1uRtWZtqOTg-300x232.jpg?resize=300%2C232&#038;ssl=1\" alt=\"\" width=\"300\" height=\"232\" srcset=\"https:\/\/i0.wp.com\/www.linden-theater-frechen.de\/wp-content\/uploads\/2011\/06\/1774939b4RPH_FLsB3VMmHOSurk159tzl2ijf7NixryHJ9mfEqnWz2SYoGYrx6ozgf%2Bdy2eArlN8qVpHmg1uRtWZtqOTg.jpg?resize=300%2C232&amp;ssl=1 300w, https:\/\/i0.wp.com\/www.linden-theater-frechen.de\/wp-content\/uploads\/2011\/06\/1774939b4RPH_FLsB3VMmHOSurk159tzl2ijf7NixryHJ9mfEqnWz2SYoGYrx6ozgf%2Bdy2eArlN8qVpHmg1uRtWZtqOTg.jpg?resize=150%2C116&amp;ssl=1 150w, https:\/\/i0.wp.com\/www.linden-theater-frechen.de\/wp-content\/uploads\/2011\/06\/1774939b4RPH_FLsB3VMmHOSurk159tzl2ijf7NixryHJ9mfEqnWz2SYoGYrx6ozgf%2Bdy2eArlN8qVpHmg1uRtWZtqOTg.jpg?resize=400%2C310&amp;ssl=1 400w, https:\/\/i0.wp.com\/www.linden-theater-frechen.de\/wp-content\/uploads\/2011\/06\/1774939b4RPH_FLsB3VMmHOSurk159tzl2ijf7NixryHJ9mfEqnWz2SYoGYrx6ozgf%2Bdy2eArlN8qVpHmg1uRtWZtqOTg.jpg?w=600&amp;ssl=1 600w\" sizes=\"auto, (max-width: 300px) 100vw, 300px\" \/><\/td>\n<td>\n<h2 style=\"text-align: center;\">Unser Captain\u00b4s &#8211; Dinner &#8211; Men\u00fc<\/h2>\n<p style=\"text-align: center;\"><strong>Vorspeise: <\/strong><\/p>\n<p style=\"text-align: center;\">Spinat-Lachs-Schnecke mit Frischk\u00e4se und Dill<\/p>\n<p style=\"text-align: center;\"><strong>Hauptspeisen: <\/strong><\/p>\n<p style=\"text-align: center;\">H\u00fchnerbrust-Roulade mit Spinat-K\u00e4sef\u00fcllung<br \/>\nan Curry-Risotto<\/p>\n<p style=\"text-align: center;\"><strong><em>oder<\/em><\/strong><\/p>\n<p style=\"text-align: center;\">Lachsfilet auf einem Bett aus frischem Gem\u00fcse und Kartoffeln,<br \/>\ndazu eine Dill-Orangen-So\u00dfe<\/p>\n<p style=\"text-align: center;\"><strong><em>oder<\/em><\/strong><\/p>\n<p style=\"text-align: center;\">Ensemble aus frischem Gem\u00fcse und Kartoffeln<br \/>\n(vegetarisch)<\/p>\n<p style=\"text-align: center;\"><strong>Nachspeise: <\/strong><\/p>\n<p style=\"text-align: center;\">Eisbombe<\/p>\n<\/td>\n<\/tr>\n<\/tbody>\n<\/table>\n<h2 style=\"text-align: center;\">Der ganz gro\u00dfe Traum &#8211; oder wie der Lehrer Konrad Koch den Fu\u00dfball nach Deutschland brachte.<\/h2>\n<h2 style=\"text-align: center;\"><span style=\"color: #000000;\"><strong><span style=\"text-decoration: underline;\">14. &#8211; 16.04.2011<\/span><\/strong><\/span><em><strong><span style=\"text-decoration: underline; color: #ff0000;\"><br \/>\n<\/span><\/strong><\/em><\/h2>\n<p>Eine Reise in die Vergangenheit unseres Vaterlandes mit der Antwort auf die Frage, wie der deutsche Volkssport Nr. 1 Einzug in das Leben und die Herzen der Deutschen hielt. Das Dinner dazu pr\u00e4sentierte sich stilecht mit altdeutscher K\u00fcche.<\/p>\n<p><em><strong>Der Film:<\/strong><\/em><\/p>\n<h2 style=\"text-align: center;\">Der ganz gro\u00dfe Traum<\/h2>\n<p style=\"text-align: justify;\"><span class=\"standardsmall\"><strong><a class=\"lightbox\" title=\"Der ganz gro\u00dfe Traum\" href=\"https:\/\/i0.wp.com\/www.lindentheater-frechen.de\/wp-content\/uploads\/2009\/11\/Ganz-gro%C3%9Fe-Traum-Poster.jpg?ssl=1\"><img data-recalc-dims=\"1\" loading=\"lazy\" decoding=\"async\" class=\"alignright size-medium wp-image-1543\" title=\"Der ganz gro\u00dfe Traum\" src=\"https:\/\/i0.wp.com\/www.lindentheater-frechen.de\/wp-content\/uploads\/2009\/11\/Ganz-gro%C3%9Fe-Traum-Poster-211x300.jpg?resize=173%2C245&#038;ssl=1\" alt=\"\" width=\"173\" height=\"245\" \/><\/a>Drama\/Kom\u00f6die: <\/strong><\/span>Konrad Koch \u00fcbernimmt im Jahre 1874 eine Stelle an einem konservativen Gymnasium als junger Englischlehrer. Doch die fremde Sprache will einfach nicht in die K\u00f6pfe der jungen Sch\u00fcler gehen, also greift Konrad zu einem interessanten Mittel: Sport als Vermittlung. Der britische Volkssport Fu\u00dfball begeistert im Nu alle Sch\u00fcler, doch von seinen Kollegen und etlichen Eltern wird Konrad eher kritisch bedacht und scheint in seinem Beruf bald auf wackligen Beinen zu stehen.<\/p>\n<p style=\"text-align: justify;\">Deutschland ohne Fu\u00dfball ist unvorstellbar. Und doch brauchte es die Fantasie und die Entschlossenheit des Lehrers Konrad Koch, um hierzulande Begeisterung f\u00fcr das Spiel zu wecken. DER GANZ GROSSE TRAUM erz\u00e4hlt dramatisch und humorvoll, frei nach einer wahren Begebenheit, die Geschichte eines jungen Vision\u00e4rs, der nicht nur das Leben seiner Sch\u00fcler ver\u00e4nderte, sondern Deutschland den Fu\u00dfball brachte.<\/p>\n<p>113 Min., ohne Altersbeschr\u00e4nkung<\/p>\n<table width=\"100%\">\n<tbody>\n<tr>\n<td style=\"text-align: center;\">\n<h2>Das Men\u00fc zum Film<\/h2>\n<p style=\"text-align: center;\"><strong>Vorspeise: <\/strong><br \/>\naltdeutsche Kartoffelsuppe<\/p>\n<p style=\"text-align: center;\"><strong>Hauptspeisen: <\/strong><br \/>\nBlumenkohl-Broccoli-Auflauf<br \/>\nmit Kartoffel-Bratlingen (vegetarisch)<\/p>\n<p style=\"text-align: center;\"><strong><em>oder<\/em><\/strong><\/p>\n<p style=\"text-align: center;\">Putenbraten gef\u00fcllt mit Pflaumen<br \/>\ndazu Blumenkohl-Broccoli und Kartoffel-Bratlinge<\/p>\n<p style=\"text-align: center;\"><strong><em>oder<\/em><\/strong><\/p>\n<p>Spie\u00dfbraten gef\u00fcllt mit Zwiebeln und Gehacktes<br \/>\ndazu Blumenkohl-Broccoli und Kartoffel-Bratlinge<\/p>\n<p style=\"text-align: center;\"><strong>Nachspeise: <\/strong><br \/>\nWeltmeister-Wackelpeter<\/p>\n<p style=\"text-align: center;\">\n<\/td>\n<td>\n<h3><a class=\"lightbox\" title=\"der-ganz-grosse-traum\" href=\"https:\/\/i0.wp.com\/www.lindentheater-frechen.de\/wp-content\/uploads\/2011\/03\/der-ganz-grosse-traum.jpg?ssl=1\"><img data-recalc-dims=\"1\" loading=\"lazy\" decoding=\"async\" class=\"aligncenter size-medium wp-image-1568\" title=\"der-ganz-grosse-traum\" src=\"https:\/\/i0.wp.com\/www.lindentheater-frechen.de\/wp-content\/uploads\/2011\/03\/der-ganz-grosse-traum-300x115.jpg?resize=300%2C115&#038;ssl=1\" alt=\"\" width=\"300\" height=\"115\" srcset=\"https:\/\/i0.wp.com\/www.linden-theater-frechen.de\/wp-content\/uploads\/2011\/03\/der-ganz-grosse-traum.jpg?resize=300%2C115&amp;ssl=1 300w, https:\/\/i0.wp.com\/www.linden-theater-frechen.de\/wp-content\/uploads\/2011\/03\/der-ganz-grosse-traum.jpg?resize=150%2C57&amp;ssl=1 150w, https:\/\/i0.wp.com\/www.linden-theater-frechen.de\/wp-content\/uploads\/2011\/03\/der-ganz-grosse-traum.jpg?resize=400%2C154&amp;ssl=1 400w, https:\/\/i0.wp.com\/www.linden-theater-frechen.de\/wp-content\/uploads\/2011\/03\/der-ganz-grosse-traum.jpg?w=1000&amp;ssl=1 1000w\" sizes=\"auto, (max-width: 300px) 100vw, 300px\" \/><\/a> <a class=\"lightbox\" title=\"Der ganz gro\u00dfe Traum 2\" href=\"https:\/\/i0.wp.com\/www.lindentheater-frechen.de\/wp-content\/uploads\/2011\/03\/Bild-09klein.jpg?ssl=1\"><img data-recalc-dims=\"1\" loading=\"lazy\" decoding=\"async\" class=\"aligncenter size-medium wp-image-1569\" title=\"Der ganz gro\u00dfe Traum 2\" src=\"https:\/\/i0.wp.com\/www.lindentheater-frechen.de\/wp-content\/uploads\/2011\/03\/Bild-09klein-300x168.jpg?resize=300%2C168&#038;ssl=1\" alt=\"\" width=\"300\" height=\"168\" srcset=\"https:\/\/i0.wp.com\/www.linden-theater-frechen.de\/wp-content\/uploads\/2011\/03\/Bild-09klein.jpg?resize=300%2C168&amp;ssl=1 300w, https:\/\/i0.wp.com\/www.linden-theater-frechen.de\/wp-content\/uploads\/2011\/03\/Bild-09klein.jpg?resize=150%2C84&amp;ssl=1 150w, https:\/\/i0.wp.com\/www.linden-theater-frechen.de\/wp-content\/uploads\/2011\/03\/Bild-09klein.jpg?resize=1024%2C575&amp;ssl=1 1024w, https:\/\/i0.wp.com\/www.linden-theater-frechen.de\/wp-content\/uploads\/2011\/03\/Bild-09klein.jpg?resize=400%2C224&amp;ssl=1 400w, https:\/\/i0.wp.com\/www.linden-theater-frechen.de\/wp-content\/uploads\/2011\/03\/Bild-09klein.jpg?w=1280&amp;ssl=1 1280w, https:\/\/i0.wp.com\/www.linden-theater-frechen.de\/wp-content\/uploads\/2011\/03\/Bild-09klein.jpg?w=1920&amp;ssl=1 1920w\" sizes=\"auto, (max-width: 300px) 100vw, 300px\" \/><\/a><\/h3>\n<p><a class=\"lightbox\" title=\"der-ganz-grosse-traum\" href=\"https:\/\/i0.wp.com\/www.lindentheater-frechen.de\/wp-content\/uploads\/2011\/03\/der-ganz-grosse-traum.jpg?ssl=1\"><img data-recalc-dims=\"1\" loading=\"lazy\" decoding=\"async\" class=\"aligncenter size-medium wp-image-1568\" title=\"der-ganz-grosse-traum\" src=\"https:\/\/i0.wp.com\/www.lindentheater-frechen.de\/wp-content\/uploads\/2011\/03\/der-ganz-grosse-traum-300x115.jpg?resize=300%2C115&#038;ssl=1\" alt=\"\" width=\"300\" height=\"115\" srcset=\"https:\/\/i0.wp.com\/www.linden-theater-frechen.de\/wp-content\/uploads\/2011\/03\/der-ganz-grosse-traum.jpg?resize=300%2C115&amp;ssl=1 300w, https:\/\/i0.wp.com\/www.linden-theater-frechen.de\/wp-content\/uploads\/2011\/03\/der-ganz-grosse-traum.jpg?resize=150%2C57&amp;ssl=1 150w, https:\/\/i0.wp.com\/www.linden-theater-frechen.de\/wp-content\/uploads\/2011\/03\/der-ganz-grosse-traum.jpg?resize=400%2C154&amp;ssl=1 400w, https:\/\/i0.wp.com\/www.linden-theater-frechen.de\/wp-content\/uploads\/2011\/03\/der-ganz-grosse-traum.jpg?w=1000&amp;ssl=1 1000w\" sizes=\"auto, (max-width: 300px) 100vw, 300px\" \/><\/a><\/td>\n<\/tr>\n<\/tbody>\n<\/table>\n<p style=\"text-align: center;\"><strong><img data-recalc-dims=\"1\" loading=\"lazy\" decoding=\"async\" class=\"aligncenter size-large wp-image-1315\" title=\"Logo\" src=\"https:\/\/i0.wp.com\/www.lindentheater-frechen.de\/wp-content\/uploads\/2009\/11\/Titelschriftzug_Hauptplakat1400x144-1024x105.jpg?resize=547%2C56&#038;ssl=1\" alt=\"\" width=\"547\" height=\"56\" srcset=\"https:\/\/i0.wp.com\/www.linden-theater-frechen.de\/wp-content\/uploads\/2009\/11\/Titelschriftzug_Hauptplakat1400x144.jpg?resize=1024%2C105&amp;ssl=1 1024w, https:\/\/i0.wp.com\/www.linden-theater-frechen.de\/wp-content\/uploads\/2009\/11\/Titelschriftzug_Hauptplakat1400x144.jpg?resize=150%2C15&amp;ssl=1 150w, https:\/\/i0.wp.com\/www.linden-theater-frechen.de\/wp-content\/uploads\/2009\/11\/Titelschriftzug_Hauptplakat1400x144.jpg?resize=300%2C30&amp;ssl=1 300w, https:\/\/i0.wp.com\/www.linden-theater-frechen.de\/wp-content\/uploads\/2009\/11\/Titelschriftzug_Hauptplakat1400x144.jpg?resize=400%2C41&amp;ssl=1 400w, https:\/\/i0.wp.com\/www.linden-theater-frechen.de\/wp-content\/uploads\/2009\/11\/Titelschriftzug_Hauptplakat1400x144.jpg?w=1400&amp;ssl=1 1400w, https:\/\/i0.wp.com\/www.linden-theater-frechen.de\/wp-content\/uploads\/2009\/11\/Titelschriftzug_Hauptplakat1400x144.jpg?w=1280&amp;ssl=1 1280w\" sizes=\"auto, (max-width: 547px) 100vw, 547px\" \/><br \/>\n<\/strong><\/p>\n<h2 style=\"text-align: center;\"><span style=\"color: #ff0000;\"><span style=\"color: #000000;\">Do, 9. 12.2010 &#8211; Mo, 13.12.2010<\/span><br \/>\n<\/span><\/h2>\n<h2 style=\"text-align: center;\">Eat, Pray, Love &#8211; der Film:<\/h2>\n<p style=\"text-align: justify;\"><span style=\"line-height: 15px;\"><a class=\"lightbox\" title=\"Eat_Pray_Love\" href=\"https:\/\/i0.wp.com\/www.lindentheater-frechen.de\/wp-content\/uploads\/2009\/11\/Eat_Pray_Love_Poster_1.jpg?ssl=1\"><img data-recalc-dims=\"1\" loading=\"lazy\" decoding=\"async\" class=\"size-medium wp-image-1286 alignleft\" title=\"Eat_Pray_Love\" src=\"https:\/\/i0.wp.com\/www.lindentheater-frechen.de\/wp-content\/uploads\/2009\/11\/Eat_Pray_Love_Poster_1-212x300.jpg?resize=150%2C211&#038;ssl=1\" alt=\"\" width=\"150\" height=\"211\" \/><\/a>Liz Gilbert f\u00fchrt ein wohlgeordnetes Leben, hat einen Mann, ein sch\u00f6nes Haus und beruflichen Erfolg. Dennoch f\u00fchlt sie sich nicht gl\u00fccklich. Als ihre Ehe schlie\u00dflich zerbricht, entschlie\u00dft sie sich zu einem Neuanfang und beginnt eine Weltreise &#8211; die letztendlich zu einer Reise zu sich selbst wird: In Italien erf\u00e4hrt sie kulinarischen Hochgenuss, in Indien l\u00e4sst sie sich auf bewusstseinserweiternde Meditationserfahrungen ein und in Bali erf\u00e4hrt sie schlie\u00dflich die Bedeutung wahrer Liebe.<\/span><\/p>\n<p style=\"text-align: justify;\"><span class=\"standard\">Weltstar Julia Roberts begibt sich in der malerischen Verfilmung von Elizabeth Gilberts Bestseller auf Selbstfindungsreise.<\/span><\/p>\n<p><span class=\"standard\">140 min, ohne Altersbeschr\u00e4nkung<\/span><\/p>\n<table width=\"100%\">\n<tbody>\n<tr>\n<td style=\"text-align: center;\">\n<h2>Das Men\u00fc zum Film<\/h2>\n<p style=\"text-align: center;\"><strong>Vorspeise: <\/strong><br \/>\nEingelegte Mini-Mozzarelle<br \/>\n(eingelegt in Rotweinessig und Sonnenblumen\u00f6l &#8211; dazu Tomaten)<\/p>\n<p style=\"text-align: center;\"><strong>Hauptspeisen: <\/strong><br \/>\nArista di maiale<br \/>\n(Schweiner\u00fcckenbraten mit Rosmarin-Kartoffeln-Bratlingen)<\/p>\n<p style=\"text-align: center;\"><strong><em>oder<\/em><\/strong><\/p>\n<p style=\"text-align: center;\">Indisches Reiscurry<br \/>\n(H\u00fchnchenfleisch auf Basmatireis mit Curry und Cocosmilch)<\/p>\n<p style=\"text-align: center;\"><strong><em>oder<\/em><\/strong><\/p>\n<p>Vegetarische Pasta Schuta<br \/>\n(mit Tomaten und Paprika)<\/p>\n<p style=\"text-align: center;\"><strong>Nachspeise: <\/strong><br \/>\nZuppa inglese<br \/>\n(Vanille-\/Schokoladencreme auf Alchermes-L\u00f6ffelbisquits)<\/p>\n<p style=\"text-align: center;\">&#8211;<\/p>\n<\/td>\n<td>\n<h3><a class=\"lightbox\" title=\"Eat_Pray_Love\" href=\"https:\/\/i0.wp.com\/www.lindentheater-frechen.de\/wp-content\/uploads\/2009\/11\/Eat_Pray_Love_Poster_2.jpg?ssl=1\"><img data-recalc-dims=\"1\" loading=\"lazy\" decoding=\"async\" class=\"size-medium wp-image-1314 aligncenter\" title=\"Eat_Pray_Love\" src=\"https:\/\/i0.wp.com\/www.lindentheater-frechen.de\/wp-content\/uploads\/2009\/11\/Eat_Pray_Love_Poster_2-211x300.jpg?resize=229%2C326&#038;ssl=1\" alt=\"\" width=\"229\" height=\"326\" \/><\/a><\/h3>\n<\/td>\n<\/tr>\n<\/tbody>\n<\/table>\n<h2 style=\"text-align: center;\">Mamma Mia! &#8211; Das Flimmer-Dinner zum Herbstanfang<\/h2>\n<h2 style=\"text-align: center;\"><strong><span style=\"color: #ff0000;\"><span style=\"color: #ff0000;\"><span style=\"color: #000000;\">24., 27. + 28. September 2010<\/span><br \/>\n<\/span><\/span><\/strong><\/h2>\n<p><span style=\"line-height: 15px;\">Zum Herbstanfang liessen wir noch einmal Sommerfeeling aufkommen mit einem absoluten Gute-Laune-Film: <strong>MAMMA MIA! <\/strong>Urlaubsfeeling bei einem 3-G\u00e4nge-Men\u00fc mit griechischen Spezialit\u00e4ten und den sch\u00f6nsten ABBA-Songs, interpretiert von Meryl Streep und ihrer ausgelassenen Hochzeitsgesellschaft.<br \/>\n<\/span><\/p>\n<p style=\"text-align: center;\"><span style=\"line-height: 15px;\"><strong>Mamma Mia! &#8211; Der Film:<\/strong><\/span><\/p>\n<p><span style=\"line-height: 15px;\"><strong><a class=\"lightbox\" title=\"mamma-mia\" href=\"https:\/\/i0.wp.com\/www.lindentheater-frechen.de\/wp-content\/uploads\/2009\/11\/mamma-mia-Bild-1.jpg?ssl=1\"><img data-recalc-dims=\"1\" loading=\"lazy\" decoding=\"async\" class=\"size-medium wp-image-1168 alignleft\" title=\"mamma-mia\" src=\"https:\/\/i0.wp.com\/www.lindentheater-frechen.de\/wp-content\/uploads\/2009\/11\/mamma-mia-Bild-1-300x215.jpg?resize=218%2C156&#038;ssl=1\" alt=\"\" width=\"218\" height=\"156\" srcset=\"https:\/\/i0.wp.com\/www.linden-theater-frechen.de\/wp-content\/uploads\/2009\/11\/mamma-mia-Bild-1.jpg?resize=300%2C215&amp;ssl=1 300w, https:\/\/i0.wp.com\/www.linden-theater-frechen.de\/wp-content\/uploads\/2009\/11\/mamma-mia-Bild-1.jpg?resize=150%2C107&amp;ssl=1 150w, https:\/\/i0.wp.com\/www.linden-theater-frechen.de\/wp-content\/uploads\/2009\/11\/mamma-mia-Bild-1.jpg?resize=400%2C287&amp;ssl=1 400w, https:\/\/i0.wp.com\/www.linden-theater-frechen.de\/wp-content\/uploads\/2009\/11\/mamma-mia-Bild-1.jpg?w=910&amp;ssl=1 910w\" sizes=\"auto, (max-width: 218px) 100vw, 218px\" \/><\/a><\/strong><\/span><\/p>\n<p><span style=\"line-height: 15px;\">Auf einer idyllischen griechischen Insel betreibt die alleinerziehende Donna (Meryl Streep) ein kleines Hotel. Ihre nunmehr 20-j\u00e4hrige Tochter Sophie (Amanda Seyfried) soll unter die Haube kommen und bereitet ihre Hochzeit vor. Daf\u00fcr hat Donna auch ihre zwei besten Freundinnen Rosie (Julie Walters) und Tanya (Christine Baranski) eingeladen, die mit ihr in einer Band spielten. Derweil zettelt Sophie einen heimlichen Plan an, ihren unbekannten Vater zu finden.<br \/>\n<\/span><\/p>\n<p><span style=\"line-height: 15px;\">Das weltweit erfolgreiche, gleichnamige Musical findet seinen Weg auf die starbesetzte Leinwand, wo die gr\u00f6\u00dften Hits der legend\u00e4ren Pop-Gruppe ABBA vereint werden. Gute Laune ist garantiert, wenn ein hochkar\u00e4tiges Ensemble generationen\u00fcbergreifend von Familie und wahrer Liebe erz\u00e4hlt.<\/span><\/p>\n<p><span style=\"line-height: 15px;\">Laufzeit: 109 Min, ohne Altersbeschr\u00e4nkung<br \/>\n<\/span><\/p>\n<table width=\"100%\">\n<tbody>\n<tr>\n<td style=\"text-align: center;\">\n<h3>Das &#8222;Mamma Mia! &#8211; Men\u00fc&#8220;<\/h3>\n<p style=\"text-align: center;\"><strong>Vorspeise: <\/strong><br \/>\nChoriatiki Salata<br \/>\n(griechischer Bauernsalat mit Schafsk\u00e4se &#8211; dazu Fladenbrot und Tsatsiki)<\/p>\n<p style=\"text-align: center;\"><strong>Hauptspeisen: <\/strong><br \/>\nMelitzanes me kreas<br \/>\n(Rindfleischtopf mit Auberginen)<\/p>\n<p style=\"text-align: center;\"><strong><em>oder<\/em><\/strong><\/p>\n<p style=\"text-align: center;\">Arnaki Yiouvertsi<br \/>\n(Lammtopf mit Kritharaki-Nudeln)<\/p>\n<p style=\"text-align: center;\"><strong><em>oder<\/em><\/strong><\/p>\n<p>Vegetarisches Moussaka<br \/>\n(aus Auberginen, Kartoffeln und Bechamel-So\u00dfe)<\/p>\n<p style=\"text-align: center;\"><strong>Nachspeise: <\/strong><br \/>\nGiaourti me meli<br \/>\n(Joghurt mit Honig auf Beeren)<\/p>\n<p style=\"text-align: center;\">\n<\/td>\n<td>\n<p style=\"text-align: center;\"><img data-recalc-dims=\"1\" loading=\"lazy\" decoding=\"async\" class=\"aligncenter size-medium wp-image-1206\" title=\"Mamma Mia 02\" src=\"https:\/\/i0.wp.com\/www.lindentheater-frechen.de\/wp-content\/uploads\/2009\/11\/Mamma-Mia-poster02a-211x300.jpg?resize=211%2C300&#038;ssl=1\" alt=\"\" width=\"211\" height=\"300\" srcset=\"https:\/\/i0.wp.com\/www.linden-theater-frechen.de\/wp-content\/uploads\/2009\/11\/Mamma-Mia-poster02a.jpg?resize=211%2C300&amp;ssl=1 211w, https:\/\/i0.wp.com\/www.linden-theater-frechen.de\/wp-content\/uploads\/2009\/11\/Mamma-Mia-poster02a.jpg?resize=105%2C150&amp;ssl=1 105w, https:\/\/i0.wp.com\/www.linden-theater-frechen.de\/wp-content\/uploads\/2009\/11\/Mamma-Mia-poster02a.jpg?resize=400%2C566&amp;ssl=1 400w, https:\/\/i0.wp.com\/www.linden-theater-frechen.de\/wp-content\/uploads\/2009\/11\/Mamma-Mia-poster02a.jpg?w=565&amp;ssl=1 565w\" sizes=\"auto, (max-width: 211px) 100vw, 211px\" \/><\/p>\n<\/td>\n<\/tr>\n<\/tbody>\n<\/table>\n<h2><a class=\"lightbox\" title=\"Flimmer-Dinner Classic Logo\" href=\"https:\/\/i0.wp.com\/www.lindentheater-frechen.de\/wp-content\/uploads\/2009\/11\/Flimmer-Dinner-Classic-Logo-e1279364600701.jpg?ssl=1\"><img data-recalc-dims=\"1\" loading=\"lazy\" decoding=\"async\" class=\"alignright size-full wp-image-970\" title=\"Flimmer-Dinner Classic Logo\" src=\"https:\/\/i0.wp.com\/www.lindentheater-frechen.de\/wp-content\/uploads\/2009\/11\/Flimmer-Dinner-Classic-Logo-e1279364600701.jpg?resize=228%2C142&#038;ssl=1\" alt=\"\" width=\"228\" height=\"142\" \/><\/a>&#8222;Spiel\u00b4s noch einmal, Sam&#8230;&#8220;<\/h2>\n<h2><span style=\"color: #000000;\">Freitag, 11. Juni 2010 und Montag, 14. Juni 2010<\/span><\/h2>\n<p>F\u00fcr die dritte Runde des Flimmer-Dinners hatten wir uns einen waschechten Filmklassiker ausgesucht: <strong><span style=\"color: #000000;\">Casablanca <\/span><\/strong><span style=\"color: #000000;\">(USA 1942)<\/span>, f\u00fcr viele einer der besten Filme der Filmgeschichte. Nat\u00fcrlich gab es auch wieder ein dazu passendes Men\u00fc.<\/p>\n<div>\n<p><a class=\"lightbox\" title=\"Casablanca Plakat\" href=\"https:\/\/i0.wp.com\/www.lindentheater-frechen.de\/wp-content\/uploads\/2009\/11\/Casablanca-Plakat-aklein-e1279364693742.jpg?ssl=1\"><img data-recalc-dims=\"1\" loading=\"lazy\" decoding=\"async\" class=\"alignright size-full wp-image-1001\" title=\"Casablanca Plakat\" src=\"https:\/\/i0.wp.com\/www.lindentheater-frechen.de\/wp-content\/uploads\/2009\/11\/Casablanca-Plakat-aklein-e1279364693742.jpg?resize=131%2C186&#038;ssl=1\" alt=\"\" width=\"131\" height=\"186\" \/><\/a>W\u00e4hrend des Zweiten Weltkriegs betreibt der zynische Amerikaner Rick Blaine (Humphrey Bogart) eine Bar in Casablanca, in der eines Tages der vor den Nazis geflohene Widerstandsk\u00e4mpfer Victor Laszlo mit seiner Frau Ilsa (Ingrid Bergman) auftaucht. Von Nazi-Major Strasser verfolgt, hoffen sie, dass ihnen Rick zur Flucht in die USA verhelfen kann. Rick, der immer noch darunter leidet, dass ihn seine fr\u00fchere Geliebte Ilsa in Paris sitzen lie\u00df, z\u00f6gert zun\u00e4chst, ihnen die begehrten Ausreisevisa zu \u00fcbergeben&#8230;<\/p>\n<p>Mit drei Oscars ausgezeichnet (u.a. als bester Film 1943), ging &#8222;Casablanca&#8220; als Kultfilm in die Filmgeschichte ein, der nicht nur Widerhall in anderen Werken fand, sondern mit seiner F\u00fclle an klassisch gewordenen Dialogen auch den Zitatenschatz eines jeden Filmfans bereichert.<\/p>\n<\/div>\n<table width=\"100%\">\n<tbody>\n<tr>\n<td><a class=\"lightbox\" title=\"Play it again Sam\" href=\"https:\/\/i0.wp.com\/www.lindentheater-frechen.de\/wp-content\/uploads\/2009\/11\/Annex-Bogart-Humphrey-Casablanca_06.jpg?ssl=1\"><img data-recalc-dims=\"1\" loading=\"lazy\" decoding=\"async\" class=\"size-large wp-image-1000 aligncenter\" title=\"Play it again Sam\" src=\"https:\/\/i0.wp.com\/www.lindentheater-frechen.de\/wp-content\/uploads\/2009\/11\/Annex-Bogart-Humphrey-Casablanca_06-1024x807.jpg?resize=332%2C260&#038;ssl=1\" alt=\"\" width=\"332\" height=\"260\" srcset=\"https:\/\/i0.wp.com\/www.linden-theater-frechen.de\/wp-content\/uploads\/2009\/11\/Annex-Bogart-Humphrey-Casablanca_06.jpg?resize=300%2C236&amp;ssl=1 300w, https:\/\/i0.wp.com\/www.linden-theater-frechen.de\/wp-content\/uploads\/2009\/11\/Annex-Bogart-Humphrey-Casablanca_06.jpg?resize=150%2C118&amp;ssl=1 150w, https:\/\/i0.wp.com\/www.linden-theater-frechen.de\/wp-content\/uploads\/2009\/11\/Annex-Bogart-Humphrey-Casablanca_06.jpg?resize=400%2C315&amp;ssl=1 400w, https:\/\/i0.wp.com\/www.linden-theater-frechen.de\/wp-content\/uploads\/2009\/11\/Annex-Bogart-Humphrey-Casablanca_06.jpg?zoom=2&amp;resize=332%2C260&amp;ssl=1 664w, https:\/\/i0.wp.com\/www.linden-theater-frechen.de\/wp-content\/uploads\/2009\/11\/Annex-Bogart-Humphrey-Casablanca_06.jpg?zoom=3&amp;resize=332%2C260&amp;ssl=1 996w\" sizes=\"auto, (max-width: 332px) 100vw, 332px\" \/><\/a><\/td>\n<td>\n<h3 style=\"text-align: center;\"><strong>Unser &#8222;Casablanca-Men\u00fc&#8220;:<\/strong><\/h3>\n<p style=\"text-align: center;\"><strong>Vorspeise: <\/strong><br \/>\nMarokkanischer Orangensalat<br \/>\n( mit Datteln und Mandeln )<\/p>\n<p style=\"text-align: center;\"><strong>Hauptspeisen: <\/strong><br \/>\nCous-Cous mit Rindfleischb\u00e4llchen \u00e1 la Merguez<br \/>\n( f\u00fcr Vegetarier bieten wir ein Gem\u00fcse-Couscous an )<\/p>\n<p style=\"text-align: center;\"><strong><em>oder<\/em><\/strong><\/p>\n<p style=\"text-align: center;\">Thunfisch \u201cCasablanca\u201d<br \/>\n( gebratenes Thunfischfilet auf Kartoffeln mit Tomaten und Kichererbsen )<\/p>\n<p style=\"text-align: center;\"><strong>Nachspeise: <\/strong><br \/>\nMuhallebi<br \/>\n( Milchpudding mit Maismehl, Rosenwasser und Pistazien )<\/p>\n<p style=\"text-align: center;\">\n<\/td>\n<\/tr>\n<\/tbody>\n<\/table>\n<hr \/>\n<p style=\"text-align: center;\"><a class=\"lightbox\" title=\"Flimmer-Dinner Soul Kitchen\" href=\"https:\/\/i0.wp.com\/www.lindentheater-frechen.de\/wp-content\/uploads\/2010\/03\/Flimmer-Dinner-Soul-Vorlage-2.jpg?ssl=1\"><img data-recalc-dims=\"1\" loading=\"lazy\" decoding=\"async\" class=\"aligncenter size-full wp-image-823\" title=\"Flimmer-Dinner Soul Kitchen\" src=\"https:\/\/i0.wp.com\/www.lindentheater-frechen.de\/wp-content\/uploads\/2010\/03\/Flimmer-Dinner-Soul-Vorlage-2.jpg?resize=478%2C119&#038;ssl=1\" alt=\"\" width=\"478\" height=\"119\" srcset=\"https:\/\/i0.wp.com\/www.linden-theater-frechen.de\/wp-content\/uploads\/2010\/03\/Flimmer-Dinner-Soul-Vorlage-2.jpg?resize=300%2C76&amp;ssl=1 300w, https:\/\/i0.wp.com\/www.linden-theater-frechen.de\/wp-content\/uploads\/2010\/03\/Flimmer-Dinner-Soul-Vorlage-2.jpg?resize=150%2C38&amp;ssl=1 150w, https:\/\/i0.wp.com\/www.linden-theater-frechen.de\/wp-content\/uploads\/2010\/03\/Flimmer-Dinner-Soul-Vorlage-2.jpg?resize=400%2C101&amp;ssl=1 400w, https:\/\/i0.wp.com\/www.linden-theater-frechen.de\/wp-content\/uploads\/2010\/03\/Flimmer-Dinner-Soul-Vorlage-2.jpg?zoom=2&amp;resize=478%2C119&amp;ssl=1 956w, https:\/\/i0.wp.com\/www.linden-theater-frechen.de\/wp-content\/uploads\/2010\/03\/Flimmer-Dinner-Soul-Vorlage-2.jpg?zoom=3&amp;resize=478%2C119&amp;ssl=1 1434w\" sizes=\"auto, (max-width: 478px) 100vw, 478px\" \/><\/a><\/p>\n<h2 style=\"text-align: center;\">Sonntag, 28. M\u00e4rz 2010 und Montag, 29. M\u00e4rz 2010<\/h2>\n<div>\n<p>Zum zweiten Mal pr\u00e4sentierte das Linden-Theater zusammen mit dem Hotel-Restaurant Durst ein Drei-G\u00e4nge-Men\u00fc im Kinosaal vor der Vorstellung, diesmal inspiriert vom erfolgreichen deutschen \u201eHeimatfilm der besonderen Art\u201c: Soul Kitchen.<\/p>\n<p><strong>SOUL KITCHEN<\/strong> ist ein Heimatfilm der neuen Art: Die Welt ist nicht mehr so heil und das Dorf ist ein Restaurant, der Regisseur hei\u00dft Fatih Akin und vor der Kamera versammelt er ein ,Best Of&#8216; aus seinen fr\u00fcheren Filmen &#8211; Adam Bousdoukos, Moritz Bleibtreu und Birol \u00dcnel. Es geht um Familie und Freunde, um Liebe, Vertrauen und Loyalit\u00e4t &#8211; und um den Kampf f\u00fcr die Heimat als einen Ort, den es in einer zunehmend unberechenbaren Welt zu sch\u00fctzen gilt.<\/p>\n<\/div>\n<table width=\"100%\">\n<tbody>\n<tr>\n<td><a class=\"lightbox\" title=\"Soul Kitchen\" href=\"https:\/\/i0.wp.com\/www.lindentheater-frechen.de\/wp-content\/uploads\/2010\/03\/poster_lg01.jpg?ssl=1\"><img data-recalc-dims=\"1\" loading=\"lazy\" decoding=\"async\" class=\"alignleft size-medium wp-image-824\" title=\"Soul Kitchen\" src=\"https:\/\/i0.wp.com\/www.lindentheater-frechen.de\/wp-content\/uploads\/2010\/03\/poster_lg01-211x300.jpg?resize=211%2C300&#038;ssl=1\" alt=\"\" width=\"211\" height=\"300\" srcset=\"https:\/\/i0.wp.com\/www.linden-theater-frechen.de\/wp-content\/uploads\/2010\/03\/poster_lg01.jpg?resize=211%2C300&amp;ssl=1 211w, https:\/\/i0.wp.com\/www.linden-theater-frechen.de\/wp-content\/uploads\/2010\/03\/poster_lg01.jpg?resize=105%2C150&amp;ssl=1 105w, https:\/\/i0.wp.com\/www.linden-theater-frechen.de\/wp-content\/uploads\/2010\/03\/poster_lg01.jpg?resize=400%2C567&amp;ssl=1 400w, https:\/\/i0.wp.com\/www.linden-theater-frechen.de\/wp-content\/uploads\/2010\/03\/poster_lg01.jpg?w=680&amp;ssl=1 680w\" sizes=\"auto, (max-width: 211px) 100vw, 211px\" \/><\/a><span id=\"__caret\">_<\/span><\/td>\n<td>\n<h3 style=\"text-align: center;\"><strong>Das &#8222;Soulfood-Men\u00fc&#8220;:<\/strong><\/h3>\n<p style=\"text-align: center;\"><strong>Vorspeise: <\/strong><br \/>\nT\u00fcrkischer Gaumenrassisten-Salat \u201cKISIR\u201d<br \/>\n(Weizengriess-Salat)<\/p>\n<p style=\"text-align: center;\"><strong>Hauptspeisen: <\/strong><br \/>\nNadines Rindfleisch \u201cSHANGHAI\u201d aus dem Wok an Butterreis<\/p>\n<p style=\"text-align: center;\"><strong><em>oder<\/em><\/strong><\/p>\n<p style=\"text-align: center;\">Ionisches Kalbsstifado \u201cKAZANZSAKIS\u201d in Rotwein<br \/>\n(Griechisches Kalbsragout) mit gekochten Kartoffeln<\/p>\n<p style=\"text-align: center;\"><strong>Nachspeise: <\/strong><br \/>\nVenus-Partyschaum auf blauen Soul-Trauben<br \/>\n(wei\u00dfe Schokocreme, mit Alkohol)<\/p>\n<p style=\"text-align: center;\">\n<\/td>\n<\/tr>\n<\/tbody>\n<\/table>\n<div>\n<p><code><br \/>\n<\/code><\/p>\n<hr \/>\n<\/div>\n<p>Das erste Flimmer-Dinner liegt hinter uns, und von vielen von Ihnen haben wir eine sehr positive Resonanz erhalten. Wir sind daher sicher, dass wir diese Veranstaltung &#8211; mit den bei unserer &#8222;Premiere&#8220; gewonnenen Erkenntnissen &#8211; wiederholen und hoffentlich noch verbessern werden.<\/p>\n<hr \/>\n<p>Am Mittwoch, den 09. Dezember 2009 pr\u00e4sentieren das Linden-Theater und der <a href=\"https:\/\/www.frechen-film.de\/\" target=\"_blank\" rel=\"noopener noreferrer\">F-F Frechen-Film<\/a> e.V. in Zusammenarbeit mit dem Hotel-Restaurant Durst ein filmisches und kulinarisches Erlebnis, das<\/p>\n<h2 style=\"text-align: center;\"><img data-recalc-dims=\"1\" loading=\"lazy\" decoding=\"async\" class=\"aligncenter size-medium wp-image-585\" title=\"Flimmer-Dinner\" src=\"https:\/\/i0.wp.com\/www.lindentheater-frechen.de\/wp-content\/uploads\/2009\/11\/Flimmer-Dinner7klein-300x159.jpg?resize=300%2C159&#038;ssl=1\" alt=\"\" width=\"300\" height=\"159\" \/><\/h2>\n<p>Um Sie auf ein besonderes Kino-Erlebnis einzustimmen, gibt es ein 3-G\u00e4nge-Men\u00fc vor dem Film. Die Columbia Produktion <em>&#8222;Julie &amp; Julia&#8220;<\/em> bietet hier ein klassisches Thema: die franz\u00f6sische K\u00fcche. Lassen Sie sich also kulinarisch verw\u00f6hnen und nehmen Sie den franz\u00f6sischen Flair mit in die Vorstellung.<\/p>\n<p><img data-recalc-dims=\"1\" loading=\"lazy\" decoding=\"async\" class=\"alignright\" title=\"Julie &amp; Julia\" src=\"https:\/\/i0.wp.com\/www.ff-frechen-film.de\/wp-content\/uploads\/2009\/02\/Julie-%2B-Julia-klein.jpg?resize=150%2C212&#038;ssl=1\" alt=\"\" width=\"150\" height=\"212\" \/><\/p>\n<h3><span style=\"color: #0000ff;\">Speisekarte:<\/span><\/h3>\n<p><strong>Vorspeise: <\/strong><br \/>\nTomaten-Cr\u00e8me-Suppe &#8222;Provencal&#8220;<\/p>\n<p><strong>Hauptspeise: <\/strong><\/p>\n<p>Coq au Vin<br \/>\nH\u00e4hnchenschenkel in Rotweinsauce<br \/>\nan Butterreis<\/p>\n<p><em>oder<\/em><\/p>\n<p>Puten-Filet-Streifen<br \/>\nin einer Champignon-Cr\u00e8me-Sauce<br \/>\nan Butterreis<\/p>\n<p><strong>Nachspeise: <\/strong><\/p>\n<p>Mousse au Chocolat<\/p>\n<div id=\"_mcePaste\" style=\"position: absolute; width: 1px; height: 1px; overflow: hidden; top: 0px; left: -10000px;\">&lt;a class=&#8220;lightbox&#8220; title=&#8220;Flimmer-Dinner Soul Kitchen&#8220; href=&#8220;https:\/\/www.lindentheater-frechen.de\/wp-content\/uploads\/2010\/03\/Flimmer-Dinner-Soul-Vorlage-2.jpg&#8220;&gt;&lt;img class=&#8220;aligncenter size-full wp-image-823&#8243; title=&#8220;Flimmer-Dinner Soul Kitchen&#8220; src=&#8220;https:\/\/www.lindentheater-frechen.de\/wp-content\/uploads\/2010\/03\/Flimmer-Dinner-Soul-Vorlage-2.jpg&#8220; alt=&#8220;&#8220; width=&#8220;802&#8243; height=&#8220;200&#8243; \/&gt;&lt;\/a&gt;<br \/>\n&lt;h2&gt;Sonntag, 28. M\u00e4rz 2010, ab 18:00 Uhr&lt;\/h2&gt;<br \/>\n&lt;div&gt;&lt; &gt;&lt;&#8211;&gt;<\/div>\n","protected":false},"excerpt":{"rendered":"<p style=\"text-align: center;\">\n<p> Gegenw\u00e4rtig sind keine weiteren Flimmer-Dinner Veranstaltungen geplant. Wir haben jedoch vor, diese Veranstaltungsserie wieder aufzunehmen wenn die Umst\u00e4nde es wieder erlauben. <\/p>\n<p style=\"text-align: justify;\">Das Flimmer-Dinner ist ein kulinarisches Kinoerlebnis der besonderen Art. Im Dezember 2009 zun\u00e4chst als einmalige Aktion f\u00fcr einen Film \u00fcber die franz\u00f6sische K\u00fcche geplant, war der Zuschauerzuspruch so gro\u00df [&#8230;]<\/p>\n","protected":false},"author":3,"featured_media":0,"parent":579,"menu_order":1,"comment_status":"open","ping_status":"closed","template":"","meta":{"jetpack_post_was_ever_published":false,"footnotes":""},"class_list":["post-1842","page","type-page","status-publish","hentry","odd"],"jetpack_shortlink":"https:\/\/wp.me\/P3dBae-tI","jetpack_sharing_enabled":true,"_links":{"self":[{"href":"https:\/\/www.linden-theater-frechen.de\/index.php?rest_route=\/wp\/v2\/pages\/1842","targetHints":{"allow":["GET"]}}],"collection":[{"href":"https:\/\/www.linden-theater-frechen.de\/index.php?rest_route=\/wp\/v2\/pages"}],"about":[{"href":"https:\/\/www.linden-theater-frechen.de\/index.php?rest_route=\/wp\/v2\/types\/page"}],"author":[{"embeddable":true,"href":"https:\/\/www.linden-theater-frechen.de\/index.php?rest_route=\/wp\/v2\/users\/3"}],"replies":[{"embeddable":true,"href":"https:\/\/www.linden-theater-frechen.de\/index.php?rest_route=%2Fwp%2Fv2%2Fcomments&post=1842"}],"version-history":[{"count":2,"href":"https:\/\/www.linden-theater-frechen.de\/index.php?rest_route=\/wp\/v2\/pages\/1842\/revisions"}],"predecessor-version":[{"id":15774,"href":"https:\/\/www.linden-theater-frechen.de\/index.php?rest_route=\/wp\/v2\/pages\/1842\/revisions\/15774"}],"up":[{"embeddable":true,"href":"https:\/\/www.linden-theater-frechen.de\/index.php?rest_route=\/wp\/v2\/pages\/579"}],"wp:attachment":[{"href":"https:\/\/www.linden-theater-frechen.de\/index.php?rest_route=%2Fwp%2Fv2%2Fmedia&parent=1842"}],"curies":[{"name":"wp","href":"https:\/\/api.w.org\/{rel}","templated":true}]}}