{"id":1936,"date":"2011-09-23T12:41:01","date_gmt":"2011-09-23T10:41:01","guid":{"rendered":"http:\/\/www.lindentheater-frechen.de\/?page_id=1936"},"modified":"2024-07-29T23:18:14","modified_gmt":"2024-07-29T21:18:14","slug":"neu-veranstaltungsarchiv","status":"publish","type":"page","link":"https:\/\/www.linden-theater-frechen.de\/?page_id=1936","title":{"rendered":"Veranstaltungsarchiv"},"content":{"rendered":"<table width=\"100%\">\n<tbody>\n<tr>\n<td>\n<h3 class=\"Stil2\" style=\"text-align: center;\"><strong>In dieser Rubrik finden Sie Berichte zu Veranstaltungen, die au\u00dferhalb des regul\u00e4ren Kinoprogramms im Linden-Theater stattgefunden haben.<\/strong><\/h3>\n<\/td>\n<\/tr>\n<tr>\n<td>\n<h1 style=\"text-align: center;\">2023<\/h1>\n<\/td>\n<\/tr>\n<tr>\n<td>\n<h3>06. 12.:<\/h3>\n<h2>Jl\u00f6cksillije Chressd\u00e4\u00e4ch!<\/h2>\n<p><a href=\"https:\/\/i0.wp.com\/www.linden-theater-frechen.de\/wp-content\/uploads\/2023\/11\/Cover-mit-Text.jpg?ssl=1\"><img data-recalc-dims=\"1\" loading=\"lazy\" decoding=\"async\" class=\"aligncenter  wp-image-14783\" src=\"https:\/\/i0.wp.com\/www.linden-theater-frechen.de\/wp-content\/uploads\/2023\/11\/Cover-mit-Text.jpg?resize=400%2C397&#038;ssl=1\" alt=\"\" width=\"400\" height=\"397\" srcset=\"https:\/\/i0.wp.com\/www.linden-theater-frechen.de\/wp-content\/uploads\/2023\/11\/Cover-mit-Text.jpg?w=484&amp;ssl=1 484w, https:\/\/i0.wp.com\/www.linden-theater-frechen.de\/wp-content\/uploads\/2023\/11\/Cover-mit-Text.jpg?resize=300%2C298&amp;ssl=1 300w, https:\/\/i0.wp.com\/www.linden-theater-frechen.de\/wp-content\/uploads\/2023\/11\/Cover-mit-Text.jpg?resize=150%2C150&amp;ssl=1 150w, https:\/\/i0.wp.com\/www.linden-theater-frechen.de\/wp-content\/uploads\/2023\/11\/Cover-mit-Text.jpg?resize=400%2C397&amp;ssl=1 400w\" sizes=\"auto, (max-width: 400px) 100vw, 400px\" \/><\/a><\/p>\n<p>Ein k\u00f6lsches Weihnachtskonzert mit Udo M\u00fcller, King Size Dick, Schutzmann Jupp Menth, Et Klimperm\u00e4nnche Thomas C\u00fcpper, Kafi Biermann und Ralph Kuhn (Ne Usjeflippte)<\/p>\n<h3>Infos zum Event:<\/h3>\n<p><strong>Jl\u00f6cksillije Chressd\u00e4\u00e4ch!<\/strong><\/p>\n<p>Unter diesem Motto pr\u00e4sentierte Udo M\u00fcller, der Puppenspieler aus dem K\u00f6lner H\u00e4nneschen Theater, eigene Lieder und Gedichte und stellte dabei ein K\u00fcnstlerensemble zusammen, das urk\u00f6lsch auf Weihnachten einstimmte.<\/p>\n<p>\n\t\t<style type=\"text\/css\">\n\t\t\t#gallery-1 {\n\t\t\t\tmargin: auto;\n\t\t\t}\n\t\t\t#gallery-1 .gallery-item {\n\t\t\t\tfloat: left;\n\t\t\t\tmargin-top: 10px;\n\t\t\t\ttext-align: center;\n\t\t\t\twidth: 33%;\n\t\t\t}\n\t\t\t#gallery-1 img {\n\t\t\t\tborder: 2px solid #cfcfcf;\n\t\t\t}\n\t\t\t#gallery-1 .gallery-caption {\n\t\t\t\tmargin-left: 0;\n\t\t\t}\n\t\t\t\/* see gallery_shortcode() in wp-includes\/media.php *\/\n\t\t<\/style>\n\t\t<div id='gallery-1' class='gallery galleryid-1936 gallery-columns-3 gallery-size-thumbnail'><dl class='gallery-item'>\n\t\t\t<dt class='gallery-icon portrait'>\n\t\t\t\t<a href='https:\/\/www.linden-theater-frechen.de\/?attachment_id=14788'><img loading=\"lazy\" decoding=\"async\" width=\"135\" height=\"150\" src=\"https:\/\/i0.wp.com\/www.linden-theater-frechen.de\/wp-content\/uploads\/2023\/11\/Udo-Basisfoto-scaled.jpg?fit=135%2C150&amp;ssl=1\" class=\"attachment-thumbnail size-thumbnail\" alt=\"\" aria-describedby=\"gallery-1-14788\" srcset=\"https:\/\/i0.wp.com\/www.linden-theater-frechen.de\/wp-content\/uploads\/2023\/11\/Udo-Basisfoto-scaled.jpg?w=2301&amp;ssl=1 2301w, https:\/\/i0.wp.com\/www.linden-theater-frechen.de\/wp-content\/uploads\/2023\/11\/Udo-Basisfoto-scaled.jpg?resize=270%2C300&amp;ssl=1 270w, https:\/\/i0.wp.com\/www.linden-theater-frechen.de\/wp-content\/uploads\/2023\/11\/Udo-Basisfoto-scaled.jpg?resize=719%2C800&amp;ssl=1 719w, https:\/\/i0.wp.com\/www.linden-theater-frechen.de\/wp-content\/uploads\/2023\/11\/Udo-Basisfoto-scaled.jpg?resize=135%2C150&amp;ssl=1 135w, https:\/\/i0.wp.com\/www.linden-theater-frechen.de\/wp-content\/uploads\/2023\/11\/Udo-Basisfoto-scaled.jpg?resize=768%2C854&amp;ssl=1 768w, https:\/\/i0.wp.com\/www.linden-theater-frechen.de\/wp-content\/uploads\/2023\/11\/Udo-Basisfoto-scaled.jpg?resize=1381%2C1536&amp;ssl=1 1381w, https:\/\/i0.wp.com\/www.linden-theater-frechen.de\/wp-content\/uploads\/2023\/11\/Udo-Basisfoto-scaled.jpg?resize=1841%2C2048&amp;ssl=1 1841w, https:\/\/i0.wp.com\/www.linden-theater-frechen.de\/wp-content\/uploads\/2023\/11\/Udo-Basisfoto-scaled.jpg?resize=400%2C445&amp;ssl=1 400w, https:\/\/i0.wp.com\/www.linden-theater-frechen.de\/wp-content\/uploads\/2023\/11\/Udo-Basisfoto-scaled.jpg?w=1280&amp;ssl=1 1280w, https:\/\/i0.wp.com\/www.linden-theater-frechen.de\/wp-content\/uploads\/2023\/11\/Udo-Basisfoto-scaled.jpg?w=1920&amp;ssl=1 1920w\" sizes=\"auto, (max-width: 135px) 100vw, 135px\" \/><\/a>\n\t\t\t<\/dt>\n\t\t\t\t<dd class='wp-caption-text gallery-caption' id='gallery-1-14788'>\n\t\t\t\tUdo M\u00fcller\n\t\t\t\t<\/dd><\/dl><dl class='gallery-item'>\n\t\t\t<dt class='gallery-icon landscape'>\n\t\t\t\t<a href='https:\/\/www.linden-theater-frechen.de\/?attachment_id=14787'><img loading=\"lazy\" decoding=\"async\" width=\"150\" height=\"107\" src=\"https:\/\/i0.wp.com\/www.linden-theater-frechen.de\/wp-content\/uploads\/2023\/11\/Ralph-Kuhn.jpg?fit=150%2C107&amp;ssl=1\" class=\"attachment-thumbnail size-thumbnail\" alt=\"\" aria-describedby=\"gallery-1-14787\" srcset=\"https:\/\/i0.wp.com\/www.linden-theater-frechen.de\/wp-content\/uploads\/2023\/11\/Ralph-Kuhn.jpg?w=930&amp;ssl=1 930w, https:\/\/i0.wp.com\/www.linden-theater-frechen.de\/wp-content\/uploads\/2023\/11\/Ralph-Kuhn.jpg?resize=300%2C214&amp;ssl=1 300w, https:\/\/i0.wp.com\/www.linden-theater-frechen.de\/wp-content\/uploads\/2023\/11\/Ralph-Kuhn.jpg?resize=150%2C107&amp;ssl=1 150w, https:\/\/i0.wp.com\/www.linden-theater-frechen.de\/wp-content\/uploads\/2023\/11\/Ralph-Kuhn.jpg?resize=768%2C548&amp;ssl=1 768w, https:\/\/i0.wp.com\/www.linden-theater-frechen.de\/wp-content\/uploads\/2023\/11\/Ralph-Kuhn.jpg?resize=400%2C286&amp;ssl=1 400w\" sizes=\"auto, (max-width: 150px) 100vw, 150px\" \/><\/a>\n\t\t\t<\/dt>\n\t\t\t\t<dd class='wp-caption-text gallery-caption' id='gallery-1-14787'>\n\t\t\t\tRalph Kuhn\n\t\t\t\t<\/dd><\/dl><dl class='gallery-item'>\n\t\t\t<dt class='gallery-icon portrait'>\n\t\t\t\t<a href='https:\/\/www.linden-theater-frechen.de\/?attachment_id=14786'><img loading=\"lazy\" decoding=\"async\" width=\"118\" height=\"150\" src=\"https:\/\/i0.wp.com\/www.linden-theater-frechen.de\/wp-content\/uploads\/2023\/11\/King_Size_Dick.jpg?fit=118%2C150&amp;ssl=1\" class=\"attachment-thumbnail size-thumbnail\" alt=\"\" aria-describedby=\"gallery-1-14786\" srcset=\"https:\/\/i0.wp.com\/www.linden-theater-frechen.de\/wp-content\/uploads\/2023\/11\/King_Size_Dick.jpg?w=1656&amp;ssl=1 1656w, https:\/\/i0.wp.com\/www.linden-theater-frechen.de\/wp-content\/uploads\/2023\/11\/King_Size_Dick.jpg?resize=236%2C300&amp;ssl=1 236w, https:\/\/i0.wp.com\/www.linden-theater-frechen.de\/wp-content\/uploads\/2023\/11\/King_Size_Dick.jpg?resize=630%2C800&amp;ssl=1 630w, https:\/\/i0.wp.com\/www.linden-theater-frechen.de\/wp-content\/uploads\/2023\/11\/King_Size_Dick.jpg?resize=118%2C150&amp;ssl=1 118w, https:\/\/i0.wp.com\/www.linden-theater-frechen.de\/wp-content\/uploads\/2023\/11\/King_Size_Dick.jpg?resize=768%2C975&amp;ssl=1 768w, https:\/\/i0.wp.com\/www.linden-theater-frechen.de\/wp-content\/uploads\/2023\/11\/King_Size_Dick.jpg?resize=1210%2C1536&amp;ssl=1 1210w, https:\/\/i0.wp.com\/www.linden-theater-frechen.de\/wp-content\/uploads\/2023\/11\/King_Size_Dick.jpg?resize=1613%2C2048&amp;ssl=1 1613w, https:\/\/i0.wp.com\/www.linden-theater-frechen.de\/wp-content\/uploads\/2023\/11\/King_Size_Dick.jpg?resize=400%2C508&amp;ssl=1 400w, https:\/\/i0.wp.com\/www.linden-theater-frechen.de\/wp-content\/uploads\/2023\/11\/King_Size_Dick.jpg?w=1280&amp;ssl=1 1280w\" sizes=\"auto, (max-width: 118px) 100vw, 118px\" \/><\/a>\n\t\t\t<\/dt>\n\t\t\t\t<dd class='wp-caption-text gallery-caption' id='gallery-1-14786'>\n\t\t\t\tKing Size Dick\n\t\t\t\t<\/dd><\/dl><br style=\"clear: both\" \/><dl class='gallery-item'>\n\t\t\t<dt class='gallery-icon portrait'>\n\t\t\t\t<a href='https:\/\/www.linden-theater-frechen.de\/?attachment_id=14785'><img loading=\"lazy\" decoding=\"async\" width=\"126\" height=\"150\" src=\"https:\/\/i0.wp.com\/www.linden-theater-frechen.de\/wp-content\/uploads\/2023\/11\/Kafi.jpg?fit=126%2C150&amp;ssl=1\" class=\"attachment-thumbnail size-thumbnail\" alt=\"\" aria-describedby=\"gallery-1-14785\" srcset=\"https:\/\/i0.wp.com\/www.linden-theater-frechen.de\/wp-content\/uploads\/2023\/11\/Kafi.jpg?w=674&amp;ssl=1 674w, https:\/\/i0.wp.com\/www.linden-theater-frechen.de\/wp-content\/uploads\/2023\/11\/Kafi.jpg?resize=253%2C300&amp;ssl=1 253w, https:\/\/i0.wp.com\/www.linden-theater-frechen.de\/wp-content\/uploads\/2023\/11\/Kafi.jpg?resize=126%2C150&amp;ssl=1 126w, https:\/\/i0.wp.com\/www.linden-theater-frechen.de\/wp-content\/uploads\/2023\/11\/Kafi.jpg?resize=400%2C475&amp;ssl=1 400w\" sizes=\"auto, (max-width: 126px) 100vw, 126px\" \/><\/a>\n\t\t\t<\/dt>\n\t\t\t\t<dd class='wp-caption-text gallery-caption' id='gallery-1-14785'>\n\t\t\t\tKafi Biermann\n\t\t\t\t<\/dd><\/dl><dl class='gallery-item'>\n\t\t\t<dt class='gallery-icon landscape'>\n\t\t\t\t<a href='https:\/\/www.linden-theater-frechen.de\/?attachment_id=14784'><img loading=\"lazy\" decoding=\"async\" width=\"150\" height=\"108\" src=\"https:\/\/i0.wp.com\/www.linden-theater-frechen.de\/wp-content\/uploads\/2023\/11\/Jupp-Menth-1.jpg?fit=150%2C108&amp;ssl=1\" class=\"attachment-thumbnail size-thumbnail\" alt=\"\" aria-describedby=\"gallery-1-14784\" srcset=\"https:\/\/i0.wp.com\/www.linden-theater-frechen.de\/wp-content\/uploads\/2023\/11\/Jupp-Menth-1.jpg?w=1064&amp;ssl=1 1064w, https:\/\/i0.wp.com\/www.linden-theater-frechen.de\/wp-content\/uploads\/2023\/11\/Jupp-Menth-1.jpg?resize=300%2C217&amp;ssl=1 300w, https:\/\/i0.wp.com\/www.linden-theater-frechen.de\/wp-content\/uploads\/2023\/11\/Jupp-Menth-1.jpg?resize=1024%2C739&amp;ssl=1 1024w, https:\/\/i0.wp.com\/www.linden-theater-frechen.de\/wp-content\/uploads\/2023\/11\/Jupp-Menth-1.jpg?resize=150%2C108&amp;ssl=1 150w, https:\/\/i0.wp.com\/www.linden-theater-frechen.de\/wp-content\/uploads\/2023\/11\/Jupp-Menth-1.jpg?resize=768%2C554&amp;ssl=1 768w, https:\/\/i0.wp.com\/www.linden-theater-frechen.de\/wp-content\/uploads\/2023\/11\/Jupp-Menth-1.jpg?resize=400%2C289&amp;ssl=1 400w\" sizes=\"auto, (max-width: 150px) 100vw, 150px\" \/><\/a>\n\t\t\t<\/dt>\n\t\t\t\t<dd class='wp-caption-text gallery-caption' id='gallery-1-14784'>\n\t\t\t\tJupp Menth\n\t\t\t\t<\/dd><\/dl><dl class='gallery-item'>\n\t\t\t<dt class='gallery-icon portrait'>\n\t\t\t\t<a href='https:\/\/www.linden-theater-frechen.de\/?attachment_id=14782'><img loading=\"lazy\" decoding=\"async\" width=\"123\" height=\"150\" src=\"https:\/\/i0.wp.com\/www.linden-theater-frechen.de\/wp-content\/uploads\/2023\/11\/Thomas-Cuepper.jpg?fit=123%2C150&amp;ssl=1\" class=\"attachment-thumbnail size-thumbnail\" alt=\"\" aria-describedby=\"gallery-1-14782\" srcset=\"https:\/\/i0.wp.com\/www.linden-theater-frechen.de\/wp-content\/uploads\/2023\/11\/Thomas-Cuepper.jpg?w=930&amp;ssl=1 930w, https:\/\/i0.wp.com\/www.linden-theater-frechen.de\/wp-content\/uploads\/2023\/11\/Thomas-Cuepper.jpg?resize=245%2C300&amp;ssl=1 245w, https:\/\/i0.wp.com\/www.linden-theater-frechen.de\/wp-content\/uploads\/2023\/11\/Thomas-Cuepper.jpg?resize=654%2C800&amp;ssl=1 654w, https:\/\/i0.wp.com\/www.linden-theater-frechen.de\/wp-content\/uploads\/2023\/11\/Thomas-Cuepper.jpg?resize=123%2C150&amp;ssl=1 123w, https:\/\/i0.wp.com\/www.linden-theater-frechen.de\/wp-content\/uploads\/2023\/11\/Thomas-Cuepper.jpg?resize=768%2C939&amp;ssl=1 768w, https:\/\/i0.wp.com\/www.linden-theater-frechen.de\/wp-content\/uploads\/2023\/11\/Thomas-Cuepper.jpg?resize=400%2C489&amp;ssl=1 400w\" sizes=\"auto, (max-width: 123px) 100vw, 123px\" \/><\/a>\n\t\t\t<\/dt>\n\t\t\t\t<dd class='wp-caption-text gallery-caption' id='gallery-1-14782'>\n\t\t\t\tThomas C\u00fcpper\n\t\t\t\t<\/dd><\/dl><br style=\"clear: both\" \/>\n\t\t<\/div>\n<\/td>\n<\/tr>\n<tr>\n<td>\n<h3>27.09.:<\/h3>\n<h2>Konzert De Knippschaff mit B\u00f6mmel un Kafi &#8211; live im Kino<\/h2>\n<p>Nach dem ausverkauften Konzert der Knippschaff im Linden-Theater Ende Januar freuten sich die Musiker, Ende September 2023 erneut in unserem sch\u00f6nen Kino zu spielen.<br \/>\nWie immer durfte mitgesungen und -gelacht werden. Und nat\u00fcrlich joov et widder K\u00f6lsch un Frikadellscher.<\/p>\n<p><a href=\"https:\/\/i0.wp.com\/www.linden-theater-frechen.de\/wp-content\/uploads\/2023\/07\/DSC_4495-bklein-scaled.jpg?ssl=1\"><img data-recalc-dims=\"1\" loading=\"lazy\" decoding=\"async\" class=\"aligncenter size-full wp-image-14511\" src=\"https:\/\/i0.wp.com\/www.linden-theater-frechen.de\/wp-content\/uploads\/2023\/07\/DSC_4495-bklein-scaled.jpg?resize=640%2C152&#038;ssl=1\" alt=\"\" width=\"640\" height=\"152\" srcset=\"https:\/\/i0.wp.com\/www.linden-theater-frechen.de\/wp-content\/uploads\/2023\/07\/DSC_4495-bklein-scaled.jpg?w=2560&amp;ssl=1 2560w, https:\/\/i0.wp.com\/www.linden-theater-frechen.de\/wp-content\/uploads\/2023\/07\/DSC_4495-bklein-scaled.jpg?resize=300%2C71&amp;ssl=1 300w, https:\/\/i0.wp.com\/www.linden-theater-frechen.de\/wp-content\/uploads\/2023\/07\/DSC_4495-bklein-scaled.jpg?resize=1024%2C243&amp;ssl=1 1024w, https:\/\/i0.wp.com\/www.linden-theater-frechen.de\/wp-content\/uploads\/2023\/07\/DSC_4495-bklein-scaled.jpg?resize=150%2C36&amp;ssl=1 150w, https:\/\/i0.wp.com\/www.linden-theater-frechen.de\/wp-content\/uploads\/2023\/07\/DSC_4495-bklein-scaled.jpg?resize=768%2C182&amp;ssl=1 768w, https:\/\/i0.wp.com\/www.linden-theater-frechen.de\/wp-content\/uploads\/2023\/07\/DSC_4495-bklein-scaled.jpg?resize=1536%2C364&amp;ssl=1 1536w, https:\/\/i0.wp.com\/www.linden-theater-frechen.de\/wp-content\/uploads\/2023\/07\/DSC_4495-bklein-scaled.jpg?resize=2048%2C485&amp;ssl=1 2048w, https:\/\/i0.wp.com\/www.linden-theater-frechen.de\/wp-content\/uploads\/2023\/07\/DSC_4495-bklein-scaled.jpg?resize=400%2C95&amp;ssl=1 400w, https:\/\/i0.wp.com\/www.linden-theater-frechen.de\/wp-content\/uploads\/2023\/07\/DSC_4495-bklein-scaled.jpg?w=1280&amp;ssl=1 1280w, https:\/\/i0.wp.com\/www.linden-theater-frechen.de\/wp-content\/uploads\/2023\/07\/DSC_4495-bklein-scaled.jpg?w=1920&amp;ssl=1 1920w\" sizes=\"auto, (max-width: 640px) 100vw, 640px\" \/><\/a><\/p>\n<p><strong>Infos zur Band:<\/strong><\/p>\n<h3>Knipp, Knipp, Hurra! &#8211; 11 Jahre &#8222;De Knippschaff&#8220;<\/h3>\n<p>Vor 12 Jahren verstarb der k\u00f6lsche Liedermacher, Autor und Texter Hans Knipp.<\/p>\n<p>Seitdem hat sich das Musiker-Kollektiv &#8222;De Knippschaff&#8220; zur Aufgabe gemacht, das reiche Schaffenswerk des K\u00fcnstlers zu ehren und lebendig zu erhalten. Seinen Segen f\u00fcr dieses Vorhaben und eine handverlesene, umf\u00e4ngliche Liederauswahl von ihm h\u00f6chstpers\u00f6nlich erhielt Initiatorin Annette Fuchs noch vor seinem Ableben.<\/p>\n<p>Das erste Konzert der \u201eKnippschaff\u201c im Fr\u00fchjahr 2012 musste dann leider ohne Hans Knipp stattfinden. Umso begl\u00fcckender war es nach seinem pl\u00f6tzlichen Tod Anfang Dezember 2011, dass damals die drei &#8222;F\u00f6\u00f6ss&#8220; B\u00f6mmel, Hartmut und Kafi, es sich nicht nehmen lie\u00dfen, das Projekt zu unterst\u00fctzen. Hans Knipps Genie, k\u00f6lsche Portraits zu zeichnen und anr\u00fchrende Geschichten zu erz\u00e4hlen, wird in Liedern wie &#8222;Meiers K\u00e4ttche&#8220;, &#8222;Uns Tante Klara&#8220;, &#8222;Feschers K\u00f6bes&#8220; oder &#8222;Katharina Henoth&#8220; h\u00f6rbar. In den Werken &#8222;Unger\u2018m Adler&#8220;, der &#8222;Schlacht von Worringen&#8220; bis hin zum &#8222;Stammbaum&#8220; finden auch die historischen und sozialkritischen Themen Raum bei den Konzerten. Die nunmehr &#8218;Ex-Black F\u00f6\u00f6ss&#8216; B\u00f6mmel L\u00fcckerath und Kafi Biermann, und nun auch dessen Sohn Max geh\u00f6ren inzwischen fest zum Ensemble.<\/td>\n<\/tr>\n<tr>\n<td style=\"text-align: justify;\">\n<h3>31.01.:<\/h3>\n<h2 style=\"text-align: left;\">Konzert &#8222;De Knippschaff mit B\u00f6mmel un Kafi vun de Bl\u00e4ck F\u00f6\u00f6ss&#8220;<\/h2>\n<p><em>Zum Konzert gibt es &#8218;Finchen vom Fass&#8216; vom Alten Bahnhof in Frechen, und obligatorische Frikadellscher, Brat- und Currywurst, Rievkooche und K\u00e4sebr\u00f6tchen von Conny Heeg\/Portofino.<\/em><\/p>\n<p><a href=\"https:\/\/i0.wp.com\/www.linden-theater-frechen.de\/wp-content\/uploads\/2023\/01\/IMG_0244-Ensemble-2022-scaled.jpg?ssl=1\"><img data-recalc-dims=\"1\" loading=\"lazy\" decoding=\"async\" class=\"aligncenter size-full wp-image-14093\" src=\"https:\/\/i0.wp.com\/www.linden-theater-frechen.de\/wp-content\/uploads\/2023\/01\/IMG_0244-Ensemble-2022-scaled.jpg?resize=640%2C480&#038;ssl=1\" alt=\"\" width=\"640\" height=\"480\" srcset=\"https:\/\/i0.wp.com\/www.linden-theater-frechen.de\/wp-content\/uploads\/2023\/01\/IMG_0244-Ensemble-2022-scaled.jpg?w=2560&amp;ssl=1 2560w, https:\/\/i0.wp.com\/www.linden-theater-frechen.de\/wp-content\/uploads\/2023\/01\/IMG_0244-Ensemble-2022-scaled.jpg?resize=300%2C225&amp;ssl=1 300w, https:\/\/i0.wp.com\/www.linden-theater-frechen.de\/wp-content\/uploads\/2023\/01\/IMG_0244-Ensemble-2022-scaled.jpg?resize=1024%2C768&amp;ssl=1 1024w, https:\/\/i0.wp.com\/www.linden-theater-frechen.de\/wp-content\/uploads\/2023\/01\/IMG_0244-Ensemble-2022-scaled.jpg?resize=150%2C113&amp;ssl=1 150w, https:\/\/i0.wp.com\/www.linden-theater-frechen.de\/wp-content\/uploads\/2023\/01\/IMG_0244-Ensemble-2022-scaled.jpg?resize=768%2C576&amp;ssl=1 768w, https:\/\/i0.wp.com\/www.linden-theater-frechen.de\/wp-content\/uploads\/2023\/01\/IMG_0244-Ensemble-2022-scaled.jpg?resize=1536%2C1152&amp;ssl=1 1536w, https:\/\/i0.wp.com\/www.linden-theater-frechen.de\/wp-content\/uploads\/2023\/01\/IMG_0244-Ensemble-2022-scaled.jpg?resize=2048%2C1536&amp;ssl=1 2048w, https:\/\/i0.wp.com\/www.linden-theater-frechen.de\/wp-content\/uploads\/2023\/01\/IMG_0244-Ensemble-2022-scaled.jpg?resize=400%2C300&amp;ssl=1 400w, https:\/\/i0.wp.com\/www.linden-theater-frechen.de\/wp-content\/uploads\/2023\/01\/IMG_0244-Ensemble-2022-scaled.jpg?w=1280&amp;ssl=1 1280w, https:\/\/i0.wp.com\/www.linden-theater-frechen.de\/wp-content\/uploads\/2023\/01\/IMG_0244-Ensemble-2022-scaled.jpg?w=1920&amp;ssl=1 1920w\" sizes=\"auto, (max-width: 640px) 100vw, 640px\" \/><\/a><\/p>\n<h4 style=\"text-align: left;\"><strong><span style=\"text-decoration: underline;\"><span style=\"color: #ff0000; text-decoration: underline;\">AUSVERKAUFT<\/span><\/span><\/strong><\/h4>\n<h4 style=\"text-align: left;\"><strong><br \/>\n<\/strong><strong>Infos zur Band:<\/strong><br \/>\nVor 12 Jahren verstarb der k\u00f6lsche Liedermacher, Autor und Texter Hans Knipp. Seitdem hat sich das Musiker-Kollektiv &#8222;De Knippschaff&#8220; zur Aufgabe gemacht, das reiche Schaffenswerk des K\u00fcnstlers zu ehren und lebendig zu erhalten.<\/h4>\n<p style=\"text-align: left;\">Seinen Segen f\u00fcr dieses Vorhaben und eine handverlesene, umf\u00e4ngliche Liederauswahl von ihm h\u00f6chstpers\u00f6nlich erhielt Initiatorin Annette Fuchs noch vor seinem Ableben.<\/p>\n<p style=\"text-align: left;\">Das erste Konzert der \u201eKnippschaff\u201c im Fr\u00fchjahr 2012 musste dann leider ohne Hans Knipp stattfinden. Umso begl\u00fcckender war es nach seinem pl\u00f6tzlichen Tod Anfang Dezember 2011, dass es sich die &#8222;3 F\u00f6\u00f6ss&#8220; B\u00f6mmel, Hartmut und Kafi, nicht nehmen lie\u00dfen, das Projekt zu unterst\u00fctzen.<\/p>\n<p style=\"text-align: left;\">Hans Knipps Genie, k\u00f6lsche Portraits zu zeichnen und anr\u00fchrende Geschichten zu erz\u00e4hlen, wird in Liedern wie &#8222;Meiers K\u00e4ttche&#8220;, &#8222;Uns Tante Klara&#8220;, &#8222;Feschers K\u00f6bes&#8220; oder &#8222;Katharina Henoth&#8220; h\u00f6rbar. In den Werken &#8222;Unger\u2018m Adler&#8220;, der &#8222;Schlacht von Worringen&#8220; bis hin zum &#8222;Stammbaum&#8220; finden auch die historischen und sozialkritischen Themen Raum bei den Konzerten.<\/p>\n<p style=\"text-align: left;\">B\u00f6mmel L\u00fcckerath, Kafi Biermann und nun auch dessen Sohn Max geh\u00f6ren inzwischen fest zum Ensemble.<\/p>\n<p style=\"text-align: left;\">Zum 11-j\u00e4hrigen Bestehen der \u201eKnippschaff\u201c wird im Linden-Theater am 31. Januar 2023 das erste Konzert des jecken Jubil\u00e4ums stattfinden. Auch, wenn es kein Karnevalskonzert sein wird, darf doch mitgesungen und \u2013gelacht werden.<\/p>\n<p style=\"text-align: left;\">In folgender Besetzung tritt &#8222;De Knippschaft&#8220; auf:<br \/>\nAnnette Fuchs \u2013 Gesang<br \/>\nAnja Held \u2013 Gesang<br \/>\nTanja Kr\u00e4mer \u2013 Akkordeon<br \/>\nAchim Pietzner \u2013 Gesang<br \/>\nRichard Juretzki \u2013 Gitarre, Gesang<br \/>\nSebastian Juretzki \u2013 Bass<br \/>\nAndreas Opitz \u2013 Gitarre, Fl\u00f6te<br \/>\nB\u00f6mmel L\u00fcckerath \u2013 Gitarre, Mandoline, Gesang<br \/>\nKafi Biermann \u2013 Gesang<\/p>\n<\/td>\n<\/tr>\n<tr>\n<td>\n<h1 style=\"text-align: center;\">2020<\/h1>\n<\/td>\n<\/tr>\n<tr>\n<td>\n<h3>19.09\/27.09.:<\/h3>\n<h2>Von Freunden f\u00fcr Freunde &#8211; 10 Jahre Trafostation 61 &#8211; Festival<\/h2>\n<p><a href=\"https:\/\/i0.wp.com\/www.linden-theater-frechen.de\/wp-content\/uploads\/2020\/08\/Plakat_VonFreundenFuerFreunde.jpg?ssl=1\"><img data-recalc-dims=\"1\" loading=\"lazy\" decoding=\"async\" class=\"wp-image-12531 aligncenter\" src=\"https:\/\/i0.wp.com\/www.linden-theater-frechen.de\/wp-content\/uploads\/2020\/08\/Plakat_VonFreundenFuerFreunde.jpg?resize=422%2C600&#038;ssl=1\" alt=\"\" width=\"422\" height=\"600\" srcset=\"https:\/\/i0.wp.com\/www.linden-theater-frechen.de\/wp-content\/uploads\/2020\/08\/Plakat_VonFreundenFuerFreunde.jpg?w=563&amp;ssl=1 563w, https:\/\/i0.wp.com\/www.linden-theater-frechen.de\/wp-content\/uploads\/2020\/08\/Plakat_VonFreundenFuerFreunde.jpg?resize=211%2C300&amp;ssl=1 211w, https:\/\/i0.wp.com\/www.linden-theater-frechen.de\/wp-content\/uploads\/2020\/08\/Plakat_VonFreundenFuerFreunde.jpg?resize=106%2C150&amp;ssl=1 106w, https:\/\/i0.wp.com\/www.linden-theater-frechen.de\/wp-content\/uploads\/2020\/08\/Plakat_VonFreundenFuerFreunde.jpg?resize=400%2C568&amp;ssl=1 400w\" sizes=\"auto, (max-width: 422px) 100vw, 422px\" \/><\/a><\/p>\n<p><em>Eine Veranstaltung von Linden-Theater e. V. in Zusammenarbeit mit Felix Rudolph im Rahmen der Frechener Kulturwoche 2020<br \/>\n<\/em><\/p>\n<p>Das 10-j\u00e4hrige Jubil\u00e4um des \u201eTrafostation 61-Festivals\u201c konnte durch die Auswirkungen der Corona-Pandemie leider nicht zustande kommen. Die \u00f6ffentliche Vorf\u00fchrung dieser Dokumentation ist gewisserma\u00dfen die diesj\u00e4hrige Alternative zum Jubil\u00e4um, das n\u00e4chstes Jahr nachgeholt wird. Zahlreichende Mitwirkende werden vor Ort sein.<\/p>\n<p>Der Produzent\/Regisseur und Kameramann der Dokumentation ist Felix Rudolph (www.felixrudolph.com).<\/p>\n<p>KURZBESCHREIBUNG:<br \/>\nIm Sommer 2011 veranstaltet eine Gruppe junger Musiker und enger Freunde ihr eigenes Musikfestival in einem Waldst\u00fcck nahe der K\u00f6lner Vorstadt Frechen. Eine B\u00fchne, ein angemietetes Grillh\u00fcttengel\u00e4nde, reichlich Bier, ein Dutzend Bands aus dem erweiterten Freundeskreis und ab daf\u00fcr!<\/p>\n<p>Dass diese Herangehensweise nicht reibungslos funktionieren w\u00fcrde, zeigte sich schnell.<\/p>\n<p>Doch Ende 2019 bereitet sich das Team auf das 10-j\u00e4hrige Jubil\u00e4um des &#8222;Trafostation 61-Festivals&#8220; vor.<\/p>\n<p>Dazwischen liegen 9 Jahre voller H\u00f6hen und Tiefen und dem st\u00e4ndigen Konflikt zwischen Realit\u00e4t und Tr\u00e4umerei.<\/p>\n<p>Der ehemalige Mitveranstalter Felix Rudolph erz\u00e4hlt die Geschichte des &#8222;Trafos&#8220;, versucht zu verstehen, was das Festival auszeichnet, und prognostiziert was aus dem Underground-Event wird, wenn es pl\u00f6tzlich etabliert ist, und produktiver Nervenkitzel der Routine weicht.<\/p>\n<p>Dauer des Films: 102 Minuten<\/p>\n<h3><\/h3>\n<h3>05.01.:<\/h3>\n<h2>Voice of Nature<\/h2>\n<p style=\"text-align: left;\"><a href=\"https:\/\/i0.wp.com\/www.linden-theater-frechen.de\/wp-content\/uploads\/2019\/12\/Arctic-Life-Screen-Kino.jpg?ssl=1\"><img data-recalc-dims=\"1\" loading=\"lazy\" decoding=\"async\" class=\"aligncenter size-full wp-image-12031\" src=\"https:\/\/i0.wp.com\/www.linden-theater-frechen.de\/wp-content\/uploads\/2019\/12\/Arctic-Life-Screen-Kino.jpg?resize=640%2C360&#038;ssl=1\" alt=\"\" width=\"640\" height=\"360\" srcset=\"https:\/\/i0.wp.com\/www.linden-theater-frechen.de\/wp-content\/uploads\/2019\/12\/Arctic-Life-Screen-Kino.jpg?w=800&amp;ssl=1 800w, https:\/\/i0.wp.com\/www.linden-theater-frechen.de\/wp-content\/uploads\/2019\/12\/Arctic-Life-Screen-Kino.jpg?resize=300%2C169&amp;ssl=1 300w, https:\/\/i0.wp.com\/www.linden-theater-frechen.de\/wp-content\/uploads\/2019\/12\/Arctic-Life-Screen-Kino.jpg?resize=150%2C84&amp;ssl=1 150w, https:\/\/i0.wp.com\/www.linden-theater-frechen.de\/wp-content\/uploads\/2019\/12\/Arctic-Life-Screen-Kino.jpg?resize=768%2C432&amp;ssl=1 768w, https:\/\/i0.wp.com\/www.linden-theater-frechen.de\/wp-content\/uploads\/2019\/12\/Arctic-Life-Screen-Kino.jpg?resize=400%2C225&amp;ssl=1 400w\" sizes=\"auto, (max-width: 640px) 100vw, 640px\" \/><\/a><\/p>\n<p><em>Eine Veranstaltung von Arctic Life Film<\/em><\/p>\n<p style=\"text-align: justify;\">Nach dem gro\u00dfen Erfolg der Premiere im vergangenen November zeigte Arctic Life Film nun erneut die Dokumentation \u00fcber den Yukon Quest im Linden-Theater.<\/p>\n<p style=\"text-align: justify;\">Besonderes Highlight war der Besuch eines Mushers (Schlittengepannfahrers) mit seinen Malamuts. Die Hunde durften von Kindern gestreichelt werden.<\/p>\n<p style=\"text-align: justify;\">Der Eintritt betrug 9,- \u20ac. 2,- \u20ac von jeder Karte wurden von Arctic Life Film an die Kinderonkologie der Unikliniken K\u00f6ln gespendet.<\/p>\n<p style=\"text-align: justify;\">Infos zum Film:<\/p>\n<h4 style=\"text-align: justify;\"><strong>Eines der letzten gro\u00dfen Abenteuer unserer Zeit <\/strong><\/h4>\n<p style=\"text-align: justify;\"><em>Ein Mann, 14 Hunde, 1.600 Kilometer durch Schnee und Eis &#8230; <\/em><\/p>\n<p style=\"text-align: justify;\">Hendrik Stachnau, Weltmeister beim ber\u00fchmten Schlittenhunderennen &#8218;Polardistans 2018&#8216;, ging im Februar 2019 mit 20 Jahren Erfahrung mit seinen nordischen Ur-Schlittenhunden &#8211; Gr\u00f6nlandhunden und Alaskan Malamutes &#8211; beim Yukon Quest, dem wohl h\u00e4rtesten Schlittenhunderennen der Welt an den Start.<\/p>\n<p style=\"text-align: justify;\">\u201eVoice of Nature\u201c bezeugt eindr\u00fccklich, wozu Mensch und Tier imstande sind, wenn sie sich von einem gro\u00dfen Traum, Urinstinkten und schierer Willenskraft leiten lassen, dokumentiert sowohl durch ein Filmteam als auch den Sportler selbst mit seiner Kamera.<\/p>\n<p style=\"text-align: justify;\">Der in Hamburg Geborene wusste genau, dass die Chancen, seinen Erfolg von 2017 beim Finnmarksl\u00f8pet \u00fcber 1000 km in Norwegen zu wiederholen vergleichsweise schlecht f\u00fcr ihn standen. Zwar hielten damals seine Gr\u00f6nlandhunde und Alaskan Malamutes nicht nur bis zum Ende des Rennens durch, was vor ihm noch niemandem gelungen war, sondern liefen sogar als erstes reinrassiges Gespann im Ziel ein. Die geschichtstr\u00e4chtige Yukon Quest Route ist allerdings ein ganz anderes Kaliber, das h\u00e4rteste internationale Event seiner Art.<\/p>\n<p style=\"text-align: justify;\">Der &#8218;Musher&#8216; lenkt seinen Schlitten einzig per Zuruf, muss also uneingeschr\u00e4nkt auf den Gehorsam der Leithunde vertrauen k\u00f6nnen. Unser Arctic Life Film-Team begleitete Hendrik Stachnau als einen von 30 Teilnehmern vom Start in Whitehorse (Yukon Territory) bis zum Ziel in Fairbanks (Alaska).<\/p>\n<p style=\"text-align: justify;\">So entstand eine Reportage hautnah am Geschehen; sie beleuchtet die Hintergr\u00fcnde des Gro\u00dfereignisses gr\u00fcndlich, bezieht die Vorbereitungszeit wie auch das Nachspiel ein, und verdeutlicht ihren organisatorischen Aufwand. Letztlich ist sie aber vor allem ein Film \u00fcber Beharrlichkeit gegen alle Widrigkeiten, Wagemut angesichts des Unm\u00f6glichen, und einen Sieg im Scheitern auf hohem Niveau. Denn allein dadurch, dass Hendrik und seine Hunde ihre Odyssee bew\u00e4ltigten, sind sie dank ihrer bis dato beispiellosen Leistung in die Geschichte eingegangen, auch wenn sie das Schlusslicht bildeten.<\/p>\n<p style=\"text-align: justify;\">Fiebern Sie mit, w\u00e4hrend der Musher und seine treuen Gef\u00e4hrten bei Wind und Wetter atemberaubende Landschaften erschlie\u00dfen und hinter sich lassen. Unterdessen werden sie lediglich von zwei W\u00fcnschen getrieben: das bislang Undenkbare zu erreichen und der erbarmungslosen Natur die Stirn zu bieten. Auf sie warten ungeheure Anstrengungen, Hoffnung und Euphorie, Entt\u00e4uschung und schlie\u00dflich doch ein Triumph, wie ihn nur das reale Leben zu bieten hat!<\/p>\n<p>L\u00e4nge: 95 Min, freigegeben ab 0 Jahren<\/td>\n<\/tr>\n<tr>\n<td>\n<h1 style=\"text-align: center;\">2019<\/h1>\n<\/td>\n<\/tr>\n<tr>\n<td style=\"text-align: justify;\">\n<h3 style=\"text-align: left;\">13.01., 17.03. + 08.09.:<\/h3>\n<h2><strong><a href=\"https:\/\/i0.wp.com\/www.linden-theater-frechen.de\/wp-content\/uploads\/2018\/12\/Frechen-in-Bild-und-Ton-1.png?ssl=1\"><img data-recalc-dims=\"1\" loading=\"lazy\" decoding=\"async\" class=\"alignright  wp-image-8817\" src=\"https:\/\/i0.wp.com\/www.linden-theater-frechen.de\/wp-content\/uploads\/2018\/12\/Frechen-in-Bild-und-Ton-1.png?resize=180%2C130&#038;ssl=1\" alt=\"\" width=\"180\" height=\"130\" srcset=\"https:\/\/i0.wp.com\/www.linden-theater-frechen.de\/wp-content\/uploads\/2018\/12\/Frechen-in-Bild-und-Ton-1.png?w=402&amp;ssl=1 402w, https:\/\/i0.wp.com\/www.linden-theater-frechen.de\/wp-content\/uploads\/2018\/12\/Frechen-in-Bild-und-Ton-1.png?resize=150%2C108&amp;ssl=1 150w, https:\/\/i0.wp.com\/www.linden-theater-frechen.de\/wp-content\/uploads\/2018\/12\/Frechen-in-Bild-und-Ton-1.png?resize=300%2C216&amp;ssl=1 300w, https:\/\/i0.wp.com\/www.linden-theater-frechen.de\/wp-content\/uploads\/2018\/12\/Frechen-in-Bild-und-Ton-1.png?resize=400%2C289&amp;ssl=1 400w\" sizes=\"auto, (max-width: 180px) 100vw, 180px\" \/><\/a><a href=\"https:\/\/i0.wp.com\/www.linden-theater-frechen.de\/wp-content\/uploads\/2018\/12\/Frechen-in-Bild-und-Ton-2.png?ssl=1\"><img data-recalc-dims=\"1\" loading=\"lazy\" decoding=\"async\" class=\"alignleft  wp-image-8818\" src=\"https:\/\/i0.wp.com\/www.linden-theater-frechen.de\/wp-content\/uploads\/2018\/12\/Frechen-in-Bild-und-Ton-2.png?resize=90%2C130&#038;ssl=1\" alt=\"\" width=\"90\" height=\"130\" srcset=\"https:\/\/i0.wp.com\/www.linden-theater-frechen.de\/wp-content\/uploads\/2018\/12\/Frechen-in-Bild-und-Ton-2.png?w=194&amp;ssl=1 194w, https:\/\/i0.wp.com\/www.linden-theater-frechen.de\/wp-content\/uploads\/2018\/12\/Frechen-in-Bild-und-Ton-2.png?resize=104%2C150&amp;ssl=1 104w\" sizes=\"auto, (max-width: 90px) 100vw, 90px\" \/><\/a>Frechener Zeitgeschichte <\/strong><strong>in Bild und Ton<\/strong><\/h2>\n<p><strong>Ein Filmvortrag von Peter Kleinen in Kooperation mit dem Linden-Theater e.V. <\/strong><\/p>\n<p>Dreimal zeigten wir wegen des gro\u00dfen Erfolges diese wunderbare Dokumentation der Frechener Stadtgeschichte von Peter Kleinen. Bei den Vorstellungen am 13. Januar und 17. M\u00e4rz war der Andrag so gro\u00df, dass wir trotz zus\u00e4tzlich bereitgestellter Sitzgelegenheiten noch Interessenten abweisen mussten.<strong><em><br \/>\n<\/em><\/strong><\/p>\n<p>Infos zum Film:<\/p>\n<p style=\"text-align: justify;\"><strong>Highlights aus Videodokumentationen von Peter Kleinen f\u00fchren durch sieben Jahrzehnte Frechener Zeitgeschichte.<\/strong><\/p>\n<p style=\"text-align: justify;\"><strong>Der erste Teil <\/strong>erstreckt sich auf Ver\u00e4nderungen im Stadtgebiet.<\/p>\n<p style=\"text-align: justify;\">In einer virtuellen Reise durch Frechener Zeitgeschichte tauchen noch einmal viele fast vergessene markante Bauten wie Burgschule, Brauerei Metzmacher, Gastst\u00e4tte Uhles und andere inzwischen l\u00e4ngst verschwundene Bauten auf. Im Originalton ist die Rede von B\u00fcrgermeister Kurt Bornhoff zur Einweihung des neuen Rathauses zu h\u00f6ren. Videoaufzeichnungen aus 2001 und Luftbildaufnahmen aus 2018 lassen die Ver\u00e4nderungen im Stadtbild noch einmal deutlich werden.<\/p>\n<p style=\"text-align: justify;\">Die Industriebetriebe Steinzeugwerk \u201eCremer &amp; Breuer\u201c und die Brikettfabrik \u201eGrube Carl\u201c wurden f\u00fcr die Nachwelt im Arbeitsprozess festgehalten. Die Ver\u00e4nderungen seit der Stilllegung der Werke werden ebenfalls in Fotos dargestellt.<\/p>\n<p style=\"text-align: justify;\"><strong>Im zweiten Teil<\/strong> &#8222;Ereignisse&#8220; werden Veranstaltungen aus Sport, Vereinen, Kirche, Stra\u00dfenkarneval der Stadt Frechen und ihren Ortsteilen gezeigt.<\/p>\n<p style=\"text-align: justify;\">Der Videofilm hat insgesamt eine Laufzeit von ca. 128 Minuten.<\/p>\n<\/td>\n<\/tr>\n<tr>\n<td>\n<h1 style=\"text-align: center;\">2018<\/h1>\n<\/td>\n<\/tr>\n<tr>\n<td>\n<h3>22. April:<\/h3>\n<h2 style=\"text-align: center;\"><strong>Benefiz Kinovorstellung mit dem Film &#8222;Dieses bescheuerte Herz&#8220;<br \/>\n<\/strong><\/h2>\n<p style=\"text-align: center;\"><strong>zugunsten des Hospiz in Frechen e. V.<br \/>\n<\/strong><\/p>\n<p style=\"text-align: center;\"><a href=\"https:\/\/i0.wp.com\/www.linden-theater-frechen.de\/wp-content\/uploads\/2018\/03\/Benefiz.jpg?ssl=1\"><img data-recalc-dims=\"1\" loading=\"lazy\" decoding=\"async\" class=\"aligncenter wp-image-7989\" src=\"https:\/\/i0.wp.com\/www.linden-theater-frechen.de\/wp-content\/uploads\/2018\/03\/Benefiz.jpg?resize=426%2C240&#038;ssl=1\" alt=\"\" width=\"426\" height=\"240\" srcset=\"https:\/\/i0.wp.com\/www.linden-theater-frechen.de\/wp-content\/uploads\/2018\/03\/Benefiz.jpg?w=889&amp;ssl=1 889w, https:\/\/i0.wp.com\/www.linden-theater-frechen.de\/wp-content\/uploads\/2018\/03\/Benefiz.jpg?resize=150%2C84&amp;ssl=1 150w, https:\/\/i0.wp.com\/www.linden-theater-frechen.de\/wp-content\/uploads\/2018\/03\/Benefiz.jpg?resize=300%2C169&amp;ssl=1 300w, https:\/\/i0.wp.com\/www.linden-theater-frechen.de\/wp-content\/uploads\/2018\/03\/Benefiz.jpg?resize=768%2C432&amp;ssl=1 768w, https:\/\/i0.wp.com\/www.linden-theater-frechen.de\/wp-content\/uploads\/2018\/03\/Benefiz.jpg?resize=400%2C225&amp;ssl=1 400w\" sizes=\"auto, (max-width: 426px) 100vw, 426px\" \/><\/a><\/p>\n<p style=\"text-align: justify;\">Im Jahr 2018 begeht der ambulante Hospizverein &#8222;Hospiz in Frechen e. V.&#8220; sein 25-j\u00e4hriges Jubil\u00e4um. Aus diesem Anlass entschieden wir uns, unser n\u00e4chstes Benefizprojekt dem Hospizverein zu widmen.<br \/>\nAls Film hatten wir uns, thematisch passend, &#8222;Dieses bescheuerte Herz&#8220; ausgesucht, in dem die Hauptfigur David mit einer lebensbedrohlichen Herzerkrankung tags\u00fcber in einem Hospiz lebt, und durch die &#8211; zun\u00e4chst unfreiwillige &#8211; Unterst\u00fctzung von Lenny ein wenig Abwechslung in seinem t\u00e4glichen Leben erh\u00e4lt.<\/p>\n<p style=\"text-align: justify;\">Insgesamt 1.100 \u20ac kamen an Spenden f\u00fcr den Hospizverein zusammen. \u00dcber 100 Besucher sorgten mit der im Kartenpreis erhaltenen Direktspende bereits f\u00fcr die Grundlage der Spendensumme. Linden-Theater e. V. steuerte die Gewinne aus den Eintrittseinnahmen und S\u00fc\u00dfwarenverk\u00e4ufen bei. Doch f\u00fcr den nicht unerheblichen Rest der Spendensumme sorgte unser \u00dcberraschungsgast Philip Noah Schwarz, der Darsteller des jungen herzkranken David, der in unserer Nachbarstadt Pulheim wohnt. Mit seiner Unterst\u00fctzung konnten wir mit einer Versteigerung von zwei von ihm handsignierten Plakaten und einer Autogrammstunde noch gut 500,- \u20ac an Zusatzspende zusammenbekommen. Nat\u00fcrlich stand Philip Noah auch f\u00fcr seine Fans f\u00fcr Fragen und Selfies zur Verf\u00fcgung.<\/p>\n<p>Einige Fotos der Veranstaltung finden Sie nachfolgend:<\/p>\n\n\t\t<style type=\"text\/css\">\n\t\t\t#gallery-2 {\n\t\t\t\tmargin: auto;\n\t\t\t}\n\t\t\t#gallery-2 .gallery-item {\n\t\t\t\tfloat: left;\n\t\t\t\tmargin-top: 10px;\n\t\t\t\ttext-align: center;\n\t\t\t\twidth: 33%;\n\t\t\t}\n\t\t\t#gallery-2 img {\n\t\t\t\tborder: 2px solid #cfcfcf;\n\t\t\t}\n\t\t\t#gallery-2 .gallery-caption {\n\t\t\t\tmargin-left: 0;\n\t\t\t}\n\t\t\t\/* see gallery_shortcode() in wp-includes\/media.php *\/\n\t\t<\/style>\n\t\t<div id='gallery-2' class='gallery galleryid-1936 gallery-columns-3 gallery-size-medium'><dl class='gallery-item'>\n\t\t\t<dt class='gallery-icon portrait'>\n\t\t\t\t<a href='https:\/\/www.linden-theater-frechen.de\/?attachment_id=8089'><img loading=\"lazy\" decoding=\"async\" width=\"212\" height=\"300\" src=\"https:\/\/i0.wp.com\/www.linden-theater-frechen.de\/wp-content\/uploads\/2018\/04\/DSC_1717edit1klein.jpg?fit=212%2C300&amp;ssl=1\" class=\"attachment-medium size-medium\" alt=\"\" srcset=\"https:\/\/i0.wp.com\/www.linden-theater-frechen.de\/wp-content\/uploads\/2018\/04\/DSC_1717edit1klein.jpg?w=800&amp;ssl=1 800w, https:\/\/i0.wp.com\/www.linden-theater-frechen.de\/wp-content\/uploads\/2018\/04\/DSC_1717edit1klein.jpg?resize=106%2C150&amp;ssl=1 106w, https:\/\/i0.wp.com\/www.linden-theater-frechen.de\/wp-content\/uploads\/2018\/04\/DSC_1717edit1klein.jpg?resize=212%2C300&amp;ssl=1 212w, https:\/\/i0.wp.com\/www.linden-theater-frechen.de\/wp-content\/uploads\/2018\/04\/DSC_1717edit1klein.jpg?resize=768%2C1088&amp;ssl=1 768w, https:\/\/i0.wp.com\/www.linden-theater-frechen.de\/wp-content\/uploads\/2018\/04\/DSC_1717edit1klein.jpg?resize=565%2C800&amp;ssl=1 565w, https:\/\/i0.wp.com\/www.linden-theater-frechen.de\/wp-content\/uploads\/2018\/04\/DSC_1717edit1klein.jpg?resize=400%2C567&amp;ssl=1 400w\" sizes=\"auto, (max-width: 212px) 100vw, 212px\" \/><\/a>\n\t\t\t<\/dt><\/dl><dl class='gallery-item'>\n\t\t\t<dt class='gallery-icon landscape'>\n\t\t\t\t<a href='https:\/\/www.linden-theater-frechen.de\/?attachment_id=8081'><img loading=\"lazy\" decoding=\"async\" width=\"300\" height=\"200\" src=\"https:\/\/i0.wp.com\/www.linden-theater-frechen.de\/wp-content\/uploads\/2018\/04\/DSC_1719editklein.jpg?fit=300%2C200&amp;ssl=1\" class=\"attachment-medium size-medium\" alt=\"\" srcset=\"https:\/\/i0.wp.com\/www.linden-theater-frechen.de\/wp-content\/uploads\/2018\/04\/DSC_1719editklein.jpg?w=1201&amp;ssl=1 1201w, https:\/\/i0.wp.com\/www.linden-theater-frechen.de\/wp-content\/uploads\/2018\/04\/DSC_1719editklein.jpg?resize=150%2C100&amp;ssl=1 150w, https:\/\/i0.wp.com\/www.linden-theater-frechen.de\/wp-content\/uploads\/2018\/04\/DSC_1719editklein.jpg?resize=300%2C200&amp;ssl=1 300w, https:\/\/i0.wp.com\/www.linden-theater-frechen.de\/wp-content\/uploads\/2018\/04\/DSC_1719editklein.jpg?resize=768%2C512&amp;ssl=1 768w, https:\/\/i0.wp.com\/www.linden-theater-frechen.de\/wp-content\/uploads\/2018\/04\/DSC_1719editklein.jpg?resize=1024%2C682&amp;ssl=1 1024w, https:\/\/i0.wp.com\/www.linden-theater-frechen.de\/wp-content\/uploads\/2018\/04\/DSC_1719editklein.jpg?resize=400%2C266&amp;ssl=1 400w\" sizes=\"auto, (max-width: 300px) 100vw, 300px\" \/><\/a>\n\t\t\t<\/dt><\/dl><dl class='gallery-item'>\n\t\t\t<dt class='gallery-icon landscape'>\n\t\t\t\t<a href='https:\/\/www.linden-theater-frechen.de\/?attachment_id=8082'><img loading=\"lazy\" decoding=\"async\" width=\"300\" height=\"242\" src=\"https:\/\/i0.wp.com\/www.linden-theater-frechen.de\/wp-content\/uploads\/2018\/04\/DSC_1672editklein.jpg?fit=300%2C242&amp;ssl=1\" class=\"attachment-medium size-medium\" alt=\"\" srcset=\"https:\/\/i0.wp.com\/www.linden-theater-frechen.de\/wp-content\/uploads\/2018\/04\/DSC_1672editklein.jpg?w=990&amp;ssl=1 990w, https:\/\/i0.wp.com\/www.linden-theater-frechen.de\/wp-content\/uploads\/2018\/04\/DSC_1672editklein.jpg?resize=150%2C121&amp;ssl=1 150w, https:\/\/i0.wp.com\/www.linden-theater-frechen.de\/wp-content\/uploads\/2018\/04\/DSC_1672editklein.jpg?resize=300%2C242&amp;ssl=1 300w, https:\/\/i0.wp.com\/www.linden-theater-frechen.de\/wp-content\/uploads\/2018\/04\/DSC_1672editklein.jpg?resize=768%2C621&amp;ssl=1 768w, https:\/\/i0.wp.com\/www.linden-theater-frechen.de\/wp-content\/uploads\/2018\/04\/DSC_1672editklein.jpg?resize=400%2C323&amp;ssl=1 400w\" sizes=\"auto, (max-width: 300px) 100vw, 300px\" \/><\/a>\n\t\t\t<\/dt><\/dl><br style=\"clear: both\" \/><dl class='gallery-item'>\n\t\t\t<dt class='gallery-icon landscape'>\n\t\t\t\t<a href='https:\/\/www.linden-theater-frechen.de\/?attachment_id=8084'><img loading=\"lazy\" decoding=\"async\" width=\"300\" height=\"200\" src=\"https:\/\/i0.wp.com\/www.linden-theater-frechen.de\/wp-content\/uploads\/2018\/04\/DSC_1683editklein.jpg?fit=300%2C200&amp;ssl=1\" class=\"attachment-medium size-medium\" alt=\"\" srcset=\"https:\/\/i0.wp.com\/www.linden-theater-frechen.de\/wp-content\/uploads\/2018\/04\/DSC_1683editklein.jpg?w=1200&amp;ssl=1 1200w, https:\/\/i0.wp.com\/www.linden-theater-frechen.de\/wp-content\/uploads\/2018\/04\/DSC_1683editklein.jpg?resize=150%2C100&amp;ssl=1 150w, https:\/\/i0.wp.com\/www.linden-theater-frechen.de\/wp-content\/uploads\/2018\/04\/DSC_1683editklein.jpg?resize=300%2C200&amp;ssl=1 300w, https:\/\/i0.wp.com\/www.linden-theater-frechen.de\/wp-content\/uploads\/2018\/04\/DSC_1683editklein.jpg?resize=768%2C512&amp;ssl=1 768w, https:\/\/i0.wp.com\/www.linden-theater-frechen.de\/wp-content\/uploads\/2018\/04\/DSC_1683editklein.jpg?resize=1024%2C683&amp;ssl=1 1024w, https:\/\/i0.wp.com\/www.linden-theater-frechen.de\/wp-content\/uploads\/2018\/04\/DSC_1683editklein.jpg?resize=400%2C267&amp;ssl=1 400w\" sizes=\"auto, (max-width: 300px) 100vw, 300px\" \/><\/a>\n\t\t\t<\/dt><\/dl><dl class='gallery-item'>\n\t\t\t<dt class='gallery-icon portrait'>\n\t\t\t\t<a href='https:\/\/www.linden-theater-frechen.de\/?attachment_id=8087'><img loading=\"lazy\" decoding=\"async\" width=\"216\" height=\"300\" src=\"https:\/\/i0.wp.com\/www.linden-theater-frechen.de\/wp-content\/uploads\/2018\/04\/DSC_1704editklein.jpg?fit=216%2C300&amp;ssl=1\" class=\"attachment-medium size-medium\" alt=\"\" srcset=\"https:\/\/i0.wp.com\/www.linden-theater-frechen.de\/wp-content\/uploads\/2018\/04\/DSC_1704editklein.jpg?w=800&amp;ssl=1 800w, https:\/\/i0.wp.com\/www.linden-theater-frechen.de\/wp-content\/uploads\/2018\/04\/DSC_1704editklein.jpg?resize=108%2C150&amp;ssl=1 108w, https:\/\/i0.wp.com\/www.linden-theater-frechen.de\/wp-content\/uploads\/2018\/04\/DSC_1704editklein.jpg?resize=216%2C300&amp;ssl=1 216w, https:\/\/i0.wp.com\/www.linden-theater-frechen.de\/wp-content\/uploads\/2018\/04\/DSC_1704editklein.jpg?resize=768%2C1068&amp;ssl=1 768w, https:\/\/i0.wp.com\/www.linden-theater-frechen.de\/wp-content\/uploads\/2018\/04\/DSC_1704editklein.jpg?resize=576%2C800&amp;ssl=1 576w, https:\/\/i0.wp.com\/www.linden-theater-frechen.de\/wp-content\/uploads\/2018\/04\/DSC_1704editklein.jpg?resize=400%2C556&amp;ssl=1 400w\" sizes=\"auto, (max-width: 216px) 100vw, 216px\" \/><\/a>\n\t\t\t<\/dt><\/dl><dl class='gallery-item'>\n\t\t\t<dt class='gallery-icon landscape'>\n\t\t\t\t<a href='https:\/\/www.linden-theater-frechen.de\/?attachment_id=8088'><img loading=\"lazy\" decoding=\"async\" width=\"300\" height=\"200\" src=\"https:\/\/i0.wp.com\/www.linden-theater-frechen.de\/wp-content\/uploads\/2018\/04\/DSC_1705editklein.jpg?fit=300%2C200&amp;ssl=1\" class=\"attachment-medium size-medium\" alt=\"\" srcset=\"https:\/\/i0.wp.com\/www.linden-theater-frechen.de\/wp-content\/uploads\/2018\/04\/DSC_1705editklein.jpg?w=1200&amp;ssl=1 1200w, https:\/\/i0.wp.com\/www.linden-theater-frechen.de\/wp-content\/uploads\/2018\/04\/DSC_1705editklein.jpg?resize=150%2C100&amp;ssl=1 150w, https:\/\/i0.wp.com\/www.linden-theater-frechen.de\/wp-content\/uploads\/2018\/04\/DSC_1705editklein.jpg?resize=300%2C200&amp;ssl=1 300w, https:\/\/i0.wp.com\/www.linden-theater-frechen.de\/wp-content\/uploads\/2018\/04\/DSC_1705editklein.jpg?resize=768%2C512&amp;ssl=1 768w, https:\/\/i0.wp.com\/www.linden-theater-frechen.de\/wp-content\/uploads\/2018\/04\/DSC_1705editklein.jpg?resize=1024%2C683&amp;ssl=1 1024w, https:\/\/i0.wp.com\/www.linden-theater-frechen.de\/wp-content\/uploads\/2018\/04\/DSC_1705editklein.jpg?resize=400%2C267&amp;ssl=1 400w\" sizes=\"auto, (max-width: 300px) 100vw, 300px\" \/><\/a>\n\t\t\t<\/dt><\/dl><br style=\"clear: both\" \/><dl class='gallery-item'>\n\t\t\t<dt class='gallery-icon landscape'>\n\t\t\t\t<a href='https:\/\/www.linden-theater-frechen.de\/?attachment_id=8086'><img loading=\"lazy\" decoding=\"async\" width=\"300\" height=\"200\" src=\"https:\/\/i0.wp.com\/www.linden-theater-frechen.de\/wp-content\/uploads\/2018\/04\/DSC_1698editklein.jpg?fit=300%2C200&amp;ssl=1\" class=\"attachment-medium size-medium\" alt=\"\" srcset=\"https:\/\/i0.wp.com\/www.linden-theater-frechen.de\/wp-content\/uploads\/2018\/04\/DSC_1698editklein.jpg?w=1200&amp;ssl=1 1200w, https:\/\/i0.wp.com\/www.linden-theater-frechen.de\/wp-content\/uploads\/2018\/04\/DSC_1698editklein.jpg?resize=150%2C100&amp;ssl=1 150w, https:\/\/i0.wp.com\/www.linden-theater-frechen.de\/wp-content\/uploads\/2018\/04\/DSC_1698editklein.jpg?resize=300%2C200&amp;ssl=1 300w, https:\/\/i0.wp.com\/www.linden-theater-frechen.de\/wp-content\/uploads\/2018\/04\/DSC_1698editklein.jpg?resize=768%2C512&amp;ssl=1 768w, https:\/\/i0.wp.com\/www.linden-theater-frechen.de\/wp-content\/uploads\/2018\/04\/DSC_1698editklein.jpg?resize=1024%2C683&amp;ssl=1 1024w, https:\/\/i0.wp.com\/www.linden-theater-frechen.de\/wp-content\/uploads\/2018\/04\/DSC_1698editklein.jpg?resize=400%2C267&amp;ssl=1 400w\" sizes=\"auto, (max-width: 300px) 100vw, 300px\" \/><\/a>\n\t\t\t<\/dt><\/dl><dl class='gallery-item'>\n\t\t\t<dt class='gallery-icon landscape'>\n\t\t\t\t<a href='https:\/\/www.linden-theater-frechen.de\/?attachment_id=8083'><img loading=\"lazy\" decoding=\"async\" width=\"300\" height=\"191\" src=\"https:\/\/i0.wp.com\/www.linden-theater-frechen.de\/wp-content\/uploads\/2018\/04\/DSC_1681editklein.jpg?fit=300%2C191&amp;ssl=1\" class=\"attachment-medium size-medium\" alt=\"\" srcset=\"https:\/\/i0.wp.com\/www.linden-theater-frechen.de\/wp-content\/uploads\/2018\/04\/DSC_1681editklein.jpg?w=1255&amp;ssl=1 1255w, https:\/\/i0.wp.com\/www.linden-theater-frechen.de\/wp-content\/uploads\/2018\/04\/DSC_1681editklein.jpg?resize=150%2C96&amp;ssl=1 150w, https:\/\/i0.wp.com\/www.linden-theater-frechen.de\/wp-content\/uploads\/2018\/04\/DSC_1681editklein.jpg?resize=300%2C191&amp;ssl=1 300w, https:\/\/i0.wp.com\/www.linden-theater-frechen.de\/wp-content\/uploads\/2018\/04\/DSC_1681editklein.jpg?resize=768%2C490&amp;ssl=1 768w, https:\/\/i0.wp.com\/www.linden-theater-frechen.de\/wp-content\/uploads\/2018\/04\/DSC_1681editklein.jpg?resize=1024%2C653&amp;ssl=1 1024w, https:\/\/i0.wp.com\/www.linden-theater-frechen.de\/wp-content\/uploads\/2018\/04\/DSC_1681editklein.jpg?resize=400%2C255&amp;ssl=1 400w\" sizes=\"auto, (max-width: 300px) 100vw, 300px\" \/><\/a>\n\t\t\t<\/dt><\/dl><dl class='gallery-item'>\n\t\t\t<dt class='gallery-icon portrait'>\n\t\t\t\t<a href='https:\/\/www.linden-theater-frechen.de\/?attachment_id=8085'><img loading=\"lazy\" decoding=\"async\" width=\"216\" height=\"300\" src=\"https:\/\/i0.wp.com\/www.linden-theater-frechen.de\/wp-content\/uploads\/2018\/04\/DSC_1686editklein.jpg?fit=216%2C300&amp;ssl=1\" class=\"attachment-medium size-medium\" alt=\"\" srcset=\"https:\/\/i0.wp.com\/www.linden-theater-frechen.de\/wp-content\/uploads\/2018\/04\/DSC_1686editklein.jpg?w=800&amp;ssl=1 800w, https:\/\/i0.wp.com\/www.linden-theater-frechen.de\/wp-content\/uploads\/2018\/04\/DSC_1686editklein.jpg?resize=108%2C150&amp;ssl=1 108w, https:\/\/i0.wp.com\/www.linden-theater-frechen.de\/wp-content\/uploads\/2018\/04\/DSC_1686editklein.jpg?resize=216%2C300&amp;ssl=1 216w, https:\/\/i0.wp.com\/www.linden-theater-frechen.de\/wp-content\/uploads\/2018\/04\/DSC_1686editklein.jpg?resize=768%2C1065&amp;ssl=1 768w, https:\/\/i0.wp.com\/www.linden-theater-frechen.de\/wp-content\/uploads\/2018\/04\/DSC_1686editklein.jpg?resize=577%2C800&amp;ssl=1 577w, https:\/\/i0.wp.com\/www.linden-theater-frechen.de\/wp-content\/uploads\/2018\/04\/DSC_1686editklein.jpg?resize=400%2C555&amp;ssl=1 400w\" sizes=\"auto, (max-width: 216px) 100vw, 216px\" \/><\/a>\n\t\t\t<\/dt><\/dl><br style=\"clear: both\" \/>\n\t\t<\/div>\n\n<p>Infos zum Verein Hospiz in Frechen e. V. finden Sie <a href=\"http:\/\/hospiz-in-frechen.org\/\" target=\"_blank\" rel=\"noopener noreferrer\"><strong>HIER<\/strong><\/a>.<\/td>\n<\/tr>\n<tr>\n<td>\n<h1 style=\"text-align: center;\">2017<\/h1>\n<\/td>\n<\/tr>\n<tr>\n<td>\n<h3>29. Januar<\/h3>\n<h2 style=\"text-align: center;\"><strong>Benefiz Kinovorstellung mit dem Film &#8222;Willkommen bei den Hartmanns&#8220;<br \/>\n<\/strong><\/h2>\n<p style=\"text-align: center;\"><strong>Ein Gemeinschaftsprojekt des Lions Club Frechen und des Linden-Theater e.V.<br \/>\n<\/strong><\/p>\n<p style=\"text-align: center;\"><a href=\"https:\/\/i0.wp.com\/www.linden-theater-frechen.de\/wp-content\/uploads\/2009\/06\/Benefiz-Hartmanns-klein.jpg?ssl=1\"><img data-recalc-dims=\"1\" loading=\"lazy\" decoding=\"async\" class=\" wp-image-7180 aligncenter\" src=\"https:\/\/i0.wp.com\/www.linden-theater-frechen.de\/wp-content\/uploads\/2009\/06\/Benefiz-Hartmanns-klein.jpg?resize=437%2C246&#038;ssl=1\" alt=\"\" width=\"437\" height=\"246\" srcset=\"https:\/\/i0.wp.com\/www.linden-theater-frechen.de\/wp-content\/uploads\/2009\/06\/Benefiz-Hartmanns-klein.jpg?resize=1024%2C576&amp;ssl=1 1024w, https:\/\/i0.wp.com\/www.linden-theater-frechen.de\/wp-content\/uploads\/2009\/06\/Benefiz-Hartmanns-klein.jpg?resize=150%2C84&amp;ssl=1 150w, https:\/\/i0.wp.com\/www.linden-theater-frechen.de\/wp-content\/uploads\/2009\/06\/Benefiz-Hartmanns-klein.jpg?resize=300%2C169&amp;ssl=1 300w, https:\/\/i0.wp.com\/www.linden-theater-frechen.de\/wp-content\/uploads\/2009\/06\/Benefiz-Hartmanns-klein.jpg?resize=768%2C432&amp;ssl=1 768w, https:\/\/i0.wp.com\/www.linden-theater-frechen.de\/wp-content\/uploads\/2009\/06\/Benefiz-Hartmanns-klein.jpg?resize=400%2C225&amp;ssl=1 400w, https:\/\/i0.wp.com\/www.linden-theater-frechen.de\/wp-content\/uploads\/2009\/06\/Benefiz-Hartmanns-klein.jpg?w=1067&amp;ssl=1 1067w\" sizes=\"auto, (max-width: 437px) 100vw, 437px\" \/><\/a><\/p>\n<p style=\"text-align: justify;\">Bereits zum dritten Mal veranstaltete der Linden-Theater e. V. zusammen mit dem Lions Club Frechen eine Benefizvorstellung zugunsten bed\u00fcrftiger Frechener Familien. Zum Film &#8222;Willkommen bei den Hartmanns&#8220; hatten wir ausverkauftes Haus mit 398 Besuchern. Besonders gefreut haben wir uns \u00fcber den Besuch unserer B\u00fcrgermeisterin Susanne Stupp, die es sich nicht nehmen lie\u00df, den Besuchern ein pers\u00f6nliches Gru\u00dfwort und einen Dank f\u00fcr die Teilnahme an der Benefizvorstellung zu \u00fcberbringen.<\/p>\n<p style=\"text-align: justify;\">Die Gewinne aus den Karteneinnahmen, die Direktspende von einem Euro pro Karte und zus\u00e4tzliche Spenden in unsere Spendenboxen ergaben schlie\u00dflich einen Betrag von 1.298 \u20ac, die im Mai an Frau Dmoch-Schweren als Gesch\u00e4ftsf\u00fchrerin des Parit\u00e4tischen Wohlfahrtsverbandes Frechen \u00fcbergeben wurden. Das Geld wird in Form von Sachspenden f\u00fcr bed\u00fcrtftige Familien verwendet.<\/p>\n<p style=\"text-align: center;\"><a href=\"https:\/\/i0.wp.com\/www.linden-theater-frechen.de\/wp-content\/uploads\/2011\/09\/DSC_4878edit2-FB.jpg?ssl=1\"><img data-recalc-dims=\"1\" loading=\"lazy\" decoding=\"async\" class=\"aligncenter wp-image-7480\" src=\"https:\/\/i0.wp.com\/www.linden-theater-frechen.de\/wp-content\/uploads\/2011\/09\/DSC_4878edit2-FB.jpg?resize=340%2C275&#038;ssl=1\" alt=\"\" width=\"340\" height=\"275\" srcset=\"https:\/\/i0.wp.com\/www.linden-theater-frechen.de\/wp-content\/uploads\/2011\/09\/DSC_4878edit2-FB.jpg?w=991&amp;ssl=1 991w, https:\/\/i0.wp.com\/www.linden-theater-frechen.de\/wp-content\/uploads\/2011\/09\/DSC_4878edit2-FB.jpg?resize=150%2C121&amp;ssl=1 150w, https:\/\/i0.wp.com\/www.linden-theater-frechen.de\/wp-content\/uploads\/2011\/09\/DSC_4878edit2-FB.jpg?resize=300%2C242&amp;ssl=1 300w, https:\/\/i0.wp.com\/www.linden-theater-frechen.de\/wp-content\/uploads\/2011\/09\/DSC_4878edit2-FB.jpg?resize=768%2C620&amp;ssl=1 768w, https:\/\/i0.wp.com\/www.linden-theater-frechen.de\/wp-content\/uploads\/2011\/09\/DSC_4878edit2-FB.jpg?resize=400%2C323&amp;ssl=1 400w\" sizes=\"auto, (max-width: 340px) 100vw, 340px\" \/><\/a><\/p>\n<\/td>\n<\/tr>\n<tr>\n<td>\n<h1 style=\"text-align: center;\">2016<\/h1>\n<\/td>\n<\/tr>\n<tr>\n<td>\n<h3>09. Juli<\/h3>\n<h2><strong>&#8218;Begegnung Film&#8216;: Shaun das Schaf<\/strong><\/h2>\n<p><strong>Filmvorf\u00fchrung f\u00fcr Fl\u00fcchtlinge und Frechener<\/strong><\/p>\n<p style=\"text-align: center;\"><a href=\"https:\/\/i0.wp.com\/www.linden-theater-frechen.de\/wp-content\/uploads\/2009\/06\/Logo-Begegnung-Film.jpg?ssl=1\"><img data-recalc-dims=\"1\" loading=\"lazy\" decoding=\"async\" class=\"aligncenter size-large wp-image-6802\" src=\"https:\/\/i0.wp.com\/www.linden-theater-frechen.de\/wp-content\/uploads\/2009\/06\/Logo-Begegnung-Film.jpg?resize=640%2C180&#038;ssl=1\" alt=\"Logo Begegnung Film\" width=\"640\" height=\"180\" srcset=\"https:\/\/i0.wp.com\/www.linden-theater-frechen.de\/wp-content\/uploads\/2009\/06\/Logo-Begegnung-Film.jpg?w=1024&amp;ssl=1 1024w, https:\/\/i0.wp.com\/www.linden-theater-frechen.de\/wp-content\/uploads\/2009\/06\/Logo-Begegnung-Film.jpg?resize=150%2C42&amp;ssl=1 150w, https:\/\/i0.wp.com\/www.linden-theater-frechen.de\/wp-content\/uploads\/2009\/06\/Logo-Begegnung-Film.jpg?resize=300%2C84&amp;ssl=1 300w, https:\/\/i0.wp.com\/www.linden-theater-frechen.de\/wp-content\/uploads\/2009\/06\/Logo-Begegnung-Film.jpg?resize=768%2C216&amp;ssl=1 768w, https:\/\/i0.wp.com\/www.linden-theater-frechen.de\/wp-content\/uploads\/2009\/06\/Logo-Begegnung-Film.jpg?resize=400%2C113&amp;ssl=1 400w\" sizes=\"auto, (max-width: 640px) 100vw, 640px\" \/><\/a><\/p>\n<p style=\"text-align: justify;\">Wir leben zusammen in Frechen und wollen gemeinsame Erlebnisse schaffen. Ins Kino gehen, Filme schauen, miteinander sprechen und lachen.<\/p>\n<p style=\"text-align: justify;\">Zur Tradition von Frechen geh\u00f6rt es, gemeinsam zu feiern. Das Linden Theater in Frechen ist seit 60 Jahren ein wichtiger Teil dieser Tradition und ein wunderbarer Ort f\u00fcr Begegnung.<\/p>\n<p style=\"text-align: justify;\">Mit der Filmvorf\u00fchrung von \u201eShaun das Schaf\u201c wollten wir Menschen aus unterschiedlichen L\u00e4ndern die M\u00f6glichkeit geben, sich im Kino zu treffen. Der Animationsfilm kommt ohne Sprache aus und ist f\u00fcr Kinder und Erwachsene aus verschiedenen Kulturen gleicherma\u00dfen verst\u00e4ndlich.<\/p>\n<p style=\"text-align: justify;\">Im Anschluss an die Vorf\u00fchrung gab es die M\u00f6glichkeit, sich bei einem internationalen Buffet zu treffen und kennenzulernen.<\/p>\n<p style=\"text-align: justify;\">Durch den Kauf einer Eintrittskarte wurde der Kinobesuch f\u00fcr die Fl\u00fcchtlingsfamilien erm\u00f6glicht.<\/p>\n<p style=\"text-align: justify;\"><strong>Hintergrundinformationen: <\/strong><\/p>\n<p style=\"text-align: justify;\">Ziel der Initiative: eine oder m\u00f6glichst mehrere unregelm\u00e4\u00dfig stattfindende Filmvorf\u00fchrungen f\u00fcr Kinder und ihre Familien aus Frechen und Umgebung sowie f\u00fcr Fl\u00fcchtlingsfamilien. Das Kino bietet sich hier als Ort an, an dem sich Menschen aus verschiedenen L\u00e4ndern kennenlernen und \u00fcber ein Medium verst\u00e4ndigen, das nicht prim\u00e4r die gleiche Sprachkenntnis verlangt. Sich gegenseitig kennenlernen und einen kleinen Beitrag zur Integration zu bieten, sind Ziele, die zu dieser Initiative gef\u00fchrt haben. Stichwort: Kino als Ort der Begegnung und der Kulturvermittlung.<\/p>\n<p style=\"text-align: justify;\">L\u00e4ngerfristig ist vorstellbar in einer Art \u201eFilmclub\u201c sich gegenseitig Filme aus den verschiedenen L\u00e4ndern zu zeigen, um dem gegenseitigen Kennenlernen eine weitere kulturelle Ebene zu verleihen. Hierzu w\u00e4re es sch\u00f6n, auch Fl\u00fcchtlinge selber zur Mitarbeit im Filmclub zu gewinnen.<\/p>\n<p style=\"text-align: justify;\">Frechen-Film e. V. verzichtet auf die Einnahmen aus dem Kartenverkauf. Die Idee ist, dass jede gekaufte Kinokarte eine Gratis-Karte f\u00fcr einen Fl\u00fcchtling finanziert.<\/p>\n<p style=\"text-align: justify;\"><strong>Veranstalter:<\/strong><\/p>\n<p style=\"text-align: justify;\">Frechen-Film e. V., AG Begegnung Film<\/p>\n<h3><span style=\"color: #000000;\">Der Film:<\/span><span style=\"color: #ff0000;\"><br \/>\n<\/span><\/h3>\n<h2><a href=\"https:\/\/i0.wp.com\/www.linden-theater-frechen.de\/wp-content\/uploads\/2015\/03\/Shaun-das-Schaf-Poster.jpg?ssl=1\"><img data-recalc-dims=\"1\" loading=\"lazy\" decoding=\"async\" class=\"alignright wp-image-5708\" src=\"https:\/\/i0.wp.com\/www.linden-theater-frechen.de\/wp-content\/uploads\/2015\/03\/Shaun-das-Schaf-Poster.jpg?resize=150%2C212&#038;ssl=1\" alt=\"Shaun das Schaf - Der Film - Poster 1\" width=\"150\" height=\"212\" srcset=\"https:\/\/i0.wp.com\/www.linden-theater-frechen.de\/wp-content\/uploads\/2015\/03\/Shaun-das-Schaf-Poster.jpg?resize=212%2C300&amp;ssl=1 212w, https:\/\/i0.wp.com\/www.linden-theater-frechen.de\/wp-content\/uploads\/2015\/03\/Shaun-das-Schaf-Poster.jpg?resize=106%2C150&amp;ssl=1 106w, https:\/\/i0.wp.com\/www.linden-theater-frechen.de\/wp-content\/uploads\/2015\/03\/Shaun-das-Schaf-Poster.jpg?w=566&amp;ssl=1 566w, https:\/\/i0.wp.com\/www.linden-theater-frechen.de\/wp-content\/uploads\/2015\/03\/Shaun-das-Schaf-Poster.jpg?resize=400%2C565&amp;ssl=1 400w\" sizes=\"auto, (max-width: 150px) 100vw, 150px\" \/><\/a>Shaun das Schaf &#8211; Der Film<\/h2>\n<p style=\"text-align: justify;\"><b>Animation: <\/b>Gelangweilt vom Alltag des Hoflebens will Shaun das Schaf einen Tag ausbrechen und l\u00f6st Chaos aus: Sein Bauer landet mit Ged\u00e4chtnisverlust in der Stadt und macht dort Karriere als Starfriseur mit Schafschere. Zusammen mit seinen Freunden und Hund Bitzer macht sich Shaun auf den Weg, um ihn zur\u00fcckzuholen. Dabei fliehen sie vor einem skrupellosen Tierf\u00e4nger dank perfekter Verkleidung, m\u00fcssen aber aus dem Gef\u00e4ngnis befreit werden. Nach hartem Kampf und vielen Tricks schaffen Sie es mit dem Bauern wieder zur\u00fcck auf den Hof.<\/p>\n<p style=\"text-align: justify;\"><strong>GB<\/strong> 2015, <strong>Originaltitel:<\/strong> Shaun the Sheep Movie, <strong>Regie: <\/strong>Richard Starzak, Mark Burton<\/p>\n<p><strong>Laufzeit:<\/strong> 85 Min, <strong>FSK:<\/strong> ohne Altersbeschr\u00e4nkung<\/p>\n<p><a title=\"Filmseite\" href=\"http:\/\/shaundasschaf.de\/film\" target=\"_blank\" rel=\"noopener noreferrer\"><strong>Offizielle Filmseite<\/strong><\/a><strong> &#8211; <a title=\"Trailer + Filminfos\" href=\"http:\/\/www.kino.de\/film\/shaun-das-schaf-der-film-2015\/\" target=\"_blank\" rel=\"noopener noreferrer\"><strong>Trailer und <\/strong><strong>weitere Filminfos<\/strong><\/a><\/strong><\/td>\n<\/tr>\n<tr>\n<td>\n<h1 style=\"text-align: center;\">2015<\/h1>\n<\/td>\n<\/tr>\n<tr>\n<td>\n<h3>8. November:<\/h3>\n<h1 style=\"text-align: center;\">Benefizvorstellung des Lions Clubs<\/h1>\n<h3 style=\"text-align: center;\">mit dem Film &#8222;Honig im Kopf&#8220;<\/h3>\n<p style=\"text-align: justify;\">Bereits zum zweiten Mal in diesem Jahr haben wir mit dem Lions Club Frechen unter der Schirmherrschaft unser B\u00fcrgermeisterin Susanne Stupp eine Benefizkinovorstellung zugunsten der in Frechen lebenden Fl\u00fcchtlingsfamilien organisiert. Diesmal hatten wir als Film die deutsche Erfolgstragikom\u00f6die &#8222;Honig im Kopf&#8220; mit Dieter Hallervorden und von und mit Til Schweiger ausgew\u00e4hlt.<\/p>\n<p style=\"text-align: justify;\">Der Ticketpreis enthielt bereits eine Direktspende von 1,- \u20ac, der Linden-Theater e. V. verzichtete auf die Einnahmen aus den Kartenverk\u00e4ufen, und zus\u00e4tzlich spendeten die 219 Besucher auch noch ca 350,- \u20ac, so dass am Ende ein Spendenbetrag von 1.326,29 \u20ac zusammen kam. Daf\u00fcr m\u00f6chten wir allen Besuchern &#8211; auch im Namen des Lions Clubs &#8211; herzlich danken.<\/p>\n<p style=\"text-align: justify;\">Der Lions Club rundete die Summe auf 1.500,- \u20ac auf. 1.000 ,- \u20ac wurden direkt an Herrn Ulrich Lussem vom Fl\u00fcchtlingsnetzwerk \u00fcbergeben. Die restlichen 500,- \u20ac erh\u00e4lt die Stadtb\u00fccherei zur Anschaffung von zweisprachiger Literatur.<\/p>\n<p style=\"text-align: justify;\">Der Erfolg best\u00e4tigt uns darin, auch in der Zukunft weitere Projekte mit dem Lions Club durchzuf\u00fchren.<\/p>\n\n\t\t<style type=\"text\/css\">\n\t\t\t#gallery-3 {\n\t\t\t\tmargin: auto;\n\t\t\t}\n\t\t\t#gallery-3 .gallery-item {\n\t\t\t\tfloat: left;\n\t\t\t\tmargin-top: 10px;\n\t\t\t\ttext-align: center;\n\t\t\t\twidth: 33%;\n\t\t\t}\n\t\t\t#gallery-3 img {\n\t\t\t\tborder: 2px solid #cfcfcf;\n\t\t\t}\n\t\t\t#gallery-3 .gallery-caption {\n\t\t\t\tmargin-left: 0;\n\t\t\t}\n\t\t\t\/* see gallery_shortcode() in wp-includes\/media.php *\/\n\t\t<\/style>\n\t\t<div id='gallery-3' class='gallery galleryid-1936 gallery-columns-3 gallery-size-medium'><dl class='gallery-item'>\n\t\t\t<dt class='gallery-icon landscape'>\n\t\t\t\t<a href='https:\/\/www.linden-theater-frechen.de\/?attachment_id=6366'><img loading=\"lazy\" decoding=\"async\" width=\"300\" height=\"200\" src=\"https:\/\/i0.wp.com\/www.linden-theater-frechen.de\/wp-content\/uploads\/2011\/09\/Benefiz-Lions-Club-03-klein.jpg?fit=300%2C200&amp;ssl=1\" class=\"attachment-medium size-medium\" alt=\"\" srcset=\"https:\/\/i0.wp.com\/www.linden-theater-frechen.de\/wp-content\/uploads\/2011\/09\/Benefiz-Lions-Club-03-klein.jpg?w=902&amp;ssl=1 902w, https:\/\/i0.wp.com\/www.linden-theater-frechen.de\/wp-content\/uploads\/2011\/09\/Benefiz-Lions-Club-03-klein.jpg?resize=150%2C100&amp;ssl=1 150w, https:\/\/i0.wp.com\/www.linden-theater-frechen.de\/wp-content\/uploads\/2011\/09\/Benefiz-Lions-Club-03-klein.jpg?resize=300%2C200&amp;ssl=1 300w, https:\/\/i0.wp.com\/www.linden-theater-frechen.de\/wp-content\/uploads\/2011\/09\/Benefiz-Lions-Club-03-klein.jpg?resize=400%2C266&amp;ssl=1 400w\" sizes=\"auto, (max-width: 300px) 100vw, 300px\" \/><\/a>\n\t\t\t<\/dt><\/dl><dl class='gallery-item'>\n\t\t\t<dt class='gallery-icon portrait'>\n\t\t\t\t<a href='https:\/\/www.linden-theater-frechen.de\/?attachment_id=6367'><img loading=\"lazy\" decoding=\"async\" width=\"200\" height=\"300\" src=\"https:\/\/i0.wp.com\/www.linden-theater-frechen.de\/wp-content\/uploads\/2011\/09\/Benefiz-Lions-Club-04-klein.jpg?fit=200%2C300&amp;ssl=1\" class=\"attachment-medium size-medium\" alt=\"\" srcset=\"https:\/\/i0.wp.com\/www.linden-theater-frechen.de\/wp-content\/uploads\/2011\/09\/Benefiz-Lions-Club-04-klein.jpg?w=532&amp;ssl=1 532w, https:\/\/i0.wp.com\/www.linden-theater-frechen.de\/wp-content\/uploads\/2011\/09\/Benefiz-Lions-Club-04-klein.jpg?resize=100%2C150&amp;ssl=1 100w, https:\/\/i0.wp.com\/www.linden-theater-frechen.de\/wp-content\/uploads\/2011\/09\/Benefiz-Lions-Club-04-klein.jpg?resize=200%2C300&amp;ssl=1 200w, https:\/\/i0.wp.com\/www.linden-theater-frechen.de\/wp-content\/uploads\/2011\/09\/Benefiz-Lions-Club-04-klein.jpg?resize=400%2C602&amp;ssl=1 400w\" sizes=\"auto, (max-width: 200px) 100vw, 200px\" \/><\/a>\n\t\t\t<\/dt><\/dl><dl class='gallery-item'>\n\t\t\t<dt class='gallery-icon landscape'>\n\t\t\t\t<a href='https:\/\/www.linden-theater-frechen.de\/?attachment_id=6368'><img loading=\"lazy\" decoding=\"async\" width=\"300\" height=\"296\" src=\"https:\/\/i0.wp.com\/www.linden-theater-frechen.de\/wp-content\/uploads\/2011\/09\/Benefiz-Lions-Club-01-klein.jpg?fit=300%2C296&amp;ssl=1\" class=\"attachment-medium size-medium\" alt=\"\" srcset=\"https:\/\/i0.wp.com\/www.linden-theater-frechen.de\/wp-content\/uploads\/2011\/09\/Benefiz-Lions-Club-01-klein.jpg?w=812&amp;ssl=1 812w, https:\/\/i0.wp.com\/www.linden-theater-frechen.de\/wp-content\/uploads\/2011\/09\/Benefiz-Lions-Club-01-klein.jpg?resize=150%2C148&amp;ssl=1 150w, https:\/\/i0.wp.com\/www.linden-theater-frechen.de\/wp-content\/uploads\/2011\/09\/Benefiz-Lions-Club-01-klein.jpg?resize=300%2C296&amp;ssl=1 300w, https:\/\/i0.wp.com\/www.linden-theater-frechen.de\/wp-content\/uploads\/2011\/09\/Benefiz-Lions-Club-01-klein.jpg?resize=400%2C394&amp;ssl=1 400w\" sizes=\"auto, (max-width: 300px) 100vw, 300px\" \/><\/a>\n\t\t\t<\/dt><\/dl><br style=\"clear: both\" \/>\n\t\t<\/div>\n\n<h3>22. September:<\/h3>\n<h1 style=\"text-align: center;\">Fl\u00fcsterkonzert 2015<\/h1>\n<h3>mit der Hennefer Mundart-Kultband \u201cAntweiler, Graf &amp; Co.\u201d sowie Kafi Biermann, Hartmut Priess und B\u00f6mmel L\u00fcckerath von den \u201cBl\u00e4ck F\u00f6\u00f6ss\u201d<\/h3>\n<p style=\"text-align: center;\"><a href=\"https:\/\/i0.wp.com\/www.linden-theater-frechen.de\/wp-content\/uploads\/2011\/09\/FlueKo2015.jpg?ssl=1\"><img data-recalc-dims=\"1\" loading=\"lazy\" decoding=\"async\" class=\"aligncenter wp-image-6360\" src=\"https:\/\/i0.wp.com\/www.linden-theater-frechen.de\/wp-content\/uploads\/2011\/09\/FlueKo2015.jpg?resize=429%2C286&#038;ssl=1\" alt=\"FlueKo2015\" width=\"429\" height=\"286\" srcset=\"https:\/\/i0.wp.com\/www.linden-theater-frechen.de\/wp-content\/uploads\/2011\/09\/FlueKo2015.jpg?resize=1024%2C683&amp;ssl=1 1024w, https:\/\/i0.wp.com\/www.linden-theater-frechen.de\/wp-content\/uploads\/2011\/09\/FlueKo2015.jpg?resize=150%2C100&amp;ssl=1 150w, https:\/\/i0.wp.com\/www.linden-theater-frechen.de\/wp-content\/uploads\/2011\/09\/FlueKo2015.jpg?resize=300%2C200&amp;ssl=1 300w, https:\/\/i0.wp.com\/www.linden-theater-frechen.de\/wp-content\/uploads\/2011\/09\/FlueKo2015.jpg?resize=400%2C267&amp;ssl=1 400w, https:\/\/i0.wp.com\/www.linden-theater-frechen.de\/wp-content\/uploads\/2011\/09\/FlueKo2015.jpg?w=1200&amp;ssl=1 1200w\" sizes=\"auto, (max-width: 429px) 100vw, 429px\" \/><\/a><\/p>\n<p style=\"text-align: justify;\">Auch bei der vierten Ausgabe des Fl\u00fcsterkonzerts str\u00f6mten wieder zahlreiche Zuschauer in den Saal, um das Konzert-Double-Feature von Antweiler, Graf und Co sowie Kafi, B\u00f6mmel und Hartmut von den Bl\u00e4ck F\u00f6\u00f6ss zu sehen. Und sie wurden wie in den Vorjahren nicht entt\u00e4uscht. Bernd Antweiler und seine Band gaben wieder lustige, aber auch nachdenkliche Kr\u00e4tzjer zum Besten, vom &#8222;Tangot\u00e4nzer Eduard&#8220;, \u00fcber &#8222;Tant Maria Ihre Hunk&#8220; bis zu &#8222;Et es janz ejal&#8220;, einzigartig interpretiert von Antweilers Reibeisenstimme.<\/p>\n<p style=\"text-align: center;\"><a href=\"https:\/\/i0.wp.com\/www.linden-theater-frechen.de\/wp-content\/uploads\/2011\/09\/FlueKo2015_A.jpg?ssl=1\"><img data-recalc-dims=\"1\" loading=\"lazy\" decoding=\"async\" class=\"aligncenter wp-image-6361\" src=\"https:\/\/i0.wp.com\/www.linden-theater-frechen.de\/wp-content\/uploads\/2011\/09\/FlueKo2015_A.jpg?resize=403%2C260&#038;ssl=1\" alt=\"FlueKo2015_A\" width=\"403\" height=\"260\" srcset=\"https:\/\/i0.wp.com\/www.linden-theater-frechen.de\/wp-content\/uploads\/2011\/09\/FlueKo2015_A.jpg?resize=1024%2C659&amp;ssl=1 1024w, https:\/\/i0.wp.com\/www.linden-theater-frechen.de\/wp-content\/uploads\/2011\/09\/FlueKo2015_A.jpg?resize=150%2C97&amp;ssl=1 150w, https:\/\/i0.wp.com\/www.linden-theater-frechen.de\/wp-content\/uploads\/2011\/09\/FlueKo2015_A.jpg?resize=300%2C193&amp;ssl=1 300w, https:\/\/i0.wp.com\/www.linden-theater-frechen.de\/wp-content\/uploads\/2011\/09\/FlueKo2015_A.jpg?resize=400%2C257&amp;ssl=1 400w, https:\/\/i0.wp.com\/www.linden-theater-frechen.de\/wp-content\/uploads\/2011\/09\/FlueKo2015_A.jpg?w=1243&amp;ssl=1 1243w\" sizes=\"auto, (max-width: 403px) 100vw, 403px\" \/><\/a><\/p>\n<p style=\"text-align: justify;\">Nach der Pause und St\u00e4rkung am Cateringzelt des Hotel-Restaurants Durst folgte dann der Auftritt von Kafi Biermann, G\u00fcnter &#8222;B\u00f6mmel L\u00fcckerath&#8220; und Hartmut Priess. Es gab bekannte, aber auch \u00e4ltere Lieder der F\u00f6\u00f6ss, wie immer war nat\u00fcrlich unser Mottolied &#8222;Wenn et Leech usjing em Roxy&#8220; inklusive Musikvideo auf der Leinwand dabei. Zum Thema &#8222;Kriegsende vor 70 Jahren&#8220; hatten die Drei &#8222;Usjebomb&#8220; mitgebracht, einschlie\u00dflich eindrucksvoller Bilder vom Leben im zerbombten K\u00f6ln in den ersten Nachkriegsjahren. Zum Mitsingen gab es ein Kr\u00e4tzje von Karl Berbuer, &#8222;Zwesche K\u00fchl, Spinat un Kappes&#8220;, bei dem das Publikum die &#8211; nicht ganz leichte &#8211; Aufgabe hatte, den Refrain kr\u00e4ftig zu unterst\u00fctzen: &#8222;Zwesche K\u00fchl, Spinat un Kappes, Breitlauch un Schavu&#8220; \ud83d\ude42<\/p>\n<p style=\"text-align: justify;\">Fehlen durften nat\u00fcrlich auch nicht die Klassiker &#8222;Dat Wasser vun K\u00f6lle&#8220;, Unsere Stammbaum&#8220; oder &#8222;En unserem Veedel&#8220;.<\/p>\n<p>Infos zu den Bands: <a title=\"Internetseite von Antweiler, Graf &amp; Co.\" href=\"http:\/\/www.antweilergrafundco.de\/\" target=\"_blank\" rel=\"noopener noreferrer\">Antweiler, Graf &amp; Co.<\/a> <a title=\"Internetseite der Bl\u00e4ck F\u00f6\u00f6ss\" href=\"http:\/\/www.blaeckfoeoess.de\/\" target=\"_blank\" rel=\"noopener noreferrer\">Bl\u00e4ck F\u00f6\u00f6ss<\/a><\/p>\n<h3>20. September :<\/h3>\n<h3 style=\"text-align: center;\"><a href=\"https:\/\/i0.wp.com\/www.linden-theater-frechen.de\/wp-content\/uploads\/2009\/06\/Denkmaltag-2015.jpg?ssl=1\"><img data-recalc-dims=\"1\" loading=\"lazy\" decoding=\"async\" class=\"aligncenter wp-image-6230\" src=\"https:\/\/i0.wp.com\/www.linden-theater-frechen.de\/wp-content\/uploads\/2009\/06\/Denkmaltag-2015.jpg?resize=480%2C268&#038;ssl=1\" alt=\"Denkmaltag 2015\" width=\"480\" height=\"268\" srcset=\"https:\/\/i0.wp.com\/www.linden-theater-frechen.de\/wp-content\/uploads\/2009\/06\/Denkmaltag-2015.jpg?w=717&amp;ssl=1 717w, https:\/\/i0.wp.com\/www.linden-theater-frechen.de\/wp-content\/uploads\/2009\/06\/Denkmaltag-2015.jpg?resize=150%2C84&amp;ssl=1 150w, https:\/\/i0.wp.com\/www.linden-theater-frechen.de\/wp-content\/uploads\/2009\/06\/Denkmaltag-2015.jpg?resize=300%2C167&amp;ssl=1 300w, https:\/\/i0.wp.com\/www.linden-theater-frechen.de\/wp-content\/uploads\/2009\/06\/Denkmaltag-2015.jpg?resize=400%2C223&amp;ssl=1 400w\" sizes=\"auto, (max-width: 480px) 100vw, 480px\" \/><\/a><\/h3>\n<p style=\"text-align: justify;\">Der &#8222;Tag des offenen Denkmals&#8220; findet \u00fcblicherweise am zweiten Sonntag im September statt. Wegen der B\u00fcrgermeisterwahlen an diesem Tag war das Event jedoch um eine Woche auf den 20. September verschoben worden. Und auch unser denkmlagesch\u00fctztes Kino war nat\u00fcrlich wieder mit dabei, mit einem Tag der offenen T\u00fcr von 11 &#8211; 17 Uhr.<br \/>\nMan konnte einen Blick in unser &#8222;Allerheiligstes&#8220;, den Vorf\u00fchrraum werfen und sich den Weg von der analogen zur digitalen Vorf\u00fchrung erkl\u00e4ren lassen. Dar\u00fcber hinaus gabe es allerlei f\u00fcr das Leibliche wohl sowie eine Kinob\u00f6rse, bei der \u00fcbriggebliebene Plakate, Banner oder Aufsteller gegen Spende abgegeben wurden.<\/p>\n<div class=\"text_exposed_show\">\n<p style=\"text-align: justify;\">Auf der Leinwand pr\u00e4sentierten wir mehrere Dokumentationen des Frechener Industriefilmers Peter Kleinen passend zum Thema des Denkmaltags &#8222;Handwerk, Technik, Industrie&#8220; zu den ehemaligen Fabriken &#8222;Grube Carl&#8220; und &#8222;Cremer &amp; Breuer&#8220; .<\/p>\n\n\t\t<style type=\"text\/css\">\n\t\t\t#gallery-4 {\n\t\t\t\tmargin: auto;\n\t\t\t}\n\t\t\t#gallery-4 .gallery-item {\n\t\t\t\tfloat: left;\n\t\t\t\tmargin-top: 10px;\n\t\t\t\ttext-align: center;\n\t\t\t\twidth: 50%;\n\t\t\t}\n\t\t\t#gallery-4 img {\n\t\t\t\tborder: 2px solid #cfcfcf;\n\t\t\t}\n\t\t\t#gallery-4 .gallery-caption {\n\t\t\t\tmargin-left: 0;\n\t\t\t}\n\t\t\t\/* see gallery_shortcode() in wp-includes\/media.php *\/\n\t\t<\/style>\n\t\t<div id='gallery-4' class='gallery galleryid-1936 gallery-columns-2 gallery-size-medium'><dl class='gallery-item'>\n\t\t\t<dt class='gallery-icon landscape'>\n\t\t\t\t<a href='https:\/\/www.linden-theater-frechen.de\/?attachment_id=6235'><img loading=\"lazy\" decoding=\"async\" width=\"300\" height=\"203\" src=\"https:\/\/i0.wp.com\/www.linden-theater-frechen.de\/wp-content\/uploads\/2009\/06\/Carl-anno-1995-.jpg?fit=300%2C203&amp;ssl=1\" class=\"attachment-medium size-medium\" alt=\"\" aria-describedby=\"gallery-4-6235\" srcset=\"https:\/\/i0.wp.com\/www.linden-theater-frechen.de\/wp-content\/uploads\/2009\/06\/Carl-anno-1995-.jpg?w=640&amp;ssl=1 640w, https:\/\/i0.wp.com\/www.linden-theater-frechen.de\/wp-content\/uploads\/2009\/06\/Carl-anno-1995-.jpg?resize=150%2C101&amp;ssl=1 150w, https:\/\/i0.wp.com\/www.linden-theater-frechen.de\/wp-content\/uploads\/2009\/06\/Carl-anno-1995-.jpg?resize=300%2C203&amp;ssl=1 300w, https:\/\/i0.wp.com\/www.linden-theater-frechen.de\/wp-content\/uploads\/2009\/06\/Carl-anno-1995-.jpg?resize=400%2C270&amp;ssl=1 400w\" sizes=\"auto, (max-width: 300px) 100vw, 300px\" \/><\/a>\n\t\t\t<\/dt>\n\t\t\t\t<dd class='wp-caption-text gallery-caption' id='gallery-4-6235'>\n\t\t\t\tAus Fotodokument.Fabr.Carl. Aufnahme Datum 1995  S\u00b8dseite  Film Nr12   Negativ Nr.20   COPYRIGHT BY  Peter Kleinen\n\t\t\t\t<\/dd><\/dl><dl class='gallery-item'>\n\t\t\t<dt class='gallery-icon portrait'>\n\t\t\t\t<a href='https:\/\/www.linden-theater-frechen.de\/?attachment_id=6234'><img loading=\"lazy\" decoding=\"async\" width=\"202\" height=\"300\" src=\"https:\/\/i0.wp.com\/www.linden-theater-frechen.de\/wp-content\/uploads\/2009\/06\/001.jpg?fit=202%2C300&amp;ssl=1\" class=\"attachment-medium size-medium\" alt=\"\" aria-describedby=\"gallery-4-6234\" srcset=\"https:\/\/i0.wp.com\/www.linden-theater-frechen.de\/wp-content\/uploads\/2009\/06\/001.jpg?w=793&amp;ssl=1 793w, https:\/\/i0.wp.com\/www.linden-theater-frechen.de\/wp-content\/uploads\/2009\/06\/001.jpg?resize=101%2C150&amp;ssl=1 101w, https:\/\/i0.wp.com\/www.linden-theater-frechen.de\/wp-content\/uploads\/2009\/06\/001.jpg?resize=202%2C300&amp;ssl=1 202w, https:\/\/i0.wp.com\/www.linden-theater-frechen.de\/wp-content\/uploads\/2009\/06\/001.jpg?resize=540%2C800&amp;ssl=1 540w, https:\/\/i0.wp.com\/www.linden-theater-frechen.de\/wp-content\/uploads\/2009\/06\/001.jpg?resize=400%2C593&amp;ssl=1 400w\" sizes=\"auto, (max-width: 202px) 100vw, 202px\" \/><\/a>\n\t\t\t<\/dt>\n\t\t\t\t<dd class='wp-caption-text gallery-caption' id='gallery-4-6234'>\n\t\t\t\tDas Keramikmosaik &#8222;Jonas und der Wal&#8220; auf der Frontseite der Fabrik Cremer &#038; Breuer\n\t\t\t\t<\/dd><\/dl><br style=\"clear: both\" \/>\n\t\t<\/div>\n\n<\/div>\n<h3>17. Mai:<\/h3>\n<h1 style=\"text-align: center;\">&#8222;Kino im Kino&#8220;:<br \/>\nDas Linden-Theater als Filmkulisse im Film<br \/>\n&#8222;Dessau Dancers&#8220;<\/h1>\n<p style=\"text-align: center;\"><a href=\"https:\/\/i0.wp.com\/www.linden-theater-frechen.de\/wp-content\/uploads\/2009\/06\/Dessau-Dreh021.jpg?ssl=1\"><img data-recalc-dims=\"1\" loading=\"lazy\" decoding=\"async\" class=\"size-medium wp-image-5926 aligncenter\" src=\"https:\/\/i0.wp.com\/www.linden-theater-frechen.de\/wp-content\/uploads\/2009\/06\/Dessau-Dreh021.jpg?resize=300%2C200&#038;ssl=1\" alt=\"Dessau-Dreh02\" width=\"300\" height=\"200\" srcset=\"https:\/\/i0.wp.com\/www.linden-theater-frechen.de\/wp-content\/uploads\/2009\/06\/Dessau-Dreh021.jpg?resize=300%2C200&amp;ssl=1 300w, https:\/\/i0.wp.com\/www.linden-theater-frechen.de\/wp-content\/uploads\/2009\/06\/Dessau-Dreh021.jpg?resize=150%2C100&amp;ssl=1 150w, https:\/\/i0.wp.com\/www.linden-theater-frechen.de\/wp-content\/uploads\/2009\/06\/Dessau-Dreh021.jpg?resize=400%2C266&amp;ssl=1 400w, https:\/\/i0.wp.com\/www.linden-theater-frechen.de\/wp-content\/uploads\/2009\/06\/Dessau-Dreh021.jpg?w=800&amp;ssl=1 800w\" sizes=\"auto, (max-width: 300px) 100vw, 300px\" \/><\/a><\/p>\n<p style=\"text-align: justify;\">Bereits 2013 fanden im Linden-Theater die Dreharbeiten f\u00fcr den Film &#8222;Dessau Dancers&#8220; statt. Die Fotos von den Dreharbeiten durften wir allerdings vor dem Kinostart des Films, der sich bis April 2015 hinzog, nicht ver\u00f6ffentlichen.<\/p>\n<p style=\"text-align: justify;\">Es war spannend mitanzusehen, wie die Kulissenbauer und Requisiteure unser ja bereits nostalgisch aussehendes Kino umgestalteten, um einen glaubhaften Eindruck eines Kinos in der DDR der Achtziger Jahre zu erzeugen. Vorh\u00e4nge und Gardinen wurden an den Eingangst\u00fcren angebracht, die Plakatvitrinen wurden mit Plakaten von Filmen, die in dieser Zeit in der DDR gelaufen sein k\u00f6nnten, best\u00fcckt und unsere Preistafel wurde mit Preisen in DDR-Mark beklebt. Das Filmteam hatte sogar Eintrittskarten anfertigen lassen, die aus unserem alten Beckerbillett-Kartenspender ausgegeben wurden. Vor das Kino wurden zwei Trabis gestellt, und sogar die Stra\u00dfenlaternen vor dem Kino wurden mit einem Hubwagen kurzfristig &#8222;abgeblendet&#8220; f\u00fcr den optimalen Szeneneindruck. Kabel, Kameras und Scheinwerfer waren das vorherrschende Bild in Kassenhalle und Saal. Die Dreharbeiten nahmen einen gesamten Tag in Anspruch, von dem im Film lediglich einige Minuten Filmszenen \u00fcbrig bleiben.<\/p>\n<p style=\"text-align: justify;\">Bereits 1998 war das Linden-Theater Filmkulisse f\u00fcr einen Kinofilm. &#8222;Gloomy Sunday &#8211; Ein Lied von Liebe und Tod&#8220; mit Joachim Kr\u00f3l und Ben Becker spielt in Budapest Ende der Drei\u00dfiger Jahre und erz\u00e4hlt eine tragische Dreiecks-Liebesbeziehung zwischen einer Frau und zwei M\u00e4nnern im Schatten der Schrecken des Dritten Reiches. Weitere Filmaufnahmen fanden im Lauf der Jahre f\u00fcr TV-Produktionen, z. B. &#8222;Unter uns&#8220;, &#8222;Galileo&#8220;, &#8222;Quarks &amp; Co&#8220; sowie f\u00fcr den ZDF-Frensehfilm &#8222;Zwei gegen Zwei&#8220; statt.<\/p>\n<p style=\"text-align: justify;\">F\u00fcr uns war es nat\u00fcrlich eine Herzensangelegenheit, unser Kino im Kinofilm auch auf unserer Leinwand zu zeigen, was wir im Rahmen der Frechen-Film-XXL-Woche am Sonntag, 17. Mai verwirklichten.<\/p>\n<p style=\"text-align: justify;\">Einige Fotos von den Dreharbeiten und die Artikel aus der lokalen Presse &#8211; Klicken auf das Foto \u00f6ffnet eine gr\u00f6\u00dfere Ansicht:<\/p>\n<table border=\"1\" width=\"100%\">\n<tbody>\n<tr>\n<td style=\"text-align: center;\"><a href=\"https:\/\/i0.wp.com\/www.linden-theater-frechen.de\/wp-content\/uploads\/2009\/06\/Dessau-Dreh07.jpg?ssl=1\"><img data-recalc-dims=\"1\" loading=\"lazy\" decoding=\"async\" class=\"size-medium wp-image-5930 aligncenter\" src=\"https:\/\/i0.wp.com\/www.linden-theater-frechen.de\/wp-content\/uploads\/2009\/06\/Dessau-Dreh07.jpg?resize=300%2C200&#038;ssl=1\" alt=\"Dessau-Dreh07\" width=\"300\" height=\"200\" srcset=\"https:\/\/i0.wp.com\/www.linden-theater-frechen.de\/wp-content\/uploads\/2009\/06\/Dessau-Dreh07.jpg?resize=300%2C200&amp;ssl=1 300w, https:\/\/i0.wp.com\/www.linden-theater-frechen.de\/wp-content\/uploads\/2009\/06\/Dessau-Dreh07.jpg?resize=150%2C100&amp;ssl=1 150w, https:\/\/i0.wp.com\/www.linden-theater-frechen.de\/wp-content\/uploads\/2009\/06\/Dessau-Dreh07.jpg?resize=400%2C266&amp;ssl=1 400w, https:\/\/i0.wp.com\/www.linden-theater-frechen.de\/wp-content\/uploads\/2009\/06\/Dessau-Dreh07.jpg?w=800&amp;ssl=1 800w\" sizes=\"auto, (max-width: 300px) 100vw, 300px\" \/><\/a><\/td>\n<td style=\"text-align: center;\"><a href=\"https:\/\/i0.wp.com\/www.linden-theater-frechen.de\/wp-content\/uploads\/2009\/06\/Dessau-Dreh05.jpg?ssl=1\"><img data-recalc-dims=\"1\" loading=\"lazy\" decoding=\"async\" class=\" wp-image-5928 aligncenter\" src=\"https:\/\/i0.wp.com\/www.linden-theater-frechen.de\/wp-content\/uploads\/2009\/06\/Dessau-Dreh05.jpg?resize=214%2C214&#038;ssl=1\" alt=\"Dessau-Dreh05\" width=\"214\" height=\"214\" srcset=\"https:\/\/i0.wp.com\/www.linden-theater-frechen.de\/wp-content\/uploads\/2009\/06\/Dessau-Dreh05.jpg?resize=300%2C300&amp;ssl=1 300w, https:\/\/i0.wp.com\/www.linden-theater-frechen.de\/wp-content\/uploads\/2009\/06\/Dessau-Dreh05.jpg?resize=150%2C150&amp;ssl=1 150w, https:\/\/i0.wp.com\/www.linden-theater-frechen.de\/wp-content\/uploads\/2009\/06\/Dessau-Dreh05.jpg?resize=400%2C400&amp;ssl=1 400w, https:\/\/i0.wp.com\/www.linden-theater-frechen.de\/wp-content\/uploads\/2009\/06\/Dessau-Dreh05.jpg?w=600&amp;ssl=1 600w\" sizes=\"auto, (max-width: 214px) 100vw, 214px\" \/><\/a><\/td>\n<td style=\"text-align: center;\"><a href=\"https:\/\/i0.wp.com\/www.linden-theater-frechen.de\/wp-content\/uploads\/2009\/06\/Dessau-Dreh10.jpg?ssl=1\"><img data-recalc-dims=\"1\" loading=\"lazy\" decoding=\"async\" class=\"size-medium wp-image-5924 aligncenter\" src=\"https:\/\/i0.wp.com\/www.linden-theater-frechen.de\/wp-content\/uploads\/2009\/06\/Dessau-Dreh10.jpg?resize=300%2C200&#038;ssl=1\" alt=\"Dessau-Dreh10\" width=\"300\" height=\"200\" srcset=\"https:\/\/i0.wp.com\/www.linden-theater-frechen.de\/wp-content\/uploads\/2009\/06\/Dessau-Dreh10.jpg?resize=300%2C200&amp;ssl=1 300w, https:\/\/i0.wp.com\/www.linden-theater-frechen.de\/wp-content\/uploads\/2009\/06\/Dessau-Dreh10.jpg?resize=150%2C100&amp;ssl=1 150w, https:\/\/i0.wp.com\/www.linden-theater-frechen.de\/wp-content\/uploads\/2009\/06\/Dessau-Dreh10.jpg?resize=400%2C266&amp;ssl=1 400w, https:\/\/i0.wp.com\/www.linden-theater-frechen.de\/wp-content\/uploads\/2009\/06\/Dessau-Dreh10.jpg?w=800&amp;ssl=1 800w\" sizes=\"auto, (max-width: 300px) 100vw, 300px\" \/><\/a><\/td>\n<\/tr>\n<tr>\n<td style=\"text-align: center;\"><strong><a href=\"https:\/\/i0.wp.com\/www.linden-theater-frechen.de\/wp-content\/uploads\/2009\/06\/Dessau-Dreh08.jpg?ssl=1\"><img data-recalc-dims=\"1\" loading=\"lazy\" decoding=\"async\" class=\"size-medium wp-image-5922 aligncenter\" src=\"https:\/\/i0.wp.com\/www.linden-theater-frechen.de\/wp-content\/uploads\/2009\/06\/Dessau-Dreh08.jpg?resize=300%2C200&#038;ssl=1\" alt=\"Dessau-Dreh08\" width=\"300\" height=\"200\" srcset=\"https:\/\/i0.wp.com\/www.linden-theater-frechen.de\/wp-content\/uploads\/2009\/06\/Dessau-Dreh08.jpg?resize=300%2C200&amp;ssl=1 300w, https:\/\/i0.wp.com\/www.linden-theater-frechen.de\/wp-content\/uploads\/2009\/06\/Dessau-Dreh08.jpg?resize=150%2C100&amp;ssl=1 150w, https:\/\/i0.wp.com\/www.linden-theater-frechen.de\/wp-content\/uploads\/2009\/06\/Dessau-Dreh08.jpg?resize=400%2C266&amp;ssl=1 400w, https:\/\/i0.wp.com\/www.linden-theater-frechen.de\/wp-content\/uploads\/2009\/06\/Dessau-Dreh08.jpg?w=800&amp;ssl=1 800w\" sizes=\"auto, (max-width: 300px) 100vw, 300px\" \/><\/a><\/strong><\/td>\n<td style=\"text-align: center;\"><a href=\"https:\/\/i0.wp.com\/www.linden-theater-frechen.de\/wp-content\/uploads\/2009\/06\/Dessau-Dreh03.jpg?ssl=1\"><img data-recalc-dims=\"1\" loading=\"lazy\" decoding=\"async\" class=\"wp-image-5927 aligncenter\" src=\"https:\/\/i0.wp.com\/www.linden-theater-frechen.de\/wp-content\/uploads\/2009\/06\/Dessau-Dreh03.jpg?resize=139%2C209&#038;ssl=1\" alt=\"Dessau-Dreh03\" width=\"139\" height=\"209\" srcset=\"https:\/\/i0.wp.com\/www.linden-theater-frechen.de\/wp-content\/uploads\/2009\/06\/Dessau-Dreh03.jpg?resize=200%2C300&amp;ssl=1 200w, https:\/\/i0.wp.com\/www.linden-theater-frechen.de\/wp-content\/uploads\/2009\/06\/Dessau-Dreh03.jpg?resize=100%2C150&amp;ssl=1 100w, https:\/\/i0.wp.com\/www.linden-theater-frechen.de\/wp-content\/uploads\/2009\/06\/Dessau-Dreh03.jpg?w=532&amp;ssl=1 532w, https:\/\/i0.wp.com\/www.linden-theater-frechen.de\/wp-content\/uploads\/2009\/06\/Dessau-Dreh03.jpg?resize=400%2C602&amp;ssl=1 400w\" sizes=\"auto, (max-width: 139px) 100vw, 139px\" \/><\/a><\/td>\n<td style=\"text-align: center;\"><a href=\"https:\/\/i0.wp.com\/www.linden-theater-frechen.de\/wp-content\/uploads\/2009\/06\/Dessau-Dreh11.jpg?ssl=1\"><img data-recalc-dims=\"1\" loading=\"lazy\" decoding=\"async\" class=\"size-medium wp-image-5925 aligncenter\" src=\"https:\/\/i0.wp.com\/www.linden-theater-frechen.de\/wp-content\/uploads\/2009\/06\/Dessau-Dreh11.jpg?resize=300%2C200&#038;ssl=1\" alt=\"Dessau-Dreh11\" width=\"300\" height=\"200\" srcset=\"https:\/\/i0.wp.com\/www.linden-theater-frechen.de\/wp-content\/uploads\/2009\/06\/Dessau-Dreh11.jpg?resize=300%2C200&amp;ssl=1 300w, https:\/\/i0.wp.com\/www.linden-theater-frechen.de\/wp-content\/uploads\/2009\/06\/Dessau-Dreh11.jpg?resize=150%2C100&amp;ssl=1 150w, https:\/\/i0.wp.com\/www.linden-theater-frechen.de\/wp-content\/uploads\/2009\/06\/Dessau-Dreh11.jpg?resize=400%2C266&amp;ssl=1 400w, https:\/\/i0.wp.com\/www.linden-theater-frechen.de\/wp-content\/uploads\/2009\/06\/Dessau-Dreh11.jpg?w=800&amp;ssl=1 800w\" sizes=\"auto, (max-width: 300px) 100vw, 300px\" \/><\/a><\/td>\n<\/tr>\n<tr>\n<td style=\"text-align: center;\"><a href=\"https:\/\/i0.wp.com\/www.linden-theater-frechen.de\/wp-content\/uploads\/2009\/06\/2015-04-28-KStA-Dreharbeiten-Dessau-Dancers.jpg?ssl=1\"><img data-recalc-dims=\"1\" loading=\"lazy\" decoding=\"async\" class=\"wp-image-5931 aligncenter\" src=\"https:\/\/i0.wp.com\/www.linden-theater-frechen.de\/wp-content\/uploads\/2009\/06\/2015-04-28-KStA-Dreharbeiten-Dessau-Dancers.jpg?resize=217%2C222&#038;ssl=1\" alt=\"2015-04-28 KStA Dreharbeiten Dessau Dancers\" width=\"217\" height=\"222\" srcset=\"https:\/\/i0.wp.com\/www.linden-theater-frechen.de\/wp-content\/uploads\/2009\/06\/2015-04-28-KStA-Dreharbeiten-Dessau-Dancers.jpg?resize=293%2C300&amp;ssl=1 293w, https:\/\/i0.wp.com\/www.linden-theater-frechen.de\/wp-content\/uploads\/2009\/06\/2015-04-28-KStA-Dreharbeiten-Dessau-Dancers.jpg?resize=147%2C150&amp;ssl=1 147w, https:\/\/i0.wp.com\/www.linden-theater-frechen.de\/wp-content\/uploads\/2009\/06\/2015-04-28-KStA-Dreharbeiten-Dessau-Dancers.jpg?resize=400%2C409&amp;ssl=1 400w, https:\/\/i0.wp.com\/www.linden-theater-frechen.de\/wp-content\/uploads\/2009\/06\/2015-04-28-KStA-Dreharbeiten-Dessau-Dancers.jpg?w=766&amp;ssl=1 766w\" sizes=\"auto, (max-width: 217px) 100vw, 217px\" \/><\/a><\/td>\n<td style=\"text-align: center;\"><a href=\"https:\/\/i0.wp.com\/www.linden-theater-frechen.de\/wp-content\/uploads\/2009\/06\/Dessau-Dreh061.jpg?ssl=1\"><img data-recalc-dims=\"1\" loading=\"lazy\" decoding=\"async\" class=\" wp-image-5921 aligncenter\" src=\"https:\/\/i0.wp.com\/www.linden-theater-frechen.de\/wp-content\/uploads\/2009\/06\/Dessau-Dreh061.jpg?resize=261%2C174&#038;ssl=1\" alt=\"Dessau-Dreh06\" width=\"261\" height=\"174\" srcset=\"https:\/\/i0.wp.com\/www.linden-theater-frechen.de\/wp-content\/uploads\/2009\/06\/Dessau-Dreh061.jpg?resize=300%2C200&amp;ssl=1 300w, https:\/\/i0.wp.com\/www.linden-theater-frechen.de\/wp-content\/uploads\/2009\/06\/Dessau-Dreh061.jpg?resize=150%2C100&amp;ssl=1 150w, https:\/\/i0.wp.com\/www.linden-theater-frechen.de\/wp-content\/uploads\/2009\/06\/Dessau-Dreh061.jpg?resize=400%2C266&amp;ssl=1 400w, https:\/\/i0.wp.com\/www.linden-theater-frechen.de\/wp-content\/uploads\/2009\/06\/Dessau-Dreh061.jpg?w=800&amp;ssl=1 800w\" sizes=\"auto, (max-width: 261px) 100vw, 261px\" \/><\/a><\/td>\n<td style=\"text-align: center;\"><a href=\"https:\/\/i0.wp.com\/www.linden-theater-frechen.de\/wp-content\/uploads\/2009\/06\/2015-04-29-WoE-Dreharbeiten-Dessau-Dancers.jpg?ssl=1\"><img data-recalc-dims=\"1\" loading=\"lazy\" decoding=\"async\" class=\" wp-image-5932 aligncenter\" src=\"https:\/\/i0.wp.com\/www.linden-theater-frechen.de\/wp-content\/uploads\/2009\/06\/2015-04-29-WoE-Dreharbeiten-Dessau-Dancers.jpg?resize=213%2C203&#038;ssl=1\" alt=\"2015-04-29 WoE Dreharbeiten Dessau Dancers\" width=\"213\" height=\"203\" srcset=\"https:\/\/i0.wp.com\/www.linden-theater-frechen.de\/wp-content\/uploads\/2009\/06\/2015-04-29-WoE-Dreharbeiten-Dessau-Dancers.jpg?resize=300%2C286&amp;ssl=1 300w, https:\/\/i0.wp.com\/www.linden-theater-frechen.de\/wp-content\/uploads\/2009\/06\/2015-04-29-WoE-Dreharbeiten-Dessau-Dancers.jpg?resize=150%2C143&amp;ssl=1 150w, https:\/\/i0.wp.com\/www.linden-theater-frechen.de\/wp-content\/uploads\/2009\/06\/2015-04-29-WoE-Dreharbeiten-Dessau-Dancers.jpg?resize=400%2C381&amp;ssl=1 400w, https:\/\/i0.wp.com\/www.linden-theater-frechen.de\/wp-content\/uploads\/2009\/06\/2015-04-29-WoE-Dreharbeiten-Dessau-Dancers.jpg?w=822&amp;ssl=1 822w\" sizes=\"auto, (max-width: 213px) 100vw, 213px\" \/><\/a><\/td>\n<td style=\"text-align: center;\"><\/td>\n<\/tr>\n<\/tbody>\n<\/table>\n<h1 style=\"text-align: center;\">2014<\/h1>\n<h3>4. November<\/h3>\n<h2 style=\"text-align: center;\">Fl\u00fcsterkonzert 2014<\/h2>\n<h3 style=\"text-align: center;\">mit der Hennefer Mundart-Kultband \u201cAntweiler, Graf &amp; Co.\u201d sowie Kafi Biermann, Hartmut Priess und B\u00f6mmel L\u00fcckerath von den \u201cBl\u00e4ck F\u00f6\u00f6ss\u201d<\/h3>\n<p style=\"text-align: center;\"><img data-recalc-dims=\"1\" loading=\"lazy\" decoding=\"async\" class=\"aligncenter\" title=\"Fl\u00fcsterkonzert_0029\" src=\"https:\/\/i0.wp.com\/www.lindentheater-frechen.de\/wp-content\/uploads\/2011\/09\/Fl%C3%BCsterkonzert_0029-300x211.jpg?resize=300%2C211\" alt=\"\" width=\"300\" height=\"211\" \/><\/p>\n<p style=\"text-align: left;\">Dreimal ist Tradition im Rheinland &#8211; das Fl\u00fcsterkonzert geh\u00f6rt nun dazu. Nach den erfolgreichen Konzerten 2011 und 2012 spielten Antweiler, Graf und Co. sowie Kafi, Hartmut und B\u00f6mmel von den Bl\u00e4ck F\u00f6\u00f6ss am 4. November erneut im Linden-Theater zum Mitsingen auf. Das regnerische Wetter hielt das Publikum nicht davon ab, p\u00fcnktlich zum Einlass vor der T\u00fcr zu warten, um die besten Pl\u00e4tze zu ergattern. Wie immer begann der Abend mit den Milj\u00f6hstudien und Kr\u00e4tzjer von Bernd Antweiler und seiner Band. Das Publikum bedachte den musikalischen Vortrag, darunter z.B. &#8222;Sp\u00f6\u00f6l f\u00fcr mich&#8220;, &#8222;Danz&#8220; oder &#8222;Doch noch immer brennt ming H\u00e4tz&#8220; mit kr\u00e4ftigem Applaus. Nach der Pause, in der wieder das Team des Hotel-Restaurant Durst f\u00fcr das leibliche Wohl sorgte, war dann wieder F\u00f6\u00f6ss-Zeit. Kafi, B\u00f6mmel und Hartmut pr\u00e4sentierten wieder eine bunte Auswahl aus alten und neuen F\u00f6\u00f6ss-Songs, und nat\u00fcrlich musste auch unser Kino-Lied &#8222;Wenn et Leech usjing em Roxy&#8220; inklusive Video auf der Leinwand dabei sein. Sicherlich lange nicht mehr geh\u00f6rt hatten viele Besucher &#8222;Maach ens blau&#8220; aus dem Album &#8222;Mer han \u00b4nen Deckel&#8220; von 1978. Das Publikum erwies sich als textsicher, sogar ohne Unterst\u00fctzung des Textheftes, als B\u00f6mmel kurzerhand den &#8222;Mundorgel-Klassiker&#8220; &#8222;Wir lagen vor Madagascar&#8220; anstimmte. F\u00fcr das kommende Konzert sollten die Zuschauer &#8222;Wenn die bunten Fahnen wehen&#8220; vorbereiten, so B\u00f6mmels &#8222;Drohung&#8220;. &#8222;Katrin&#8220;, &#8222;Veedel&#8220; oder auch &#8222;He deit et wih und do deit et wih&#8220;, das Programm lie\u00df keine W\u00fcnsche offen, au\u00dfer dem, dass das Fl\u00fcsterkonzert noch oft im Linden-Theater stattfinden m\u00f6ge.<\/p>\n<h3 style=\"text-align: left;\">19. September<\/h3>\n<h2 style=\"text-align: center;\">Reim Deluxe<\/h2>\n<h3 style=\"text-align: center;\">Ein Abend rund um\u00b4s Wort<\/h3>\n<p style=\"text-align: justify;\"><a href=\"https:\/\/i0.wp.com\/www.linden-theater-frechen.de\/wp-content\/uploads\/2014\/08\/Reim-Deluxe-quer-klein.jpg?ssl=1\"><img data-recalc-dims=\"1\" loading=\"lazy\" decoding=\"async\" class=\"alignright wp-image-5161\" src=\"https:\/\/i0.wp.com\/www.linden-theater-frechen.de\/wp-content\/uploads\/2014\/08\/Reim-Deluxe-quer-klein.jpg?resize=320%2C173&#038;ssl=1\" alt=\"Reim Deluxe quer klein\" width=\"320\" height=\"173\" srcset=\"https:\/\/i0.wp.com\/www.linden-theater-frechen.de\/wp-content\/uploads\/2014\/08\/Reim-Deluxe-quer-klein.jpg?w=800&amp;ssl=1 800w, https:\/\/i0.wp.com\/www.linden-theater-frechen.de\/wp-content\/uploads\/2014\/08\/Reim-Deluxe-quer-klein.jpg?resize=150%2C81&amp;ssl=1 150w, https:\/\/i0.wp.com\/www.linden-theater-frechen.de\/wp-content\/uploads\/2014\/08\/Reim-Deluxe-quer-klein.jpg?resize=300%2C162&amp;ssl=1 300w, https:\/\/i0.wp.com\/www.linden-theater-frechen.de\/wp-content\/uploads\/2014\/08\/Reim-Deluxe-quer-klein.jpg?resize=400%2C216&amp;ssl=1 400w\" sizes=\"auto, (max-width: 320px) 100vw, 320px\" \/><\/a>Im Rahmen der Frechener Kulturwochen veranstaltete der Verein Linie 7 in Kooperation mit der Stadt Frechen in unserem Saal einen Abend rund um\u00b4s Wort. Beatboxer, Slam-Poeten, Freestyle-Poets und ein Rapper. Live, drei Stunden Beats, Worte und Raps.<\/p>\n<p>Rund 300 Zuschauer lauschten den Auftritten des deutsch-marokkanischen Rappers und Stand-up-Comedians <strong>MC Rene<\/strong>, des Beatboxers Dalibor, des Poetry-Slammers Philipp Herold und des Thermodynamikers und Slam-Masters <strong>Stefan Doersing<\/strong>. Dar\u00fcber hinaus konnten die Teilnehmer der beiden Poetry-Slam-Workshops, die w\u00e4hrend der Kulturwochen in der Stadtb\u00fccherei stattfanden, ihre erlernten K\u00fcnste auf der B\u00fchne pr\u00e4sentieren.<\/p>\n<p style=\"text-align: justify;\">Moderiert wurde der Abend von dem mehrfach ausgezeichneten Poetry-Slammer <strong>Ken Yamamoto<\/strong>.<\/p>\n<h3 style=\"text-align: left;\">14. September<\/h3>\n<h2 style=\"text-align: center;\"><a href=\"https:\/\/i0.wp.com\/www.linden-theater-frechen.de\/wp-content\/uploads\/2009\/06\/european-h-d-logo1.jpg?ssl=1\"><img data-recalc-dims=\"1\" loading=\"lazy\" decoding=\"async\" class=\"alignright wp-image-1182\" src=\"https:\/\/i0.wp.com\/www.linden-theater-frechen.de\/wp-content\/uploads\/2009\/06\/european-h-d-logo1.jpg?resize=131%2C199&#038;ssl=1\" alt=\"european-h-d-logo\" width=\"131\" height=\"199\" srcset=\"https:\/\/i0.wp.com\/www.linden-theater-frechen.de\/wp-content\/uploads\/2009\/06\/european-h-d-logo1.jpg?resize=197%2C300&amp;ssl=1 197w, https:\/\/i0.wp.com\/www.linden-theater-frechen.de\/wp-content\/uploads\/2009\/06\/european-h-d-logo1.jpg?resize=98%2C150&amp;ssl=1 98w, https:\/\/i0.wp.com\/www.linden-theater-frechen.de\/wp-content\/uploads\/2009\/06\/european-h-d-logo1.jpg?resize=400%2C607&amp;ssl=1 400w, https:\/\/i0.wp.com\/www.linden-theater-frechen.de\/wp-content\/uploads\/2009\/06\/european-h-d-logo1.jpg?w=526&amp;ssl=1 526w\" sizes=\"auto, (max-width: 131px) 100vw, 131px\" \/><\/a>Tag des offenen Denkmals<\/h2>\n<p>Auch 2014 hat das Linden-Theater wieder am Tag des offenen Denkmals teilgenommen.<\/p>\n<p style=\"text-align: justify;\">Neben einem Blick hinter die Kulissen und in unseren Vorf\u00fchrraum mit unseren modernen Digitalkinoprojektor als auch dem seit dem Er\u00f6ffnungsjahr 1957 bis zum M\u00e4rz 2013 genutzten, immer noch funktionst\u00fcchtigen 35mm-Filmprojektor gab es einen Kinoflohmarkt, ein Leinwandprogramm u.a. mit dem hochaufl\u00f6send gedrehten Film &#8222;Samsara&#8220; und eine Cafeteria mit Snacks und Getr\u00e4nken.<\/p>\n<p style=\"text-align: justify;\">Auch die Ausstellung des Projekt-Kurses Kunst &#8222;Urban Art&#8220; des Gymnasiums Frechen\/Jahrgangsstufe Q2 in unserem Foyer fand viel Interesse bei den Besuchern. Einige Fotos haben wir zusammengestellt.<\/p>\n<table border=\"1\" width=\"100%\">\n<tbody>\n<tr>\n<td><strong><a href=\"https:\/\/i0.wp.com\/www.linden-theater-frechen.de\/wp-content\/uploads\/2011\/09\/DSC_2303klein.jpg?ssl=1\"><img data-recalc-dims=\"1\" loading=\"lazy\" decoding=\"async\" class=\"aligncenter wp-image-5359\" src=\"https:\/\/i0.wp.com\/www.linden-theater-frechen.de\/wp-content\/uploads\/2011\/09\/DSC_2303klein.jpg?resize=226%2C150&#038;ssl=1\" alt=\"DSC_2303klein\" width=\"226\" height=\"150\" srcset=\"https:\/\/i0.wp.com\/www.linden-theater-frechen.de\/wp-content\/uploads\/2011\/09\/DSC_2303klein.jpg?resize=300%2C199&amp;ssl=1 300w, https:\/\/i0.wp.com\/www.linden-theater-frechen.de\/wp-content\/uploads\/2011\/09\/DSC_2303klein.jpg?resize=150%2C99&amp;ssl=1 150w, https:\/\/i0.wp.com\/www.linden-theater-frechen.de\/wp-content\/uploads\/2011\/09\/DSC_2303klein.jpg?resize=400%2C266&amp;ssl=1 400w, https:\/\/i0.wp.com\/www.linden-theater-frechen.de\/wp-content\/uploads\/2011\/09\/DSC_2303klein.jpg?w=600&amp;ssl=1 600w\" sizes=\"auto, (max-width: 226px) 100vw, 226px\" \/><\/a><\/strong><\/td>\n<td style=\"text-align: center;\"><a href=\"https:\/\/i0.wp.com\/www.linden-theater-frechen.de\/wp-content\/uploads\/2011\/09\/DSC_2329klein.jpg?ssl=1\"><img data-recalc-dims=\"1\" loading=\"lazy\" decoding=\"async\" class=\"aligncenter wp-image-5357\" src=\"https:\/\/i0.wp.com\/www.linden-theater-frechen.de\/wp-content\/uploads\/2011\/09\/DSC_2329klein.jpg?resize=130%2C149&#038;ssl=1\" alt=\"DSC_2329klein\" width=\"130\" height=\"149\" srcset=\"https:\/\/i0.wp.com\/www.linden-theater-frechen.de\/wp-content\/uploads\/2011\/09\/DSC_2329klein.jpg?resize=261%2C300&amp;ssl=1 261w, https:\/\/i0.wp.com\/www.linden-theater-frechen.de\/wp-content\/uploads\/2011\/09\/DSC_2329klein.jpg?resize=130%2C150&amp;ssl=1 130w, https:\/\/i0.wp.com\/www.linden-theater-frechen.de\/wp-content\/uploads\/2011\/09\/DSC_2329klein.jpg?resize=400%2C458&amp;ssl=1 400w, https:\/\/i0.wp.com\/www.linden-theater-frechen.de\/wp-content\/uploads\/2011\/09\/DSC_2329klein.jpg?w=600&amp;ssl=1 600w\" sizes=\"auto, (max-width: 130px) 100vw, 130px\" \/><\/a><\/td>\n<td style=\"text-align: center;\"><a href=\"https:\/\/i0.wp.com\/www.linden-theater-frechen.de\/wp-content\/uploads\/2011\/09\/DSC_2307klein.jpg?ssl=1\"><img data-recalc-dims=\"1\" loading=\"lazy\" decoding=\"async\" class=\"aligncenter wp-image-5356\" src=\"https:\/\/i0.wp.com\/www.linden-theater-frechen.de\/wp-content\/uploads\/2011\/09\/DSC_2307klein.jpg?resize=226%2C150&#038;ssl=1\" alt=\"DSC_2307klein\" width=\"226\" height=\"150\" srcset=\"https:\/\/i0.wp.com\/www.linden-theater-frechen.de\/wp-content\/uploads\/2011\/09\/DSC_2307klein.jpg?resize=300%2C199&amp;ssl=1 300w, https:\/\/i0.wp.com\/www.linden-theater-frechen.de\/wp-content\/uploads\/2011\/09\/DSC_2307klein.jpg?resize=150%2C99&amp;ssl=1 150w, https:\/\/i0.wp.com\/www.linden-theater-frechen.de\/wp-content\/uploads\/2011\/09\/DSC_2307klein.jpg?resize=400%2C266&amp;ssl=1 400w, https:\/\/i0.wp.com\/www.linden-theater-frechen.de\/wp-content\/uploads\/2011\/09\/DSC_2307klein.jpg?w=600&amp;ssl=1 600w\" sizes=\"auto, (max-width: 226px) 100vw, 226px\" \/><\/a><\/td>\n<\/tr>\n<tr>\n<td><strong><a href=\"https:\/\/i0.wp.com\/www.linden-theater-frechen.de\/wp-content\/uploads\/2011\/09\/DSC_2306klein.jpg?ssl=1\"><img data-recalc-dims=\"1\" loading=\"lazy\" decoding=\"async\" class=\"aligncenter wp-image-5361\" src=\"https:\/\/i0.wp.com\/www.linden-theater-frechen.de\/wp-content\/uploads\/2011\/09\/DSC_2306klein.jpg?resize=226%2C150&#038;ssl=1\" alt=\"DSC_2306klein\" width=\"226\" height=\"150\" srcset=\"https:\/\/i0.wp.com\/www.linden-theater-frechen.de\/wp-content\/uploads\/2011\/09\/DSC_2306klein.jpg?resize=300%2C199&amp;ssl=1 300w, https:\/\/i0.wp.com\/www.linden-theater-frechen.de\/wp-content\/uploads\/2011\/09\/DSC_2306klein.jpg?resize=150%2C99&amp;ssl=1 150w, https:\/\/i0.wp.com\/www.linden-theater-frechen.de\/wp-content\/uploads\/2011\/09\/DSC_2306klein.jpg?resize=400%2C266&amp;ssl=1 400w, https:\/\/i0.wp.com\/www.linden-theater-frechen.de\/wp-content\/uploads\/2011\/09\/DSC_2306klein.jpg?w=600&amp;ssl=1 600w\" sizes=\"auto, (max-width: 226px) 100vw, 226px\" \/><\/a><\/strong><\/td>\n<td style=\"text-align: center;\"><a href=\"https:\/\/i0.wp.com\/www.linden-theater-frechen.de\/wp-content\/uploads\/2011\/09\/DSC_2302klein.jpg?ssl=1\"><img data-recalc-dims=\"1\" loading=\"lazy\" decoding=\"async\" class=\"aligncenter wp-image-5358\" src=\"https:\/\/i0.wp.com\/www.linden-theater-frechen.de\/wp-content\/uploads\/2011\/09\/DSC_2302klein.jpg?resize=150%2C150&#038;ssl=1\" alt=\"DSC_2302klein\" width=\"150\" height=\"150\" srcset=\"https:\/\/i0.wp.com\/www.linden-theater-frechen.de\/wp-content\/uploads\/2011\/09\/DSC_2302klein.jpg?resize=300%2C300&amp;ssl=1 300w, https:\/\/i0.wp.com\/www.linden-theater-frechen.de\/wp-content\/uploads\/2011\/09\/DSC_2302klein.jpg?resize=150%2C150&amp;ssl=1 150w, https:\/\/i0.wp.com\/www.linden-theater-frechen.de\/wp-content\/uploads\/2011\/09\/DSC_2302klein.jpg?resize=400%2C400&amp;ssl=1 400w, https:\/\/i0.wp.com\/www.linden-theater-frechen.de\/wp-content\/uploads\/2011\/09\/DSC_2302klein.jpg?w=600&amp;ssl=1 600w\" sizes=\"auto, (max-width: 150px) 100vw, 150px\" \/><\/a><\/td>\n<td style=\"text-align: center;\"><a href=\"https:\/\/i0.wp.com\/www.linden-theater-frechen.de\/wp-content\/uploads\/2011\/09\/DSC_2305klein.jpg?ssl=1\"><img data-recalc-dims=\"1\" loading=\"lazy\" decoding=\"async\" class=\"aligncenter wp-image-5360\" src=\"https:\/\/i0.wp.com\/www.linden-theater-frechen.de\/wp-content\/uploads\/2011\/09\/DSC_2305klein.jpg?resize=226%2C150&#038;ssl=1\" alt=\"DSC_2305klein\" width=\"226\" height=\"150\" srcset=\"https:\/\/i0.wp.com\/www.linden-theater-frechen.de\/wp-content\/uploads\/2011\/09\/DSC_2305klein.jpg?resize=300%2C199&amp;ssl=1 300w, https:\/\/i0.wp.com\/www.linden-theater-frechen.de\/wp-content\/uploads\/2011\/09\/DSC_2305klein.jpg?resize=150%2C99&amp;ssl=1 150w, https:\/\/i0.wp.com\/www.linden-theater-frechen.de\/wp-content\/uploads\/2011\/09\/DSC_2305klein.jpg?resize=400%2C266&amp;ssl=1 400w, https:\/\/i0.wp.com\/www.linden-theater-frechen.de\/wp-content\/uploads\/2011\/09\/DSC_2305klein.jpg?w=600&amp;ssl=1 600w\" sizes=\"auto, (max-width: 226px) 100vw, 226px\" \/><\/a><\/td>\n<\/tr>\n<\/tbody>\n<\/table>\n<h3>2. September<\/h3>\n<h2 style=\"text-align: center;\">Verleihung des Rheinlandtalers<br \/>\nan den Linden-Theater e. V.<\/h2>\n<p style=\"text-align: center;\"><a href=\"https:\/\/i0.wp.com\/www.linden-theater-frechen.de\/wp-content\/uploads\/2011\/09\/Rheinlandtaler_Frame01-klein.jpg?ssl=1\"><img data-recalc-dims=\"1\" loading=\"lazy\" decoding=\"async\" class=\"aligncenter wp-image-5244 size-medium\" src=\"https:\/\/i0.wp.com\/www.linden-theater-frechen.de\/wp-content\/uploads\/2011\/09\/Rheinlandtaler_Frame01-klein.jpg?resize=300%2C194&#038;ssl=1\" alt=\"Rheinlandtaler_Frame01 klein\" width=\"300\" height=\"194\" srcset=\"https:\/\/i0.wp.com\/www.linden-theater-frechen.de\/wp-content\/uploads\/2011\/09\/Rheinlandtaler_Frame01-klein.jpg?resize=300%2C194&amp;ssl=1 300w, https:\/\/i0.wp.com\/www.linden-theater-frechen.de\/wp-content\/uploads\/2011\/09\/Rheinlandtaler_Frame01-klein.jpg?resize=150%2C97&amp;ssl=1 150w, https:\/\/i0.wp.com\/www.linden-theater-frechen.de\/wp-content\/uploads\/2011\/09\/Rheinlandtaler_Frame01-klein.jpg?resize=400%2C259&amp;ssl=1 400w, https:\/\/i0.wp.com\/www.linden-theater-frechen.de\/wp-content\/uploads\/2011\/09\/Rheinlandtaler_Frame01-klein.jpg?w=800&amp;ssl=1 800w\" sizes=\"auto, (max-width: 300px) 100vw, 300px\" \/><\/a><\/p>\n<p style=\"text-align: justify;\">Am 2. September wurde mit einem Festakt im Linden-Theater der Rheinlandtaler des LVR an den Linden-Theater e. V. verliehen. Petra Gatting und Hilmar Stumpf erhielten stellvertretend f\u00fcr den Verein von Herrn Prof. Dr. J\u00fcrgen Wilhelm, dem Vorsitzenden des Landschaftsausschusses, nach einer Laudatio die Medaillen und Urkunden. Gru\u00dfworte richteten au\u00dferdem Herr Bernhard Ripp, stellvertretender Landrat des Rhein-Erft-Kreises sowie unser Frechener B\u00fcrgermeister Hans-Willi Meier an die Preistr\u00e4ger.<\/p>\n<p style=\"text-align: justify;\">Der Rheinlandtaler des LVR wird seit 1976 <span class=\"userContent\"><span class=\"text_exposed_show\">an Personen und Institutionen verliehen, die sich in au\u00dfergew\u00f6hnlicher Weise um die kulturelle Entwicklung des Rheinlandes verdient gemacht haben. Zu den Preistr\u00e4gern z\u00e4hlen z.B. auch die Bl\u00e4ck F\u00f6\u00f6ss, J\u00fcrgen Becker, Alexandra Kassen, G\u00f6tz George oder Loki Schmidt.<\/span><\/span><\/p>\n<p>Wir freuen uns sehr, dass auch unserem Verein nun diese Ehre zuteil wurde. Nach der inzwischen dritten Auszeichnung nach der Verleihung des Rheinischen Denkmalpreises 2002 und des Sonderkulturpreises des Rhein-Erft-Kreises 2008 f\u00fchlen wir uns best\u00e4tigt, unseren Vereinszweck &#8211; den Erhalt des Linden-Theaters in seiner urspr\u00fcnglichen Erscheinungsform sowie die Sicherstellung des regelm\u00e4\u00dfigen Kinobetriebs in Frechen &#8211; erfolgreich verfolgt zu haben und auch in Zukunft weiter zu verfolgen.<\/p>\n<p style=\"text-align: center;\"><a href=\"https:\/\/i0.wp.com\/www.linden-theater-frechen.de\/wp-content\/uploads\/2011\/09\/RLT-002.jpg?ssl=1\"><img data-recalc-dims=\"1\" loading=\"lazy\" decoding=\"async\" class=\"aligncenter wp-image-5251\" src=\"https:\/\/i0.wp.com\/www.linden-theater-frechen.de\/wp-content\/uploads\/2011\/09\/RLT-002.jpg?resize=640%2C182&#038;ssl=1\" alt=\"RLT-002\" width=\"640\" height=\"182\" srcset=\"https:\/\/i0.wp.com\/www.linden-theater-frechen.de\/wp-content\/uploads\/2011\/09\/RLT-002.jpg?resize=1024%2C292&amp;ssl=1 1024w, https:\/\/i0.wp.com\/www.linden-theater-frechen.de\/wp-content\/uploads\/2011\/09\/RLT-002.jpg?resize=150%2C42&amp;ssl=1 150w, https:\/\/i0.wp.com\/www.linden-theater-frechen.de\/wp-content\/uploads\/2011\/09\/RLT-002.jpg?resize=300%2C85&amp;ssl=1 300w, https:\/\/i0.wp.com\/www.linden-theater-frechen.de\/wp-content\/uploads\/2011\/09\/RLT-002.jpg?resize=400%2C114&amp;ssl=1 400w, https:\/\/i0.wp.com\/www.linden-theater-frechen.de\/wp-content\/uploads\/2011\/09\/RLT-002.jpg?w=1746&amp;ssl=1 1746w, https:\/\/i0.wp.com\/www.linden-theater-frechen.de\/wp-content\/uploads\/2011\/09\/RLT-002.jpg?w=1280&amp;ssl=1 1280w\" sizes=\"auto, (max-width: 640px) 100vw, 640px\" \/><\/a><\/p>\n<p style=\"text-align: center;\">Eine Videozusammenfassung der Veranstaltung steht uns jetzt auch zur Verf\u00fcgung. Vielen Dank an an die <strong>Audioagency<\/strong> aus K\u00f6ln (Gemafreie Musik von: <a href=\"http:\/\/www.audioagency.de\" target=\"_blank\" rel=\"noopener noreferrer\">www.audioagency.de<\/a>) f\u00fcr die freundliche Bereitstellung des Musiktitels.<\/p>\n<p style=\"text-align: center;\">Au\u00dferdem geht unser Dank an <strong>TOR 1 &#8211; Die Medienwerkstatt<\/strong> (<a href=\"http:\/\/www.tor-eins.de\" target=\"_blank\" rel=\"noopener noreferrer\">www.tor-eins.de<\/a>) f\u00fcr die Aufnahme (unter erschwerten Bedingungen :-)) und den Schnitt des Videos:<\/p>\n<p><span class=\"embed-youtube\" style=\"text-align:center; display: block;\"><iframe loading=\"lazy\" class=\"youtube-player\" width=\"640\" height=\"360\" src=\"https:\/\/www.youtube.com\/embed\/JtaBPbSc4v0?version=3&#038;rel=1&#038;showsearch=0&#038;showinfo=1&#038;iv_load_policy=1&#038;fs=1&#038;hl=de-DE&#038;autohide=2&#038;wmode=transparent\" allowfullscreen=\"true\" style=\"border:0;\" sandbox=\"allow-scripts allow-same-origin allow-popups allow-presentation allow-popups-to-escape-sandbox\"><\/iframe><\/span><\/p>\n<h1 style=\"text-align: center;\">2013<\/h1>\n<h3 style=\"text-align: left;\">30. September<\/h3>\n<h1 style=\"text-align: center;\">Spenden\u00fcbergabe an das CJD Frechen<\/h1>\n<div id=\"attachment_4109\" style=\"width: 310px\" class=\"wp-caption aligncenter\"><a href=\"https:\/\/i0.wp.com\/www.linden-theater-frechen.de\/wp-content\/uploads\/2013\/10\/CJD-Spendeklein-e1380975716628.jpg?ssl=1\"><img data-recalc-dims=\"1\" loading=\"lazy\" decoding=\"async\" aria-describedby=\"caption-attachment-4109\" class=\"size-medium wp-image-4109\" src=\"https:\/\/i0.wp.com\/www.linden-theater-frechen.de\/wp-content\/uploads\/2013\/10\/CJD-Spendeklein.jpg?resize=300%2C200&#038;ssl=1\" alt=\"Spendenscheck \u00fcbergeben: Thomas Schwieger (Hotel Durst), Markus Besserer und Sabine Schwierz (CJD Frechen), Petra Gatting (Linden-Theater e. V.)\" width=\"300\" height=\"200\" \/><\/a><p id=\"caption-attachment-4109\" class=\"wp-caption-text\">Spendenscheck \u00fcbergeben: Thomas Schwieger (Hotel Durst), Markus Besserer und Sabine Schwierz (CJD Frechen), Petra Gatting (Linden-Theater e. V.)<\/p><\/div>\n<p>Beim letztj\u00e4hrigen Weihnachtsdinner wurden zu jeder Vorstellung des Films &#8222;Ziemlich beste Freunde&#8220; zwei selbstgefertigte Repliken von im Film eine Rolle spielenden Bildern versteigert. Bilder von dieser Aktion finden Sie <a title=\"Was ist das Flimmer-Dinner\" href=\"https:\/\/www.linden-theater-frechen.de\/?page_id=1842\" target=\"_blank\" rel=\"noopener noreferrer\">HIER<\/a>. Die aus der Versteigerung und einer aufgestellten Spendenbox eingenommenen 625 \u20ac wollten wir einer Einrichtung f\u00fcr die Behinderten- oder Pflegearbeit spenden. Dabei sind wir gleich in unserem Heimatort Frechen f\u00fcndig geworden, denn das vielen bekannte CJD-Berufsbildungswerk in Bachem arbeitete gerade an der Errichtung einer Tagespflegestation f\u00fcr Senioren auf dem CJD-Gel\u00e4nde. Beim Herbstdinner 2013 konnte nun die Spenden\u00fcbergabe erfolgen. Herr Markus Besserer, Leiter der Einrichung, und Frau Sabine Schwierz, Diplom-Psychologin, nahmen den Scheck in Empfang. Der Spendenbetrag wird f\u00fcr Pflegehilfsmittel, z. B. Mobilit\u00e4tshilfen, verwendet.<\/p>\n<p>Wer mehr \u00fcber die Tagespflege f\u00fcr Senioren erfahren m\u00f6chte, kann \u00fcber die im Kino ausgelegten Flyer einen R\u00fcckruf von Frau Schwierz vereinbaren.<\/p>\n<h3 style=\"text-align: left;\">26. Mai<\/h3>\n<h1 style=\"text-align: center;\">Blues Brothers are back in town<\/h1>\n<p style=\"text-align: center;\"><a href=\"https:\/\/i0.wp.com\/www.linden-theater-frechen.de\/wp-content\/uploads\/2011\/09\/Palace-Hotel-Webseite.png?ssl=1\"><img data-recalc-dims=\"1\" loading=\"lazy\" decoding=\"async\" class=\"aligncenter size-medium wp-image-3657\" src=\"https:\/\/i0.wp.com\/www.linden-theater-frechen.de\/wp-content\/uploads\/2011\/09\/Palace-Hotel-Webseite.png?resize=300%2C169&#038;ssl=1\" alt=\"Palace Hotel Webseite\" width=\"300\" height=\"169\" srcset=\"https:\/\/i0.wp.com\/www.linden-theater-frechen.de\/wp-content\/uploads\/2011\/09\/Palace-Hotel-Webseite.png?resize=300%2C169&amp;ssl=1 300w, https:\/\/i0.wp.com\/www.linden-theater-frechen.de\/wp-content\/uploads\/2011\/09\/Palace-Hotel-Webseite.png?resize=150%2C84&amp;ssl=1 150w, https:\/\/i0.wp.com\/www.linden-theater-frechen.de\/wp-content\/uploads\/2011\/09\/Palace-Hotel-Webseite.png?resize=400%2C226&amp;ssl=1 400w, https:\/\/i0.wp.com\/www.linden-theater-frechen.de\/wp-content\/uploads\/2011\/09\/Palace-Hotel-Webseite.png?w=1000&amp;ssl=1 1000w\" sizes=\"auto, (max-width: 300px) 100vw, 300px\" \/><\/a><\/p>\n<p style=\"text-align: justify;\">Ausverkauftes Haus hie\u00df es bereits einige Tage vor der Veranstaltung, die Karten f\u00fcr das Event, eine Mixtur aus Filmvorf\u00fchrung, Konzert und Show, waren hei\u00df begehrt.<\/p>\n<p style=\"text-align: justify;\">Um 19:00 Uhr betraten Klaus Rutha als Joliet Jake Blues und Jupp Stupp als Elwood Blues die B\u00fchne, auf der die 13-k\u00f6pfige New Blues Brothers Band Frechen bereits das Auftaktst\u00fcck &#8222;I can\u00b4t turn you loose&#8220; angestimmt hatte. Nach den Er\u00f6ffnungsszenen des Films erschallte dann &#8222;She caught the Katy&#8220;. Immer, wenn es im Film musikalisch wurde, wurde die Vorstellung zum Konzert. &#8222;Peter Gunn&#8220;, &#8222;Rawhide&#8220; (ein Bauzaun improvisierte die H\u00fchnerk\u00e4fig-B\u00fchne aus Bob\u00b4s Country Bunker, und gl\u00fccklicherweise kam niemand auf die Idee, wie im Film mit Flaschen zu werfen&#8230; ;-)). Lidia Beltrami \u00fcbernahm den Part von Aretha Franklin mit &#8222;Think&#8220;, Alfred Scheller als Harp Blues trug &#8222;Sweet Home Chicago&#8220; und den &#8222;Jailhouse Rock&#8220; vor, w\u00e4hrend Jupp Stupp kurzfristig Rolle und Kost\u00fcm tauschte und Cab Calloway mit &#8222;Minnie the moocher&#8220; verk\u00f6rperte.<\/p>\n<p style=\"text-align: justify;\">Nach gut 130 Filmminuten folgten als Zugaben dann noch &#8222;Riot in Cellblock No 9&#8220;, &#8222;Six three four five seven eight nine&#8220;, &#8222;Respect&#8220; und &#8222;Midnight Hour&#8220;, bevor die Show wiederum mit &#8222;I can\u00b4t turn you loose&#8220; beschlossen wurde.<\/p>\n<h1 style=\"text-align: center;\">2012<\/h1>\n<h3 style=\"text-align: left;\">13. November<\/h3>\n<h1>2. Fl\u00fcsterkonzert<\/h1>\n<h3>mit der Hennefer Mundart-Kultband &#8222;Antweiler, Graf &amp; Co.&#8220; sowie Kafi Biermann, Hartmut Priess und B\u00f6mmel L\u00fcckerath von den &#8222;Bl\u00e4ck F\u00f6\u00f6ss&#8220;<\/h3>\n<p><a class=\"lightbox\" title=\"Fl\u00fcsterkonzert2012\" href=\"https:\/\/www.linden-theater-frechen.de\/?attachment_id=3078\"><img data-recalc-dims=\"1\" loading=\"lazy\" decoding=\"async\" class=\"aligncenter size-medium wp-image-3078\" title=\"Fl\u00fcsterkonzert2012\" src=\"https:\/\/i0.wp.com\/www.linden-theater-frechen.de\/wp-content\/uploads\/2011\/09\/Fl%C3%BCsterkonzert2012.jpg?resize=300%2C227&#038;ssl=1\" alt=\"\" width=\"300\" height=\"227\" srcset=\"https:\/\/i0.wp.com\/www.linden-theater-frechen.de\/wp-content\/uploads\/2011\/09\/Fl%C3%BCsterkonzert2012.jpg?resize=300%2C227&amp;ssl=1 300w, https:\/\/i0.wp.com\/www.linden-theater-frechen.de\/wp-content\/uploads\/2011\/09\/Fl%C3%BCsterkonzert2012.jpg?resize=150%2C113&amp;ssl=1 150w, https:\/\/i0.wp.com\/www.linden-theater-frechen.de\/wp-content\/uploads\/2011\/09\/Fl%C3%BCsterkonzert2012.jpg?resize=1024%2C776&amp;ssl=1 1024w, https:\/\/i0.wp.com\/www.linden-theater-frechen.de\/wp-content\/uploads\/2011\/09\/Fl%C3%BCsterkonzert2012.jpg?resize=400%2C303&amp;ssl=1 400w, https:\/\/i0.wp.com\/www.linden-theater-frechen.de\/wp-content\/uploads\/2011\/09\/Fl%C3%BCsterkonzert2012.jpg?w=1184&amp;ssl=1 1184w\" sizes=\"auto, (max-width: 300px) 100vw, 300px\" \/><\/a><\/p>\n<p style=\"text-align: left;\">Nach dem gro\u00dfen Erfolg des Fl\u00fcsterkonzerts im September 2011 waren sich alle Beteiligten einig, dass es eine Fortsetzung geben w\u00fcrde. Am 13. November 2012, 2 Tage nach Sessionser\u00f6ffnung, gab es daher ein Wiedersehen mit Antweiler, Graf &amp; Co. sowie Kafi, Hartmut und B\u00f6mmel von den Bl\u00e4ck F\u00f6\u00f6ss zum 2. Fl\u00fcsterkonzert in Frechen. Vor ausverkauftem Saal spielten nach der launigen Ansage unserer &#8222;Sicherheitsbeauftragten&#8220; Thomas Schwieger vom Hotel Durst und Hilmar Stumpf vom Linden-Theater e. V. zun\u00e4chst Antweiler, Graf\u00a0 Co aus Hennef auf, die mit ihren Mundart-Milieustudien (&#8222;Danz mit mir&#8220;, &#8222;Ich w\u00f6r su j\u00e4\u00e4n ens Weihbischof&#8220;, &#8222;Harndrang&#8220;) auch diesmal wieder das Frechener Publikum \u00fcberzeugten. Nach der Pause, in der sich alle im Zelt des Hotel-Restaurants Durst st\u00e4rken konnten, unterhielten dann die &#8222;Drei von den F\u00f6\u00f6ss&#8220; den Saal. Nat\u00fcrlich gab es anl\u00e4sslich des Auftritts im Kinosaal auch wieder &#8222;Wenn et Leech usjing em Roxy&#8220; nebst Videoclip. Das von Kafi Biermann f\u00fcr die Frechener Band &#8222;Junge us em Levve&#8220; geschriebene Lied &#8222;Die Frechen aus Frechen&#8220; stand ebenfalls auf dem Programm. F\u00fcr viel Vergn\u00fcgen sorgte auch das Lied von dem sch\u00f6nen M\u00e4dchen &#8222;Auf der Stra\u00dfe nach Dijon&#8220;. Und bei den Klassikern wie &#8222;Dat Wasser vun K\u00f6lle&#8220;, &#8222;Ming eetste Fr\u00fcndin&#8220; oder &#8222;Drink doch eine mit&#8220;&#8220; \u00fcbert\u00f6nte der Chor aus dem Publikum fast die K\u00fcnstler auf der B\u00fchne. Mit &#8222;Du bes die Stadt&#8220; und &#8222;Mir han e H\u00e4tz f\u00fcr K\u00f6lle&#8220; beschloss man dann das 2. Fl\u00fcsterkonzert.<\/p>\n<p style=\"text-align: left;\">Infos zu den Bands:<br \/>\n<a title=\"Internetseite von Antweiler, Graf &amp; Co.\" href=\"http:\/\/www.antweilergrafundco.de\/\" target=\"_blank\" rel=\"noopener noreferrer\">Antweiler, Graf &amp; Co.<\/a><br \/>\n<a title=\"Internetseite der Bl\u00e4ck F\u00f6\u00f6ss\" href=\"http:\/\/www.blaeckfoeoess.de\/\" target=\"_blank\" rel=\"noopener noreferrer\">Bl\u00e4ck F\u00f6\u00f6ss<\/a><\/p>\n<h3 style=\"text-align: left;\">9. September<\/h3>\n<h2><span style=\"color: #ff0000;\"><span style=\"color: #000000;\"><a class=\"lightbox\" title=\"european-h-d-logo\" href=\"http:\/\/www.lindentheater-frechen.de\/?attachment_id=1182\"><img data-recalc-dims=\"1\" loading=\"lazy\" decoding=\"async\" class=\"alignleft wp-image-1182\" title=\"european-h-d-logo\" src=\"https:\/\/i0.wp.com\/www.lindentheater-frechen.de\/wp-content\/uploads\/2009\/06\/european-h-d-logo1-197x300.jpg?resize=77%2C118\" alt=\"\" width=\"77\" height=\"118\" srcset=\"https:\/\/i0.wp.com\/www.linden-theater-frechen.de\/wp-content\/uploads\/2009\/06\/european-h-d-logo1.jpg?resize=197%2C300&amp;ssl=1 197w, https:\/\/i0.wp.com\/www.linden-theater-frechen.de\/wp-content\/uploads\/2009\/06\/european-h-d-logo1.jpg?resize=98%2C150&amp;ssl=1 98w, https:\/\/i0.wp.com\/www.linden-theater-frechen.de\/wp-content\/uploads\/2009\/06\/european-h-d-logo1.jpg?resize=400%2C607&amp;ssl=1 400w, https:\/\/i0.wp.com\/www.linden-theater-frechen.de\/wp-content\/uploads\/2009\/06\/european-h-d-logo1.jpg?w=526&amp;ssl=1 526w\" sizes=\"auto, (max-width: 77px) 100vw, 77px\" \/><\/a>Tag des offenen Denkmals<\/span><\/span><\/h2>\n<p style=\"text-align: left;\">Am bundesweit stattfindenden Tag des offenen Denkmals \u00f6ffneten auch wir wieder die T\u00fcren unseres denkmalgesch\u00fctzten Kinos f\u00fcr einen Blick hinter die Kulissen. Interessierte Besucher konnten einen Blick in unseren Vorf\u00fchrraum werfen. Es gab einen Kinoflohmarkt sowie eine Cafeteria in unserem &#8222;Saal 2&#8220;, der ehemaligen Kneipe &#8222;Linden-Klause&#8220;.<\/p>\n<p style=\"text-align: left;\">Einige Fotos finden Sie im Anschluss.<\/p>\n<p style=\"text-align: left;\"><a class=\"lightbox\" title=\"DSC_5467_klein\" href=\"https:\/\/www.linden-theater-frechen.de\/?attachment_id=2990\"><img data-recalc-dims=\"1\" loading=\"lazy\" decoding=\"async\" class=\"alignleft wp-image-2990\" title=\"DSC_5467_klein\" src=\"https:\/\/i0.wp.com\/www.linden-theater-frechen.de\/wp-content\/uploads\/2011\/09\/DSC_5467_klein.jpg?resize=192%2C127&#038;ssl=1\" alt=\"\" width=\"192\" height=\"127\" srcset=\"https:\/\/i0.wp.com\/www.linden-theater-frechen.de\/wp-content\/uploads\/2011\/09\/DSC_5467_klein.jpg?resize=300%2C199&amp;ssl=1 300w, https:\/\/i0.wp.com\/www.linden-theater-frechen.de\/wp-content\/uploads\/2011\/09\/DSC_5467_klein.jpg?resize=150%2C99&amp;ssl=1 150w, https:\/\/i0.wp.com\/www.linden-theater-frechen.de\/wp-content\/uploads\/2011\/09\/DSC_5467_klein.jpg?resize=1024%2C681&amp;ssl=1 1024w, https:\/\/i0.wp.com\/www.linden-theater-frechen.de\/wp-content\/uploads\/2011\/09\/DSC_5467_klein.jpg?resize=400%2C266&amp;ssl=1 400w, https:\/\/i0.wp.com\/www.linden-theater-frechen.de\/wp-content\/uploads\/2011\/09\/DSC_5467_klein.jpg?w=1280&amp;ssl=1 1280w, https:\/\/i0.wp.com\/www.linden-theater-frechen.de\/wp-content\/uploads\/2011\/09\/DSC_5467_klein.jpg?w=1920&amp;ssl=1 1920w\" sizes=\"auto, (max-width: 192px) 100vw, 192px\" \/><\/a><a class=\"lightbox\" title=\"TdoD2012-01\" href=\"https:\/\/www.linden-theater-frechen.de\/?attachment_id=2988\"><img data-recalc-dims=\"1\" loading=\"lazy\" decoding=\"async\" class=\"alignright wp-image-2988\" title=\"TdoD2012-01\" src=\"https:\/\/i0.wp.com\/www.linden-theater-frechen.de\/wp-content\/uploads\/2011\/09\/DSC_5466_klein.jpg?resize=186%2C122&#038;ssl=1\" alt=\"\" width=\"186\" height=\"122\" srcset=\"https:\/\/i0.wp.com\/www.linden-theater-frechen.de\/wp-content\/uploads\/2011\/09\/DSC_5466_klein.jpg?resize=300%2C199&amp;ssl=1 300w, https:\/\/i0.wp.com\/www.linden-theater-frechen.de\/wp-content\/uploads\/2011\/09\/DSC_5466_klein.jpg?resize=150%2C99&amp;ssl=1 150w, https:\/\/i0.wp.com\/www.linden-theater-frechen.de\/wp-content\/uploads\/2011\/09\/DSC_5466_klein.jpg?zoom=2&amp;resize=186%2C122&amp;ssl=1 372w, https:\/\/i0.wp.com\/www.linden-theater-frechen.de\/wp-content\/uploads\/2011\/09\/DSC_5466_klein.jpg?zoom=3&amp;resize=186%2C122&amp;ssl=1 558w\" sizes=\"auto, (max-width: 186px) 100vw, 186px\" \/><\/a><\/p>\n<p style=\"text-align: left;\"><a class=\"lightbox\" title=\"DSC_5399_klein\" href=\"https:\/\/www.linden-theater-frechen.de\/?attachment_id=2989\"><img data-recalc-dims=\"1\" loading=\"lazy\" decoding=\"async\" class=\"aligncenter wp-image-2989\" title=\"DSC_5399_klein\" src=\"https:\/\/i0.wp.com\/www.linden-theater-frechen.de\/wp-content\/uploads\/2011\/09\/DSC_5399_klein.jpg?resize=189%2C124&#038;ssl=1\" alt=\"\" width=\"189\" height=\"124\" srcset=\"https:\/\/i0.wp.com\/www.linden-theater-frechen.de\/wp-content\/uploads\/2011\/09\/DSC_5399_klein.jpg?resize=300%2C199&amp;ssl=1 300w, https:\/\/i0.wp.com\/www.linden-theater-frechen.de\/wp-content\/uploads\/2011\/09\/DSC_5399_klein.jpg?resize=150%2C99&amp;ssl=1 150w, https:\/\/i0.wp.com\/www.linden-theater-frechen.de\/wp-content\/uploads\/2011\/09\/DSC_5399_klein.jpg?zoom=2&amp;resize=189%2C124&amp;ssl=1 378w, https:\/\/i0.wp.com\/www.linden-theater-frechen.de\/wp-content\/uploads\/2011\/09\/DSC_5399_klein.jpg?zoom=3&amp;resize=189%2C124&amp;ssl=1 567w\" sizes=\"auto, (max-width: 189px) 100vw, 189px\" \/><\/a><\/p>\n<p><span style=\"color: #ff0000;\"><span style=\"color: #000000;\">\u00a0<\/span><\/span><\/p>\n<h1 style=\"text-align: center;\">2011<\/h1>\n<h3 style=\"text-align: left;\"><span style=\"text-decoration: underline;\">20. September:<\/span><\/h3>\n<h1 style=\"text-align: center;\">Fl\u00fcsterkonzert<\/h1>\n<h3 style=\"text-align: center;\">mit der Hennefer Mundart-Kultband &#8222;Antweiler, Graf &amp; Co.&#8220; sowie Kafi Biermann, Hartmut Priess und B\u00f6mmel L\u00fcckerath von den &#8222;Bl\u00e4ck F\u00f6\u00f6ss&#8220;<\/h3>\n<p style=\"text-align: center;\"><img data-recalc-dims=\"1\" loading=\"lazy\" decoding=\"async\" class=\"aligncenter size-medium wp-image-1945\" title=\"Fl\u00fcsterkonzert_0029\" src=\"https:\/\/i0.wp.com\/www.lindentheater-frechen.de\/wp-content\/uploads\/2011\/09\/Fl%C3%BCsterkonzert_0029-300x211.jpg?resize=300%2C211\" alt=\"\" width=\"300\" height=\"211\" \/><\/p>\n<p>Schon seit vielen Jahren veranstalten Antweiler, Graf und Co. aus Hennef und Kafi, B\u00f6mmel und Hartmut von den Bl\u00e4ck F\u00f6\u00f6ss gemeinsame Fl\u00fcsterkonzerte. Bei diesen Konzerten im &#8222;kleinen Rahmen&#8220; wird &#8222;unplugged&#8220;, also weitgehend mit akustischen Instrumenten, ein kleiner Querschnitt aus dem Repertoire der beiden Bands pr\u00e4sentiert.<\/p>\n<p style=\"text-align: left;\">\u00dcber 300 G\u00e4ste kamen ins Linden-Theater und wurden nicht entt\u00e4uscht, denn beide Bands begeisterten mit ihren Auftritten. Ausgestattet mit Textheften wurden die Besucher zum Mitsingen eingeladen. Den ersten Teil des Abends bestritten Antweiler, Graf und Co. mit ihren folkigen Mundartliedern, mit einer Mischung aus heiteren Alltagsbetrachtungen (&#8222;Badebotz&#8220;, &#8222;Tant Maria ihre Hunk&#8220; oder &#8222;Jo, dat han mir all ersteigert&#8220;) und gef\u00fchlvollen Liebesliedern, wie &#8222;Caf\u00e9&#8220; oder &#8222;Doch noch immer brennt ming H\u00e4tz&#8220;.<\/p>\n<p style=\"text-align: left;\">Nach der Pause betraten dann die\u00a0Drei von den F\u00f6\u00f6ss die B\u00fchne und erinnerten gleich mit dem ersten Lied &#8222;Loss mer singe&#8220; noch einmal daran, dass mitsingen ausdr\u00fccklich erw\u00fcnscht ist. Passend zum Konzert im Kinosaal durfte nat\u00fcrlich auch &#8222;Wenn et Leech usjing em Roxy&#8220; nicht fehlen,\u00a0bei dem zur allgemeinen Erheiterung des Publikums auch das seinerzeit dazu gedrehte Musikvideo auf der Leinwand gezeigt wurde. Und sp\u00e4testens bei &#8222;Ming eetste Fr\u00fcndin&#8220; und &#8222;Dat Wasser vun K\u00f6lle&#8220; gab es niemanden mehr, der nicht aus voller Brust mitsang.\u00a0Das Finale mit &#8222;En unserem Veedel&#8220; und &#8222;Mer losse d\u00b4r Dom en K\u00f6lle&#8220; sangen Antweiler, Graf und Co. dann mit Kafi, B\u00f6mmel und Hartmut zusammen.<\/p>\n<p style=\"text-align: left;\">Veranstalter Thomas Schwieger vom Hotel Durst bewirtete die G\u00e4ste w\u00e4hrend des Abends mit Getr\u00e4nken und Snacks, so konnten die G\u00e4ste den Abend\u00a0gem\u00fctlich mit einem kleinen Plausch bei einem Glas K\u00f6lsch beschlie\u00dfen.<\/p>\n<p style=\"text-align: left;\">Infos zu den Bands:<\/p>\n<p style=\"text-align: left;\"><a title=\"Internetseite von Antweiler, Graf &amp; Co.\" href=\"http:\/\/www.antweilergrafundco.de\/\" target=\"_blank\" rel=\"noopener noreferrer\">Antweiler, Graf &amp; Co.<\/a><br \/>\n<a title=\"Internetseite der Bl\u00e4ck F\u00f6\u00f6ss\" href=\"http:\/\/www.blaeckfoeoess.de\/\" target=\"_blank\" rel=\"noopener noreferrer\">Bl\u00e4ck F\u00f6\u00f6ss<\/a><\/p>\n<h3><span style=\"text-decoration: underline;\">13. September:<\/span><\/h3>\n<h1 style=\"text-align: center;\">Premiere der Quarzwerke-Dokumentation<br \/>\n&#8222;Aus Sand gebaut&#8220;<\/h1>\n<p style=\"text-align: justify;\">Die Quarzwerke GmbH und der Landschaftsverband Rheinland (LVR) pr\u00e4sentierten im Linden-Theater die vom Institut f\u00fcr Landeskunde und Regionalgeschichte des\u00a0LVR produzierte 20min\u00fctige Dokumentation &#8222;Aus Sand gebaut &#8211; Quarzsand, ein rheinischer Rohstoff aus Frechen&#8220;. Nach der offiziellen Premiere am fr\u00fchen Abend hatten auch die Frechener B\u00fcrger die Gelegenheit, sich den Film auf der Leinwand des Linden-Theaters anzusehen.<\/p>\n<p style=\"text-align: justify;\">Wer die Premiere verpasst hat, den Film aber sehen m\u00f6chte, hat die M\u00f6glichkeit, die DVD f\u00fcr 10 \u20ac\u00a0beim LVR-Institut f\u00fcr Landeskunde und Regionalgeschichte in Bonn, Telefon (02 28) 9 83 42 78, E-Mail <a href=\"mailto:hildegard.trautmann@lvr.de\">hildegard.trautmann@lvr.de<\/a>\u00a0zu erwerben.<\/p>\n<p style=\"text-align: center;\"><img data-recalc-dims=\"1\" loading=\"lazy\" decoding=\"async\" class=\"alignleft size-medium wp-image-1947\" title=\"Quarzwerke_001\" src=\"https:\/\/i0.wp.com\/www.lindentheater-frechen.de\/wp-content\/uploads\/2011\/09\/Quarzwerke_001-300x199.jpg?resize=240%2C159\" alt=\"\" width=\"240\" height=\"159\" srcset=\"https:\/\/i0.wp.com\/www.linden-theater-frechen.de\/wp-content\/uploads\/2011\/09\/Quarzwerke_001.jpg?resize=300%2C199&amp;ssl=1 300w, https:\/\/i0.wp.com\/www.linden-theater-frechen.de\/wp-content\/uploads\/2011\/09\/Quarzwerke_001.jpg?resize=150%2C99&amp;ssl=1 150w, https:\/\/i0.wp.com\/www.linden-theater-frechen.de\/wp-content\/uploads\/2011\/09\/Quarzwerke_001.jpg?resize=400%2C266&amp;ssl=1 400w, https:\/\/i0.wp.com\/www.linden-theater-frechen.de\/wp-content\/uploads\/2011\/09\/Quarzwerke_001.jpg?w=800&amp;ssl=1 800w\" sizes=\"auto, (max-width: 240px) 100vw, 240px\" \/> <img data-recalc-dims=\"1\" loading=\"lazy\" decoding=\"async\" class=\"size-medium wp-image-1946 alignright\" title=\"Quarzwerke_002\" src=\"https:\/\/i0.wp.com\/www.lindentheater-frechen.de\/wp-content\/uploads\/2011\/09\/Quarzwerke_002-300x199.jpg?resize=240%2C159\" alt=\"\" width=\"240\" height=\"159\" srcset=\"https:\/\/i0.wp.com\/www.linden-theater-frechen.de\/wp-content\/uploads\/2011\/09\/Quarzwerke_002.jpg?resize=300%2C199&amp;ssl=1 300w, https:\/\/i0.wp.com\/www.linden-theater-frechen.de\/wp-content\/uploads\/2011\/09\/Quarzwerke_002.jpg?resize=150%2C99&amp;ssl=1 150w, https:\/\/i0.wp.com\/www.linden-theater-frechen.de\/wp-content\/uploads\/2011\/09\/Quarzwerke_002.jpg?resize=400%2C266&amp;ssl=1 400w, https:\/\/i0.wp.com\/www.linden-theater-frechen.de\/wp-content\/uploads\/2011\/09\/Quarzwerke_002.jpg?w=800&amp;ssl=1 800w\" sizes=\"auto, (max-width: 240px) 100vw, 240px\" \/><\/p>\n<\/td>\n<\/tr>\n<\/tbody>\n<\/table>\n","protected":false},"excerpt":{"rendered":"<p> In dieser Rubrik finden Sie Berichte zu Veranstaltungen, die au\u00dferhalb des regul\u00e4ren Kinoprogramms im Linden-Theater stattgefunden haben. 2023 06. 12.: Jl\u00f6cksillije Chressd\u00e4\u00e4ch! <\/p>\n<p>Ein k\u00f6lsches Weihnachtskonzert mit Udo M\u00fcller, King Size Dick, Schutzmann Jupp Menth, Et Klimperm\u00e4nnche Thomas C\u00fcpper, Kafi Biermann und Ralph Kuhn (Ne Usjeflippte)<\/p>\n<p> Infos zum Event: <\/p>\n<p>Jl\u00f6cksillije Chressd\u00e4\u00e4ch!<\/p>\n<p>Unter diesem Motto [&#8230;]<\/p>\n","protected":false},"author":3,"featured_media":0,"parent":10,"menu_order":5,"comment_status":"open","ping_status":"closed","template":"","meta":{"jetpack_post_was_ever_published":false,"footnotes":""},"class_list":["post-1936","page","type-page","status-publish","hentry","odd"],"jetpack_shortlink":"https:\/\/wp.me\/P3dBae-ve","jetpack_sharing_enabled":true,"_links":{"self":[{"href":"https:\/\/www.linden-theater-frechen.de\/index.php?rest_route=\/wp\/v2\/pages\/1936","targetHints":{"allow":["GET"]}}],"collection":[{"href":"https:\/\/www.linden-theater-frechen.de\/index.php?rest_route=\/wp\/v2\/pages"}],"about":[{"href":"https:\/\/www.linden-theater-frechen.de\/index.php?rest_route=\/wp\/v2\/types\/page"}],"author":[{"embeddable":true,"href":"https:\/\/www.linden-theater-frechen.de\/index.php?rest_route=\/wp\/v2\/users\/3"}],"replies":[{"embeddable":true,"href":"https:\/\/www.linden-theater-frechen.de\/index.php?rest_route=%2Fwp%2Fv2%2Fcomments&post=1936"}],"version-history":[{"count":9,"href":"https:\/\/www.linden-theater-frechen.de\/index.php?rest_route=\/wp\/v2\/pages\/1936\/revisions"}],"predecessor-version":[{"id":16012,"href":"https:\/\/www.linden-theater-frechen.de\/index.php?rest_route=\/wp\/v2\/pages\/1936\/revisions\/16012"}],"up":[{"embeddable":true,"href":"https:\/\/www.linden-theater-frechen.de\/index.php?rest_route=\/wp\/v2\/pages\/10"}],"wp:attachment":[{"href":"https:\/\/www.linden-theater-frechen.de\/index.php?rest_route=%2Fwp%2Fv2%2Fmedia&parent=1936"}],"curies":[{"name":"wp","href":"https:\/\/api.w.org\/{rel}","templated":true}]}}