{"id":6,"date":"2009-02-21T21:07:31","date_gmt":"2009-02-21T20:07:31","guid":{"rendered":"http:\/\/www.lindentheater-frechen.de\/?page_id=6"},"modified":"2026-09-03T13:48:21","modified_gmt":"2026-09-03T11:48:21","slug":"kinoprogramm-2-2","status":"publish","type":"page","link":"https:\/\/www.linden-theater-frechen.de\/","title":{"rendered":"Kinoprogramm"},"content":{"rendered":"\n<div class=\"wp-block-columns is-layout-flex wp-container-core-columns-is-layout-8f761849 wp-block-columns-is-layout-flex\">\n<div class=\"wp-block-column is-layout-flow wp-block-column-is-layout-flow\" style=\"flex-basis:100%\">\n<table width=\"100%\">\n<tbody>\n<tr>\n<td>\n<h3>Do, 03.09.2026, 19:00 Uhr (Einlass: 18:30 Uhr):<\/h3>\n<h2><strong><a href=\"https:\/\/i0.wp.com\/www.linden-theater-frechen.de\/wp-content\/uploads\/2018\/12\/Frechen-in-Bild-und-Ton-1.png?ssl=1\"><img data-recalc-dims=\"1\" loading=\"lazy\" decoding=\"async\" class=\"alignright  wp-image-8817\" src=\"https:\/\/i0.wp.com\/www.linden-theater-frechen.de\/wp-content\/uploads\/2018\/12\/Frechen-in-Bild-und-Ton-1.png?resize=154%2C111&#038;ssl=1\" alt=\"\" width=\"154\" height=\"111\" srcset=\"https:\/\/i0.wp.com\/www.linden-theater-frechen.de\/wp-content\/uploads\/2018\/12\/Frechen-in-Bild-und-Ton-1.png?resize=300%2C216&amp;ssl=1 300w, https:\/\/i0.wp.com\/www.linden-theater-frechen.de\/wp-content\/uploads\/2018\/12\/Frechen-in-Bild-und-Ton-1.png?resize=150%2C108&amp;ssl=1 150w, https:\/\/i0.wp.com\/www.linden-theater-frechen.de\/wp-content\/uploads\/2018\/12\/Frechen-in-Bild-und-Ton-1.png?resize=400%2C289&amp;ssl=1 400w, https:\/\/i0.wp.com\/www.linden-theater-frechen.de\/wp-content\/uploads\/2018\/12\/Frechen-in-Bild-und-Ton-1.png?w=402&amp;ssl=1 402w\" sizes=\"auto, (max-width: 154px) 100vw, 154px\" \/><\/a>Frechener Zeitgeschichte <\/strong><strong>in Bild und Ton<\/strong><\/h2>\n<p><strong>Ein Filmvortrag von Peter Kleinen in Kooperation mit dem AKTIVkreis Frechen und dem Linden-Theater e.V. anl\u00e4sslich des 75-j\u00e4hrigen Stadtjubil\u00e4ums<\/strong><\/p>\n<p><strong>Der Eintritt ist frei<\/strong><\/p>\n<p><strong>Eine Platzreservierung ist nicht m\u00f6glich.<\/strong><\/p>\n<\/td>\n<\/tr>\n<tr>\n<td>\n<h3><span style=\"color: #ff0000;\">Fr, 04.09.2026<\/span> bis\u00a0Sa, 05.09.2026 sowie Mo, 07.09.2026 bis Di, 08.09<span style=\"font-family: inherit; font-size: inherit;\">.2026, jeweils <span style=\"color: #ff0000;\">19:30<\/span> <span style=\"color: #ff0000;\">Uhr (wegen \u00dcberl\u00e4nge)<\/span><\/span>,<br \/><span style=\"color: #ff0000;\">NUR So, 06.09.2026<\/span> um <span style=\"color: #ff0000;\">19:30 Uhr<\/span> in der <span style=\"color: #ff0000;\">englischen Originalfassung mit deutschen Untertiteln<\/span>:<\/h3>\n<h2 style=\"text-align: left;\">Spider-Man: Brand New Day<a href=\"https:\/\/i0.wp.com\/www.linden-theater-frechen.de\/wp-content\/uploads\/2026\/08\/Spider-Man-Brand-New-Day-Poster-2.jpg?ssl=1\"><img data-recalc-dims=\"1\" loading=\"lazy\" decoding=\"async\" class=\"alignright  wp-image-16913\" src=\"https:\/\/i0.wp.com\/www.linden-theater-frechen.de\/wp-content\/uploads\/2026\/08\/Spider-Man-Brand-New-Day-Poster-2.jpg?resize=150%2C212&#038;ssl=1\" alt=\"\" width=\"150\" height=\"212\" srcset=\"https:\/\/i0.wp.com\/www.linden-theater-frechen.de\/wp-content\/uploads\/2026\/08\/Spider-Man-Brand-New-Day-Poster-2.jpg?resize=212%2C300&amp;ssl=1 212w, https:\/\/i0.wp.com\/www.linden-theater-frechen.de\/wp-content\/uploads\/2026\/08\/Spider-Man-Brand-New-Day-Poster-2.jpg?resize=106%2C150&amp;ssl=1 106w, https:\/\/i0.wp.com\/www.linden-theater-frechen.de\/wp-content\/uploads\/2026\/08\/Spider-Man-Brand-New-Day-Poster-2.jpg?resize=400%2C567&amp;ssl=1 400w, https:\/\/i0.wp.com\/www.linden-theater-frechen.de\/wp-content\/uploads\/2026\/08\/Spider-Man-Brand-New-Day-Poster-2.jpg?w=564&amp;ssl=1 564w\" sizes=\"auto, (max-width: 150px) 100vw, 150px\" \/><\/a><\/h2>\n<p><strong><span style=\"color: #ff0000;\">\u00a0&#8211; 2. Woche &#8211;<\/span><\/strong><\/p>\n<p style=\"text-align: justify;\"><strong>Action\/Abenteuer:<\/strong> Vier Jahre sind vergangen, seitdem die Welt vergessen hat, wer Peter Parker wirklich ist. Als Spider-Man widmet er nun anonym sein Leben in Vollzeit dem Schutz von New York City. Doch als die Anforderungen an ihn immer gr\u00f6\u00dfer werden, l\u00f6st der Druck eine \u00fcberraschende k\u00f6rperliche Ver\u00e4nderung aus, die seine Existenz bedroht. Damit nicht genug, entsteht zur gleichen Zeit eine seltsame neue Art von Verbrechen, die eine der m\u00e4chtigsten Bedrohungen hervorbringt, denen er je ausgesetzt war.<\/p>\n<p style=\"text-align: justify;\"><!--EndFragment --><\/p>\n<p style=\"text-align: justify;\"><strong>USA <\/strong>2026, <strong>Regie: <\/strong>Destin Daniel Cretton, <strong>Darsteller:<\/strong> Tom Holland (Peter Parker\/Spider-Man) \u00b7 Zendaya (MJ) \u00b7 Sadie Sink (Jean Grey) \u00b7 Jacob Batalon (Ned Leeds) \u00b7 Jon Bernthal (Frank Castle\/Punisher) \u00b7 Tramell Tillman (Bill) \u00b7 Michael Mando (Mac Gargan\/Scorpion) \u00b7 Mark Ruffalo (Bruce Banner\/Hulk) \u00b7 Liza Col\u00f3n-Zayas (Jean DeWolff) \u00b7 Marvin Jones III (Lonnie Lincoln\/Tombstone) \u00b7 Florence Pugh (Yelena Belova) \u00b7 Marisa Tomei (May Parker) \u00b7 Zabryna Guevara (Sheila Rivera) \u00b7 Eman Esfandi (Harry) \u00b7 Tiffany Espensen (Cindy Moon)<\/p>\n<p style=\"text-align: justify;\"><strong>L\u00e4nge: <\/strong><span style=\"font-family: inherit; font-size: inherit;\">145 Min, <\/span><a style=\"font-family: inherit; font-size: inherit;\" href=\"http:\/\/www.fsk.de\/kinostarts\" target=\"_blank\" rel=\"noopener\"><strong>FSK:<\/strong><\/a><span style=\"font-family: inherit; font-size: inherit; color: #000000;\"> ab <\/span><span style=\"font-family: inherit; font-size: inherit;\">12<\/span><span style=\"font-family: inherit; font-size: inherit; color: #000000;\"> Jahre<\/span><\/p>\n<p style=\"text-align: left;\"><a href=\"https:\/\/www.kino.de\/film\/spider-man-4-2026\/\" target=\"_blank\" rel=\"noopener noreferrer\"><strong>Trailer und <\/strong><strong>weitere Filminfos<\/strong><\/a> <strong>&#8211; <a title=\"Kartenreservierung\" href=\"https:\/\/www.linden-theater-frechen.de\/?page_id=14138\" target=\"_blank\" rel=\"noopener noreferrer\">Karten reservieren <\/a><\/strong><\/p>\n<\/td>\n<\/tr>\n<tr>\n<td>\n<h3><a title=\"F-F Frechen-Film e.V.\" href=\"http:\/\/www.ff-frechen-film.de\/\" target=\"_self\" rel=\"noopener noreferrer\">Frechen-Film<\/a> e.V. zeigt am<br \/>Mittwoch, 09.09.2026, 20:00 Uhr:<\/h3>\n<h2>Das Los des Fremden<a href=\"https:\/\/i0.wp.com\/www.linden-theater-frechen.de\/wp-content\/uploads\/2026\/08\/Das-Los-des-Fremden-Poster.jpg?ssl=1\"><img data-recalc-dims=\"1\" loading=\"lazy\" decoding=\"async\" class=\"alignright  wp-image-16918\" src=\"https:\/\/i0.wp.com\/www.linden-theater-frechen.de\/wp-content\/uploads\/2026\/08\/Das-Los-des-Fremden-Poster.jpg?resize=150%2C225&#038;ssl=1\" alt=\"\" width=\"150\" height=\"225\" srcset=\"https:\/\/i0.wp.com\/www.linden-theater-frechen.de\/wp-content\/uploads\/2026\/08\/Das-Los-des-Fremden-Poster.jpg?resize=200%2C300&amp;ssl=1 200w, https:\/\/i0.wp.com\/www.linden-theater-frechen.de\/wp-content\/uploads\/2026\/08\/Das-Los-des-Fremden-Poster.jpg?resize=100%2C150&amp;ssl=1 100w, https:\/\/i0.wp.com\/www.linden-theater-frechen.de\/wp-content\/uploads\/2026\/08\/Das-Los-des-Fremden-Poster.jpg?resize=400%2C600&amp;ssl=1 400w, https:\/\/i0.wp.com\/www.linden-theater-frechen.de\/wp-content\/uploads\/2026\/08\/Das-Los-des-Fremden-Poster.jpg?w=533&amp;ssl=1 533w\" sizes=\"auto, (max-width: 150px) 100vw, 150px\" \/><\/a><\/h2>\n<p style=\"text-align: justify;\"><strong>Drama: <\/strong>Eine syrische \u00c4rztin flieht mit ihrer Tochter aus Aleppo. Diese Entscheidung verbindet im Anschluss daran f\u00fcnf Fremde auf seltsame Weise: einen Schleuser, einen Soldaten, einen Dichter und einen griechischen K\u00fcstenwache-Kapit\u00e4n. In einer schicksalhaften Nacht auf dem Mittelmeer kreuzen sich ihre Wege. Es wird beleuchtet, wie \u00dcberleben, Hoffnung, Angst und Menschlichkeit in einer Extremsituation aufeinandertreffen und das Leben dieser Menschen unwiderruflich ver\u00e4ndern.<strong><br \/><\/strong><\/p>\n<p style=\"text-align: justify;\"><strong>JOR <\/strong>2024, <strong>Regie: <\/strong>Brandt Andersen, <strong>Darsteller:<\/strong> Yasmine Al Massri (Amira) \u00b7 Yahya Mahayni (Mustafa) \u00b7 Omar Sy (Marwan) \u00b7 Ziad Bakri (Fathi) \u00b7 Constantine Markoulakis (Stavros) \u00b7 Jason Beghe (Dr. Kroft) \u00b7 Ayman Samman (Shaheen) \u00b7 Massa Daoud (Rasha) \u00b7 Carlos Chahine (Jack) \u00b7 Jay Abdo (Papa Homsi) \u00b7 Angeliki Papoulia (Helena) \u00b7 Vicky Papadopoulou (Charoula) \u00b7 Konstadinos Danikas (Babis) \u00b7 Baeyen Hoffman (Yusuf)<\/p>\n<p><strong>L\u00e4nge: <\/strong>103 Min, <a href=\"http:\/\/www.fsk.de\/kinostarts\" target=\"_blank\" rel=\"noopener\">FSK:<\/a> ab <span style=\"color: #ff0000;\"><strong>16<\/strong><\/span> Jahre<\/p>\n<p style=\"text-align: justify;\"><a title=\"Trailer + Filminfos\" href=\"https:\/\/www.epd-film.de\/filmkritiken\/das-los-des-fremden\" target=\"_blank\" rel=\"noopener noreferrer\"><strong>Trailer und <\/strong><strong>weitere Filminfos<\/strong><\/a>\u00a0<strong>&#8211; <a title=\"Kartenreservierung\" href=\"https:\/\/www.linden-theater-frechen.de\/?page_id=14138\" target=\"_blank\" rel=\"noopener noreferrer\">Karten reservieren<\/a><\/strong><\/p>\n<\/td>\n<\/tr>\n<tr>\n<td>\n<h3>Do, 10.09.2026 bis Di, 15.09.2026, jeweils <span style=\"color: #000000;\">20:00 Uhr:<\/span><\/h3>\n<h2 style=\"text-align: left;\">Steckerlfischfiasko<a href=\"https:\/\/i0.wp.com\/www.linden-theater-frechen.de\/wp-content\/uploads\/2026\/08\/Steckerlfischfiasko-Poster.jpg?ssl=1\"><img data-recalc-dims=\"1\" loading=\"lazy\" decoding=\"async\" class=\"alignright  wp-image-16936\" src=\"https:\/\/i0.wp.com\/www.linden-theater-frechen.de\/wp-content\/uploads\/2026\/08\/Steckerlfischfiasko-Poster.jpg?resize=150%2C215&#038;ssl=1\" alt=\"\" width=\"150\" height=\"215\" srcset=\"https:\/\/i0.wp.com\/www.linden-theater-frechen.de\/wp-content\/uploads\/2026\/08\/Steckerlfischfiasko-Poster.jpg?resize=209%2C300&amp;ssl=1 209w, https:\/\/i0.wp.com\/www.linden-theater-frechen.de\/wp-content\/uploads\/2026\/08\/Steckerlfischfiasko-Poster.jpg?resize=104%2C150&amp;ssl=1 104w, https:\/\/i0.wp.com\/www.linden-theater-frechen.de\/wp-content\/uploads\/2026\/08\/Steckerlfischfiasko-Poster.jpg?resize=400%2C575&amp;ssl=1 400w, https:\/\/i0.wp.com\/www.linden-theater-frechen.de\/wp-content\/uploads\/2026\/08\/Steckerlfischfiasko-Poster.jpg?w=557&amp;ssl=1 557w\" sizes=\"auto, (max-width: 150px) 100vw, 150px\" \/><\/a><\/h2>\n<p style=\"text-align: justify;\"><strong>Kom\u00f6die:<\/strong> F\u00fcr Franz Eberhofer geht es auf bisher unber\u00fchrtes Terrain, als der \u00f6rtliche Steckerlfischk\u00f6nig auf dem hiesigen Golfplatz mausetot aufgefunden wird. Klar, dass sich der Franz da nicht l\u00e4nger mit Nichtigkeiten wie dem Umzug in den Neubau oder dem Wahlkampf von der Susi zur B\u00fcrgermeisterin aufhalten kann. Gemeinsam mit Kumpel Rudi Birkenberger und dem richtigen Riecher ermittelt das wiedervereinte Dreamteam inmitten zweier verfeindeter Volksfestclans \u2013 Fiasko vorprogrammiert.<\/p>\n<p style=\"text-align: justify;\"><!--EndFragment --><\/p>\n<p style=\"text-align: justify;\"><strong>D <\/strong>2026, <strong>Regie: <\/strong>Ed Herzog, <strong>Darsteller:<\/strong> Sebastian Bezzel (Franz Eberhofer) \u00b7 Simon Schwarz (Rudi Birkenberger) \u00b7 Lisa Maria Potthoff (Susi) \u00b7 Gerhard Wittmann (Leopold Eberhofer) \u00b7 Eisi Gulp (Papa Eberhofer) \u00b7 Enzi Fuchs (Oma Eberhofer) \u00b7 Daniel Christensen (Ignaz Fl\u00f6tzinger) \u00b7 Ruby O. Fee (Tessa Paulus) \u00b7 Milan Peschel (Marek Bufka) \u00b7 Lara Mandoki (Julika) \u00b7 Stephan Zinner (Simmerl) \u00b7 Max Schmidt (Wirt Wolfi) \u00b7 Thomas K\u00fcgel (B\u00fcrgermeister Gassner) \u00b7 Ferdinand Hofer (Max Simmerl) \u00b7 Castro Dokyi Affum (Golflehrer Buengo) \u00b7 Elisabeth Wasserscheid (Jessy) \u00b7 Petra Berndt (Mutter Dottinger) \u00b7 Michael Ostrowski (Pathologe G\u00fcnther) \u00b7 Peter Mitterrutzner (Herr Krakauer)<\/p>\n<p style=\"text-align: justify;\"><strong>L\u00e4nge:<\/strong> 99 Min, <a href=\"http:\/\/www.fsk.de\/kinostarts\" target=\"_blank\" rel=\"noopener\"><strong>FSK:<\/strong><\/a><span style=\"color: #000000;\"> ab 12 Jahre<\/span><\/p>\n<p style=\"text-align: left;\"><a href=\"https:\/\/www.kino.de\/film\/steckerlfischfiasko-2026\/\" target=\"_blank\" rel=\"noopener noreferrer\"><strong>Trailer und <\/strong><strong>weitere Filminfos<\/strong><\/a> <strong>&#8211; <a title=\"Kartenreservierung\" href=\"https:\/\/www.linden-theater-frechen.de\/?page_id=14138\" target=\"_blank\" rel=\"noopener noreferrer\">Karten reservieren <\/a><\/strong><\/p>\n<\/td>\n<\/tr>\n<tr>\n<td>\n<h2><img data-recalc-dims=\"1\" loading=\"lazy\" decoding=\"async\" class=\"aligncenter  wp-image-8864\" src=\"https:\/\/i0.wp.com\/www.linden-theater-frechen.de\/wp-content\/uploads\/2018\/12\/Logo-Freaky-Friday-1-klein.jpg?resize=430%2C169&#038;ssl=1\" alt=\"\" width=\"430\" height=\"169\" srcset=\"https:\/\/i0.wp.com\/www.linden-theater-frechen.de\/wp-content\/uploads\/2018\/12\/Logo-Freaky-Friday-1-klein.jpg?w=800&amp;ssl=1 800w, https:\/\/i0.wp.com\/www.linden-theater-frechen.de\/wp-content\/uploads\/2018\/12\/Logo-Freaky-Friday-1-klein.jpg?resize=150%2C59&amp;ssl=1 150w, https:\/\/i0.wp.com\/www.linden-theater-frechen.de\/wp-content\/uploads\/2018\/12\/Logo-Freaky-Friday-1-klein.jpg?resize=300%2C118&amp;ssl=1 300w, https:\/\/i0.wp.com\/www.linden-theater-frechen.de\/wp-content\/uploads\/2018\/12\/Logo-Freaky-Friday-1-klein.jpg?resize=768%2C302&amp;ssl=1 768w, https:\/\/i0.wp.com\/www.linden-theater-frechen.de\/wp-content\/uploads\/2018\/12\/Logo-Freaky-Friday-1-klein.jpg?resize=400%2C158&amp;ssl=1 400w\" sizes=\"auto, (max-width: 430px) 100vw, 430px\" \/><\/h2>\n<p style=\"text-align: center;\">An jedem zweiten Freitag im Monat zeigt Frechen-Film e. V. einen Film aus dem Horror-\/Mystery-\/Suspense-Genre in der Sp\u00e4tvorstellung ab 23:00 Uhr<\/p>\n<h3>Fr, 11.09.2026, 23:00 Uhr:<\/h3>\n<h2>Obsession &#8211; Du sollst mich lieben<a href=\"https:\/\/i0.wp.com\/www.linden-theater-frechen.de\/wp-content\/uploads\/2026\/08\/Obsession-Poster.jpg?ssl=1\"><img data-recalc-dims=\"1\" loading=\"lazy\" decoding=\"async\" class=\"alignright  wp-image-16928\" src=\"https:\/\/i0.wp.com\/www.linden-theater-frechen.de\/wp-content\/uploads\/2026\/08\/Obsession-Poster.jpg?resize=150%2C212&#038;ssl=1\" alt=\"\" width=\"150\" height=\"212\" srcset=\"https:\/\/i0.wp.com\/www.linden-theater-frechen.de\/wp-content\/uploads\/2026\/08\/Obsession-Poster.jpg?resize=212%2C300&amp;ssl=1 212w, https:\/\/i0.wp.com\/www.linden-theater-frechen.de\/wp-content\/uploads\/2026\/08\/Obsession-Poster.jpg?resize=106%2C150&amp;ssl=1 106w, https:\/\/i0.wp.com\/www.linden-theater-frechen.de\/wp-content\/uploads\/2026\/08\/Obsession-Poster.jpg?resize=400%2C566&amp;ssl=1 400w, https:\/\/i0.wp.com\/www.linden-theater-frechen.de\/wp-content\/uploads\/2026\/08\/Obsession-Poster.jpg?w=424&amp;ssl=1 424w\" sizes=\"auto, (max-width: 150px) 100vw, 150px\" \/><\/a><\/h2>\n<p style=\"text-align: justify;\"><b>Horror: <\/b>Ein junger Mann setzt alles daran, die Aufmerksamkeit seiner heimlichen Liebe zu gewinnen. Als all seine Versuche scheitern, greift er zu einem letzten, verzweifelten Mittel: Er zerbricht die r\u00e4tselhafte \u201eOne Wish Willow\u201c \u2013 ein Artefakt, das angeblich jeden Wunsch erf\u00fcllt. Tats\u00e4chlich beginnt sich seine Sehnsucht zu erf\u00fcllen, doch das neu gewonnene Gl\u00fcck kippt schnell ins Unheimliche. Der Pakt, den er unwissentlich geschlossen hat, fordert einen Preis, der immer d\u00fcsterer wird.<b><br \/><\/b><\/p>\n<p style=\"text-align: justify;\"><strong>USA<\/strong> 2025, <strong>Regie:<\/strong> Curry Barker, <strong>Darsteller: <\/strong>Michael Johnston (Bear) \u00b7 Inde Navarrette (Nikki) \u00b7 Cooper Tomlinson (Ian) \u00b7 Megan Lawless (Sarah) \u00b7 Andy Richter (Carter) \u00b7 Chloe Breen (Ruthie) \u00b7 Darin Toonder (Harry) \u00b7 Haley Fitzgerald (Vivian)<strong><br \/><\/strong><\/p>\n<p><strong>L\u00e4nge:<\/strong> 109 Min, <strong>FSK:<\/strong> ab <span style=\"color: #ff0000;\"><strong>16<\/strong><\/span> Jahre<\/p>\n<p><a href=\"https:\/\/www.kino.de\/film\/obsession--01KCTX1V9J9F8F0NFFPTAEKXDJ\" target=\"_blank\" rel=\"noopener noreferrer\"><strong>Trailer und <\/strong><strong>weitere Filminfos<\/strong><\/a> <strong>&#8211; <a title=\"Kartenreservierung\" href=\"https:\/\/www.linden-theater-frechen.de\/?page_id=14138\" target=\"_blank\" rel=\"noopener noreferrer\">Karten reservieren <\/a> <\/strong><\/p>\n<\/td>\n<\/tr>\n<tr>\n<td>\n<h3><a title=\"F-F Frechen-Film e.V.\" href=\"http:\/\/www.ff-frechen-film.de\/\" target=\"_self\" rel=\"noopener noreferrer\">Frechen-Film<\/a> e.V. zeigt am<br \/>Mittwoch, 16.09.2026, 20:00 Uhr:<\/h3>\n<h2>Couscous und Geheimnisse<a href=\"https:\/\/i0.wp.com\/www.linden-theater-frechen.de\/wp-content\/uploads\/2026\/08\/Couscous-und-Geheimnisse-Poster.jpg?ssl=1\"><img data-recalc-dims=\"1\" loading=\"lazy\" decoding=\"async\" class=\"alignright  wp-image-16927\" src=\"https:\/\/i0.wp.com\/www.linden-theater-frechen.de\/wp-content\/uploads\/2026\/08\/Couscous-und-Geheimnisse-Poster.jpg?resize=150%2C212&#038;ssl=1\" alt=\"\" width=\"150\" height=\"212\" srcset=\"https:\/\/i0.wp.com\/www.linden-theater-frechen.de\/wp-content\/uploads\/2026\/08\/Couscous-und-Geheimnisse-Poster.jpg?resize=212%2C300&amp;ssl=1 212w, https:\/\/i0.wp.com\/www.linden-theater-frechen.de\/wp-content\/uploads\/2026\/08\/Couscous-und-Geheimnisse-Poster.jpg?resize=106%2C150&amp;ssl=1 106w, https:\/\/i0.wp.com\/www.linden-theater-frechen.de\/wp-content\/uploads\/2026\/08\/Couscous-und-Geheimnisse-Poster.jpg?resize=400%2C566&amp;ssl=1 400w, https:\/\/i0.wp.com\/www.linden-theater-frechen.de\/wp-content\/uploads\/2026\/08\/Couscous-und-Geheimnisse-Poster.jpg?w=424&amp;ssl=1 424w\" sizes=\"auto, (max-width: 150px) 100vw, 150px\" \/><\/a><\/h2>\n<p style=\"text-align: justify;\"><strong>Kom\u00f6die: <\/strong>Der junge algerische Koch Mehdi lebt ein Doppelleben: Tags\u00fcber ist er der brillante Koch im Bistro, kurz davor, den Laden gemeinsam mit seiner Partnerin L\u00e9a zu \u00fcbernehmen, doch abends spielt er vor seiner algerischen Mutter Fatima den \u201eperfekten Sohn\u201c. Dumm nur, dass in dieser Rolle weder L\u00e9a noch Mehd\u00eds gro\u00dfe Liebe zur franz\u00f6sischen Gastronomie vorgesehen sind. Als L\u00e9a darauf besteht, Fatima kennenzulernen, greift Mehdi unter Druck zur schlechtesten aller L\u00f6sungen&#8230;<\/p>\n<p style=\"text-align: justify;\"><strong>F <\/strong>2025, <strong>Regie: <\/strong>Amine Adjina, <strong>Darsteller:<\/strong> Youn\u00e8s Boucif (Mehdi) \u00b7 Clara Bretheau (L\u00e9a) \u00b7 Hiam Abbass (Souhila) \u00b7 Gustave Kervern (Bernard) \u00b7 Laurent Stocker (Christophe) \u00b7 Lou-Adriana Bouziouane (Linda) \u00b7 Malika Zerrouki (Fatima) \u00b7 Birane Ba (Ibrahim) \u00b7 Agathe Dronne (Sylvie)<\/p>\n<p style=\"text-align: justify;\"><strong>L\u00e4nge: <\/strong>105 Min, <a href=\"http:\/\/www.fsk.de\/kinostarts\" target=\"_blank\" rel=\"noopener\"><strong>FSK:<\/strong><\/a> ab 6 Jahre<\/p>\n<p style=\"text-align: justify;\"><a title=\"Trailer + Filminfos\" href=\"https:\/\/www.filmstarts.de\/kritiken\/1000012569.html\" target=\"_blank\" rel=\"noopener noreferrer\"><strong>Trailer und <\/strong><strong>weitere Filminfos<\/strong><\/a>\u00a0<strong>&#8211; <a title=\"Kartenreservierung\" href=\"https:\/\/www.linden-theater-frechen.de\/?page_id=14138\" target=\"_blank\" rel=\"noopener noreferrer\">Karten reservieren<\/a><\/strong><\/p>\n<\/td>\n<\/tr>\n<tr>\n<td>\n<h3>Do, 17.09.2026 bis Sa, 19.09.2026 sowie Mo, 21.09.2026 bis Di, 22.09.2026, jeweils 20:00 Uhr,<br \/><span style=\"color: #ff0000;\">NUR So, 20.09.2026<\/span> um <span style=\"color: #ff0000;\">20:00 Uhr<\/span> in der <span style=\"color: #ff0000;\">englischen Originalfassung mit deutschen Untertiteln<\/span>:<\/h3>\n<h2>One Night Only<a href=\"https:\/\/i0.wp.com\/www.linden-theater-frechen.de\/wp-content\/uploads\/2026\/09\/One-Night-Only-Poster.jpg?ssl=1\"><img data-recalc-dims=\"1\" loading=\"lazy\" decoding=\"async\" class=\"alignright  wp-image-16949\" src=\"https:\/\/i0.wp.com\/www.linden-theater-frechen.de\/wp-content\/uploads\/2026\/09\/One-Night-Only-Poster.jpg?resize=149%2C210&#038;ssl=1\" alt=\"\" width=\"149\" height=\"210\" srcset=\"https:\/\/i0.wp.com\/www.linden-theater-frechen.de\/wp-content\/uploads\/2026\/09\/One-Night-Only-Poster.jpg?resize=213%2C300&amp;ssl=1 213w, https:\/\/i0.wp.com\/www.linden-theater-frechen.de\/wp-content\/uploads\/2026\/09\/One-Night-Only-Poster.jpg?resize=106%2C150&amp;ssl=1 106w, https:\/\/i0.wp.com\/www.linden-theater-frechen.de\/wp-content\/uploads\/2026\/09\/One-Night-Only-Poster.jpg?resize=400%2C564&amp;ssl=1 400w, https:\/\/i0.wp.com\/www.linden-theater-frechen.de\/wp-content\/uploads\/2026\/09\/One-Night-Only-Poster.jpg?w=567&amp;ssl=1 567w\" sizes=\"auto, (max-width: 149px) 100vw, 149px\" \/><\/a><\/h2>\n<p style=\"text-align: justify;\"><strong>RomCom:<\/strong><span class=\"cf0\"> Im New York einer nahen Zukunft ist Sex vor der Ehe verboten, nur in einer einzigen Nacht im Jahr ist es erlaubt. Ausgerechnet an diesem besonderen Abend werden Pizzab\u00e4cker Owen und S\u00e4ngerin Allie von den Menschen versetzt, mit denen sie die Nacht verbringen wollten. Entschlossen, die Chance dennoch zu nutzen, machen sie sich auf die Suche nach einer neuen Begleitung. Sie laufen sich immer wieder \u00fcber den Weg, w\u00e4hrend unerwartete Begegnungen ihre Pl\u00e4ne st\u00e4ndig durchkreuzen&#8230;<br \/><\/span><\/p>\n<p style=\"text-align: justify;\"><!--EndFragment --><\/p>\n<p style=\"text-align: justify;\"><strong>USA<\/strong> 2026, <strong>Regie: <\/strong>Will Gluck, <strong>Darsteller:<\/strong> Monica Barbaro (Allie) \u00b7 Callum Turner (Owen) \u00b7 Molly Ringwald (Linda) \u00b7 LeVar Burton (Rick) \u00b7 Maya Hawke (Malika) \u00b7 Julia Fox (Skye) \u00b7 Bobby Cannavale (Det. Sannogale) \u00b7 Pete Davidson (Det. Jeterson) \u00b7 Okieriete Onaodowan (Tejan) \u00b7 Michelle Hurd (Det. Vanessa Bryan Brown) \u00b7 Charlie Gillespie (Ezra Stone) \u00b7 King Princess (Jacinta) \u00b7 Quintessa Swindell (Arya) \u00b7 Andrew Burnap (Max) \u00b7 Mike Birbiglia (Officer McAnnie) \u00b7 Nicholas Braun (Woodrow K. Mulhand) \u00b7 Jay Ellis (Bernard Starks) \u00b7 Sydney Cole Alexander (Sophie) \u00b7 Ziwe (Bethia) \u00b7 Este Haim (Aura)<\/p>\n<p style=\"text-align: justify;\"><strong>L\u00e4nge:<\/strong> 103 Min, <a href=\"http:\/\/www.fsk.de\/kinostarts\" target=\"_blank\" rel=\"noopener\"><strong>FSK:<\/strong><\/a> ab 12 Jahre<\/p>\n<p><a href=\"https:\/\/www.kino.de\/film\/one-night-only--01KF0GS56X8T4D1PQ635J551ND\" target=\"_blank\" rel=\"noopener noreferrer\"><strong>Trailer und <\/strong><strong>weitere Filminfos<\/strong><\/a> <strong>&#8211; <a title=\"Kartenreservierung\" href=\"https:\/\/www.linden-theater-frechen.de\/?page_id=14138\" target=\"_blank\" rel=\"noopener noreferrer\">Karten reservieren <\/a><\/strong><\/p>\n<\/td>\n<\/tr>\n<tr>\n<td>\n<h3><a title=\"F-F Frechen-Film e.V.\" href=\"http:\/\/www.ff-frechen-film.de\/\" target=\"_self\" rel=\"noopener noreferrer\">Frechen-Film e.V<\/a>. zeigt am<br \/>Mittwoch, 23.09.2026, 20:00 Uhr:<\/h3>\n<h2 style=\"text-align: left;\">The Piano Tuner<a href=\"https:\/\/i0.wp.com\/www.linden-theater-frechen.de\/wp-content\/uploads\/2026\/08\/The-Piano-Tuner.jpg?ssl=1\"><img data-recalc-dims=\"1\" loading=\"lazy\" decoding=\"async\" class=\"alignright  wp-image-16930\" src=\"https:\/\/i0.wp.com\/www.linden-theater-frechen.de\/wp-content\/uploads\/2026\/08\/The-Piano-Tuner.jpg?resize=150%2C212&#038;ssl=1\" alt=\"\" width=\"150\" height=\"212\" srcset=\"https:\/\/i0.wp.com\/www.linden-theater-frechen.de\/wp-content\/uploads\/2026\/08\/The-Piano-Tuner.jpg?resize=212%2C300&amp;ssl=1 212w, https:\/\/i0.wp.com\/www.linden-theater-frechen.de\/wp-content\/uploads\/2026\/08\/The-Piano-Tuner.jpg?resize=106%2C150&amp;ssl=1 106w, https:\/\/i0.wp.com\/www.linden-theater-frechen.de\/wp-content\/uploads\/2026\/08\/The-Piano-Tuner.jpg?resize=400%2C566&amp;ssl=1 400w, https:\/\/i0.wp.com\/www.linden-theater-frechen.de\/wp-content\/uploads\/2026\/08\/The-Piano-Tuner.jpg?w=424&amp;ssl=1 424w\" sizes=\"auto, (max-width: 150px) 100vw, 150px\" \/><\/a><\/h2>\n<p style=\"text-align: justify;\"><strong>Drama\/Thriller: <\/strong>Niki White ist ein junger und au\u00dfergew\u00f6hnlich begabter Klavierstimmer in New York. Sein enorm sensibles und feinsinniges Geh\u00f6r macht ihn zu einem begehrten Mann \u2013 nicht nur in der Musik, sondern auch in der Unterwelt. Denn Nikis feines Geh\u00f6r hilft nicht nur beim Klavierstimmen, sondern auch beim Safeknacken. W\u00e4hrend er so immer wieder zwischen legaler Arbeit und gef\u00e4hrlichen Auftr\u00e4gen hin- und hergerissen ist, verliebt er sich auch noch in eine junge Kompositionsstudentin.<\/p>\n<p style=\"text-align: justify;\"><strong>CAN\/USA <\/strong>2026, <strong>Regie: <\/strong>Daniel Roher, <strong>Darsteller:<\/strong> Leo Woodall (Niki White) \u00b7 Dustin Hoffman (Harry Horowitz) \u00b7 Havana Rose Liu (Ruthie) \u00b7 Jean Reno (Marius Maissner) \u00b7 Lior Raz (Uri) \u00b7 Tovah Feldshuh (Marla) \u00b7 Nissan Sakira (Benny) \u00b7 Gil Cohen (Yoni) \u00b7 C.S. Lee (Yong) \u00b7 Ellyn Jameson (Ellyn) \u00b7 Jean Yoon (Dr. Madeline Richard)<\/p>\n<p style=\"text-align: justify;\"><strong>L\u00e4nge: <\/strong>108 Min, <a href=\"http:\/\/www.fsk.de\/kinostarts\" target=\"_blank\" rel=\"noopener\"><strong>FSK:<\/strong><\/a> ab 12 Jahre<\/p>\n<p style=\"text-align: justify;\"><strong><a href=\"https:\/\/www.kino.de\/film\/tuner--01KJ5E3C0Q86QMR4Q75HQSSS67\">Trailer und weitere Filminfos<\/a> &#8211; <a title=\"Kartenreservierung\" href=\"https:\/\/www.linden-theater-frechen.de\/?page_id=14138\" target=\"_blank\" rel=\"noopener noreferrer\">Karten reservieren<\/a><\/strong><\/p>\n<\/td>\n<\/tr>\n<tr>\n<td>\n<h3><a title=\"F-F Frechen-Film e.V.\" href=\"http:\/\/www.ff-frechen-film.de\/\" target=\"_self\" rel=\"noopener noreferrer\">Frechen-Film e.V<\/a>. zeigt am<br \/>Mittwoch, 30.09.2026, 20:00 Uhr:<\/h3>\n<h2 style=\"text-align: left;\">Virginia Woolf&#8217;s Night &amp; Day<a href=\"https:\/\/i0.wp.com\/www.linden-theater-frechen.de\/wp-content\/uploads\/2026\/08\/Virginia-Woolfs-Night-Day-Poster.jpg?ssl=1\"><img data-recalc-dims=\"1\" loading=\"lazy\" decoding=\"async\" class=\"alignright  wp-image-16932\" src=\"https:\/\/i0.wp.com\/www.linden-theater-frechen.de\/wp-content\/uploads\/2026\/08\/Virginia-Woolfs-Night-Day-Poster.jpg?resize=150%2C212&#038;ssl=1\" alt=\"\" width=\"150\" height=\"212\" srcset=\"https:\/\/i0.wp.com\/www.linden-theater-frechen.de\/wp-content\/uploads\/2026\/08\/Virginia-Woolfs-Night-Day-Poster.jpg?resize=212%2C300&amp;ssl=1 212w, https:\/\/i0.wp.com\/www.linden-theater-frechen.de\/wp-content\/uploads\/2026\/08\/Virginia-Woolfs-Night-Day-Poster.jpg?resize=106%2C150&amp;ssl=1 106w, https:\/\/i0.wp.com\/www.linden-theater-frechen.de\/wp-content\/uploads\/2026\/08\/Virginia-Woolfs-Night-Day-Poster.jpg?resize=400%2C566&amp;ssl=1 400w, https:\/\/i0.wp.com\/www.linden-theater-frechen.de\/wp-content\/uploads\/2026\/08\/Virginia-Woolfs-Night-Day-Poster.jpg?w=424&amp;ssl=1 424w\" sizes=\"auto, (max-width: 150px) 100vw, 150px\" \/><\/a><\/h2>\n<p style=\"text-align: justify;\"><strong>Historie\/Romanze: <\/strong>Katharine Hilbery ist die Enkelin eines angesehenen Dichters, aber ihr Herz schl\u00e4gt f\u00fcr die Mathematik. Doch ihr Vater Terence hat nat\u00fcrlich ganz eigene Pl\u00e4ne f\u00fcr seine Tochter \u2013 und keiner davon sieht eine akademische Karriere vor. Als er mitbekommt, dass sich Katherine in eine Veranstaltung der M\u00e4nnern vorbehaltenen Astronomischen Gesellschaft geschlichen hat, verlangt er, dass sie ihren Freund William heiraten soll. Doch schon bald wird klar, dass die Sterne andere Pl\u00e4ne f\u00fcr alle Beteiligten haben&#8230;<strong><br \/><\/strong><\/p>\n<p><strong>D\/GB\/IRL <\/strong>2025, <strong>Regie: <\/strong>Tina Gharavi, <strong>Darsteller:<\/strong> Haley Bennett (Katharine Hilbery) \u00b7 Elyas M&#8217;Barek (Ralph Denham) \u00b7 Lily Allen (Mary Datchet) \u00b7 Timothy Spall (Mr. Hilbery) \u00b7 Jennifer Saunders (Mrs. Hilbery) \u00b7 Jack Whitehall (William Rodney) \u00b7 Misia Butler (Cyril Otway) \u00b7 Sally Phillips (Cousin Joan) \u00b7 Simon Phillips (Sir Francis Otway) \u00b7 Camilla Borghesani (Cassandra Otway) \u00b7 Erika Linder (Virginia Woolf) \u00b7 Alex Macqueen (Sir Alexander Holmes-Edwards) \u00b7 Frances Barber (Lady Margaret Huggins) \u00b7 Christopher Figg (Prof. Atherford) \u00b7 George Lenz (Prof. Denstein)<\/p>\n<p style=\"text-align: justify;\"><strong>L\u00e4nge: <\/strong>95 Min, <a href=\"http:\/\/www.fsk.de\/kinostarts\" target=\"_blank\" rel=\"noopener\"><strong>FSK:<\/strong><\/a> ab 6 Jahre<\/p>\n<p style=\"text-align: justify;\"><strong><a href=\"https:\/\/www.kino.de\/film\/night-and-day--01K2C57WRYV88C6THD1KSDQJ87\">Trailer und weitere Filminfos<\/a> &#8211; <a title=\"Kartenreservierung\" href=\"https:\/\/www.linden-theater-frechen.de\/?page_id=14138\" target=\"_blank\" rel=\"noopener noreferrer\">Karten reservieren<\/a><\/strong><\/p>\n<\/td>\n<\/tr>\n<tr>\n<td>\n<p>&nbsp;<\/p>\n<h3><strong>Mittwoch, 7. Oktober 2026: Keine Vorstellung wegen einer geschlossenen Veranstaltung<\/strong><\/h3>\n<p>&nbsp;<\/p>\n<\/td>\n<\/tr>\n<tr>\n<td>\n<h3><a title=\"F-F Frechen-Film e.V.\" href=\"http:\/\/www.ff-frechen-film.de\/\" target=\"_self\" rel=\"noopener noreferrer\">Frechen-Film e.V<\/a>. zeigt am<br \/>Mittwoch, 14.10.2026, 20:00 Uhr:<\/h3>\n<h2 style=\"text-align: left;\">Triegel trifft Cranach &#8211; Malen im Widerstreit der Zeiten<a href=\"https:\/\/i0.wp.com\/www.linden-theater-frechen.de\/wp-content\/uploads\/2026\/08\/Triegel-trifft-Cranach-Poster.jpg?ssl=1\"><img data-recalc-dims=\"1\" loading=\"lazy\" decoding=\"async\" class=\"alignright  wp-image-16931\" src=\"https:\/\/i0.wp.com\/www.linden-theater-frechen.de\/wp-content\/uploads\/2026\/08\/Triegel-trifft-Cranach-Poster.jpg?resize=150%2C212&#038;ssl=1\" alt=\"\" width=\"150\" height=\"212\" srcset=\"https:\/\/i0.wp.com\/www.linden-theater-frechen.de\/wp-content\/uploads\/2026\/08\/Triegel-trifft-Cranach-Poster.jpg?resize=212%2C300&amp;ssl=1 212w, https:\/\/i0.wp.com\/www.linden-theater-frechen.de\/wp-content\/uploads\/2026\/08\/Triegel-trifft-Cranach-Poster.jpg?resize=106%2C150&amp;ssl=1 106w, https:\/\/i0.wp.com\/www.linden-theater-frechen.de\/wp-content\/uploads\/2026\/08\/Triegel-trifft-Cranach-Poster.jpg?resize=400%2C566&amp;ssl=1 400w, https:\/\/i0.wp.com\/www.linden-theater-frechen.de\/wp-content\/uploads\/2026\/08\/Triegel-trifft-Cranach-Poster.jpg?w=424&amp;ssl=1 424w\" sizes=\"auto, (max-width: 150px) 100vw, 150px\" \/><\/a><\/h2>\n<p><span style=\"color: #ff0000;\"><strong>&#8211; in Zusammenarbeit mit dem Kunstverein Frechen &#8211;\u00a0<\/strong><\/span><\/p>\n<p style=\"text-align: justify;\"><strong>Dokumentation: <\/strong>Im Jahr 2020 erh\u00e4lt der Leipziger Maler Michael Triegel den Auftrag, den zerst\u00f6rten Mittelteil des Marienaltars im Naumburger Dom neu zu gestalten. Das Original von Lucas Cranach dem \u00c4lteren war vor rund 500 Jahren vernichtet worden. Da es keine Skizzen des urspr\u00fcnglichen Bildes gibt, muss Triegel eine v\u00f6llig neue Darstellung schaffen \u2013 und dabei den Stil Cranachs respektieren. Der Dokumentarfilm begleitet Triegel \u00fcber mehr als zwei Jahre bei der Arbeit an seinem bislang gr\u00f6\u00dften Werk.<\/p>\n<p style=\"text-align: justify;\"><strong>D <\/strong>2023, <strong>Regie: <\/strong>Paul Smaczny<\/p>\n<p style=\"text-align: justify;\"><strong>L\u00e4nge: <\/strong>111 Min, <a href=\"http:\/\/www.fsk.de\/kinostarts\" target=\"_blank\" rel=\"noopener\"><strong>FSK:<\/strong><\/a> ab 0 Jahre<\/p>\n<p style=\"text-align: justify;\"><strong><a href=\"https:\/\/www.kino.de\/film\/triegel-trifft-cranach-malen-im-widerstreit-der-zeiten--01KFAXQ9FBRG51EA40FTH290AK\">Trailer und weitere Filminfos<\/a> &#8211; <a title=\"Kartenreservierung\" href=\"https:\/\/www.linden-theater-frechen.de\/?page_id=14138\" target=\"_blank\" rel=\"noopener noreferrer\">Karten reservieren<\/a><\/strong><\/p>\n<\/td>\n<\/tr>\n<tr>\n<td>\n<h3><a title=\"F-F Frechen-Film e.V.\" href=\"http:\/\/www.ff-frechen-film.de\/\" target=\"_self\" rel=\"noopener noreferrer\">Frechen-Film e.V<\/a>. zeigt am<br \/>Mittwoch, 21.10.2026, 20:00 Uhr:<\/h3>\n<h2 style=\"text-align: left;\">So klingt das Leben<a href=\"https:\/\/i0.wp.com\/www.linden-theater-frechen.de\/wp-content\/uploads\/2026\/08\/So-klingt-das-Leben-Poster.jpg?ssl=1\"><img data-recalc-dims=\"1\" loading=\"lazy\" decoding=\"async\" class=\"alignright  wp-image-16929\" src=\"https:\/\/i0.wp.com\/www.linden-theater-frechen.de\/wp-content\/uploads\/2026\/08\/So-klingt-das-Leben-Poster.jpg?resize=150%2C212&#038;ssl=1\" alt=\"\" width=\"150\" height=\"212\" srcset=\"https:\/\/i0.wp.com\/www.linden-theater-frechen.de\/wp-content\/uploads\/2026\/08\/So-klingt-das-Leben-Poster.jpg?resize=212%2C300&amp;ssl=1 212w, https:\/\/i0.wp.com\/www.linden-theater-frechen.de\/wp-content\/uploads\/2026\/08\/So-klingt-das-Leben-Poster.jpg?resize=106%2C150&amp;ssl=1 106w, https:\/\/i0.wp.com\/www.linden-theater-frechen.de\/wp-content\/uploads\/2026\/08\/So-klingt-das-Leben-Poster.jpg?resize=400%2C567&amp;ssl=1 400w, https:\/\/i0.wp.com\/www.linden-theater-frechen.de\/wp-content\/uploads\/2026\/08\/So-klingt-das-Leben-Poster.jpg?w=423&amp;ssl=1 423w\" sizes=\"auto, (max-width: 150px) 100vw, 150px\" \/><\/a><\/h2>\n<p style=\"text-align: justify;\"><strong>Tragikom\u00f6die: <\/strong>Zwei Jahre nach einem schweren Schiffsungl\u00fcck, das ein kleines K\u00fcstendorf ersch\u00fcttert hat, k\u00e4mpfen die Bewohner noch immer mit Trauer und Verlust. Aber sie geben nicht auf und setzen auf Gemeinschaft: Die 18 Jahre alte Andrea, deren Vater unter den Toten war, nimmt sich deshalb nicht nur vor, dem \u00f6rtlichen Musikensemble wieder Leben einzuhauchen, sondern damit direkt auch noch einen Wettbewerb zu gewinnen. Zusammen finden die Trauernden also eine neue Aufgabe und beieinander Halt.<strong><br \/><\/strong><\/p>\n<p style=\"text-align: justify;\"><strong>SP <\/strong>2025, <strong>Regie: <\/strong>Daniel S\u00e1nchez Ar\u00e9valo, <strong>Darsteller:<\/strong> Javier Guti\u00e9rrez (Luis) \u00b7 Mar\u00eda V\u00e1zquez (Carmen) \u00b7 Judith Fern\u00e1ndez (Andrea) \u00b7 Tamar Novas (Joel) \u00b7 Carlos Blanco (Yayo) \u00b7 Fer Fraga (El\u00edas) \u00b7 Xos\u00e9 A. Touri\u00f1\u00e1n (Xavi) \u00b7 Marta Larralde (Tere) \u00b7 Lola L\u00f3pez (Noa) \u00b7 Marcos Pereiro (Ant\u00f3n) \u00b7 Irene Anta (Irene)<\/p>\n<p style=\"text-align: justify;\"><strong>L\u00e4nge: <\/strong>113 Min, <a href=\"http:\/\/www.fsk.de\/kinostarts\" target=\"_blank\" rel=\"noopener\"><strong>FSK:<\/strong><\/a> ab 12 Jahre<\/p>\n<p style=\"text-align: justify;\"><strong><a href=\"https:\/\/www.kino.de\/film\/so-klingt-das-leben--01KS00E6F4NQ3BP7RPXC1B06RY\">Trailer und weitere Filminfos<\/a> &#8211; <a title=\"Kartenreservierung\" href=\"https:\/\/www.linden-theater-frechen.de\/?page_id=14138\" target=\"_blank\" rel=\"noopener noreferrer\">Karten reservieren<\/a><\/strong><\/p>\n<\/td>\n<\/tr>\n<tr>\n<td>\n<h3><a title=\"F-F Frechen-Film e.V.\" href=\"http:\/\/www.ff-frechen-film.de\/\" target=\"_self\" rel=\"noopener noreferrer\">Frechen-Film e.V<\/a>. zeigt am<br \/>Mittwoch, 28.10.2026, 20:00 Uhr:<\/h3>\n<h2 style=\"text-align: left;\">Bitteres Fest<a href=\"https:\/\/i0.wp.com\/www.linden-theater-frechen.de\/wp-content\/uploads\/2026\/08\/Bitteres-Fest-Poster.jpg?ssl=1\"><img data-recalc-dims=\"1\" loading=\"lazy\" decoding=\"async\" class=\"alignright  wp-image-16926\" src=\"https:\/\/i0.wp.com\/www.linden-theater-frechen.de\/wp-content\/uploads\/2026\/08\/Bitteres-Fest-Poster.jpg?resize=150%2C212&#038;ssl=1\" alt=\"\" width=\"150\" height=\"212\" srcset=\"https:\/\/i0.wp.com\/www.linden-theater-frechen.de\/wp-content\/uploads\/2026\/08\/Bitteres-Fest-Poster.jpg?resize=212%2C300&amp;ssl=1 212w, https:\/\/i0.wp.com\/www.linden-theater-frechen.de\/wp-content\/uploads\/2026\/08\/Bitteres-Fest-Poster.jpg?resize=106%2C150&amp;ssl=1 106w, https:\/\/i0.wp.com\/www.linden-theater-frechen.de\/wp-content\/uploads\/2026\/08\/Bitteres-Fest-Poster.jpg?resize=400%2C566&amp;ssl=1 400w, https:\/\/i0.wp.com\/www.linden-theater-frechen.de\/wp-content\/uploads\/2026\/08\/Bitteres-Fest-Poster.jpg?w=424&amp;ssl=1 424w\" sizes=\"auto, (max-width: 150px) 100vw, 150px\" \/><\/a><\/h2>\n<p style=\"text-align: justify;\"><strong>Tragikom\u00f6die: <\/strong>Nach dem Tod ihrer Mutter st\u00fcrzt sich die erfolgreiche Werbefilmerin Elsa in ihre Arbeit. Der berufliche Aktionismus soll den Schmerz \u00fcberdecken, doch eine Panikattacke zwingt Elsa dazu, innezuhalten. Um Abstand zu gewinnen, reist sie mit ihrer Freundin Patricia nach Lanzarote \u2013 eine Flucht vor der Trauer, aber auch vor den Erwartungen ihres Alltags. W\u00e4hrenddessen bleibt Elsas Lebensgef\u00e4hrte Bonifacio in Madrid zur\u00fcck. Er versucht, Halt zu geben, st\u00f6\u00dft jedoch an emotionale Grenzen.<strong><br \/><\/strong><\/p>\n<p style=\"text-align: justify;\"><strong>SP <\/strong>2026, <strong>Regie: <\/strong>Pedro Almod\u00f3var, <strong>Darsteller:<\/strong> B\u00e1rbara Lennie (Elsa) \u00b7 Leonardo Sbaraglia (Ra\u00fal Dur\u00e1n) \u00b7 Aitana S\u00e1nchez-Gij\u00f3n (M\u00f3nica) \u00b7 Victoria Luengo (Patricia) \u00b7 Patrick Criado (Bonifacio) \u00b7 Milena Smit (Natalia) \u00b7 Quim Guti\u00e9rrez (Santi) \u00b7 Rossy de Palma (Gabriela) \u00b7 Carmen Machi (M\u00e9dica) \u00b7 Antonio Araque<\/p>\n<p style=\"text-align: justify;\"><strong>L\u00e4nge: <\/strong>112 Min, <a href=\"http:\/\/www.fsk.de\/kinostarts\" target=\"_blank\" rel=\"noopener\"><strong>FSK:<\/strong><\/a> ab 12 Jahre<\/p>\n<p style=\"text-align: justify;\"><strong><a href=\"https:\/\/www.kino.de\/film\/amarga-navidad--01KEY7BZEKQ829W9KRCCTK6YZS\">Trailer und weitere Filminfos<\/a> &#8211; <a title=\"Kartenreservierung\" href=\"https:\/\/www.linden-theater-frechen.de\/?page_id=14138\" target=\"_blank\" rel=\"noopener noreferrer\">Karten reservieren<\/a><\/strong><\/p>\n<\/td>\n<\/tr>\n<tr>\n<td>\n<h4>Sie m\u00f6chten unser Kino unterst\u00fctzen? Spenden <strong>Sie an den F\u00f6rderverein des Linden-Theaters<\/strong>:<\/h4>\n<p style=\"text-align: justify;\">Kontoinhaber: F-F Frechen-Film e.V.<br \/>IBAN: DE75 3706 2365 0706 3120 13<br \/>Volksbank Rhein-Erft-K\u00f6ln eG<br \/>BIC: GENODED1FHH<\/p>\n<p><em>Der Frechen-Film e.V. ist gemeinn\u00fctzig anerkannt (Vereinsregister K\u00f6ln, VR100477), Spenden sind steuerlich absetzbar. F\u00fcr Spenden bis 300\u20ac reicht Ihr Kontoauszug als Spendenquittung gegen\u00fcber dem Finanzamt aus. F\u00fcr den Erhalt einer Spendenquittung bitten wir um Angabe Ihrer Postadresse im Verwendungszweck der \u00dcberweisung.<\/em><\/p>\n<p>\u00dcber diese PayPal Schaltfl\u00e4che k\u00f6nnen Sie unmittelbar eine Spende mit \u00fcblichen elektronischen Zahlungsmitteln an uns senden. Wir freuen uns auch \u00fcber kleine Betr\u00e4ge.<\/p>\n<form action=\"https:\/\/www.paypal.com\/cgi-bin\/webscr\" method=\"post\" target=\"_top\"><input name=\"cmd\" type=\"hidden\" value=\"_s-xclick\" \/> <input name=\"hosted_button_id\" type=\"hidden\" value=\"XQYL65NN3WS92\" \/> <input title=\"PayPal - The safer, easier way to pay online!\" alt=\"Spenden mit dem PayPal-Button\" name=\"submit\" src=\"https:\/\/www.linden-theater-frechen.de\/wp-content\/uploads\/2020\/04\/PayPal_Button_FF.png\" type=\"image\" \/><\/form><\/td>\n<\/tr>\n<\/tbody>\n<\/table>\n<\/div>\n<\/div>\n\n\n\n<p class=\"wp-block-paragraph\"><\/p>\n","protected":false},"excerpt":{"rendered":"<p> Do, 03.09.2026, 19:00 Uhr (Einlass: 18:30 Uhr): Frechener Zeitgeschichte in Bild und Ton <\/p>\n<p>Ein Filmvortrag von Peter Kleinen in Kooperation mit dem AKTIVkreis Frechen und dem Linden-Theater e.V. anl\u00e4sslich des 75-j\u00e4hrigen Stadtjubil\u00e4ums<\/p>\n<p>Der Eintritt ist frei<\/p>\n<p>Eine Platzreservierung ist nicht m\u00f6glich.<\/p>\n<p> Fr, 04.09.2026 bis Sa, 05.09.2026 sowie Mo, 07.09.2026 bis Di, 08.09.2026, jeweils 19:30 [&#8230;]<\/p>\n","protected":false},"author":3,"featured_media":0,"parent":0,"menu_order":3,"comment_status":"closed","ping_status":"closed","template":"","meta":{"footnotes":""},"class_list":["post-6","page","type-page","status-publish","hentry","odd"],"jetpack_shortlink":"https:\/\/wp.me\/P3dBae-6","jetpack_sharing_enabled":true,"_links":{"self":[{"href":"https:\/\/www.linden-theater-frechen.de\/index.php?rest_route=\/wp\/v2\/pages\/6","targetHints":{"allow":["GET"]}}],"collection":[{"href":"https:\/\/www.linden-theater-frechen.de\/index.php?rest_route=\/wp\/v2\/pages"}],"about":[{"href":"https:\/\/www.linden-theater-frechen.de\/index.php?rest_route=\/wp\/v2\/types\/page"}],"author":[{"embeddable":true,"href":"https:\/\/www.linden-theater-frechen.de\/index.php?rest_route=\/wp\/v2\/users\/3"}],"replies":[{"embeddable":true,"href":"https:\/\/www.linden-theater-frechen.de\/index.php?rest_route=%2Fwp%2Fv2%2Fcomments&post=6"}],"version-history":[{"count":1142,"href":"https:\/\/www.linden-theater-frechen.de\/index.php?rest_route=\/wp\/v2\/pages\/6\/revisions"}],"predecessor-version":[{"id":16952,"href":"https:\/\/www.linden-theater-frechen.de\/index.php?rest_route=\/wp\/v2\/pages\/6\/revisions\/16952"}],"wp:attachment":[{"href":"https:\/\/www.linden-theater-frechen.de\/index.php?rest_route=%2Fwp%2Fv2%2Fmedia&parent=6"}],"curies":[{"name":"wp","href":"https:\/\/api.w.org\/{rel}","templated":true}]}}